{"id":137,"date":"2026-04-10T09:37:15","date_gmt":"2026-04-10T09:37:15","guid":{"rendered":"http:\/\/preprod.osteopathie-auvergne.fr\/?page_id=137"},"modified":"2026-08-25T09:38:32","modified_gmt":"2026-08-25T09:38:32","slug":"actualites","status":"publish","type":"page","link":"https:\/\/preprod.osteopathie-auvergne.fr\/index.php\/actualites\/","title":{"rendered":"Actualit\u00e9s"},"content":{"rendered":"\t\t<div data-elementor-type=\"wp-page\" data-elementor-id=\"137\" class=\"elementor elementor-137\">\n\t\t\t\t<div class=\"elementor-element elementor-element-4cfd64a7 e-flex e-con-boxed wpr-particle-no wpr-jarallax-no wpr-parallax-no wpr-sticky-section-no wpr-column-slider-no wpr-equal-height-no e-con e-parent\" data-id=\"4cfd64a7\" data-element_type=\"container\" data-e-type=\"container\" data-settings=\"{&quot;background_background&quot;:&quot;classic&quot;}\">\n\t\t\t\t\t<div class=\"e-con-inner\">\n\t\t\t\t<div class=\"elementor-element elementor-element-4dea83d1 elementor-widget__width-initial elementor-widget elementor-widget-elementskit-heading\" data-id=\"4dea83d1\" data-element_type=\"widget\" data-e-type=\"widget\" data-widget_type=\"elementskit-heading.default\">\n\t\t\t\t\t<div class=\"ekit-wid-con\" ><div class=\"ekit-heading elementskit-section-title-wraper text_center   ekit_heading_tablet-   ekit_heading_mobile-\"><h3 class=\"elementskit-section-subtitle  \">\n\t\t\t\t\t\tD\u00e9couvrez nos actualit\u00e9s\n\t\t\t\t\t<\/h3><h1 class=\"ekit-heading--title elementskit-section-title \">Cliniques sportives<\/h1>\t\t\t\t<div class='ekit-heading__description'>\n\t\t\t\t\t<p>Nos \u00e9l\u00e8ves et leurs formateurs viennent \u00e0 votre rencontre lors des \u00e9v\u00e8nements sportifs de la r\u00e9gion\u00a0<\/p>\n\t\t\t\t<\/div>\n\t\t\t<\/div><\/div>\t\t\t\t<\/div>\n\t\t\t\t\t<\/div>\n\t\t\t\t<\/div>\n\t\t<div class=\"elementor-element elementor-element-7a8e1454 e-flex e-con-boxed wpr-particle-no wpr-jarallax-no wpr-parallax-no wpr-sticky-section-no wpr-column-slider-no wpr-equal-height-no elementor-invisible e-con e-parent\" data-id=\"7a8e1454\" data-element_type=\"container\" data-e-type=\"container\" data-settings=\"{&quot;animation&quot;:&quot;fadeIn&quot;}\">\n\t\t\t\t\t<div class=\"e-con-inner\">\n\t\t<div class=\"elementor-element elementor-element-27a9c0d7 e-con-full e-flex wpr-particle-no wpr-jarallax-no wpr-parallax-no wpr-sticky-section-no wpr-column-slider-no wpr-equal-height-no elementor-invisible e-con e-child\" data-id=\"27a9c0d7\" data-element_type=\"container\" data-e-type=\"container\" data-settings=\"{&quot;animation&quot;:&quot;fadeInLeft&quot;}\">\n\t\t\t\t\t<h2 data-interaction-id=\"148ea70b\" class=\"e-148ea70b-7d21d42 e-heading-base\"><strong>Nos actualit\u00e9s sportives<\/strong><br><\/h2>\n\t\t\t\t\t<p class=\"e-paragraph-base\" data-interaction-id=\"792ca0d9\">Nos \u00e9tudiants s\u2019engagent au quotidien aupr\u00e8s des sportifs pour les accompagner dans leur r\u00e9cup\u00e9ration apr\u00e8s l\u2019effort. D\u00e9couvrez ci-dessous les derniers \u00e9v\u00e8nements auxquels nous avons pu participer.&nbsp;<\/p>\n\t\t\t\t\t<p class=\"e-paragraph-base\" data-interaction-id=\"8298624\">Nos \u00e9tudiants s\u2019engagent au quotidien aupr\u00e8s des sportifs pour les accompagner dans leur r\u00e9cup\u00e9ration apr\u00e8s l\u2019effort. D\u00e9couvrez ci-dessous les derniers \u00e9v\u00e8nements auxquels nous avons pu participer.&nbsp;<\/p>\n\t\t\t\t\t<h2 data-interaction-id=\"51ed00d\" class=\"e-51ed00d-40615e9 e-heading-base\">Forez trail | Augerolles<\/h2>\n\t\t\t\t<\/div>\n\t\t\t\t\t<\/div>\n\t\t\t\t<\/div>\n\t\t<div class=\"elementor-element elementor-element-e2e3fd8 e-grid e-con-boxed wpr-particle-no wpr-jarallax-no wpr-parallax-no wpr-sticky-section-no wpr-column-slider-no wpr-equal-height-no elementor-invisible e-con e-parent\" data-id=\"e2e3fd8\" data-element_type=\"container\" data-e-type=\"container\" data-settings=\"{&quot;animation&quot;:&quot;fadeIn&quot;}\">\n\t\t\t\t\t<div class=\"e-con-inner\">\n\t\t\t\t\t<p class=\"e-paragraph-base\" data-interaction-id=\"669aa98\">Le 8 mars, deux \u00e9tudiants de l\u2019IFSO Vichy \u2013 Clermont-Ferrand ont eu l\u2019opportunit\u00e9 de participer au Forez Trail \u00e0 Augerolles, accompagn\u00e9s d\u2019un coordinateur p\u00e9dagogique. Tout au long de la journ\u00e9e, ils ont accueilli et pris en charge de nombreux coureurs, encha\u00eenant les consultations avec s\u00e9rieux, professionnalisme et enthousiasme. Tr\u00e8s investis et r\u00e9ceptifs aux retours, les \u00e9tudiants ont su faire preuve d\u2019une grande capacit\u00e9 d\u2019adaptation et d\u2019un comportement professionnel, offrant aux coureurs une prise en charge appr\u00e9ci\u00e9e. Une belle occasion pour eux de mettre en pratique leurs comp\u00e9tences sur le terrain et de vivre une exp\u00e9rience particuli\u00e8rement formatrice. L\u2019\u00e9v\u00e9nement a \u00e9galement offert une belle visibilit\u00e9  \u00e0 l\u2019IFSO Vichy \u2013 Clermont-Ferrand, mentionn\u00e9e \u00e0 plusieurs reprises lors des d\u00e9parts de course et de la remise des prix. Une journ\u00e9e enrichissante pour les \u00e9tudiants, valorisante pour l\u2019\u00e9cole et au service de la communaut\u00e9 locale.<\/p>\n\t\t\t\t<div class=\"elementor-element elementor-element-916ef91 elementor-widget elementor-widget-image-gallery\" data-id=\"916ef91\" data-element_type=\"widget\" data-e-type=\"widget\" data-widget_type=\"image-gallery.default\">\n\t\t\t\t\t\t\t<div class=\"elementor-image-gallery\">\n\t\t\t<div id='gallery-1' class='gallery galleryid-137 gallery-columns-3 gallery-size-medium_large'><figure class='gallery-item'>\n\t\t\t<div class='gallery-icon portrait'>\n\t\t\t\t<a data-elementor-open-lightbox=\"yes\" data-elementor-lightbox-slideshow=\"916ef91\" data-elementor-lightbox-title=\"RETOUR-SUR-LE-TRAIL-AUGEROLLES-1\" data-e-action-hash=\"#elementor-action%3Aaction%3Dlightbox%26settings%3DeyJpZCI6MzM1NywidXJsIjoiaHR0cHM6XC9cL3ByZXByb2Qub3N0ZW9wYXRoaWUtYXV2ZXJnbmUuZnJcL3dwLWNvbnRlbnRcL3VwbG9hZHNcLzIwMjZcLzA4XC9SRVRPVVItU1VSLUxFLVRSQUlMLUFVR0VST0xMRVMtMS53ZWJwIiwic2xpZGVzaG93IjoiOTE2ZWY5MSJ9\" href='https:\/\/preprod.osteopathie-auvergne.fr\/wp-content\/uploads\/2026\/08\/RETOUR-SUR-LE-TRAIL-AUGEROLLES-1.webp'><img fetchpriority=\"high\" decoding=\"async\" width=\"768\" height=\"960\" src=\"https:\/\/preprod.osteopathie-auvergne.fr\/wp-content\/uploads\/2026\/08\/RETOUR-SUR-LE-TRAIL-AUGEROLLES-1-768x960.webp\" class=\"attachment-medium_large size-medium_large\" alt=\"\" srcset=\"https:\/\/preprod.osteopathie-auvergne.fr\/wp-content\/uploads\/2026\/08\/RETOUR-SUR-LE-TRAIL-AUGEROLLES-1-768x960.webp 768w, https:\/\/preprod.osteopathie-auvergne.fr\/wp-content\/uploads\/2026\/08\/RETOUR-SUR-LE-TRAIL-AUGEROLLES-1-240x300.webp 240w, https:\/\/preprod.osteopathie-auvergne.fr\/wp-content\/uploads\/2026\/08\/RETOUR-SUR-LE-TRAIL-AUGEROLLES-1-819x1024.webp 819w, https:\/\/preprod.osteopathie-auvergne.fr\/wp-content\/uploads\/2026\/08\/RETOUR-SUR-LE-TRAIL-AUGEROLLES-1.webp 1080w\" sizes=\"(max-width: 768px) 100vw, 768px\" \/><\/a>\n\t\t\t<\/div><\/figure><figure class='gallery-item'>\n\t\t\t<div class='gallery-icon portrait'>\n\t\t\t\t<a data-elementor-open-lightbox=\"yes\" data-elementor-lightbox-slideshow=\"916ef91\" data-elementor-lightbox-title=\"RETOUR-SUR-LE-TRAIL-AUGEROLLES-2-1\" data-e-action-hash=\"#elementor-action%3Aaction%3Dlightbox%26settings%3DeyJpZCI6MzM1NiwidXJsIjoiaHR0cHM6XC9cL3ByZXByb2Qub3N0ZW9wYXRoaWUtYXV2ZXJnbmUuZnJcL3dwLWNvbnRlbnRcL3VwbG9hZHNcLzIwMjZcLzA4XC9SRVRPVVItU1VSLUxFLVRSQUlMLUFVR0VST0xMRVMtMi0xLndlYnAiLCJzbGlkZXNob3ciOiI5MTZlZjkxIn0%3D\" href='https:\/\/preprod.osteopathie-auvergne.fr\/wp-content\/uploads\/2026\/08\/RETOUR-SUR-LE-TRAIL-AUGEROLLES-2-1.webp'><img decoding=\"async\" width=\"768\" height=\"960\" src=\"https:\/\/preprod.osteopathie-auvergne.fr\/wp-content\/uploads\/2026\/08\/RETOUR-SUR-LE-TRAIL-AUGEROLLES-2-1-768x960.webp\" class=\"attachment-medium_large size-medium_large\" alt=\"\" srcset=\"https:\/\/preprod.osteopathie-auvergne.fr\/wp-content\/uploads\/2026\/08\/RETOUR-SUR-LE-TRAIL-AUGEROLLES-2-1-768x960.webp 768w, https:\/\/preprod.osteopathie-auvergne.fr\/wp-content\/uploads\/2026\/08\/RETOUR-SUR-LE-TRAIL-AUGEROLLES-2-1-240x300.webp 240w, https:\/\/preprod.osteopathie-auvergne.fr\/wp-content\/uploads\/2026\/08\/RETOUR-SUR-LE-TRAIL-AUGEROLLES-2-1-819x1024.webp 819w, https:\/\/preprod.osteopathie-auvergne.fr\/wp-content\/uploads\/2026\/08\/RETOUR-SUR-LE-TRAIL-AUGEROLLES-2-1.webp 1080w\" sizes=\"(max-width: 768px) 100vw, 768px\" \/><\/a>\n\t\t\t<\/div><\/figure><figure class='gallery-item'>\n\t\t\t<div class='gallery-icon portrait'>\n\t\t\t\t<a data-elementor-open-lightbox=\"yes\" data-elementor-lightbox-slideshow=\"916ef91\" data-elementor-lightbox-title=\"RETOUR-SUR-LE-TRAIL-AUGEROLLES\" data-e-action-hash=\"#elementor-action%3Aaction%3Dlightbox%26settings%3DeyJpZCI6MzM1MiwidXJsIjoiaHR0cHM6XC9cL3ByZXByb2Qub3N0ZW9wYXRoaWUtYXV2ZXJnbmUuZnJcL3dwLWNvbnRlbnRcL3VwbG9hZHNcLzIwMjZcLzA4XC9SRVRPVVItU1VSLUxFLVRSQUlMLUFVR0VST0xMRVMud2VicCIsInNsaWRlc2hvdyI6IjkxNmVmOTEifQ%3D%3D\" href='https:\/\/preprod.osteopathie-auvergne.fr\/wp-content\/uploads\/2026\/08\/RETOUR-SUR-LE-TRAIL-AUGEROLLES.webp'><img decoding=\"async\" width=\"768\" height=\"960\" src=\"https:\/\/preprod.osteopathie-auvergne.fr\/wp-content\/uploads\/2026\/08\/RETOUR-SUR-LE-TRAIL-AUGEROLLES-768x960.webp\" class=\"attachment-medium_large size-medium_large\" alt=\"\" srcset=\"https:\/\/preprod.osteopathie-auvergne.fr\/wp-content\/uploads\/2026\/08\/RETOUR-SUR-LE-TRAIL-AUGEROLLES-768x960.webp 768w, https:\/\/preprod.osteopathie-auvergne.fr\/wp-content\/uploads\/2026\/08\/RETOUR-SUR-LE-TRAIL-AUGEROLLES-240x300.webp 240w, https:\/\/preprod.osteopathie-auvergne.fr\/wp-content\/uploads\/2026\/08\/RETOUR-SUR-LE-TRAIL-AUGEROLLES-819x1024.webp 819w, https:\/\/preprod.osteopathie-auvergne.fr\/wp-content\/uploads\/2026\/08\/RETOUR-SUR-LE-TRAIL-AUGEROLLES.webp 1080w\" sizes=\"(max-width: 768px) 100vw, 768px\" \/><\/a>\n\t\t\t<\/div><\/figure>\n\t\t<\/div>\n\t\t<\/div>\n\t\t\t\t\t\t<\/div>\n\t\t\t\t\t<\/div>\n\t\t\t\t<\/div>\n\t\t<div class=\"elementor-element elementor-element-70f1e7f e-grid e-con-boxed wpr-particle-no wpr-jarallax-no wpr-parallax-no wpr-sticky-section-no wpr-column-slider-no wpr-equal-height-no e-con e-parent\" data-id=\"70f1e7f\" data-element_type=\"container\" data-e-type=\"container\">\n\t\t\t\t\t<div class=\"e-con-inner\">\n\t\t\t\t\t<h2 data-interaction-id=\"d0c1559\" class=\"e-d0c1559-ee90ce8 e-heading-base\">Foul\u00e9es Vichyssoises<\/h2>\n\t\t\t\t\t<\/div>\n\t\t\t\t<\/div>\n\t\t<div class=\"elementor-element elementor-element-5cb45ab e-grid e-con-boxed wpr-particle-no wpr-jarallax-no wpr-parallax-no wpr-sticky-section-no wpr-column-slider-no wpr-equal-height-no elementor-invisible e-con e-parent\" data-id=\"5cb45ab\" data-element_type=\"container\" data-e-type=\"container\" data-settings=\"{&quot;animation&quot;:&quot;fadeIn&quot;}\">\n\t\t\t\t\t<div class=\"e-con-inner\">\n\t\t\t\t\t<p class=\"e-paragraph-base\" data-interaction-id=\"db98006\">Ce dimanche 22 mars 2026, \u00e0 l\u2019occasion des Foul\u00e9es Vichyssoises, les ost\u00e9opathes de l\u2019IFSO Vichy \u2013 Clermont-Ferrand \u00e9taient pr\u00e9sents pour accompagner les 5 963 inscrits apr\u00e8s l\u2019effort. Ils ont pris en charge de nombreux participants afin de soulager les tensions, aider \u00e0 la r\u00e9cup\u00e9ration et pr\u00e9venir les blessures. Un beau moment d\u2019\u00e9change et de pratique, au plus proche des besoins des sportifs, qui montre l\u2019importance de l\u2019ost\u00e9opathie dans le suivi et la r\u00e9cup\u00e9ration apr\u00e8s l\u2019effort. Un grand merci \u00e0 \u00c9milie, K\u00e9ziah, Clara, Alicia et Lise qui se sont mobilis\u00e9s pour leur engagement et leur professionnalisme. Nous remercions \u00e9galement les superviseurs clinique : Christophe, Cyril et Rapha\u00ebl qui ont accompagn\u00e9s les \u00e9tudiants pr\u00e9sents.<\/p>\n\t\t\t\t<div class=\"elementor-element elementor-element-14b8244 elementor-widget elementor-widget-image-gallery\" data-id=\"14b8244\" data-element_type=\"widget\" data-e-type=\"widget\" data-widget_type=\"image-gallery.default\">\n\t\t\t\t\t\t\t<div class=\"elementor-image-gallery\">\n\t\t\t<div id='gallery-2' class='gallery galleryid-137 gallery-columns-3 gallery-size-medium_large'><figure class='gallery-item'>\n\t\t\t<div class='gallery-icon portrait'>\n\t\t\t\t<a data-elementor-open-lightbox=\"yes\" data-elementor-lightbox-slideshow=\"14b8244\" data-elementor-lightbox-title=\"Publications-\" data-e-action-hash=\"#elementor-action%3Aaction%3Dlightbox%26settings%3DeyJpZCI6MzM1NSwidXJsIjoiaHR0cHM6XC9cL3ByZXByb2Qub3N0ZW9wYXRoaWUtYXV2ZXJnbmUuZnJcL3dwLWNvbnRlbnRcL3VwbG9hZHNcLzIwMjZcLzA4XC9QdWJsaWNhdGlvbnMtLndlYnAiLCJzbGlkZXNob3ciOiIxNGI4MjQ0In0%3D\" href='https:\/\/preprod.osteopathie-auvergne.fr\/wp-content\/uploads\/2026\/08\/Publications-.webp'><img loading=\"lazy\" decoding=\"async\" width=\"768\" height=\"960\" src=\"https:\/\/preprod.osteopathie-auvergne.fr\/wp-content\/uploads\/2026\/08\/Publications--768x960.webp\" class=\"attachment-medium_large size-medium_large\" alt=\"\" srcset=\"https:\/\/preprod.osteopathie-auvergne.fr\/wp-content\/uploads\/2026\/08\/Publications--768x960.webp 768w, https:\/\/preprod.osteopathie-auvergne.fr\/wp-content\/uploads\/2026\/08\/Publications--240x300.webp 240w, https:\/\/preprod.osteopathie-auvergne.fr\/wp-content\/uploads\/2026\/08\/Publications--819x1024.webp 819w, https:\/\/preprod.osteopathie-auvergne.fr\/wp-content\/uploads\/2026\/08\/Publications-.webp 1080w\" sizes=\"(max-width: 768px) 100vw, 768px\" \/><\/a>\n\t\t\t<\/div><\/figure><figure class='gallery-item'>\n\t\t\t<div class='gallery-icon portrait'>\n\t\t\t\t<a data-elementor-open-lightbox=\"yes\" data-elementor-lightbox-slideshow=\"14b8244\" data-elementor-lightbox-title=\"Publications-1\" data-e-action-hash=\"#elementor-action%3Aaction%3Dlightbox%26settings%3DeyJpZCI6MzM1NCwidXJsIjoiaHR0cHM6XC9cL3ByZXByb2Qub3N0ZW9wYXRoaWUtYXV2ZXJnbmUuZnJcL3dwLWNvbnRlbnRcL3VwbG9hZHNcLzIwMjZcLzA4XC9QdWJsaWNhdGlvbnMtMS53ZWJwIiwic2xpZGVzaG93IjoiMTRiODI0NCJ9\" href='https:\/\/preprod.osteopathie-auvergne.fr\/wp-content\/uploads\/2026\/08\/Publications-1.webp'><img loading=\"lazy\" decoding=\"async\" width=\"768\" height=\"960\" src=\"https:\/\/preprod.osteopathie-auvergne.fr\/wp-content\/uploads\/2026\/08\/Publications-1-768x960.webp\" class=\"attachment-medium_large size-medium_large\" alt=\"\" srcset=\"https:\/\/preprod.osteopathie-auvergne.fr\/wp-content\/uploads\/2026\/08\/Publications-1-768x960.webp 768w, https:\/\/preprod.osteopathie-auvergne.fr\/wp-content\/uploads\/2026\/08\/Publications-1-240x300.webp 240w, https:\/\/preprod.osteopathie-auvergne.fr\/wp-content\/uploads\/2026\/08\/Publications-1-819x1024.webp 819w, https:\/\/preprod.osteopathie-auvergne.fr\/wp-content\/uploads\/2026\/08\/Publications-1.webp 1080w\" sizes=\"(max-width: 768px) 100vw, 768px\" \/><\/a>\n\t\t\t<\/div><\/figure><figure class='gallery-item'>\n\t\t\t<div class='gallery-icon portrait'>\n\t\t\t\t<a data-elementor-open-lightbox=\"yes\" data-elementor-lightbox-slideshow=\"14b8244\" data-elementor-lightbox-title=\"Publications-2\" data-e-action-hash=\"#elementor-action%3Aaction%3Dlightbox%26settings%3DeyJpZCI6MzM1MywidXJsIjoiaHR0cHM6XC9cL3ByZXByb2Qub3N0ZW9wYXRoaWUtYXV2ZXJnbmUuZnJcL3dwLWNvbnRlbnRcL3VwbG9hZHNcLzIwMjZcLzA4XC9QdWJsaWNhdGlvbnMtMi53ZWJwIiwic2xpZGVzaG93IjoiMTRiODI0NCJ9\" href='https:\/\/preprod.osteopathie-auvergne.fr\/wp-content\/uploads\/2026\/08\/Publications-2.webp'><img loading=\"lazy\" decoding=\"async\" width=\"768\" height=\"960\" src=\"https:\/\/preprod.osteopathie-auvergne.fr\/wp-content\/uploads\/2026\/08\/Publications-2-768x960.webp\" class=\"attachment-medium_large size-medium_large\" alt=\"\" srcset=\"https:\/\/preprod.osteopathie-auvergne.fr\/wp-content\/uploads\/2026\/08\/Publications-2-768x960.webp 768w, https:\/\/preprod.osteopathie-auvergne.fr\/wp-content\/uploads\/2026\/08\/Publications-2-240x300.webp 240w, https:\/\/preprod.osteopathie-auvergne.fr\/wp-content\/uploads\/2026\/08\/Publications-2-819x1024.webp 819w, https:\/\/preprod.osteopathie-auvergne.fr\/wp-content\/uploads\/2026\/08\/Publications-2.webp 1080w\" sizes=\"(max-width: 768px) 100vw, 768px\" \/><\/a>\n\t\t\t<\/div><\/figure>\n\t\t<\/div>\n\t\t<\/div>\n\t\t\t\t\t\t<\/div>\n\t\t\t\t\t<\/div>\n\t\t\t\t<\/div>\n\t\t<div class=\"elementor-element elementor-element-7b0aaa48 e-flex e-con-boxed wpr-particle-no wpr-jarallax-no wpr-parallax-no wpr-sticky-section-no wpr-column-slider-no wpr-equal-height-no e-con e-parent\" data-id=\"7b0aaa48\" data-element_type=\"container\" data-e-type=\"container\" id=\"xs_footer_13\" data-settings=\"{&quot;background_background&quot;:&quot;classic&quot;}\">\n\t\t\t\t\t<div class=\"e-con-inner\">\n\t\t<div class=\"elementor-element elementor-element-918f1e7 e-con-full e-flex wpr-particle-no wpr-jarallax-no wpr-parallax-no wpr-sticky-section-no wpr-column-slider-no wpr-equal-height-no e-con e-child\" data-id=\"918f1e7\" data-element_type=\"container\" data-e-type=\"container\">\n\t\t\t\t<div class=\"elementor-element elementor-element-6e056a35 elementor-widget elementor-widget-image\" data-id=\"6e056a35\" data-element_type=\"widget\" data-e-type=\"widget\" data-widget_type=\"image.default\">\n\t\t\t\t\t\t\t\t\t\t\t\t\t\t\t\t<a href=\"https:\/\/wpmet.com\/plugin\/elementskit\/\">\n\t\t\t\t\t\t\t<img loading=\"lazy\" decoding=\"async\" width=\"993\" height=\"331\" src=\"https:\/\/preprod.osteopathie-auvergne.fr\/wp-content\/uploads\/2026\/04\/cropped-LOGO-IFSO-BLANC-PNG-235x78.png\" class=\"attachment-full size-full wp-image-130\" alt=\"Logo de l&apos;\u00e9cole d&apos;ost\u00e9oapthie IFSO Vichy Clermont-Ferrand\" srcset=\"https:\/\/preprod.osteopathie-auvergne.fr\/wp-content\/uploads\/2026\/04\/cropped-LOGO-IFSO-BLANC-PNG.png 993w, https:\/\/preprod.osteopathie-auvergne.fr\/wp-content\/uploads\/2026\/04\/cropped-LOGO-IFSO-BLANC-PNG-300x100.png 300w, https:\/\/preprod.osteopathie-auvergne.fr\/wp-content\/uploads\/2026\/04\/cropped-LOGO-IFSO-BLANC-PNG-768x256.png 768w, https:\/\/preprod.osteopathie-auvergne.fr\/wp-content\/uploads\/2026\/04\/cropped-LOGO-IFSO-BLANC-PNG-235x78.png 235w\" sizes=\"(max-width: 993px) 100vw, 993px\" \/>\t\t\t\t\t\t\t\t<\/a>\n\t\t\t\t\t\t\t\t\t\t\t\t\t\t\t<\/div>\n\t\t\t\t<div class=\"elementor-element elementor-element-787d279c elementor-widget elementor-widget-elementskit-social-media\" data-id=\"787d279c\" data-element_type=\"widget\" data-e-type=\"widget\" data-widget_type=\"elementskit-social-media.default\">\n\t\t\t\t<div class=\"elementor-widget-container\">\n\t\t\t\t\t<div class=\"ekit-wid-con\" >\t\t\t <ul class=\"ekit_social_media\">\n\t\t\t\t\t\t\t\t\t\t\t\t\t\t<li class=\"elementor-repeater-item-da8f4de\">\n\t\t\t\t\t    <a\n\t\t\t\t\t\thref=\"https:\/\/www.facebook.com\/IFSOVichy\/?locale=fr_FR\" aria-label=\"Facebook\" class=\"facebook\" >\n\t\t\t\t\t\t\t\n\t\t\t\t\t\t\t<i aria-hidden=\"true\" class=\"icon icon-facebook\"><\/i>\n                                                                                                            <\/a>\n                    <\/li>\n                    \t\t\t\t\t\t\t\t\t\t\t\t\t\t<li class=\"elementor-repeater-item-1399011\">\n\t\t\t\t\t    <a\n\t\t\t\t\t\thref=\"https:\/\/www.youtube.com\/@ifsovichyclermontferrand\" aria-label=\"Youtube\" class=\"youtube\" >\n\t\t\t\t\t\t\t\n\t\t\t\t\t\t\t<svg aria-hidden=\"true\" class=\"e-font-icon-svg e-fab-youtube\" viewBox=\"0 0 576 512\" xmlns=\"http:\/\/www.w3.org\/2000\/svg\"><path d=\"M549.655 124.083c-6.281-23.65-24.787-42.276-48.284-48.597C458.781 64 288 64 288 64S117.22 64 74.629 75.486c-23.497 6.322-42.003 24.947-48.284 48.597-11.412 42.867-11.412 132.305-11.412 132.305s0 89.438 11.412 132.305c6.281 23.65 24.787 41.5 48.284 47.821C117.22 448 288 448 288 448s170.78 0 213.371-11.486c23.497-6.321 42.003-24.171 48.284-47.821 11.412-42.867 11.412-132.305 11.412-132.305s0-89.438-11.412-132.305zm-317.51 213.508V175.185l142.739 81.205-142.739 81.201z\"><\/path><\/svg>\n                                                                                                            <\/a>\n                    <\/li>\n                    \t\t\t\t\t\t\t\t\t\t\t\t\t\t<li class=\"elementor-repeater-item-8f886e8\">\n\t\t\t\t\t    <a\n\t\t\t\t\t\thref=\"https:\/\/www.linkedin.com\/in\/ifso-vichy-clermont-ferrand\/\" aria-label=\"LinkedIn\" class=\"linkedin\" >\n\t\t\t\t\t\t\t\n\t\t\t\t\t\t\t<i aria-hidden=\"true\" class=\"icon icon-linkedin\"><\/i>\n                                                                                                            <\/a>\n                    <\/li>\n                    \t\t\t\t\t\t\t\t\t\t\t\t\t\t<li class=\"elementor-repeater-item-048c536\">\n\t\t\t\t\t    <a\n\t\t\t\t\t\thref=\"https:\/\/www.tiktok.com\/@ifso.vichy.clermont.fd\" aria-label=\"Tiktok\" class=\"tiktok\" >\n\t\t\t\t\t\t\t\n\t\t\t\t\t\t\t<svg aria-hidden=\"true\" class=\"e-font-icon-svg e-fab-tiktok\" viewBox=\"0 0 448 512\" xmlns=\"http:\/\/www.w3.org\/2000\/svg\"><path d=\"M448,209.91a210.06,210.06,0,0,1-122.77-39.25V349.38A162.55,162.55,0,1,1,185,188.31V278.2a74.62,74.62,0,1,0,52.23,71.18V0l88,0a121.18,121.18,0,0,0,1.86,22.17h0A122.18,122.18,0,0,0,381,102.39a121.43,121.43,0,0,0,67,20.14Z\"><\/path><\/svg>\n                                                                                                            <\/a>\n                    <\/li>\n                    \t\t\t\t\t\t\t\t\t\t\t\t\t\t<li class=\"elementor-repeater-item-c8596be\">\n\t\t\t\t\t    <a\n\t\t\t\t\t\thref=\"https:\/\/www.instagram.com\/ifsovichyclermontfd\/\" aria-label=\"Instagram\" class=\"1\" >\n\t\t\t\t\t\t\t\n\t\t\t\t\t\t\t<i aria-hidden=\"true\" class=\"icon icon-instagram-1\"><\/i>\n                                                                                                            <\/a>\n                    <\/li>\n                    \t\t\t\t\t\t\t<\/ul>\n\t\t<\/div>\t\t\t\t<\/div>\n\t\t\t\t<\/div>\n\t\t\t\t<\/div>\n\t\t<div class=\"elementor-element elementor-element-5ae3062a e-con-full e-flex wpr-particle-no wpr-jarallax-no wpr-parallax-no wpr-sticky-section-no wpr-column-slider-no wpr-equal-height-no e-con e-child\" data-id=\"5ae3062a\" data-element_type=\"container\" data-e-type=\"container\">\n\t\t<div class=\"elementor-element elementor-element-129c6800 e-con-full e-flex wpr-particle-no wpr-jarallax-no wpr-parallax-no wpr-sticky-section-no wpr-column-slider-no wpr-equal-height-no e-con e-child\" data-id=\"129c6800\" data-element_type=\"container\" data-e-type=\"container\">\n\t\t\t\t\t<img loading=\"lazy\" decoding=\"async\" class=\"e-image-base \" data-interaction-id=\"308607a3\" id=\"3298\" src=\"https:\/\/preprod.osteopathie-auvergne.fr\/wp-content\/uploads\/2026\/08\/Design-sans-titre-10-1.png\" width=\"400\" height=\"100\" srcset=\"https:\/\/preprod.osteopathie-auvergne.fr\/wp-content\/uploads\/2026\/08\/Design-sans-titre-10-1.png 400w, https:\/\/preprod.osteopathie-auvergne.fr\/wp-content\/uploads\/2026\/08\/Design-sans-titre-10-1-300x75.png 300w\" alt=\"\"\/>\t\t\t\t<\/div>\n\t\t\t\t<\/div>\n\t\t<div class=\"elementor-element elementor-element-4671c777 e-con-full e-flex wpr-particle-no wpr-jarallax-no wpr-parallax-no wpr-sticky-section-no wpr-column-slider-no wpr-equal-height-no e-con e-child\" data-id=\"4671c777\" data-element_type=\"container\" data-e-type=\"container\">\n\t\t\t\t<div class=\"elementor-element elementor-element-21d577c4 elementor-widget elementor-widget-heading\" data-id=\"21d577c4\" data-element_type=\"widget\" data-e-type=\"widget\" data-widget_type=\"heading.default\">\n\t\t\t\t\t<h2 class=\"elementor-heading-title elementor-size-default\">Incrivez-vous \u00e0 notre newsletter<\/h2>\t\t\t\t<\/div>\n\t\t\t\t<div class=\"elementor-element elementor-element-7e142bc elementor-widget elementor-widget-text-editor\" data-id=\"7e142bc\" data-element_type=\"widget\" data-e-type=\"widget\" data-widget_type=\"text-editor.default\">\n\t\t\t\t\t\t\t\t\t<p>Ne manquez aucune de nos actualit\u00e9s<\/p>\t\t\t\t\t\t\t\t<\/div>\n\t\t\t\t<div class=\"elementor-element elementor-element-11878466 elementor-widget elementor-widget-elementskit-mail-chimp\" data-id=\"11878466\" data-element_type=\"widget\" data-e-type=\"widget\" data-widget_type=\"elementskit-mail-chimp.default\">\n\t\t\t\t<div class=\"elementor-widget-container\">\n\t\t\t\t\t<div class=\"ekit-wid-con\" >\t\t<div class=\"ekit-mail-chimp\">\n\t\t<form method=\"post\"\n\t\t\tclass=\"ekit-mailChimpForm\" data-listed=\"\" data-success-message=\"Successfully listed this email\" data-success-opt-in-message=\"\" data-nonce=\"4f1ef6c9dc\"\t\t>\n\t\t\t<input type=\"hidden\" name=\"double_opt_in\" value=\"no\">\n\n\t\t\t\t<div class=\"elementskit_form_wraper elementskit_inline_form\">\n\t\t\t\t        <div class=\"elementskit_input_wraper elementskit_input_container key-0\">\n            <div class=\"elementskit_form_group\">\n                                <div class=\"elementskit_input_element_container \">\n                    \n                                            <input\n\t\t\t\t\t\t\ttype=\"email\"\n\t\t\t\t\t\t\tclass=\"ekit_form_control \"\n\t\t\t\t\t\t\tname=\"email\"\n\t\t\t\t\t\t\tplaceholder=\"Votre adresse mail ici\"\n\t\t\t\t\t\t\trequired\t\t\t\t\t\t>\n                    \n                                    <\/div>\n            <\/div>\n        <\/div>\n    \t\t\t\t\t<div class=\"ekit_submit_input_holder elementskit_input_wraper\">\n\t\t\t\t\t\t<button type=\"submit\" class=\"ekit-mail-submit\" name=\"ekit_mail_chimp\">\n\t\t\t\t\t\t\t\t<i aria-hidden=\"true\" class=\"icon icon-message-1\"><\/i>\n\t\t\t\t\t\t\t<\/button>\n\t\t\t\t\t<\/div>\n\t\t\t\t<\/div>\n\t\t\t<div class=\"ekit-mail-message\"><\/div>\n\t\t\t<\/form>\n\t\t<\/div>\n\t\t<\/div>\t\t\t\t<\/div>\n\t\t\t\t<\/div>\n\t\t\t\t<\/div>\n\t\t\t\t\t<\/div>\n\t\t\t\t<\/div>\n\t\t<div class=\"elementor-element elementor-element-5dc6f0f e-flex e-con-boxed wpr-particle-no wpr-jarallax-no wpr-parallax-no wpr-sticky-section-no wpr-column-slider-no wpr-equal-height-no e-con e-parent\" data-id=\"5dc6f0f\" data-element_type=\"container\" data-e-type=\"container\" data-settings=\"{&quot;background_background&quot;:&quot;classic&quot;}\">\n\t\t\t\t\t<div class=\"e-con-inner\">\n\t\t\t\t<div class=\"elementor-element elementor-element-649ceef3 elementor-widget elementor-widget-elementskit-heading\" data-id=\"649ceef3\" data-element_type=\"widget\" data-e-type=\"widget\" data-widget_type=\"elementskit-heading.default\">\n\t\t\t\t\t<div class=\"ekit-wid-con\" ><div class=\"ekit-heading elementskit-section-title-wraper text_left   ekit_heading_tablet-   ekit_heading_mobile-text_center\"><p class=\"ekit-heading--title elementskit-section-title \">2026. IFSO VICHY CLERMONT FERRAND TOUS DROITS RESERVES <\/p><\/div><\/div>\t\t\t\t<\/div>\n\t\t\t\t<div class=\"elementor-element elementor-element-57bfd49f elementor-align-right elementor-mobile-align-left elementor-widget elementor-widget-elementskit-page-list\" data-id=\"57bfd49f\" data-element_type=\"widget\" data-e-type=\"widget\" data-widget_type=\"elementskit-page-list.default\">\n\t\t\t\t<div class=\"elementor-widget-container\">\n\t\t\t\t\t<div class=\"ekit-wid-con\" >\t\t<div class=\"elementor-icon-list-itemsfg  elementor-inline-items\">\n\t\t\t\t\t\t\t<div class=\"elementor-icon-list-item   \">\n\t\t\t\t\t\t<a class=\"elementor-repeater-item-0e60ed8 ekit_badge_left\" >\n\t\t\t\t\t\t\t<div class=\"ekit_page_list_content\">\n\t\t\t\t\t\t\t\t\t\t\t\t\t\t\t\t<span class=\"elementor-icon-list-text\">\n\t\t\t\t\t\t\t\t\t<span class=\"ekit_page_list_title_title\">Mentions l\u00e9gales<\/span>\n\t\t\t\t\t\t\t\t\t\t\t\t\t\t\t\t\t<\/span>\n\t\t\t\t\t\t\t<\/div>\n\t\t\t\t\t\t\t\t\t\t\t\t\t<\/a>\n\t\t\t\t\t<\/div>\n\t\t\t\t\t\t\t\t<div class=\"elementor-icon-list-item   \">\n\t\t\t\t\t\t<a class=\"elementor-repeater-item-9fc5a74 ekit_badge_left\" >\n\t\t\t\t\t\t\t<div class=\"ekit_page_list_content\">\n\t\t\t\t\t\t\t\t\t\t\t\t\t\t\t\t<span class=\"elementor-icon-list-text\">\n\t\t\t\t\t\t\t\t\t<span class=\"ekit_page_list_title_title\">Politique de confidentialit\u00e9<\/span>\n\t\t\t\t\t\t\t\t\t\t\t\t\t\t\t\t\t<\/span>\n\t\t\t\t\t\t\t<\/div>\n\t\t\t\t\t\t\t\t\t\t\t\t\t<\/a>\n\t\t\t\t\t<\/div>\n\t\t\t\t\t\t\t\t<div class=\"elementor-icon-list-item   \">\n\t\t\t\t\t\t<a class=\"elementor-repeater-item-542bc6b ekit_badge_left\" >\n\t\t\t\t\t\t\t<div class=\"ekit_page_list_content\">\n\t\t\t\t\t\t\t\t\t\t\t\t\t\t\t\t<span class=\"elementor-icon-list-text\">\n\t\t\t\t\t\t\t\t\t<span class=\"ekit_page_list_title_title\">Mon compte \u00e9tudiant<\/span>\n\t\t\t\t\t\t\t\t\t\t\t\t\t\t\t\t\t<\/span>\n\t\t\t\t\t\t\t<\/div>\n\t\t\t\t\t\t\t\t\t\t\t\t\t<\/a>\n\t\t\t\t\t<\/div>\n\t\t\t\t\t\t<\/div>\n\t\t<\/div>\t\t\t\t<\/div>\n\t\t\t\t<\/div>\n\t\t\t\t\t<\/div>\n\t\t\t\t<\/div>\n\t\t\t\t<\/div>\n\t\t","protected":false},"excerpt":{"rendered":"<p>D\u00e9couvrez nos actualit\u00e9s Cliniques sportives Nos \u00e9l\u00e8ves et leurs formateurs viennent \u00e0 votre rencontre lors des \u00e9v\u00e8nements sportifs de la r\u00e9gion\u00a0 Nos actualit\u00e9s sportives Nos \u00e9tudiants s\u2019engagent au quotidien aupr\u00e8s des sportifs pour les accompagner dans leur r\u00e9cup\u00e9ration apr\u00e8s l\u2019effort. D\u00e9couvrez ci-dessous les derniers \u00e9v\u00e8nements auxquels nous avons pu participer.&nbsp; Nos \u00e9tudiants s\u2019engagent au quotidien aupr\u00e8s des sportifs pour les accompagner dans leur r\u00e9cup\u00e9ration apr\u00e8s l\u2019effort. D\u00e9couvrez ci-dessous les derniers \u00e9v\u00e8nements auxquels nous avons pu participer.&nbsp; Forez trail | Augerolles Le 8 mars, deux \u00e9tudiants de l\u2019IFSO Vichy \u2013 Clermont-Ferrand ont eu l\u2019opportunit\u00e9 de participer au Forez Trail \u00e0 Augerolles, accompagn\u00e9s d\u2019un coordinateur p\u00e9dagogique. Tout au long de la journ\u00e9e, ils ont accueilli et pris en charge de nombreux coureurs, encha\u00eenant les consultations avec s\u00e9rieux, professionnalisme et enthousiasme. Tr\u00e8s investis et r\u00e9ceptifs aux retours, les \u00e9tudiants ont su faire preuve d\u2019une grande capacit\u00e9 d\u2019adaptation et d\u2019un comportement professionnel, offrant aux coureurs une prise en charge appr\u00e9ci\u00e9e. Une belle occasion pour eux de mettre en pratique leurs comp\u00e9tences sur le terrain et de vivre une exp\u00e9rience particuli\u00e8rement formatrice. L\u2019\u00e9v\u00e9nement a \u00e9galement offert une belle visibilit\u00e9 \u00e0 l\u2019IFSO Vichy \u2013 Clermont-Ferrand, mentionn\u00e9e \u00e0 plusieurs reprises lors des d\u00e9parts de course et de la remise des prix. Une journ\u00e9e enrichissante pour les \u00e9tudiants, valorisante pour l\u2019\u00e9cole et au service de la communaut\u00e9 locale. Foul\u00e9es Vichyssoises Ce dimanche 22 mars 2026, \u00e0 l\u2019occasion des Foul\u00e9es Vichyssoises, les ost\u00e9opathes de l\u2019IFSO Vichy \u2013 Clermont-Ferrand \u00e9taient pr\u00e9sents pour accompagner les 5 963 inscrits apr\u00e8s l\u2019effort. Ils ont pris en charge de nombreux participants afin de soulager les tensions, aider \u00e0 la r\u00e9cup\u00e9ration et pr\u00e9venir les blessures. Un beau moment d\u2019\u00e9change et de pratique, au plus proche des besoins des sportifs, qui montre l\u2019importance de l\u2019ost\u00e9opathie dans le suivi et la r\u00e9cup\u00e9ration apr\u00e8s l\u2019effort. Un grand merci \u00e0 \u00c9milie, K\u00e9ziah, Clara, Alicia et Lise qui se sont mobilis\u00e9s pour leur engagement et leur professionnalisme. Nous remercions \u00e9galement les superviseurs clinique : Christophe, Cyril et Rapha\u00ebl qui ont accompagn\u00e9s les \u00e9tudiants pr\u00e9sents. Incrivez-vous \u00e0 notre newsletter Ne manquez aucune de nos actualit\u00e9s 2026. IFSO VICHY CLERMONT FERRAND TOUS DROITS RESERVES Mentions l\u00e9gales Politique de confidentialit\u00e9 Mon compte \u00e9tudiant<\/p>\n","protected":false},"author":1,"featured_media":0,"parent":0,"menu_order":0,"comment_status":"closed","ping_status":"closed","template":"","meta":{"site-sidebar-layout":"default","site-content-layout":"","ast-site-content-layout":"default","site-content-style":"default","site-sidebar-style":"default","ast-global-header-display":"","ast-banner-title-visibility":"","ast-main-header-display":"","ast-hfb-above-header-display":"","ast-hfb-below-header-display":"","ast-hfb-mobile-header-display":"","site-post-title":"","ast-breadcrumbs-content":"","ast-featured-img":"","footer-sml-layout":"","ast-disable-related-posts":"","theme-transparent-header-meta":"","adv-header-id-meta":"","stick-header-meta":"","header-above-stick-meta":"","header-main-stick-meta":"","header-below-stick-meta":"","astra-migrate-meta-layouts":"default","ast-page-background-enabled":"default","ast-page-background-meta":{"desktop":{"background-color":"var(--ast-global-color-5)","background-image":"","background-repeat":"repeat","background-position":"center center","background-size":"auto","background-attachment":"scroll","background-type":"","background-media":"","overlay-type":"","overlay-color":"","overlay-opacity":"","overlay-gradient":""},"tablet":{"background-color":"","background-image":"","background-repeat":"repeat","background-position":"center center","background-size":"auto","background-attachment":"scroll","background-type":"","background-media":"","overlay-type":"","overlay-color":"","overlay-opacity":"","overlay-gradient":""},"mobile":{"background-color":"","background-image":"","background-repeat":"repeat","background-position":"center center","background-size":"auto","background-attachment":"scroll","background-type":"","background-media":"","overlay-type":"","overlay-color":"","overlay-opacity":"","overlay-gradient":""}},"ast-content-background-meta":{"desktop":{"background-color":"var(--ast-global-color-4)","background-image":"","background-repeat":"repeat","background-position":"center center","background-size":"auto","background-attachment":"scroll","background-type":"","background-media":"","overlay-type":"","overlay-color":"","overlay-opacity":"","overlay-gradient":""},"tablet":{"background-color":"var(--ast-global-color-4)","background-image":"","background-repeat":"repeat","background-position":"center center","background-size":"auto","background-attachment":"scroll","background-type":"","background-media":"","overlay-type":"","overlay-color":"","overlay-opacity":"","overlay-gradient":""},"mobile":{"background-color":"var(--ast-global-color-4)","background-image":"","background-repeat":"repeat","background-position":"center center","background-size":"auto","background-attachment":"scroll","background-type":"","background-media":"","overlay-type":"","overlay-color":"","overlay-opacity":"","overlay-gradient":""}},"footnotes":""},"class_list":["post-137","page","type-page","status-publish","hentry"],"yoast_head":"<!-- This site is optimized with the Yoast SEO plugin v28.3 - https:\/\/yoast.com\/product\/yoast-seo-wordpress\/ -->\n<title>Actualit\u00e9s -<\/title>\n<meta name=\"robots\" content=\"index, follow, max-snippet:-1, max-image-preview:large, max-video-preview:-1\" \/>\n<link rel=\"canonical\" href=\"https:\/\/preprod.osteopathie-auvergne.fr\/index.php\/actualites\/\" \/>\n<meta property=\"og:locale\" content=\"fr_FR\" \/>\n<meta property=\"og:type\" content=\"article\" \/>\n<meta property=\"og:title\" content=\"Actualit\u00e9s -\" \/>\n<meta property=\"og:description\" content=\"D\u00e9couvrez nos actualit\u00e9s Cliniques sportives Nos \u00e9l\u00e8ves et leurs formateurs viennent \u00e0 votre rencontre lors des \u00e9v\u00e8nements sportifs de la r\u00e9gion\u00a0 Nos actualit\u00e9s sportives Nos \u00e9tudiants s\u2019engagent au quotidien aupr\u00e8s des sportifs pour les accompagner dans leur r\u00e9cup\u00e9ration apr\u00e8s l\u2019effort. D\u00e9couvrez ci-dessous les derniers \u00e9v\u00e8nements auxquels nous avons pu participer.&nbsp; Nos \u00e9tudiants s\u2019engagent au quotidien aupr\u00e8s des sportifs pour les accompagner dans leur r\u00e9cup\u00e9ration apr\u00e8s l\u2019effort. D\u00e9couvrez ci-dessous les derniers \u00e9v\u00e8nements auxquels nous avons pu participer.&nbsp; Forez trail | Augerolles Le 8 mars, deux \u00e9tudiants de l\u2019IFSO Vichy \u2013 Clermont-Ferrand ont eu l\u2019opportunit\u00e9 de participer au Forez Trail \u00e0 Augerolles, accompagn\u00e9s d\u2019un coordinateur p\u00e9dagogique. Tout au long de la journ\u00e9e, ils ont accueilli et pris en charge de nombreux coureurs, encha\u00eenant les consultations avec s\u00e9rieux, professionnalisme et enthousiasme. Tr\u00e8s investis et r\u00e9ceptifs aux retours, les \u00e9tudiants ont su faire preuve d\u2019une grande capacit\u00e9 d\u2019adaptation et d\u2019un comportement professionnel, offrant aux coureurs une prise en charge appr\u00e9ci\u00e9e. Une belle occasion pour eux de mettre en pratique leurs comp\u00e9tences sur le terrain et de vivre une exp\u00e9rience particuli\u00e8rement formatrice. L\u2019\u00e9v\u00e9nement a \u00e9galement offert une belle visibilit\u00e9 \u00e0 l\u2019IFSO Vichy \u2013 Clermont-Ferrand, mentionn\u00e9e \u00e0 plusieurs reprises lors des d\u00e9parts de course et de la remise des prix. Une journ\u00e9e enrichissante pour les \u00e9tudiants, valorisante pour l\u2019\u00e9cole et au service de la communaut\u00e9 locale. Foul\u00e9es Vichyssoises Ce dimanche 22 mars 2026, \u00e0 l\u2019occasion des Foul\u00e9es Vichyssoises, les ost\u00e9opathes de l\u2019IFSO Vichy \u2013 Clermont-Ferrand \u00e9taient pr\u00e9sents pour accompagner les 5 963 inscrits apr\u00e8s l\u2019effort. Ils ont pris en charge de nombreux participants afin de soulager les tensions, aider \u00e0 la r\u00e9cup\u00e9ration et pr\u00e9venir les blessures. Un beau moment d\u2019\u00e9change et de pratique, au plus proche des besoins des sportifs, qui montre l\u2019importance de l\u2019ost\u00e9opathie dans le suivi et la r\u00e9cup\u00e9ration apr\u00e8s l\u2019effort. Un grand merci \u00e0 \u00c9milie, K\u00e9ziah, Clara, Alicia et Lise qui se sont mobilis\u00e9s pour leur engagement et leur professionnalisme. Nous remercions \u00e9galement les superviseurs clinique : Christophe, Cyril et Rapha\u00ebl qui ont accompagn\u00e9s les \u00e9tudiants pr\u00e9sents. Incrivez-vous \u00e0 notre newsletter Ne manquez aucune de nos actualit\u00e9s 2026. IFSO VICHY CLERMONT FERRAND TOUS DROITS RESERVES Mentions l\u00e9gales Politique de confidentialit\u00e9 Mon compte \u00e9tudiant\" \/>\n<meta property=\"og:url\" content=\"https:\/\/preprod.osteopathie-auvergne.fr\/index.php\/actualites\/\" \/>\n<meta property=\"article:modified_time\" content=\"2026-08-25T09:38:32+00:00\" \/>\n<meta property=\"og:image\" content=\"http:\/\/preprod.osteopathie-auvergne.fr\/wp-content\/uploads\/2026\/08\/RETOUR-SUR-LE-TRAIL-AUGEROLLES-1-768x960.webp\" \/>\n<meta name=\"twitter:card\" content=\"summary_large_image\" \/>\n<meta name=\"twitter:label1\" content=\"Dur\u00e9e de lecture estim\u00e9e\" \/>\n\t<meta name=\"twitter:data1\" content=\"4 minutes\" \/>\n<script type=\"application\/ld+json\" class=\"yoast-schema-graph\">{\"@context\":\"https:\\\/\\\/schema.org\",\"@graph\":[{\"@type\":\"WebPage\",\"@id\":\"https:\\\/\\\/preprod.osteopathie-auvergne.fr\\\/index.php\\\/actualites\\\/\",\"url\":\"https:\\\/\\\/preprod.osteopathie-auvergne.fr\\\/index.php\\\/actualites\\\/\",\"name\":\"Actualit\u00e9s -\",\"isPartOf\":{\"@id\":\"https:\\\/\\\/preprod.osteopathie-auvergne.fr\\\/#website\"},\"primaryImageOfPage\":{\"@id\":\"https:\\\/\\\/preprod.osteopathie-auvergne.fr\\\/index.php\\\/actualites\\\/#primaryimage\"},\"image\":{\"@id\":\"https:\\\/\\\/preprod.osteopathie-auvergne.fr\\\/index.php\\\/actualites\\\/#primaryimage\"},\"thumbnailUrl\":\"http:\\\/\\\/preprod.osteopathie-auvergne.fr\\\/wp-content\\\/uploads\\\/2026\\\/08\\\/RETOUR-SUR-LE-TRAIL-AUGEROLLES-1-768x960.webp\",\"datePublished\":\"2026-04-10T09:37:15+00:00\",\"dateModified\":\"2026-08-25T09:38:32+00:00\",\"breadcrumb\":{\"@id\":\"https:\\\/\\\/preprod.osteopathie-auvergne.fr\\\/index.php\\\/actualites\\\/#breadcrumb\"},\"inLanguage\":\"fr-FR\",\"potentialAction\":[{\"@type\":\"ReadAction\",\"target\":[\"https:\\\/\\\/preprod.osteopathie-auvergne.fr\\\/index.php\\\/actualites\\\/\"]}]},{\"@type\":\"ImageObject\",\"inLanguage\":\"fr-FR\",\"@id\":\"https:\\\/\\\/preprod.osteopathie-auvergne.fr\\\/index.php\\\/actualites\\\/#primaryimage\",\"url\":\"http:\\\/\\\/preprod.osteopathie-auvergne.fr\\\/wp-content\\\/uploads\\\/2026\\\/08\\\/RETOUR-SUR-LE-TRAIL-AUGEROLLES-1-768x960.webp\",\"contentUrl\":\"http:\\\/\\\/preprod.osteopathie-auvergne.fr\\\/wp-content\\\/uploads\\\/2026\\\/08\\\/RETOUR-SUR-LE-TRAIL-AUGEROLLES-1-768x960.webp\"},{\"@type\":\"BreadcrumbList\",\"@id\":\"https:\\\/\\\/preprod.osteopathie-auvergne.fr\\\/index.php\\\/actualites\\\/#breadcrumb\",\"itemListElement\":[{\"@type\":\"ListItem\",\"position\":1,\"name\":\"Home\",\"item\":\"https:\\\/\\\/preprod.osteopathie-auvergne.fr\\\/\"},{\"@type\":\"ListItem\",\"position\":2,\"name\":\"Actualit\u00e9s\"}]},{\"@type\":\"WebSite\",\"@id\":\"https:\\\/\\\/preprod.osteopathie-auvergne.fr\\\/#website\",\"url\":\"https:\\\/\\\/preprod.osteopathie-auvergne.fr\\\/\",\"name\":\"\",\"description\":\"\",\"potentialAction\":[{\"@type\":\"SearchAction\",\"target\":{\"@type\":\"EntryPoint\",\"urlTemplate\":\"https:\\\/\\\/preprod.osteopathie-auvergne.fr\\\/?s={search_term_string}\"},\"query-input\":{\"@type\":\"PropertyValueSpecification\",\"valueRequired\":true,\"valueName\":\"search_term_string\"}}],\"inLanguage\":\"fr-FR\"}]}<\/script>\n<!-- \/ Yoast SEO plugin. -->","yoast_head_json":{"title":"Actualit\u00e9s -","robots":{"index":"index","follow":"follow","max-snippet":"max-snippet:-1","max-image-preview":"max-image-preview:large","max-video-preview":"max-video-preview:-1"},"canonical":"https:\/\/preprod.osteopathie-auvergne.fr\/index.php\/actualites\/","og_locale":"fr_FR","og_type":"article","og_title":"Actualit\u00e9s -","og_description":"D\u00e9couvrez nos actualit\u00e9s Cliniques sportives Nos \u00e9l\u00e8ves et leurs formateurs viennent \u00e0 votre rencontre lors des \u00e9v\u00e8nements sportifs de la r\u00e9gion\u00a0 Nos actualit\u00e9s sportives Nos \u00e9tudiants s\u2019engagent au quotidien aupr\u00e8s des sportifs pour les accompagner dans leur r\u00e9cup\u00e9ration apr\u00e8s l\u2019effort. D\u00e9couvrez ci-dessous les derniers \u00e9v\u00e8nements auxquels nous avons pu participer.&nbsp; Nos \u00e9tudiants s\u2019engagent au quotidien aupr\u00e8s des sportifs pour les accompagner dans leur r\u00e9cup\u00e9ration apr\u00e8s l\u2019effort. D\u00e9couvrez ci-dessous les derniers \u00e9v\u00e8nements auxquels nous avons pu participer.&nbsp; Forez trail | Augerolles Le 8 mars, deux \u00e9tudiants de l\u2019IFSO Vichy \u2013 Clermont-Ferrand ont eu l\u2019opportunit\u00e9 de participer au Forez Trail \u00e0 Augerolles, accompagn\u00e9s d\u2019un coordinateur p\u00e9dagogique. Tout au long de la journ\u00e9e, ils ont accueilli et pris en charge de nombreux coureurs, encha\u00eenant les consultations avec s\u00e9rieux, professionnalisme et enthousiasme. Tr\u00e8s investis et r\u00e9ceptifs aux retours, les \u00e9tudiants ont su faire preuve d\u2019une grande capacit\u00e9 d\u2019adaptation et d\u2019un comportement professionnel, offrant aux coureurs une prise en charge appr\u00e9ci\u00e9e. Une belle occasion pour eux de mettre en pratique leurs comp\u00e9tences sur le terrain et de vivre une exp\u00e9rience particuli\u00e8rement formatrice. L\u2019\u00e9v\u00e9nement a \u00e9galement offert une belle visibilit\u00e9 \u00e0 l\u2019IFSO Vichy \u2013 Clermont-Ferrand, mentionn\u00e9e \u00e0 plusieurs reprises lors des d\u00e9parts de course et de la remise des prix. Une journ\u00e9e enrichissante pour les \u00e9tudiants, valorisante pour l\u2019\u00e9cole et au service de la communaut\u00e9 locale. Foul\u00e9es Vichyssoises Ce dimanche 22 mars 2026, \u00e0 l\u2019occasion des Foul\u00e9es Vichyssoises, les ost\u00e9opathes de l\u2019IFSO Vichy \u2013 Clermont-Ferrand \u00e9taient pr\u00e9sents pour accompagner les 5 963 inscrits apr\u00e8s l\u2019effort. Ils ont pris en charge de nombreux participants afin de soulager les tensions, aider \u00e0 la r\u00e9cup\u00e9ration et pr\u00e9venir les blessures. Un beau moment d\u2019\u00e9change et de pratique, au plus proche des besoins des sportifs, qui montre l\u2019importance de l\u2019ost\u00e9opathie dans le suivi et la r\u00e9cup\u00e9ration apr\u00e8s l\u2019effort. Un grand merci \u00e0 \u00c9milie, K\u00e9ziah, Clara, Alicia et Lise qui se sont mobilis\u00e9s pour leur engagement et leur professionnalisme. Nous remercions \u00e9galement les superviseurs clinique : Christophe, Cyril et Rapha\u00ebl qui ont accompagn\u00e9s les \u00e9tudiants pr\u00e9sents. Incrivez-vous \u00e0 notre newsletter Ne manquez aucune de nos actualit\u00e9s 2026. IFSO VICHY CLERMONT FERRAND TOUS DROITS RESERVES Mentions l\u00e9gales Politique de confidentialit\u00e9 Mon compte \u00e9tudiant","og_url":"https:\/\/preprod.osteopathie-auvergne.fr\/index.php\/actualites\/","article_modified_time":"2026-08-25T09:38:32+00:00","og_image":[{"url":"http:\/\/preprod.osteopathie-auvergne.fr\/wp-content\/uploads\/2026\/08\/RETOUR-SUR-LE-TRAIL-AUGEROLLES-1-768x960.webp","type":"","width":"","height":""}],"twitter_card":"summary_large_image","twitter_misc":{"Dur\u00e9e de lecture estim\u00e9e":"4 minutes"},"schema":{"@context":"https:\/\/schema.org","@graph":[{"@type":"WebPage","@id":"https:\/\/preprod.osteopathie-auvergne.fr\/index.php\/actualites\/","url":"https:\/\/preprod.osteopathie-auvergne.fr\/index.php\/actualites\/","name":"Actualit\u00e9s -","isPartOf":{"@id":"https:\/\/preprod.osteopathie-auvergne.fr\/#website"},"primaryImageOfPage":{"@id":"https:\/\/preprod.osteopathie-auvergne.fr\/index.php\/actualites\/#primaryimage"},"image":{"@id":"https:\/\/preprod.osteopathie-auvergne.fr\/index.php\/actualites\/#primaryimage"},"thumbnailUrl":"http:\/\/preprod.osteopathie-auvergne.fr\/wp-content\/uploads\/2026\/08\/RETOUR-SUR-LE-TRAIL-AUGEROLLES-1-768x960.webp","datePublished":"2026-04-10T09:37:15+00:00","dateModified":"2026-08-25T09:38:32+00:00","breadcrumb":{"@id":"https:\/\/preprod.osteopathie-auvergne.fr\/index.php\/actualites\/#breadcrumb"},"inLanguage":"fr-FR","potentialAction":[{"@type":"ReadAction","target":["https:\/\/preprod.osteopathie-auvergne.fr\/index.php\/actualites\/"]}]},{"@type":"ImageObject","inLanguage":"fr-FR","@id":"https:\/\/preprod.osteopathie-auvergne.fr\/index.php\/actualites\/#primaryimage","url":"http:\/\/preprod.osteopathie-auvergne.fr\/wp-content\/uploads\/2026\/08\/RETOUR-SUR-LE-TRAIL-AUGEROLLES-1-768x960.webp","contentUrl":"http:\/\/preprod.osteopathie-auvergne.fr\/wp-content\/uploads\/2026\/08\/RETOUR-SUR-LE-TRAIL-AUGEROLLES-1-768x960.webp"},{"@type":"BreadcrumbList","@id":"https:\/\/preprod.osteopathie-auvergne.fr\/index.php\/actualites\/#breadcrumb","itemListElement":[{"@type":"ListItem","position":1,"name":"Home","item":"https:\/\/preprod.osteopathie-auvergne.fr\/"},{"@type":"ListItem","position":2,"name":"Actualit\u00e9s"}]},{"@type":"WebSite","@id":"https:\/\/preprod.osteopathie-auvergne.fr\/#website","url":"https:\/\/preprod.osteopathie-auvergne.fr\/","name":"","description":"","potentialAction":[{"@type":"SearchAction","target":{"@type":"EntryPoint","urlTemplate":"https:\/\/preprod.osteopathie-auvergne.fr\/?s={search_term_string}"},"query-input":{"@type":"PropertyValueSpecification","valueRequired":true,"valueName":"search_term_string"}}],"inLanguage":"fr-FR"}]}},"_links":{"self":[{"href":"https:\/\/preprod.osteopathie-auvergne.fr\/index.php\/wp-json\/wp\/v2\/pages\/137","targetHints":{"allow":["GET"]}}],"collection":[{"href":"https:\/\/preprod.osteopathie-auvergne.fr\/index.php\/wp-json\/wp\/v2\/pages"}],"about":[{"href":"https:\/\/preprod.osteopathie-auvergne.fr\/index.php\/wp-json\/wp\/v2\/types\/page"}],"author":[{"embeddable":true,"href":"https:\/\/preprod.osteopathie-auvergne.fr\/index.php\/wp-json\/wp\/v2\/users\/1"}],"replies":[{"embeddable":true,"href":"https:\/\/preprod.osteopathie-auvergne.fr\/index.php\/wp-json\/wp\/v2\/comments?post=137"}],"version-history":[{"count":16,"href":"https:\/\/preprod.osteopathie-auvergne.fr\/index.php\/wp-json\/wp\/v2\/pages\/137\/revisions"}],"predecessor-version":[{"id":3373,"href":"https:\/\/preprod.osteopathie-auvergne.fr\/index.php\/wp-json\/wp\/v2\/pages\/137\/revisions\/3373"}],"wp:attachment":[{"href":"https:\/\/preprod.osteopathie-auvergne.fr\/index.php\/wp-json\/wp\/v2\/media?parent=137"}],"curies":[{"name":"wp","href":"https:\/\/api.w.org\/{rel}","templated":true}]}}