{"id":220,"date":"2026-04-13T07:33:11","date_gmt":"2026-04-13T07:33:11","guid":{"rendered":"http:\/\/preprod.osteopathie-auvergne.fr\/?page_id=220"},"modified":"2026-08-25T12:46:08","modified_gmt":"2026-08-25T12:46:08","slug":"lequipe","status":"publish","type":"page","link":"https:\/\/preprod.osteopathie-auvergne.fr\/index.php\/lequipe\/","title":{"rendered":"L&rsquo;\u00e9quipe"},"content":{"rendered":"\t\t<div data-elementor-type=\"wp-page\" data-elementor-id=\"220\" class=\"elementor elementor-220\">\n\t\t\t\t<div class=\"elementor-element elementor-element-2ae73d1 e-flex e-con-boxed wpr-particle-no wpr-jarallax-no wpr-parallax-no wpr-sticky-section-no wpr-column-slider-no wpr-equal-height-no e-con e-parent\" data-id=\"2ae73d1\" data-element_type=\"container\" data-e-type=\"container\" data-settings=\"{&quot;background_background&quot;:&quot;classic&quot;}\">\n\t\t\t\t\t<div class=\"e-con-inner\">\n\t\t\t\t<div class=\"elementor-element elementor-element-30122962 elementor-widget__width-initial elementor-widget elementor-widget-elementskit-heading\" data-id=\"30122962\" data-element_type=\"widget\" data-e-type=\"widget\" data-widget_type=\"elementskit-heading.default\">\n\t\t\t\t\t<div class=\"ekit-wid-con\" ><div class=\"ekit-heading elementskit-section-title-wraper text_center   ekit_heading_tablet-   ekit_heading_mobile-\"><h3 class=\"elementskit-section-subtitle  \">\n\t\t\t\t\t\tVenez \u00e0 la rencontre de \n\t\t\t\t\t<\/h3><h1 class=\"ekit-heading--title elementskit-section-title \">L'\u00e9quipe de l'IFSO Vichy Clermont-Ferrand<\/h1>\t\t\t\t<div class='ekit-heading__description'>\n\t\t\t\t\t<p>Une \u00e9quipe d'ost\u00e9opathes, m\u00e9decins, professionnels engag\u00e9s pour votre r\u00e9ussite.\u00a0<\/p>\n\t\t\t\t<\/div>\n\t\t\t<\/div><\/div>\t\t\t\t<\/div>\n\t\t\t\t\t<\/div>\n\t\t\t\t<\/div>\n\t\t<div class=\"elementor-element elementor-element-7311feb4 e-flex e-con-boxed wpr-particle-no wpr-jarallax-no wpr-parallax-no wpr-sticky-section-no wpr-column-slider-no wpr-equal-height-no e-con e-parent\" data-id=\"7311feb4\" data-element_type=\"container\" data-e-type=\"container\" id=\"xs_team_1\">\n\t\t\t\t\t<div class=\"e-con-inner\">\n\t\t\t\t<div class=\"elementor-element elementor-element-77b4604b elementor-widget elementor-widget-elementskit-heading\" data-id=\"77b4604b\" data-element_type=\"widget\" data-e-type=\"widget\" data-widget_type=\"elementskit-heading.default\">\n\t\t\t\t\t<div class=\"ekit-wid-con\" ><div class=\"ekit-heading elementskit-section-title-wraper text_center   ekit_heading_tablet-   ekit_heading_mobile-\"><h2 class=\"ekit-heading--title elementskit-section-title \">La pr\u00e9sidence<\/h2><\/div><\/div>\t\t\t\t<\/div>\n\t\t<div class=\"elementor-element elementor-element-1b104860 e-con-full e-grid wpr-particle-no wpr-jarallax-no wpr-parallax-no wpr-sticky-section-no wpr-column-slider-no wpr-equal-height-no e-con e-child\" data-id=\"1b104860\" data-element_type=\"container\" data-e-type=\"container\">\n\t\t<div class=\"elementor-element elementor-element-6e46681 e-con e-atomic-element e-div-block-base \" data-id=\"6e46681\" data-element_type=\"e-div-block\" data-e-type=\"e-div-block\" data-interaction-id=\"6e46681\">\n    \n<\/div>\n\t\t<div class=\"elementor-element elementor-element-622891c3 elementor-widget elementor-widget-elementskit-team\" data-id=\"622891c3\" data-element_type=\"widget\" data-e-type=\"widget\" data-widget_type=\"elementskit-team.default\">\n\t\t\t\t<div class=\"elementor-widget-container\">\n\t\t\t\t\t<div class=\"ekit-wid-con\">\t\t\t\t\t\t\t\t\n\t\t<div class=\"profile-card elementor-animation- text-center ekit-team-style-default\">\n\t\t\t\t\t\t\t<a aria-label=\"View C\u00e9sar ABASCAL profile\" href=\"javascript:void(0)\" data-mfp-src=\"#ekit_team_modal_622891c3_220\" class=\"ekit-team-popup\">\n\t\t\t\n\t\t\t\t<div class=\"profile-header ekit-team-img ekit-img-overlay ekit-team-img-block\"  data-toggle=\"modal\" data-target=\"ekit_team_modal_#622891c3_220\" >\n\t\t\t\t\t<img fetchpriority=\"high\" decoding=\"async\" width=\"400\" height=\"400\" src=\"https:\/\/preprod.osteopathie-auvergne.fr\/wp-content\/uploads\/2026\/06\/Equipes-site-web-1.jpg\" class=\"attachment-full size-full wp-image-2746\" alt=\"C\u00e9sar Abascal, vice-pr\u00e9sident de l&apos;IFSO Vichy Clermont-Ferrand\" srcset=\"https:\/\/preprod.osteopathie-auvergne.fr\/wp-content\/uploads\/2026\/06\/Equipes-site-web-1.jpg 400w, https:\/\/preprod.osteopathie-auvergne.fr\/wp-content\/uploads\/2026\/06\/Equipes-site-web-1-300x300.jpg 300w, https:\/\/preprod.osteopathie-auvergne.fr\/wp-content\/uploads\/2026\/06\/Equipes-site-web-1-150x150.jpg 150w\" sizes=\"(max-width: 400px) 100vw, 400px\" \/>\t\t\t\t<\/div><!-- .profile-header END -->\n\t\t\t\t\t\t\t<\/a>\n\t\t\t\n\n\t\t\t\t<div class=\"profile-body\">\n\t\t\t\t\t\n\t\t\t\t\t<h2 class=\"profile-title\">\n\t\t\t\t\t\t\t\t\t\t\t<a aria-label=\"View C\u00e9sar ABASCAL profile\" href=\"javascript:void(0)\" data-mfp-src=\"#ekit_team_modal_622891c3_220\" class=\"ekit-team-popup\">\n\t\t\t\t\t\tC\u00e9sar ABASCAL\t\t\t\t\t\t<\/a>\n\t\t\t\t\t\t\t\t\t\t\t<\/h2>\n\t\t\t\t\t<p class=\"profile-designation\">Masseur-kin\u00e9sith\u00e9rapeute \u2013 Ost\u00e9opathe D.O.<\/p>\n\t\t\t\t\t\t\t\t\t<\/div><!-- .profile-body END -->\n\n\t\t\t\t\t\t\t\t<\/div>\n\t\t\t\t\t\t\t\n\t\t\t\n\t\t\t\t\t<div class=\"zoom-anim-dialog mfp-hide elementskit-team-popup team-popup-id-622891c3\" id=\"ekit_team_modal_622891c3_220\" tabindex=\"-1\" role=\"dialog\" aria-modal=\"true\">\n\t\t\t\t<div class=\"modal-dialog modal-dialog-centered\" role=\"document\">\n\t\t\t\t\t<div class=\"modal-content\">\n\t\t\t\t\t\t<button type=\"button\" class=\"ekit-team-modal-close\">\n\t\t\t\t\t\t\t<svg aria-hidden=\"true\" class=\"e-font-icon-svg e-fas-times\" viewBox=\"0 0 352 512\" xmlns=\"http:\/\/www.w3.org\/2000\/svg\"><path d=\"M242.72 256l100.07-100.07c12.28-12.28 12.28-32.19 0-44.48l-22.24-22.24c-12.28-12.28-32.19-12.28-44.48 0L176 189.28 75.93 89.21c-12.28-12.28-32.19-12.28-44.48 0L9.21 111.45c-12.28 12.28-12.28 32.19 0 44.48L109.28 256 9.21 356.07c-12.28 12.28-12.28 32.19 0 44.48l22.24 22.24c12.28 12.28 32.2 12.28 44.48 0L176 322.72l100.07 100.07c12.28 12.28 32.2 12.28 44.48 0l22.24-22.24c12.28-12.28 12.28-32.19 0-44.48L242.72 256z\"><\/path><\/svg>\t\t\t\t\t\t<\/button>\n\n\t\t\t\t\t\t<div class=\"modal-body\">\n\t\t\t\t\t\t\t\t\t\t\t\t\t\t\t<div class=\"ekit-team-modal-img\">\n\t\t\t\t\t\t\t\t\t<img fetchpriority=\"high\" decoding=\"async\" width=\"400\" height=\"400\" src=\"https:\/\/preprod.osteopathie-auvergne.fr\/wp-content\/uploads\/2026\/06\/Equipes-site-web-1.jpg\" class=\"attachment-full size-full wp-image-2746\" alt=\"C\u00e9sar Abascal, vice-pr\u00e9sident de l&apos;IFSO Vichy Clermont-Ferrand\" srcset=\"https:\/\/preprod.osteopathie-auvergne.fr\/wp-content\/uploads\/2026\/06\/Equipes-site-web-1.jpg 400w, https:\/\/preprod.osteopathie-auvergne.fr\/wp-content\/uploads\/2026\/06\/Equipes-site-web-1-300x300.jpg 300w, https:\/\/preprod.osteopathie-auvergne.fr\/wp-content\/uploads\/2026\/06\/Equipes-site-web-1-150x150.jpg 150w\" sizes=\"(max-width: 400px) 100vw, 400px\" \/>\t\t\t\t\t\t\t\t<\/div>\n\t\t\t\t\t\t\t\n\t\t\t\t\t\t\t<div class=\"ekit-team-modal-info has-img\">\n\t\t\t\t\t\t\t\t<h2 class=\"ekit-team-modal-title\">C\u00e9sar ABASCAL<\/h2>\n\t\t\t\t\t\t\t\t<p class=\"ekit-team-modal-position\">Masseur-kin\u00e9sith\u00e9rapeute \u2013 Ost\u00e9opathe D.O.<\/p>\n\n\t\t\t\t\t\t\t\t<div class=\"ekit-team-modal-content\">\n\t\t\t\t\t\t\t\t\tParcours et responsabilit\u00e9s <p>\nKin\u00e9sith\u00e9rapeute de formation,  C\u00e9sar ABASCAL est dipl\u00f4m\u00e9 ost\u00e9opathe en 1989. Il est vice-pr\u00e9sident de l\u2019IFSO Vichy \u2013 Clermont-Ferrand.<p><p>\n\n Il suit les enseignements de Franck Gilly, G\u00e9rard Montet, Robert Rousse pour la pratique des techniques fonctionnelles. Il se perfectionne avec  A. Abehsera  aux techniques de Fred L. Mitchell. Passionn\u00e9 d\u2019ost\u00e9opathie structurelle c\u2019est avec  Sanders et G. Vachon (Maidstone) qu\u2019il aborde la recherche de la pr\u00e9cision gestuelle et palpatoire dans les l\u00e9sions \u00ab facettaires \u00bb  li\u00e9e \u00e0 la physiopathologie vert\u00e9brale. <p><p>\n\nC\u2019est actuellement au sein de l\u2019IFSO Vichy \u2013 Clermont-Fd qu\u2019il approfondit dans son enseignement les techniques par \u00ab d\u00e9bordement \u00bb d\u2019\u00e9nergie musculaire (MET), les diff\u00e9rentes techniques structurelles du sacrum ainsi que celles du rachis cervical o\u00f9 les l\u00e9sions et les choix des techniques sont analys\u00e9es  minutieusement afin d\u2019utiliser des bras de levier minimes pour une lib\u00e9ration facettaire simple et pr\u00e9cise. <p><p>\n\nIl participe \u00e0 l\u2019enseignement clinique ost\u00e9opathique et anime \u00e9galement des formations en post-graduate pour les ost\u00e9opathes dipl\u00f4m\u00e9s. Il est r\u00e9f\u00e9rent mati\u00e8re au sein de l\u2019IFSO Vichy \u2013 Clermont-Fd.\t\t\t\t\t\t\t\t<\/div>\n\n\t\t\t\t\t\t\t\t\n\t\t\t\t\t\t\t\t\t\t\t\t\t\t\t<\/div>\n\t\t\t\t\t\t<\/div>\n\t\t\t\t\t<\/div>\n\t\t\t\t<\/div>\n\t\t\t<\/div>\n\t\t\t\t<\/div>\t\t\t\t<\/div>\n\t\t\t\t<\/div>\n\t\t\t\t<div class=\"elementor-element elementor-element-4150d912 elementor-widget elementor-widget-elementskit-team\" data-id=\"4150d912\" data-element_type=\"widget\" data-e-type=\"widget\" data-widget_type=\"elementskit-team.default\">\n\t\t\t\t<div class=\"elementor-widget-container\">\n\t\t\t\t\t<div class=\"ekit-wid-con\">\t\t\t\t\t\t\t\t\n\t\t<div class=\"profile-card elementor-animation- text-center ekit-team-style-default\">\n\t\t\t\t\t\t\t<a aria-label=\"View  Ulrick BRONNER profile\" href=\"javascript:void(0)\" data-mfp-src=\"#ekit_team_modal_4150d912_220\" class=\"ekit-team-popup\">\n\t\t\t\n\t\t\t\t<div class=\"profile-header ekit-team-img ekit-img-overlay ekit-team-img-block\"  data-toggle=\"modal\" data-target=\"ekit_team_modal_#4150d912_220\" >\n\t\t\t\t\t<img decoding=\"async\" width=\"400\" height=\"400\" src=\"https:\/\/preprod.osteopathie-auvergne.fr\/wp-content\/uploads\/2026\/06\/Equipes-site-web.jpg\" class=\"attachment-large size-large wp-image-2742\" alt=\"Ulrick Bronner, pr\u00e9sident de l&apos;IFSO Vichy Clermont-Ferrand\" srcset=\"https:\/\/preprod.osteopathie-auvergne.fr\/wp-content\/uploads\/2026\/06\/Equipes-site-web.jpg 400w, https:\/\/preprod.osteopathie-auvergne.fr\/wp-content\/uploads\/2026\/06\/Equipes-site-web-300x300.jpg 300w, https:\/\/preprod.osteopathie-auvergne.fr\/wp-content\/uploads\/2026\/06\/Equipes-site-web-150x150.jpg 150w\" sizes=\"(max-width: 400px) 100vw, 400px\" \/>\t\t\t\t<\/div><!-- .profile-header END -->\n\t\t\t\t\t\t\t<\/a>\n\t\t\t\n\n\t\t\t\t<div class=\"profile-body\">\n\t\t\t\t\t\n\t\t\t\t\t<h2 class=\"profile-title\">\n\t\t\t\t\t\t\t\t\t\t\t<a aria-label=\"View  Ulrick BRONNER profile\" href=\"javascript:void(0)\" data-mfp-src=\"#ekit_team_modal_4150d912_220\" class=\"ekit-team-popup\">\n\t\t\t\t\t\t Ulrick BRONNER\t\t\t\t\t\t<\/a>\n\t\t\t\t\t\t\t\t\t\t\t<\/h2>\n\t\t\t\t\t<p class=\"profile-designation\">Pr\u00e9sident M\u00e9decin - Ost\u00e9opathe D.O.<\/p>\n\t\t\t\t\t\t\t\t\t<\/div><!-- .profile-body END -->\n\n\t\t\t\t\t\t\t\t<\/div>\n\t\t\t\t\t\t\t\n\t\t\t\n\t\t\t\t\t<div class=\"zoom-anim-dialog mfp-hide elementskit-team-popup team-popup-id-4150d912\" id=\"ekit_team_modal_4150d912_220\" tabindex=\"-1\" role=\"dialog\" aria-modal=\"true\">\n\t\t\t\t<div class=\"modal-dialog modal-dialog-centered\" role=\"document\">\n\t\t\t\t\t<div class=\"modal-content\">\n\t\t\t\t\t\t<button type=\"button\" class=\"ekit-team-modal-close\">\n\t\t\t\t\t\t\t<svg aria-hidden=\"true\" class=\"e-font-icon-svg e-fas-times\" viewBox=\"0 0 352 512\" xmlns=\"http:\/\/www.w3.org\/2000\/svg\"><path d=\"M242.72 256l100.07-100.07c12.28-12.28 12.28-32.19 0-44.48l-22.24-22.24c-12.28-12.28-32.19-12.28-44.48 0L176 189.28 75.93 89.21c-12.28-12.28-32.19-12.28-44.48 0L9.21 111.45c-12.28 12.28-12.28 32.19 0 44.48L109.28 256 9.21 356.07c-12.28 12.28-12.28 32.19 0 44.48l22.24 22.24c12.28 12.28 32.2 12.28 44.48 0L176 322.72l100.07 100.07c12.28 12.28 32.2 12.28 44.48 0l22.24-22.24c12.28-12.28 12.28-32.19 0-44.48L242.72 256z\"><\/path><\/svg>\t\t\t\t\t\t<\/button>\n\n\t\t\t\t\t\t<div class=\"modal-body\">\n\t\t\t\t\t\t\t\t\t\t\t\t\t\t\t<div class=\"ekit-team-modal-img\">\n\t\t\t\t\t\t\t\t\t<img decoding=\"async\" width=\"400\" height=\"400\" src=\"https:\/\/preprod.osteopathie-auvergne.fr\/wp-content\/uploads\/2026\/06\/Equipes-site-web.jpg\" class=\"attachment-large size-large wp-image-2742\" alt=\"Ulrick Bronner, pr\u00e9sident de l&apos;IFSO Vichy Clermont-Ferrand\" srcset=\"https:\/\/preprod.osteopathie-auvergne.fr\/wp-content\/uploads\/2026\/06\/Equipes-site-web.jpg 400w, https:\/\/preprod.osteopathie-auvergne.fr\/wp-content\/uploads\/2026\/06\/Equipes-site-web-300x300.jpg 300w, https:\/\/preprod.osteopathie-auvergne.fr\/wp-content\/uploads\/2026\/06\/Equipes-site-web-150x150.jpg 150w\" sizes=\"(max-width: 400px) 100vw, 400px\" \/>\t\t\t\t\t\t\t\t<\/div>\n\t\t\t\t\t\t\t\n\t\t\t\t\t\t\t<div class=\"ekit-team-modal-info has-img\">\n\t\t\t\t\t\t\t\t<h2 class=\"ekit-team-modal-title\"> Ulrick BRONNER<\/h2>\n\t\t\t\t\t\t\t\t<p class=\"ekit-team-modal-position\">Pr\u00e9sident M\u00e9decin - Ost\u00e9opathe D.O.<\/p>\n\n\t\t\t\t\t\t\t\t<div class=\"ekit-team-modal-content\">\n\t\t\t\t\t\t\t\t\tParcours et responsabilit\u00e9s <p>\nUlrick Bronner est Docteur en M\u00e9decine, Dipl\u00f4m\u00e9 de la Facult\u00e9 de Clermont-Ferrand depuis 2003. Sp\u00e9cialiste (DES) en M\u00e9decine du Travail et Hygi\u00e8ne Industrielle, il exerce pour l\u2019entreprise Constellium d\u2019Issoire o\u00f9 il r\u00e9side et en tant que M\u00e9decin conseil pour l\u2019ensemble des usines de ce groupe et assure la pr\u00e9sidence de l\u2019IFSO Vichy \u2013 Clermont-Ferrand.<p><p>\n\nIl est \u00e9galement titulaire d\u2019une Ma\u00eetrise de Science Biologique et M\u00e9dicale (MSBM G\u00e9n\u00e9tique). <p>\n\nSon exp\u00e9rience en tant qu\u2019\u00e9lu suppl\u00e9ant au Conseil de l\u2019Ordre des M\u00e9decins (63) et ancien-expert pr\u00e8s la Cour d\u2019Appel de RIOM sur la r\u00e9paration des dommages professionnels, lui donne des comp\u00e9tences suppl\u00e9mentaires notamment en ce qui concerne les questions \u00e9thiques et m\u00e9dicol\u00e9gales entourant la pratique de l\u2019ost\u00e9opathie. <p><p>\n\nEnfin, nouvellement Ost\u00e9opathe DO (2018), le Dr Bronner assure l\u2019enseignement d\u2019une partie de la s\u00e9miologie m\u00e9dicale et des liens indispensables \u00e0 connaitre avec l\u2019ost\u00e9opathie dans le cadre de l\u2019anamn\u00e8se et du diagnostic d\u2019opportunit\u00e9 qui s\u2019impose \u00e0 tout praticien face \u00e0 son patient.\t\t\t\t\t\t\t\t<\/div>\n\n\t\t\t\t\t\t\t\t\n\t\t\t\t\t\t\t\t\t\t\t\t\t\t\t<\/div>\n\t\t\t\t\t\t<\/div>\n\t\t\t\t\t<\/div>\n\t\t\t\t<\/div>\n\t\t\t<\/div>\n\t\t\t\t<\/div>\t\t\t\t<\/div>\n\t\t\t\t<\/div>\n\t\t\t\t<\/div>\n\t\t\t\t\t<\/div>\n\t\t\t\t<\/div>\n\t\t<div class=\"elementor-element elementor-element-ce74bf1 e-flex e-con-boxed wpr-particle-no wpr-jarallax-no wpr-parallax-no wpr-sticky-section-no wpr-column-slider-no wpr-equal-height-no e-con e-parent\" data-id=\"ce74bf1\" data-element_type=\"container\" data-e-type=\"container\">\n\t\t\t\t\t<div class=\"e-con-inner\">\n\t\t\t\t<div class=\"elementor-element elementor-element-28e0670 elementor-widget elementor-widget-elementskit-heading\" data-id=\"28e0670\" data-element_type=\"widget\" data-e-type=\"widget\" data-widget_type=\"elementskit-heading.default\">\n\t\t\t\t\t<div class=\"ekit-wid-con\" ><div class=\"ekit-heading elementskit-section-title-wraper text_center   ekit_heading_tablet-   ekit_heading_mobile-\"><h2 class=\"ekit-heading--title elementskit-section-title \">La direction<\/h2><\/div><\/div>\t\t\t\t<\/div>\n\t\t<div class=\"elementor-element elementor-element-4a517f9 e-con-full e-grid wpr-particle-no wpr-jarallax-no wpr-parallax-no wpr-sticky-section-no wpr-column-slider-no wpr-equal-height-no e-con e-child\" data-id=\"4a517f9\" data-element_type=\"container\" data-e-type=\"container\">\n\t\t<div class=\"elementor-element elementor-element-997ebdf e-con e-atomic-element e-div-block-base \" data-id=\"997ebdf\" data-element_type=\"e-div-block\" data-e-type=\"e-div-block\" data-interaction-id=\"997ebdf\">\n    \n<\/div>\n\t\t<div class=\"elementor-element elementor-element-4f86091 elementor-widget elementor-widget-elementskit-team\" data-id=\"4f86091\" data-element_type=\"widget\" data-e-type=\"widget\" data-widget_type=\"elementskit-team.default\">\n\t\t\t\t<div class=\"elementor-widget-container\">\n\t\t\t\t\t<div class=\"ekit-wid-con\">\t\t\t\t\t\t\t\t\n\t\t<div class=\"profile-card elementor-animation- text-center ekit-team-style-default\">\n\t\t\t\t\t\t\t<a aria-label=\"View Rapha\u00ebl Aubin profile\" href=\"javascript:void(0)\" data-mfp-src=\"#ekit_team_modal_4f86091_220\" class=\"ekit-team-popup\">\n\t\t\t\n\t\t\t\t<div class=\"profile-header ekit-team-img ekit-img-overlay ekit-team-img-block\"  data-toggle=\"modal\" data-target=\"ekit_team_modal_#4f86091_220\" >\n\t\t\t\t\t<img decoding=\"async\" width=\"1024\" height=\"1024\" src=\"https:\/\/preprod.osteopathie-auvergne.fr\/wp-content\/uploads\/2026\/06\/IMG_9101-2-scaled-e1782811669721-1024x1024.jpg\" class=\"attachment-large size-large wp-image-2739\" alt=\"Rapha\u00ebl Aubin, directeur de l&apos;IFSO Vichy Clermont-Ferrand\" srcset=\"https:\/\/preprod.osteopathie-auvergne.fr\/wp-content\/uploads\/2026\/06\/IMG_9101-2-scaled-e1782811669721-1024x1024.jpg 1024w, https:\/\/preprod.osteopathie-auvergne.fr\/wp-content\/uploads\/2026\/06\/IMG_9101-2-scaled-e1782811669721-300x300.jpg 300w, https:\/\/preprod.osteopathie-auvergne.fr\/wp-content\/uploads\/2026\/06\/IMG_9101-2-scaled-e1782811669721-150x150.jpg 150w, https:\/\/preprod.osteopathie-auvergne.fr\/wp-content\/uploads\/2026\/06\/IMG_9101-2-scaled-e1782811669721-768x768.jpg 768w, https:\/\/preprod.osteopathie-auvergne.fr\/wp-content\/uploads\/2026\/06\/IMG_9101-2-scaled-e1782811669721-1536x1536.jpg 1536w, https:\/\/preprod.osteopathie-auvergne.fr\/wp-content\/uploads\/2026\/06\/IMG_9101-2-scaled-e1782811669721.jpg 1707w\" sizes=\"(max-width: 1024px) 100vw, 1024px\" \/>\t\t\t\t<\/div><!-- .profile-header END -->\n\t\t\t\t\t\t\t<\/a>\n\t\t\t\n\n\t\t\t\t<div class=\"profile-body\">\n\t\t\t\t\t\n\t\t\t\t\t<h2 class=\"profile-title\">\n\t\t\t\t\t\t\t\t\t\t\t<a aria-label=\"View Rapha\u00ebl Aubin profile\" href=\"javascript:void(0)\" data-mfp-src=\"#ekit_team_modal_4f86091_220\" class=\"ekit-team-popup\">\n\t\t\t\t\t\tRapha\u00ebl Aubin\t\t\t\t\t\t<\/a>\n\t\t\t\t\t\t\t\t\t\t\t<\/h2>\n\t\t\t\t\t<p class=\"profile-designation\">Directeur de l\u2019IFSO Vichy \u2013 Clermont-Ferrand<\/p>\n\t\t\t\t\t\t\t\t\t<\/div><!-- .profile-body END -->\n\n\t\t\t\t\t\t\t\t<\/div>\n\t\t\t\t\t\t\t\n\t\t\t\n\t\t\t\t\t<div class=\"zoom-anim-dialog mfp-hide elementskit-team-popup team-popup-id-4f86091\" id=\"ekit_team_modal_4f86091_220\" tabindex=\"-1\" role=\"dialog\" aria-modal=\"true\">\n\t\t\t\t<div class=\"modal-dialog modal-dialog-centered\" role=\"document\">\n\t\t\t\t\t<div class=\"modal-content\">\n\t\t\t\t\t\t<button type=\"button\" class=\"ekit-team-modal-close\">\n\t\t\t\t\t\t\t<svg aria-hidden=\"true\" class=\"e-font-icon-svg e-fas-times\" viewBox=\"0 0 352 512\" xmlns=\"http:\/\/www.w3.org\/2000\/svg\"><path d=\"M242.72 256l100.07-100.07c12.28-12.28 12.28-32.19 0-44.48l-22.24-22.24c-12.28-12.28-32.19-12.28-44.48 0L176 189.28 75.93 89.21c-12.28-12.28-32.19-12.28-44.48 0L9.21 111.45c-12.28 12.28-12.28 32.19 0 44.48L109.28 256 9.21 356.07c-12.28 12.28-12.28 32.19 0 44.48l22.24 22.24c12.28 12.28 32.2 12.28 44.48 0L176 322.72l100.07 100.07c12.28 12.28 32.2 12.28 44.48 0l22.24-22.24c12.28-12.28 12.28-32.19 0-44.48L242.72 256z\"><\/path><\/svg>\t\t\t\t\t\t<\/button>\n\n\t\t\t\t\t\t<div class=\"modal-body\">\n\t\t\t\t\t\t\t\t\t\t\t\t\t\t\t<div class=\"ekit-team-modal-img\">\n\t\t\t\t\t\t\t\t\t<img decoding=\"async\" width=\"1024\" height=\"1024\" src=\"https:\/\/preprod.osteopathie-auvergne.fr\/wp-content\/uploads\/2026\/06\/IMG_9101-2-scaled-e1782811669721-1024x1024.jpg\" class=\"attachment-large size-large wp-image-2739\" alt=\"Rapha\u00ebl Aubin, directeur de l&apos;IFSO Vichy Clermont-Ferrand\" srcset=\"https:\/\/preprod.osteopathie-auvergne.fr\/wp-content\/uploads\/2026\/06\/IMG_9101-2-scaled-e1782811669721-1024x1024.jpg 1024w, https:\/\/preprod.osteopathie-auvergne.fr\/wp-content\/uploads\/2026\/06\/IMG_9101-2-scaled-e1782811669721-300x300.jpg 300w, https:\/\/preprod.osteopathie-auvergne.fr\/wp-content\/uploads\/2026\/06\/IMG_9101-2-scaled-e1782811669721-150x150.jpg 150w, https:\/\/preprod.osteopathie-auvergne.fr\/wp-content\/uploads\/2026\/06\/IMG_9101-2-scaled-e1782811669721-768x768.jpg 768w, https:\/\/preprod.osteopathie-auvergne.fr\/wp-content\/uploads\/2026\/06\/IMG_9101-2-scaled-e1782811669721-1536x1536.jpg 1536w, https:\/\/preprod.osteopathie-auvergne.fr\/wp-content\/uploads\/2026\/06\/IMG_9101-2-scaled-e1782811669721.jpg 1707w\" sizes=\"(max-width: 1024px) 100vw, 1024px\" \/>\t\t\t\t\t\t\t\t<\/div>\n\t\t\t\t\t\t\t\n\t\t\t\t\t\t\t<div class=\"ekit-team-modal-info has-img\">\n\t\t\t\t\t\t\t\t<h2 class=\"ekit-team-modal-title\">Rapha\u00ebl Aubin<\/h2>\n\t\t\t\t\t\t\t\t<p class=\"ekit-team-modal-position\">Directeur de l\u2019IFSO Vichy \u2013 Clermont-Ferrand<\/p>\n\n\t\t\t\t\t\t\t\t<div class=\"ekit-team-modal-content\">\n\t\t\t\t\t\t\t\t\tParcours et responsabilit\u00e9s<p>\nRaphael AUBIN est Masseur-Kin\u00e9sith\u00e9rapeute Ost\u00e9opathe et titulaire d\u2019un Master 2 Management des Organisations M\u00e9dico-Sanitaires et de Sant\u00e9.<p><p>\n\nForm\u00e9 \u00e0 l\u2019ost\u00e9opathie au Coll\u00e8ge Ost\u00e9opathique Sutherland \u00e0 Paris en 2005, il a exerc\u00e9 \u00e0 temps plein pendant 27 ann\u00e9es dans des clubs de rugby professionnel : <p><p>\n\n<ul><li><a>C.A.Brive Corr\u00e8ze de 1997 \u00e0 2005 et de 2007 \u00e0 2011,<\/a><\/li>\n<li><a>Castres Olympique de 2005 \u00e0 2007,<\/a><\/li>\n<li><a>ASM Clermont Auvergne de 2011 \u00e0 2022,<\/a><\/li>\n<li><a>Stade Fran\u00e7ais Paris 2022-2025.<\/a><\/li><\/ul>\n<p>Arriv\u00e9 en juillet 2025 \u00e0 l\u2019IFSO Vichy \u2013 Clermont-Ferrand comme coordinateur p\u00e9dagogique, il a pris la direction de l\u2019Institut en mars 2026.\n\n<p><p>Son exp\u00e9rience dans le sport de haut niveau et le management de staff m\u00e9dicaux lui permet de transmettre aux \u00e9l\u00e8ves son approche ost\u00e9opathique dans la prise en charge des athl\u00e8tes de haut niveau et la pr\u00e9vention des blessures chez les sportifs.\n\n\t\t\t\t\t\t\t\t<\/div>\n\n\t\t\t\t\t\t\t\t\n\t\t\t\t\t\t\t\t\t\t\t\t\t\t\t<\/div>\n\t\t\t\t\t\t<\/div>\n\t\t\t\t\t<\/div>\n\t\t\t\t<\/div>\n\t\t\t<\/div>\n\t\t\t\t<\/div>\t\t\t\t<\/div>\n\t\t\t\t<\/div>\n\t\t\t\t<\/div>\n\t\t\t\t\t<\/div>\n\t\t\t\t<\/div>\n\t\t<div class=\"elementor-element elementor-element-9d9f51c e-flex e-con-boxed wpr-particle-no wpr-jarallax-no wpr-parallax-no wpr-sticky-section-no wpr-column-slider-no wpr-equal-height-no e-con e-parent\" data-id=\"9d9f51c\" data-element_type=\"container\" data-e-type=\"container\">\n\t\t\t\t\t<div class=\"e-con-inner\">\n\t\t\t\t<div class=\"elementor-element elementor-element-3f6de98 elementor-widget elementor-widget-elementskit-heading\" data-id=\"3f6de98\" data-element_type=\"widget\" data-e-type=\"widget\" data-widget_type=\"elementskit-heading.default\">\n\t\t\t\t\t<div class=\"ekit-wid-con\" ><div class=\"ekit-heading elementskit-section-title-wraper text_center   ekit_heading_tablet-   ekit_heading_mobile-\"><h2 class=\"ekit-heading--title elementskit-section-title \">L'administration<\/h2><\/div><\/div>\t\t\t\t<\/div>\n\t\t<div class=\"elementor-element elementor-element-c628feb e-con-full e-grid wpr-particle-no wpr-jarallax-no wpr-parallax-no wpr-sticky-section-no wpr-column-slider-no wpr-equal-height-no e-con e-child\" data-id=\"c628feb\" data-element_type=\"container\" data-e-type=\"container\">\n\t\t\t\t<div class=\"elementor-element elementor-element-199477a elementor-widget elementor-widget-elementskit-team\" data-id=\"199477a\" data-element_type=\"widget\" data-e-type=\"widget\" data-widget_type=\"elementskit-team.default\">\n\t\t\t\t<div class=\"elementor-widget-container\">\n\t\t\t\t\t<div class=\"ekit-wid-con\">\t\t\t\t\t\t\t\t\n\t\t<div class=\"profile-card elementor-animation- text-center ekit-team-style-default\">\n\t\t\t\t\t\t\t<a aria-label=\"View Am\u00e9lie FROBERT-BOUGEROL profile\" href=\"javascript:void(0)\" data-mfp-src=\"#ekit_team_modal_199477a_220\" class=\"ekit-team-popup\">\n\t\t\t\n\t\t\t\t<div class=\"profile-header ekit-team-img ekit-img-overlay ekit-team-img-block\"  data-toggle=\"modal\" data-target=\"ekit_team_modal_#199477a_220\" >\n\t\t\t\t\t<img loading=\"lazy\" decoding=\"async\" width=\"400\" height=\"400\" src=\"https:\/\/preprod.osteopathie-auvergne.fr\/wp-content\/uploads\/2026\/08\/Amelie-FROBERT-BOUGEROL-IFSO-Vichy-CFD.jpg\" class=\"attachment-large size-large wp-image-3261\" alt=\"\" srcset=\"https:\/\/preprod.osteopathie-auvergne.fr\/wp-content\/uploads\/2026\/08\/Amelie-FROBERT-BOUGEROL-IFSO-Vichy-CFD.jpg 400w, https:\/\/preprod.osteopathie-auvergne.fr\/wp-content\/uploads\/2026\/08\/Amelie-FROBERT-BOUGEROL-IFSO-Vichy-CFD-300x300.jpg 300w, https:\/\/preprod.osteopathie-auvergne.fr\/wp-content\/uploads\/2026\/08\/Amelie-FROBERT-BOUGEROL-IFSO-Vichy-CFD-150x150.jpg 150w\" sizes=\"(max-width: 400px) 100vw, 400px\" \/>\t\t\t\t<\/div><!-- .profile-header END -->\n\t\t\t\t\t\t\t<\/a>\n\t\t\t\n\n\t\t\t\t<div class=\"profile-body\">\n\t\t\t\t\t\n\t\t\t\t\t<h2 class=\"profile-title\">\n\t\t\t\t\t\t\t\t\t\t\t<a aria-label=\"View Am\u00e9lie FROBERT-BOUGEROL profile\" href=\"javascript:void(0)\" data-mfp-src=\"#ekit_team_modal_199477a_220\" class=\"ekit-team-popup\">\n\t\t\t\t\t\tAm\u00e9lie FROBERT-BOUGEROL\t\t\t\t\t\t<\/a>\n\t\t\t\t\t\t\t\t\t\t\t<\/h2>\n\t\t\t\t\t<p class=\"profile-designation\">Directrice administrative<\/p>\n\t\t\t\t\t\t\t\t\t<\/div><!-- .profile-body END -->\n\n\t\t\t\t\t\t\t\t<\/div>\n\t\t\t\t\t\t\t\n\t\t\t\n\t\t\t\t\t<div class=\"zoom-anim-dialog mfp-hide elementskit-team-popup team-popup-id-199477a\" id=\"ekit_team_modal_199477a_220\" tabindex=\"-1\" role=\"dialog\" aria-modal=\"true\">\n\t\t\t\t<div class=\"modal-dialog modal-dialog-centered\" role=\"document\">\n\t\t\t\t\t<div class=\"modal-content\">\n\t\t\t\t\t\t<button type=\"button\" class=\"ekit-team-modal-close\">\n\t\t\t\t\t\t\t<svg aria-hidden=\"true\" class=\"e-font-icon-svg e-fas-times\" viewBox=\"0 0 352 512\" xmlns=\"http:\/\/www.w3.org\/2000\/svg\"><path d=\"M242.72 256l100.07-100.07c12.28-12.28 12.28-32.19 0-44.48l-22.24-22.24c-12.28-12.28-32.19-12.28-44.48 0L176 189.28 75.93 89.21c-12.28-12.28-32.19-12.28-44.48 0L9.21 111.45c-12.28 12.28-12.28 32.19 0 44.48L109.28 256 9.21 356.07c-12.28 12.28-12.28 32.19 0 44.48l22.24 22.24c12.28 12.28 32.2 12.28 44.48 0L176 322.72l100.07 100.07c12.28 12.28 32.2 12.28 44.48 0l22.24-22.24c12.28-12.28 12.28-32.19 0-44.48L242.72 256z\"><\/path><\/svg>\t\t\t\t\t\t<\/button>\n\n\t\t\t\t\t\t<div class=\"modal-body\">\n\t\t\t\t\t\t\t\t\t\t\t\t\t\t\t<div class=\"ekit-team-modal-img\">\n\t\t\t\t\t\t\t\t\t<img loading=\"lazy\" decoding=\"async\" width=\"400\" height=\"400\" src=\"https:\/\/preprod.osteopathie-auvergne.fr\/wp-content\/uploads\/2026\/08\/Amelie-FROBERT-BOUGEROL-IFSO-Vichy-CFD.jpg\" class=\"attachment-large size-large wp-image-3261\" alt=\"\" srcset=\"https:\/\/preprod.osteopathie-auvergne.fr\/wp-content\/uploads\/2026\/08\/Amelie-FROBERT-BOUGEROL-IFSO-Vichy-CFD.jpg 400w, https:\/\/preprod.osteopathie-auvergne.fr\/wp-content\/uploads\/2026\/08\/Amelie-FROBERT-BOUGEROL-IFSO-Vichy-CFD-300x300.jpg 300w, https:\/\/preprod.osteopathie-auvergne.fr\/wp-content\/uploads\/2026\/08\/Amelie-FROBERT-BOUGEROL-IFSO-Vichy-CFD-150x150.jpg 150w\" sizes=\"(max-width: 400px) 100vw, 400px\" \/>\t\t\t\t\t\t\t\t<\/div>\n\t\t\t\t\t\t\t\n\t\t\t\t\t\t\t<div class=\"ekit-team-modal-info has-img\">\n\t\t\t\t\t\t\t\t<h2 class=\"ekit-team-modal-title\">Am\u00e9lie FROBERT-BOUGEROL<\/h2>\n\t\t\t\t\t\t\t\t<p class=\"ekit-team-modal-position\">Directrice administrative<\/p>\n\n\t\t\t\t\t\t\t\t<div class=\"ekit-team-modal-content\">\n\t\t\t\t\t\t\t\t\tDirectrice administrative de l\u2019IFSO Vichy \u2013 Clermont-Ferrand, est en charge de l\u2019organisation administrative. Elle est dipl\u00f4m\u00e9e d\u2019un BTS Assistant Direction.\n\nElle r\u00e9pondra \u00e0 toutes vos questions concernant la formation.\n\t\t\t\t\t\t\t\t<\/div>\n\n\t\t\t\t\t\t\t\t\t\t\t\t\t\t\t\t\t<ul class=\"ekit-team-modal-list\">\n\t\t\t\t\t\t\t\t\t\t\t\t\t\t\t\t\t\t\t\t\t<li><strong>Phone:<\/strong><a href=\"tel:06.42.22.53.50\">06.42.22.53.50<\/a><\/li>\n\t\t\t\t\t\t\t\t\t\t\n\t\t\t\t\t\t\t\t\t\t\t\t\t\t\t\t\t\t\t\t\t<li><strong>Email:<\/strong><a href=\"mailto:contact@ifso-vichy.com\">contact@ifso-vichy.com<\/a><\/li>\n\t\t\t\t\t\t\t\t\t\t\t\t\t\t\t\t\t\t\t<\/ul>\n\t\t\t\t\t\t\t\t\n\t\t\t\t\t\t\t\t\t\t\t\t\t\t\t<\/div>\n\t\t\t\t\t\t<\/div>\n\t\t\t\t\t<\/div>\n\t\t\t\t<\/div>\n\t\t\t<\/div>\n\t\t\t\t<\/div>\t\t\t\t<\/div>\n\t\t\t\t<\/div>\n\t\t\t\t<div class=\"elementor-element elementor-element-9cea044 elementor-widget elementor-widget-elementskit-team\" data-id=\"9cea044\" data-element_type=\"widget\" data-e-type=\"widget\" data-widget_type=\"elementskit-team.default\">\n\t\t\t\t<div class=\"elementor-widget-container\">\n\t\t\t\t\t<div class=\"ekit-wid-con\">\t\t\t\t\t\t\t\t\n\t\t<div class=\"profile-card elementor-animation- text-center ekit-team-style-default\">\n\t\t\t\t\t\t\t<a aria-label=\"View St\u00e9phanie PARANT profile\" href=\"javascript:void(0)\" data-mfp-src=\"#ekit_team_modal_9cea044_220\" class=\"ekit-team-popup\">\n\t\t\t\n\t\t\t\t<div class=\"profile-header ekit-team-img ekit-img-overlay ekit-team-img-block\"  data-toggle=\"modal\" data-target=\"ekit_team_modal_#9cea044_220\" >\n\t\t\t\t\t<img loading=\"lazy\" decoding=\"async\" width=\"400\" height=\"400\" src=\"https:\/\/preprod.osteopathie-auvergne.fr\/wp-content\/uploads\/2026\/05\/1.jpg\" class=\"attachment-large size-large wp-image-1399\" alt=\"St\u00e9phanie Parrant, assistante de scolarit\u00e9 de l&apos;IFSO Vichy Clermont-Ferrand, \u00e9cole d&apos;ost\u00e9opathie\" srcset=\"https:\/\/preprod.osteopathie-auvergne.fr\/wp-content\/uploads\/2026\/05\/1.jpg 400w, https:\/\/preprod.osteopathie-auvergne.fr\/wp-content\/uploads\/2026\/05\/1-300x300.jpg 300w, https:\/\/preprod.osteopathie-auvergne.fr\/wp-content\/uploads\/2026\/05\/1-150x150.jpg 150w\" sizes=\"(max-width: 400px) 100vw, 400px\" \/>\t\t\t\t<\/div><!-- .profile-header END -->\n\t\t\t\t\t\t\t<\/a>\n\t\t\t\n\n\t\t\t\t<div class=\"profile-body\">\n\t\t\t\t\t\n\t\t\t\t\t<h2 class=\"profile-title\">\n\t\t\t\t\t\t\t\t\t\t\t<a aria-label=\"View St\u00e9phanie PARANT profile\" href=\"javascript:void(0)\" data-mfp-src=\"#ekit_team_modal_9cea044_220\" class=\"ekit-team-popup\">\n\t\t\t\t\t\tSt\u00e9phanie PARANT\t\t\t\t\t\t<\/a>\n\t\t\t\t\t\t\t\t\t\t\t<\/h2>\n\t\t\t\t\t<p class=\"profile-designation\">Assistante de scolarit\u00e9 formation professionnelle<\/p>\n\t\t\t\t\t\t\t\t\t<\/div><!-- .profile-body END -->\n\n\t\t\t\t\t\t\t\t<\/div>\n\t\t\t\t\t\t\t\n\t\t\t\n\t\t\t\t\t<div class=\"zoom-anim-dialog mfp-hide elementskit-team-popup team-popup-id-9cea044\" id=\"ekit_team_modal_9cea044_220\" tabindex=\"-1\" role=\"dialog\" aria-modal=\"true\">\n\t\t\t\t<div class=\"modal-dialog modal-dialog-centered\" role=\"document\">\n\t\t\t\t\t<div class=\"modal-content\">\n\t\t\t\t\t\t<button type=\"button\" class=\"ekit-team-modal-close\">\n\t\t\t\t\t\t\t<svg aria-hidden=\"true\" class=\"e-font-icon-svg e-fas-times\" viewBox=\"0 0 352 512\" xmlns=\"http:\/\/www.w3.org\/2000\/svg\"><path d=\"M242.72 256l100.07-100.07c12.28-12.28 12.28-32.19 0-44.48l-22.24-22.24c-12.28-12.28-32.19-12.28-44.48 0L176 189.28 75.93 89.21c-12.28-12.28-32.19-12.28-44.48 0L9.21 111.45c-12.28 12.28-12.28 32.19 0 44.48L109.28 256 9.21 356.07c-12.28 12.28-12.28 32.19 0 44.48l22.24 22.24c12.28 12.28 32.2 12.28 44.48 0L176 322.72l100.07 100.07c12.28 12.28 32.2 12.28 44.48 0l22.24-22.24c12.28-12.28 12.28-32.19 0-44.48L242.72 256z\"><\/path><\/svg>\t\t\t\t\t\t<\/button>\n\n\t\t\t\t\t\t<div class=\"modal-body\">\n\t\t\t\t\t\t\t\t\t\t\t\t\t\t\t<div class=\"ekit-team-modal-img\">\n\t\t\t\t\t\t\t\t\t<img loading=\"lazy\" decoding=\"async\" width=\"400\" height=\"400\" src=\"https:\/\/preprod.osteopathie-auvergne.fr\/wp-content\/uploads\/2026\/05\/1.jpg\" class=\"attachment-large size-large wp-image-1399\" alt=\"St\u00e9phanie Parrant, assistante de scolarit\u00e9 de l&apos;IFSO Vichy Clermont-Ferrand, \u00e9cole d&apos;ost\u00e9opathie\" srcset=\"https:\/\/preprod.osteopathie-auvergne.fr\/wp-content\/uploads\/2026\/05\/1.jpg 400w, https:\/\/preprod.osteopathie-auvergne.fr\/wp-content\/uploads\/2026\/05\/1-300x300.jpg 300w, https:\/\/preprod.osteopathie-auvergne.fr\/wp-content\/uploads\/2026\/05\/1-150x150.jpg 150w\" sizes=\"(max-width: 400px) 100vw, 400px\" \/>\t\t\t\t\t\t\t\t<\/div>\n\t\t\t\t\t\t\t\n\t\t\t\t\t\t\t<div class=\"ekit-team-modal-info has-img\">\n\t\t\t\t\t\t\t\t<h2 class=\"ekit-team-modal-title\">St\u00e9phanie PARANT<\/h2>\n\t\t\t\t\t\t\t\t<p class=\"ekit-team-modal-position\">Assistante de scolarit\u00e9 formation professionnelle<\/p>\n\n\t\t\t\t\t\t\t\t<div class=\"ekit-team-modal-content\">\n\t\t\t\t\t\t\t\t\tSt\u00e9phanie PARANT est Assistante de scolarit\u00e9 au sein de l\u2019IFSO Vichy \u2013 Clermont-Ferrand, elle est dipl\u00f4m\u00e9e d\u2019un BTS Assistant Manager.\n\nSt\u00e9phanie vous accompagnera dans vos d\u00e9marches administratives.\t\t\t\t\t\t\t\t<\/div>\n\n\t\t\t\t\t\t\t\t\n\t\t\t\t\t\t\t\t\t\t\t\t\t\t\t<\/div>\n\t\t\t\t\t\t<\/div>\n\t\t\t\t\t<\/div>\n\t\t\t\t<\/div>\n\t\t\t<\/div>\n\t\t\t\t<\/div>\t\t\t\t<\/div>\n\t\t\t\t<\/div>\n\t\t\t\t<div class=\"elementor-element elementor-element-be3a687 elementor-widget elementor-widget-elementskit-team\" data-id=\"be3a687\" data-element_type=\"widget\" data-e-type=\"widget\" data-widget_type=\"elementskit-team.default\">\n\t\t\t\t<div class=\"elementor-widget-container\">\n\t\t\t\t\t<div class=\"ekit-wid-con\">\t\t\t\t\t\t\t\t\n\t\t<div class=\"profile-card elementor-animation- text-center ekit-team-style-default\">\n\t\t\t\t\t\t\t<a aria-label=\"View C\u00e9cile RARD profile\" href=\"javascript:void(0)\" data-mfp-src=\"#ekit_team_modal_be3a687_220\" class=\"ekit-team-popup\">\n\t\t\t\n\t\t\t\t<div class=\"profile-header ekit-team-img ekit-img-overlay ekit-team-img-block\"  data-toggle=\"modal\" data-target=\"ekit_team_modal_#be3a687_220\" >\n\t\t\t\t\t<img loading=\"lazy\" decoding=\"async\" width=\"400\" height=\"400\" src=\"https:\/\/preprod.osteopathie-auvergne.fr\/wp-content\/uploads\/2026\/05\/2.jpg\" class=\"attachment-large size-large wp-image-1400\" alt=\"C\u00e9cile Rard, assistante de scolarit\u00e9 de l&apos;IFSO Vichy Clermont-Ferrand, \u00e9cole d&apos;ost\u00e9opathie\" srcset=\"https:\/\/preprod.osteopathie-auvergne.fr\/wp-content\/uploads\/2026\/05\/2.jpg 400w, https:\/\/preprod.osteopathie-auvergne.fr\/wp-content\/uploads\/2026\/05\/2-300x300.jpg 300w, https:\/\/preprod.osteopathie-auvergne.fr\/wp-content\/uploads\/2026\/05\/2-150x150.jpg 150w\" sizes=\"(max-width: 400px) 100vw, 400px\" \/>\t\t\t\t<\/div><!-- .profile-header END -->\n\t\t\t\t\t\t\t<\/a>\n\t\t\t\n\n\t\t\t\t<div class=\"profile-body\">\n\t\t\t\t\t\n\t\t\t\t\t<h2 class=\"profile-title\">\n\t\t\t\t\t\t\t\t\t\t\t<a aria-label=\"View C\u00e9cile RARD profile\" href=\"javascript:void(0)\" data-mfp-src=\"#ekit_team_modal_be3a687_220\" class=\"ekit-team-popup\">\n\t\t\t\t\t\tC\u00e9cile RARD\t\t\t\t\t\t<\/a>\n\t\t\t\t\t\t\t\t\t\t\t<\/h2>\n\t\t\t\t\t<p class=\"profile-designation\">Assistante de scolarit\u00e9 formation initiale et continue<\/p>\n\t\t\t\t\t\t\t\t\t<\/div><!-- .profile-body END -->\n\n\t\t\t\t\t\t\t\t<\/div>\n\t\t\t\t\t\t\t\n\t\t\t\n\t\t\t\t\t<div class=\"zoom-anim-dialog mfp-hide elementskit-team-popup team-popup-id-be3a687\" id=\"ekit_team_modal_be3a687_220\" tabindex=\"-1\" role=\"dialog\" aria-modal=\"true\">\n\t\t\t\t<div class=\"modal-dialog modal-dialog-centered\" role=\"document\">\n\t\t\t\t\t<div class=\"modal-content\">\n\t\t\t\t\t\t<button type=\"button\" class=\"ekit-team-modal-close\">\n\t\t\t\t\t\t\t<svg aria-hidden=\"true\" class=\"e-font-icon-svg e-fas-times\" viewBox=\"0 0 352 512\" xmlns=\"http:\/\/www.w3.org\/2000\/svg\"><path d=\"M242.72 256l100.07-100.07c12.28-12.28 12.28-32.19 0-44.48l-22.24-22.24c-12.28-12.28-32.19-12.28-44.48 0L176 189.28 75.93 89.21c-12.28-12.28-32.19-12.28-44.48 0L9.21 111.45c-12.28 12.28-12.28 32.19 0 44.48L109.28 256 9.21 356.07c-12.28 12.28-12.28 32.19 0 44.48l22.24 22.24c12.28 12.28 32.2 12.28 44.48 0L176 322.72l100.07 100.07c12.28 12.28 32.2 12.28 44.48 0l22.24-22.24c12.28-12.28 12.28-32.19 0-44.48L242.72 256z\"><\/path><\/svg>\t\t\t\t\t\t<\/button>\n\n\t\t\t\t\t\t<div class=\"modal-body\">\n\t\t\t\t\t\t\t\t\t\t\t\t\t\t\t<div class=\"ekit-team-modal-img\">\n\t\t\t\t\t\t\t\t\t<img loading=\"lazy\" decoding=\"async\" width=\"400\" height=\"400\" src=\"https:\/\/preprod.osteopathie-auvergne.fr\/wp-content\/uploads\/2026\/05\/2.jpg\" class=\"attachment-large size-large wp-image-1400\" alt=\"C\u00e9cile Rard, assistante de scolarit\u00e9 de l&apos;IFSO Vichy Clermont-Ferrand, \u00e9cole d&apos;ost\u00e9opathie\" srcset=\"https:\/\/preprod.osteopathie-auvergne.fr\/wp-content\/uploads\/2026\/05\/2.jpg 400w, https:\/\/preprod.osteopathie-auvergne.fr\/wp-content\/uploads\/2026\/05\/2-300x300.jpg 300w, https:\/\/preprod.osteopathie-auvergne.fr\/wp-content\/uploads\/2026\/05\/2-150x150.jpg 150w\" sizes=\"(max-width: 400px) 100vw, 400px\" \/>\t\t\t\t\t\t\t\t<\/div>\n\t\t\t\t\t\t\t\n\t\t\t\t\t\t\t<div class=\"ekit-team-modal-info has-img\">\n\t\t\t\t\t\t\t\t<h2 class=\"ekit-team-modal-title\">C\u00e9cile RARD<\/h2>\n\t\t\t\t\t\t\t\t<p class=\"ekit-team-modal-position\">Assistante de scolarit\u00e9 formation initiale et continue<\/p>\n\n\t\t\t\t\t\t\t\t<div class=\"ekit-team-modal-content\">\n\t\t\t\t\t\t\t\t\tC\u00e9cile RARD est Assistante de scolarit\u00e9 au sein de l\u2019IFSO Vichy \u2013 Clermont-Ferrand, elle est dipl\u00f4m\u00e9e d\u2019un Bachelor responsable du Marketing et d\u00e9veloppement commercial et d\u2019un Master en manager de la communication et strat\u00e9gie digitale.\n\nC\u00e9cile vous accompagnera dans vos d\u00e9marches administratives.\t\t\t\t\t\t\t\t<\/div>\n\n\t\t\t\t\t\t\t\t\n\t\t\t\t\t\t\t\t\t\t\t\t\t\t\t<\/div>\n\t\t\t\t\t\t<\/div>\n\t\t\t\t\t<\/div>\n\t\t\t\t<\/div>\n\t\t\t<\/div>\n\t\t\t\t<\/div>\t\t\t\t<\/div>\n\t\t\t\t<\/div>\n\t\t\t\t<\/div>\n\t\t\t\t\t<\/div>\n\t\t\t\t<\/div>\n\t\t<div class=\"elementor-element elementor-element-776a95e e-flex e-con-boxed wpr-particle-no wpr-jarallax-no wpr-parallax-no wpr-sticky-section-no wpr-column-slider-no wpr-equal-height-no e-con e-parent\" data-id=\"776a95e\" data-element_type=\"container\" data-e-type=\"container\">\n\t\t\t\t\t<div class=\"e-con-inner\">\n\t\t\t\t<div class=\"elementor-element elementor-element-fefb058 elementor-widget elementor-widget-elementskit-heading\" data-id=\"fefb058\" data-element_type=\"widget\" data-e-type=\"widget\" data-widget_type=\"elementskit-heading.default\">\n\t\t\t\t\t<div class=\"ekit-wid-con\" ><div class=\"ekit-heading elementskit-section-title-wraper text_center   ekit_heading_tablet-   ekit_heading_mobile-\"><h2 class=\"ekit-heading--title elementskit-section-title \">Les coordinateurs p\u00e9dagogiques<\/h2><\/div><\/div>\t\t\t\t<\/div>\n\t\t<div class=\"elementor-element elementor-element-af3e1db e-con-full e-grid wpr-particle-no wpr-jarallax-no wpr-parallax-no wpr-sticky-section-no wpr-column-slider-no wpr-equal-height-no e-con e-child\" data-id=\"af3e1db\" data-element_type=\"container\" data-e-type=\"container\">\n\t\t\t\t<div class=\"elementor-element elementor-element-a2a8ec1 elementor-widget elementor-widget-elementskit-team\" data-id=\"a2a8ec1\" data-element_type=\"widget\" data-e-type=\"widget\" data-widget_type=\"elementskit-team.default\">\n\t\t\t\t<div class=\"elementor-widget-container\">\n\t\t\t\t\t<div class=\"ekit-wid-con\">\t\t\t\t\t\t\t\t\n\t\t<div class=\"profile-card elementor-animation- text-center ekit-team-style-default\">\n\t\t\t\t\t\t\t<a aria-label=\"View Caroline ANDREU profile\" href=\"javascript:void(0)\" data-mfp-src=\"#ekit_team_modal_a2a8ec1_220\" class=\"ekit-team-popup\">\n\t\t\t\n\t\t\t\t<div class=\"profile-header ekit-team-img ekit-img-overlay ekit-team-img-block\"  data-toggle=\"modal\" data-target=\"ekit_team_modal_#a2a8ec1_220\" >\n\t\t\t\t\t<img loading=\"lazy\" decoding=\"async\" width=\"400\" height=\"400\" src=\"https:\/\/preprod.osteopathie-auvergne.fr\/wp-content\/uploads\/2026\/05\/Equipes-site-web.png\" class=\"attachment-large size-large wp-image-1391\" alt=\"Caroline Andreu, coordinatrice p\u00e9dagogique \u00e0 l&apos;IFSO Vichy Clermont-Ferrand, \u00e9cole d&apos;ost\u00e9opathie\" srcset=\"https:\/\/preprod.osteopathie-auvergne.fr\/wp-content\/uploads\/2026\/05\/Equipes-site-web.png 400w, https:\/\/preprod.osteopathie-auvergne.fr\/wp-content\/uploads\/2026\/05\/Equipes-site-web-300x300.png 300w, https:\/\/preprod.osteopathie-auvergne.fr\/wp-content\/uploads\/2026\/05\/Equipes-site-web-150x150.png 150w\" sizes=\"(max-width: 400px) 100vw, 400px\" \/>\t\t\t\t<\/div><!-- .profile-header END -->\n\t\t\t\t\t\t\t<\/a>\n\t\t\t\n\n\t\t\t\t<div class=\"profile-body\">\n\t\t\t\t\t\n\t\t\t\t\t<h2 class=\"profile-title\">\n\t\t\t\t\t\t\t\t\t\t\t<a aria-label=\"View Caroline ANDREU profile\" href=\"javascript:void(0)\" data-mfp-src=\"#ekit_team_modal_a2a8ec1_220\" class=\"ekit-team-popup\">\n\t\t\t\t\t\tCaroline ANDREU\t\t\t\t\t\t<\/a>\n\t\t\t\t\t\t\t\t\t\t\t<\/h2>\n\t\t\t\t\t<p class=\"profile-designation\">Ost\u00e9opathe D.O.<\/p>\n\t\t\t\t\t\t\t\t\t<\/div><!-- .profile-body END -->\n\n\t\t\t\t\t\t\t\t<\/div>\n\t\t\t\t\t\t\t\n\t\t\t\n\t\t\t\t\t<div class=\"zoom-anim-dialog mfp-hide elementskit-team-popup team-popup-id-a2a8ec1\" id=\"ekit_team_modal_a2a8ec1_220\" tabindex=\"-1\" role=\"dialog\" aria-modal=\"true\">\n\t\t\t\t<div class=\"modal-dialog modal-dialog-centered\" role=\"document\">\n\t\t\t\t\t<div class=\"modal-content\">\n\t\t\t\t\t\t<button type=\"button\" class=\"ekit-team-modal-close\">\n\t\t\t\t\t\t\t<svg aria-hidden=\"true\" class=\"e-font-icon-svg e-fas-times\" viewBox=\"0 0 352 512\" xmlns=\"http:\/\/www.w3.org\/2000\/svg\"><path d=\"M242.72 256l100.07-100.07c12.28-12.28 12.28-32.19 0-44.48l-22.24-22.24c-12.28-12.28-32.19-12.28-44.48 0L176 189.28 75.93 89.21c-12.28-12.28-32.19-12.28-44.48 0L9.21 111.45c-12.28 12.28-12.28 32.19 0 44.48L109.28 256 9.21 356.07c-12.28 12.28-12.28 32.19 0 44.48l22.24 22.24c12.28 12.28 32.2 12.28 44.48 0L176 322.72l100.07 100.07c12.28 12.28 32.2 12.28 44.48 0l22.24-22.24c12.28-12.28 12.28-32.19 0-44.48L242.72 256z\"><\/path><\/svg>\t\t\t\t\t\t<\/button>\n\n\t\t\t\t\t\t<div class=\"modal-body\">\n\t\t\t\t\t\t\t\t\t\t\t\t\t\t\t<div class=\"ekit-team-modal-img\">\n\t\t\t\t\t\t\t\t\t<img loading=\"lazy\" decoding=\"async\" width=\"400\" height=\"400\" src=\"https:\/\/preprod.osteopathie-auvergne.fr\/wp-content\/uploads\/2026\/05\/Equipes-site-web.png\" class=\"attachment-large size-large wp-image-1391\" alt=\"Caroline Andreu, coordinatrice p\u00e9dagogique \u00e0 l&apos;IFSO Vichy Clermont-Ferrand, \u00e9cole d&apos;ost\u00e9opathie\" srcset=\"https:\/\/preprod.osteopathie-auvergne.fr\/wp-content\/uploads\/2026\/05\/Equipes-site-web.png 400w, https:\/\/preprod.osteopathie-auvergne.fr\/wp-content\/uploads\/2026\/05\/Equipes-site-web-300x300.png 300w, https:\/\/preprod.osteopathie-auvergne.fr\/wp-content\/uploads\/2026\/05\/Equipes-site-web-150x150.png 150w\" sizes=\"(max-width: 400px) 100vw, 400px\" \/>\t\t\t\t\t\t\t\t<\/div>\n\t\t\t\t\t\t\t\n\t\t\t\t\t\t\t<div class=\"ekit-team-modal-info has-img\">\n\t\t\t\t\t\t\t\t<h2 class=\"ekit-team-modal-title\">Caroline ANDREU<\/h2>\n\t\t\t\t\t\t\t\t<p class=\"ekit-team-modal-position\">Ost\u00e9opathe D.O.<\/p>\n\n\t\t\t\t\t\t\t\t<div class=\"ekit-team-modal-content\">\n\t\t\t\t\t\t\t\t\tDipl\u00f4m\u00e9e en ost\u00e9opathie du CIDO (St-Etienne) en 2015, Caroline ANDREU exerce au sein d\u2019un cabinet pluridisciplinaire en p\u00e9riph\u00e9rie clermontoise.\nForm\u00e9e en p\u00e9rinatalit\u00e9 depuis le d\u00e9but de son parcours, puis en ost\u00e9opathie aquatique par S\u00e9gol\u00e8ne Vilpert derni\u00e8rement.\nCaroline a int\u00e9gr\u00e9 l\u2019\u00e9quipe de l\u2019IFSO Vichy \u2013 Clermont-Ferrand en tant que formatrice et maintenant occupe \u00e9galement la fonction de coordinatrice p\u00e9dagogique.\t\t\t\t\t\t\t\t<\/div>\n\n\t\t\t\t\t\t\t\t\n\t\t\t\t\t\t\t\t\t\t\t\t\t\t\t<\/div>\n\t\t\t\t\t\t<\/div>\n\t\t\t\t\t<\/div>\n\t\t\t\t<\/div>\n\t\t\t<\/div>\n\t\t\t\t<\/div>\t\t\t\t<\/div>\n\t\t\t\t<\/div>\n\t\t\t\t<div class=\"elementor-element elementor-element-a521bf6 elementor-widget elementor-widget-elementskit-team\" data-id=\"a521bf6\" data-element_type=\"widget\" data-e-type=\"widget\" data-widget_type=\"elementskit-team.default\">\n\t\t\t\t<div class=\"elementor-widget-container\">\n\t\t\t\t\t<div class=\"ekit-wid-con\">\t\t\t\t\t\t\t\t\n\t\t<div class=\"profile-card elementor-animation- text-center ekit-team-style-default\">\n\t\t\t\t\t\t\t<a aria-label=\"View S\u00e9bastien BARROSO profile\" href=\"javascript:void(0)\" data-mfp-src=\"#ekit_team_modal_a521bf6_220\" class=\"ekit-team-popup\">\n\t\t\t\n\t\t\t\t<div class=\"profile-header ekit-team-img ekit-img-overlay ekit-team-img-block\"  data-toggle=\"modal\" data-target=\"ekit_team_modal_#a521bf6_220\" >\n\t\t\t\t\t<img loading=\"lazy\" decoding=\"async\" width=\"400\" height=\"400\" src=\"https:\/\/preprod.osteopathie-auvergne.fr\/wp-content\/uploads\/2026\/05\/Equipes-site-web.jpg\" class=\"attachment-large size-large wp-image-1392\" alt=\"S\u00e9bastien Barroso, coordinateur p\u00e9dagogique \u00e0 l&apos;IFSO Vichy Clermont-Ferrand, \u00e9cole d&apos;ost\u00e9opathie\" srcset=\"https:\/\/preprod.osteopathie-auvergne.fr\/wp-content\/uploads\/2026\/05\/Equipes-site-web.jpg 400w, https:\/\/preprod.osteopathie-auvergne.fr\/wp-content\/uploads\/2026\/05\/Equipes-site-web-300x300.jpg 300w, https:\/\/preprod.osteopathie-auvergne.fr\/wp-content\/uploads\/2026\/05\/Equipes-site-web-150x150.jpg 150w\" sizes=\"(max-width: 400px) 100vw, 400px\" \/>\t\t\t\t<\/div><!-- .profile-header END -->\n\t\t\t\t\t\t\t<\/a>\n\t\t\t\n\n\t\t\t\t<div class=\"profile-body\">\n\t\t\t\t\t\n\t\t\t\t\t<h2 class=\"profile-title\">\n\t\t\t\t\t\t\t\t\t\t\t<a aria-label=\"View S\u00e9bastien BARROSO profile\" href=\"javascript:void(0)\" data-mfp-src=\"#ekit_team_modal_a521bf6_220\" class=\"ekit-team-popup\">\n\t\t\t\t\t\tS\u00e9bastien BARROSO\t\t\t\t\t\t<\/a>\n\t\t\t\t\t\t\t\t\t\t\t<\/h2>\n\t\t\t\t\t<p class=\"profile-designation\">Coordinateur et responsable p\u00e9dagogique \u2013 MKDE \u2013 Ost\u00e9opathe D.O.<\/p>\n\t\t\t\t\t\t\t\t\t<\/div><!-- .profile-body END -->\n\n\t\t\t\t\t\t\t\t<\/div>\n\t\t\t\t\t\t\t\n\t\t\t\n\t\t\t\t\t<div class=\"zoom-anim-dialog mfp-hide elementskit-team-popup team-popup-id-a521bf6\" id=\"ekit_team_modal_a521bf6_220\" tabindex=\"-1\" role=\"dialog\" aria-modal=\"true\">\n\t\t\t\t<div class=\"modal-dialog modal-dialog-centered\" role=\"document\">\n\t\t\t\t\t<div class=\"modal-content\">\n\t\t\t\t\t\t<button type=\"button\" class=\"ekit-team-modal-close\">\n\t\t\t\t\t\t\t<svg aria-hidden=\"true\" class=\"e-font-icon-svg e-fas-times\" viewBox=\"0 0 352 512\" xmlns=\"http:\/\/www.w3.org\/2000\/svg\"><path d=\"M242.72 256l100.07-100.07c12.28-12.28 12.28-32.19 0-44.48l-22.24-22.24c-12.28-12.28-32.19-12.28-44.48 0L176 189.28 75.93 89.21c-12.28-12.28-32.19-12.28-44.48 0L9.21 111.45c-12.28 12.28-12.28 32.19 0 44.48L109.28 256 9.21 356.07c-12.28 12.28-12.28 32.19 0 44.48l22.24 22.24c12.28 12.28 32.2 12.28 44.48 0L176 322.72l100.07 100.07c12.28 12.28 32.2 12.28 44.48 0l22.24-22.24c12.28-12.28 12.28-32.19 0-44.48L242.72 256z\"><\/path><\/svg>\t\t\t\t\t\t<\/button>\n\n\t\t\t\t\t\t<div class=\"modal-body\">\n\t\t\t\t\t\t\t\t\t\t\t\t\t\t\t<div class=\"ekit-team-modal-img\">\n\t\t\t\t\t\t\t\t\t<img loading=\"lazy\" decoding=\"async\" width=\"400\" height=\"400\" src=\"https:\/\/preprod.osteopathie-auvergne.fr\/wp-content\/uploads\/2026\/05\/Equipes-site-web.jpg\" class=\"attachment-large size-large wp-image-1392\" alt=\"S\u00e9bastien Barroso, coordinateur p\u00e9dagogique \u00e0 l&apos;IFSO Vichy Clermont-Ferrand, \u00e9cole d&apos;ost\u00e9opathie\" srcset=\"https:\/\/preprod.osteopathie-auvergne.fr\/wp-content\/uploads\/2026\/05\/Equipes-site-web.jpg 400w, https:\/\/preprod.osteopathie-auvergne.fr\/wp-content\/uploads\/2026\/05\/Equipes-site-web-300x300.jpg 300w, https:\/\/preprod.osteopathie-auvergne.fr\/wp-content\/uploads\/2026\/05\/Equipes-site-web-150x150.jpg 150w\" sizes=\"(max-width: 400px) 100vw, 400px\" \/>\t\t\t\t\t\t\t\t<\/div>\n\t\t\t\t\t\t\t\n\t\t\t\t\t\t\t<div class=\"ekit-team-modal-info has-img\">\n\t\t\t\t\t\t\t\t<h2 class=\"ekit-team-modal-title\">S\u00e9bastien BARROSO<\/h2>\n\t\t\t\t\t\t\t\t<p class=\"ekit-team-modal-position\">Coordinateur et responsable p\u00e9dagogique \u2013 MKDE \u2013 Ost\u00e9opathe D.O.<\/p>\n\n\t\t\t\t\t\t\t\t<div class=\"ekit-team-modal-content\">\n\t\t\t\t\t\t\t\t\tS\u00e9bastien Barroso est Ost\u00e9opathe Kin\u00e9sith\u00e9rapeute et est coordinateur \u2013 responsable p\u00e9dagogique. <p> Il est investi dans l\u2019enseignement depuis 2010. Il int\u00e8gre l\u2019\u00e9quipe p\u00e9dagogique en tant que formateur de l\u2019IFSO Vichy \u2013 Clermont-Ferrand en 2016 et en tant que coordinateur p\u00e9dagogique en 2018.<p>\n\nForm\u00e9 \u00e0 l\u2019ost\u00e9opathie p\u00e9diatrique par Robert Nicault et Sylvie Lessard, il est \u00e9galement form\u00e9 \u00e0 la m\u00e9thode Busquet. Il transmet son savoir-faire en assurant l\u2019enseignement de techniques structurelles, d\u2019accompagnement clinique et d\u00e9veloppe les techniques d\u2019ost\u00e9opathie en eaux thermales au sein de l\u2019IFSO Vichy \u2013 Clermont-Fd.<p>\n\nIl est dipl\u00f4m\u00e9 d\u2019un D.U en recherche clinique d\u00e9livr\u00e9 par l\u2019universit\u00e9 de Montpellier. Il a obtenu un Master en sciences de l\u2019\u00e9ducation parcours responsable d\u2019ing\u00e9nierie des syst\u00e8mes d\u2019organisation (RISO).\t\t\t\t\t\t\t\t<\/div>\n\n\t\t\t\t\t\t\t\t\n\t\t\t\t\t\t\t\t\t\t\t\t\t\t\t<\/div>\n\t\t\t\t\t\t<\/div>\n\t\t\t\t\t<\/div>\n\t\t\t\t<\/div>\n\t\t\t<\/div>\n\t\t\t\t<\/div>\t\t\t\t<\/div>\n\t\t\t\t<\/div>\n\t\t\t\t<div class=\"elementor-element elementor-element-e8c1e2b elementor-widget elementor-widget-elementskit-team\" data-id=\"e8c1e2b\" data-element_type=\"widget\" data-e-type=\"widget\" data-widget_type=\"elementskit-team.default\">\n\t\t\t\t<div class=\"elementor-widget-container\">\n\t\t\t\t\t<div class=\"ekit-wid-con\">\t\t\t\t\t\t\t\t\n\t\t<div class=\"profile-card elementor-animation- text-center ekit-team-style-default\">\n\t\t\t\t\t\t\t<a aria-label=\"View Laureline DUMOULIN profile\" href=\"javascript:void(0)\" data-mfp-src=\"#ekit_team_modal_e8c1e2b_220\" class=\"ekit-team-popup\">\n\t\t\t\n\t\t\t\t<div class=\"profile-header ekit-team-img ekit-img-overlay ekit-team-img-block\"  data-toggle=\"modal\" data-target=\"ekit_team_modal_#e8c1e2b_220\" >\n\t\t\t\t\t<img loading=\"lazy\" decoding=\"async\" width=\"400\" height=\"400\" src=\"https:\/\/preprod.osteopathie-auvergne.fr\/wp-content\/uploads\/2026\/08\/Laureline-DUMOULIN-IFSO-VICHY-CFD.jpg\" class=\"attachment-large size-large wp-image-3143\" alt=\"\" srcset=\"https:\/\/preprod.osteopathie-auvergne.fr\/wp-content\/uploads\/2026\/08\/Laureline-DUMOULIN-IFSO-VICHY-CFD.jpg 400w, https:\/\/preprod.osteopathie-auvergne.fr\/wp-content\/uploads\/2026\/08\/Laureline-DUMOULIN-IFSO-VICHY-CFD-300x300.jpg 300w, https:\/\/preprod.osteopathie-auvergne.fr\/wp-content\/uploads\/2026\/08\/Laureline-DUMOULIN-IFSO-VICHY-CFD-150x150.jpg 150w\" sizes=\"(max-width: 400px) 100vw, 400px\" \/>\t\t\t\t<\/div><!-- .profile-header END -->\n\t\t\t\t\t\t\t<\/a>\n\t\t\t\n\n\t\t\t\t<div class=\"profile-body\">\n\t\t\t\t\t\n\t\t\t\t\t<h2 class=\"profile-title\">\n\t\t\t\t\t\t\t\t\t\t\t<a aria-label=\"View Laureline DUMOULIN profile\" href=\"javascript:void(0)\" data-mfp-src=\"#ekit_team_modal_e8c1e2b_220\" class=\"ekit-team-popup\">\n\t\t\t\t\t\tLaureline DUMOULIN\t\t\t\t\t\t<\/a>\n\t\t\t\t\t\t\t\t\t\t\t<\/h2>\n\t\t\t\t\t<p class=\"profile-designation\">Ost\u00e9opathe D.O.<\/p>\n\t\t\t\t\t\t\t\t\t<\/div><!-- .profile-body END -->\n\n\t\t\t\t\t\t\t\t<\/div>\n\t\t\t\t\t\t\t\n\t\t\t\n\t\t\t\t\t<div class=\"zoom-anim-dialog mfp-hide elementskit-team-popup team-popup-id-e8c1e2b\" id=\"ekit_team_modal_e8c1e2b_220\" tabindex=\"-1\" role=\"dialog\" aria-modal=\"true\">\n\t\t\t\t<div class=\"modal-dialog modal-dialog-centered\" role=\"document\">\n\t\t\t\t\t<div class=\"modal-content\">\n\t\t\t\t\t\t<button type=\"button\" class=\"ekit-team-modal-close\">\n\t\t\t\t\t\t\t<svg aria-hidden=\"true\" class=\"e-font-icon-svg e-fas-times\" viewBox=\"0 0 352 512\" xmlns=\"http:\/\/www.w3.org\/2000\/svg\"><path d=\"M242.72 256l100.07-100.07c12.28-12.28 12.28-32.19 0-44.48l-22.24-22.24c-12.28-12.28-32.19-12.28-44.48 0L176 189.28 75.93 89.21c-12.28-12.28-32.19-12.28-44.48 0L9.21 111.45c-12.28 12.28-12.28 32.19 0 44.48L109.28 256 9.21 356.07c-12.28 12.28-12.28 32.19 0 44.48l22.24 22.24c12.28 12.28 32.2 12.28 44.48 0L176 322.72l100.07 100.07c12.28 12.28 32.2 12.28 44.48 0l22.24-22.24c12.28-12.28 12.28-32.19 0-44.48L242.72 256z\"><\/path><\/svg>\t\t\t\t\t\t<\/button>\n\n\t\t\t\t\t\t<div class=\"modal-body\">\n\t\t\t\t\t\t\t\t\t\t\t\t\t\t\t<div class=\"ekit-team-modal-img\">\n\t\t\t\t\t\t\t\t\t<img loading=\"lazy\" decoding=\"async\" width=\"400\" height=\"400\" src=\"https:\/\/preprod.osteopathie-auvergne.fr\/wp-content\/uploads\/2026\/08\/Laureline-DUMOULIN-IFSO-VICHY-CFD.jpg\" class=\"attachment-large size-large wp-image-3143\" alt=\"\" srcset=\"https:\/\/preprod.osteopathie-auvergne.fr\/wp-content\/uploads\/2026\/08\/Laureline-DUMOULIN-IFSO-VICHY-CFD.jpg 400w, https:\/\/preprod.osteopathie-auvergne.fr\/wp-content\/uploads\/2026\/08\/Laureline-DUMOULIN-IFSO-VICHY-CFD-300x300.jpg 300w, https:\/\/preprod.osteopathie-auvergne.fr\/wp-content\/uploads\/2026\/08\/Laureline-DUMOULIN-IFSO-VICHY-CFD-150x150.jpg 150w\" sizes=\"(max-width: 400px) 100vw, 400px\" \/>\t\t\t\t\t\t\t\t<\/div>\n\t\t\t\t\t\t\t\n\t\t\t\t\t\t\t<div class=\"ekit-team-modal-info has-img\">\n\t\t\t\t\t\t\t\t<h2 class=\"ekit-team-modal-title\">Laureline DUMOULIN<\/h2>\n\t\t\t\t\t\t\t\t<p class=\"ekit-team-modal-position\">Ost\u00e9opathe D.O.<\/p>\n\n\t\t\t\t\t\t\t\t<div class=\"ekit-team-modal-content\">\n\t\t\t\t\t\t\t\t\tDipl\u00f4m\u00e9e de l\u2019\u00c9cole sup\u00e9rieure d\u2019Ost\u00e9opathie depuis 2009, Laureline DUMOULIN exerce en lib\u00e9ral \u00e0 Orcines et au sein d\u2019une maison m\u00e9dicale \u00e0 Bromont-Lamothe (63).<p>\n<p>Titulaire d\u2019un certificat d\u2019\u00e9tude sp\u00e9cialis\u00e9e en p\u00e9diatrie et form\u00e9e \u00e0 la m\u00e9thode des chaines physiologiques Busquet, elle s\u2019attache \u00e0 prendre en charge la plus grande diversit\u00e9 de patient au sein de ses cabinets. <p>\nElle intervient \u00e0 l\u2019IFSO Vichy \u2013 Clermont-Ferrand en tant que formatrice et coordinatrice p\u00e9dagogique.\t\t\t\t\t\t\t\t<\/div>\n\n\t\t\t\t\t\t\t\t\n\t\t\t\t\t\t\t\t\t\t\t\t\t\t\t<\/div>\n\t\t\t\t\t\t<\/div>\n\t\t\t\t\t<\/div>\n\t\t\t\t<\/div>\n\t\t\t<\/div>\n\t\t\t\t<\/div>\t\t\t\t<\/div>\n\t\t\t\t<\/div>\n\t\t\t\t<div class=\"elementor-element elementor-element-a9e4750 elementor-widget elementor-widget-elementskit-team\" data-id=\"a9e4750\" data-element_type=\"widget\" data-e-type=\"widget\" data-widget_type=\"elementskit-team.default\">\n\t\t\t\t<div class=\"elementor-widget-container\">\n\t\t\t\t\t<div class=\"ekit-wid-con\">\t\t\t\t\t\t\t\t\n\t\t<div class=\"profile-card elementor-animation- text-center ekit-team-style-default\">\n\t\t\t\t\t\t\t<a aria-label=\"View  Jean-Guy GABET profile\" href=\"javascript:void(0)\" data-mfp-src=\"#ekit_team_modal_a9e4750_220\" class=\"ekit-team-popup\">\n\t\t\t\n\t\t\t\t<div class=\"profile-header ekit-team-img ekit-img-overlay ekit-team-img-block\"  data-toggle=\"modal\" data-target=\"ekit_team_modal_#a9e4750_220\" >\n\t\t\t\t\t<img loading=\"lazy\" decoding=\"async\" width=\"400\" height=\"400\" src=\"https:\/\/preprod.osteopathie-auvergne.fr\/wp-content\/uploads\/2026\/05\/Equipes-site-web-2.jpg\" class=\"attachment-large size-large wp-image-1418\" alt=\"Jean-Guy Gabet, coordinateur p\u00e9dagogique \u00e0 l&apos;IFSO Vichy Clermont-Ferrand, \u00e9cole d&apos;ost\u00e9opathie\" srcset=\"https:\/\/preprod.osteopathie-auvergne.fr\/wp-content\/uploads\/2026\/05\/Equipes-site-web-2.jpg 400w, https:\/\/preprod.osteopathie-auvergne.fr\/wp-content\/uploads\/2026\/05\/Equipes-site-web-2-300x300.jpg 300w, https:\/\/preprod.osteopathie-auvergne.fr\/wp-content\/uploads\/2026\/05\/Equipes-site-web-2-150x150.jpg 150w\" sizes=\"(max-width: 400px) 100vw, 400px\" \/>\t\t\t\t<\/div><!-- .profile-header END -->\n\t\t\t\t\t\t\t<\/a>\n\t\t\t\n\n\t\t\t\t<div class=\"profile-body\">\n\t\t\t\t\t\n\t\t\t\t\t<h2 class=\"profile-title\">\n\t\t\t\t\t\t\t\t\t\t\t<a aria-label=\"View  Jean-Guy GABET profile\" href=\"javascript:void(0)\" data-mfp-src=\"#ekit_team_modal_a9e4750_220\" class=\"ekit-team-popup\">\n\t\t\t\t\t\t Jean-Guy GABET\t\t\t\t\t\t<\/a>\n\t\t\t\t\t\t\t\t\t\t\t<\/h2>\n\t\t\t\t\t<p class=\"profile-designation\">Ost\u00e9opathe D.O.<\/p>\n\t\t\t\t\t\t\t\t\t<\/div><!-- .profile-body END -->\n\n\t\t\t\t\t\t\t\t<\/div>\n\t\t\t\t\t\t\t\n\t\t\t\n\t\t\t\t\t<div class=\"zoom-anim-dialog mfp-hide elementskit-team-popup team-popup-id-a9e4750\" id=\"ekit_team_modal_a9e4750_220\" tabindex=\"-1\" role=\"dialog\" aria-modal=\"true\">\n\t\t\t\t<div class=\"modal-dialog modal-dialog-centered\" role=\"document\">\n\t\t\t\t\t<div class=\"modal-content\">\n\t\t\t\t\t\t<button type=\"button\" class=\"ekit-team-modal-close\">\n\t\t\t\t\t\t\t<svg aria-hidden=\"true\" class=\"e-font-icon-svg e-fas-times\" viewBox=\"0 0 352 512\" xmlns=\"http:\/\/www.w3.org\/2000\/svg\"><path d=\"M242.72 256l100.07-100.07c12.28-12.28 12.28-32.19 0-44.48l-22.24-22.24c-12.28-12.28-32.19-12.28-44.48 0L176 189.28 75.93 89.21c-12.28-12.28-32.19-12.28-44.48 0L9.21 111.45c-12.28 12.28-12.28 32.19 0 44.48L109.28 256 9.21 356.07c-12.28 12.28-12.28 32.19 0 44.48l22.24 22.24c12.28 12.28 32.2 12.28 44.48 0L176 322.72l100.07 100.07c12.28 12.28 32.2 12.28 44.48 0l22.24-22.24c12.28-12.28 12.28-32.19 0-44.48L242.72 256z\"><\/path><\/svg>\t\t\t\t\t\t<\/button>\n\n\t\t\t\t\t\t<div class=\"modal-body\">\n\t\t\t\t\t\t\t\t\t\t\t\t\t\t\t<div class=\"ekit-team-modal-img\">\n\t\t\t\t\t\t\t\t\t<img loading=\"lazy\" decoding=\"async\" width=\"400\" height=\"400\" src=\"https:\/\/preprod.osteopathie-auvergne.fr\/wp-content\/uploads\/2026\/05\/Equipes-site-web-2.jpg\" class=\"attachment-large size-large wp-image-1418\" alt=\"Jean-Guy Gabet, coordinateur p\u00e9dagogique \u00e0 l&apos;IFSO Vichy Clermont-Ferrand, \u00e9cole d&apos;ost\u00e9opathie\" srcset=\"https:\/\/preprod.osteopathie-auvergne.fr\/wp-content\/uploads\/2026\/05\/Equipes-site-web-2.jpg 400w, https:\/\/preprod.osteopathie-auvergne.fr\/wp-content\/uploads\/2026\/05\/Equipes-site-web-2-300x300.jpg 300w, https:\/\/preprod.osteopathie-auvergne.fr\/wp-content\/uploads\/2026\/05\/Equipes-site-web-2-150x150.jpg 150w\" sizes=\"(max-width: 400px) 100vw, 400px\" \/>\t\t\t\t\t\t\t\t<\/div>\n\t\t\t\t\t\t\t\n\t\t\t\t\t\t\t<div class=\"ekit-team-modal-info has-img\">\n\t\t\t\t\t\t\t\t<h2 class=\"ekit-team-modal-title\"> Jean-Guy GABET<\/h2>\n\t\t\t\t\t\t\t\t<p class=\"ekit-team-modal-position\">Ost\u00e9opathe D.O.<\/p>\n\n\t\t\t\t\t\t\t\t<div class=\"ekit-team-modal-content\">\n\t\t\t\t\t\t\t\t\tDipl\u00f4m\u00e9 du Coll\u00e8ge Ost\u00e9opathique Europ\u00e9en (HOLISTEA \u2013 95) en 2008. Jean-Guy GABET est install\u00e9 \u00e0 Vichy depuis 2009 et \u00e0 Lapalisse depuis 2014 (cabinet pluridisciplinaire avec sage-femme et psychologue). <p>\n<p>Il enseigne \u00e0 l\u2019ISRP depuis 2018, l\u2019anatomie, la neuroanatomie et la biom\u00e9canique.<p>\nIl a int\u00e9gr\u00e9 l\u2019\u00e9quipe de l\u2019IFSO Vichy \u2013 Clermont-Ferrand en tant que coordinateur p\u00e9dagogique.\t\t\t\t\t\t\t\t<\/div>\n\n\t\t\t\t\t\t\t\t\n\t\t\t\t\t\t\t\t\t\t\t\t\t\t\t<\/div>\n\t\t\t\t\t\t<\/div>\n\t\t\t\t\t<\/div>\n\t\t\t\t<\/div>\n\t\t\t<\/div>\n\t\t\t\t<\/div>\t\t\t\t<\/div>\n\t\t\t\t<\/div>\n\t\t\t\t<div class=\"elementor-element elementor-element-60f42eb elementor-widget elementor-widget-elementskit-team\" data-id=\"60f42eb\" data-element_type=\"widget\" data-e-type=\"widget\" data-widget_type=\"elementskit-team.default\">\n\t\t\t\t<div class=\"elementor-widget-container\">\n\t\t\t\t\t<div class=\"ekit-wid-con\">\t\t\t\t\t\t\t\t\n\t\t<div class=\"profile-card elementor-animation- text-center ekit-team-style-default\">\n\t\t\t\t\t\t\t<a aria-label=\"View  Christophe PALLIES profile\" href=\"javascript:void(0)\" data-mfp-src=\"#ekit_team_modal_60f42eb_220\" class=\"ekit-team-popup\">\n\t\t\t\n\t\t\t\t<div class=\"profile-header ekit-team-img ekit-img-overlay ekit-team-img-block\"  data-toggle=\"modal\" data-target=\"ekit_team_modal_#60f42eb_220\" >\n\t\t\t\t\t<img loading=\"lazy\" decoding=\"async\" width=\"400\" height=\"400\" src=\"https:\/\/preprod.osteopathie-auvergne.fr\/wp-content\/uploads\/2026\/05\/Equipes-site-web-3.jpg\" class=\"attachment-large size-large wp-image-1420\" alt=\"Christophe Pallies, coordinateur p\u00e9dagogique \u00e0 l&apos;IFSO Vichy Clermont-Ferrand, \u00e9cole d&apos;ost\u00e9opathie\" srcset=\"https:\/\/preprod.osteopathie-auvergne.fr\/wp-content\/uploads\/2026\/05\/Equipes-site-web-3.jpg 400w, https:\/\/preprod.osteopathie-auvergne.fr\/wp-content\/uploads\/2026\/05\/Equipes-site-web-3-300x300.jpg 300w, https:\/\/preprod.osteopathie-auvergne.fr\/wp-content\/uploads\/2026\/05\/Equipes-site-web-3-150x150.jpg 150w\" sizes=\"(max-width: 400px) 100vw, 400px\" \/>\t\t\t\t<\/div><!-- .profile-header END -->\n\t\t\t\t\t\t\t<\/a>\n\t\t\t\n\n\t\t\t\t<div class=\"profile-body\">\n\t\t\t\t\t\n\t\t\t\t\t<h2 class=\"profile-title\">\n\t\t\t\t\t\t\t\t\t\t\t<a aria-label=\"View  Christophe PALLIES profile\" href=\"javascript:void(0)\" data-mfp-src=\"#ekit_team_modal_60f42eb_220\" class=\"ekit-team-popup\">\n\t\t\t\t\t\t Christophe PALLIES\t\t\t\t\t\t<\/a>\n\t\t\t\t\t\t\t\t\t\t\t<\/h2>\n\t\t\t\t\t<p class=\"profile-designation\">D.O. (UK), BSc (Hons) Ost (UK), PGD AVO (UK), PGC WMA (NZ).<\/p>\n\t\t\t\t\t\t\t\t\t<\/div><!-- .profile-body END -->\n\n\t\t\t\t\t\t\t\t<\/div>\n\t\t\t\t\t\t\t\n\t\t\t\n\t\t\t\t\t<div class=\"zoom-anim-dialog mfp-hide elementskit-team-popup team-popup-id-60f42eb\" id=\"ekit_team_modal_60f42eb_220\" tabindex=\"-1\" role=\"dialog\" aria-modal=\"true\">\n\t\t\t\t<div class=\"modal-dialog modal-dialog-centered\" role=\"document\">\n\t\t\t\t\t<div class=\"modal-content\">\n\t\t\t\t\t\t<button type=\"button\" class=\"ekit-team-modal-close\">\n\t\t\t\t\t\t\t<svg aria-hidden=\"true\" class=\"e-font-icon-svg e-fas-times\" viewBox=\"0 0 352 512\" xmlns=\"http:\/\/www.w3.org\/2000\/svg\"><path d=\"M242.72 256l100.07-100.07c12.28-12.28 12.28-32.19 0-44.48l-22.24-22.24c-12.28-12.28-32.19-12.28-44.48 0L176 189.28 75.93 89.21c-12.28-12.28-32.19-12.28-44.48 0L9.21 111.45c-12.28 12.28-12.28 32.19 0 44.48L109.28 256 9.21 356.07c-12.28 12.28-12.28 32.19 0 44.48l22.24 22.24c12.28 12.28 32.2 12.28 44.48 0L176 322.72l100.07 100.07c12.28 12.28 32.2 12.28 44.48 0l22.24-22.24c12.28-12.28 12.28-32.19 0-44.48L242.72 256z\"><\/path><\/svg>\t\t\t\t\t\t<\/button>\n\n\t\t\t\t\t\t<div class=\"modal-body\">\n\t\t\t\t\t\t\t\t\t\t\t\t\t\t\t<div class=\"ekit-team-modal-img\">\n\t\t\t\t\t\t\t\t\t<img loading=\"lazy\" decoding=\"async\" width=\"400\" height=\"400\" src=\"https:\/\/preprod.osteopathie-auvergne.fr\/wp-content\/uploads\/2026\/05\/Equipes-site-web-3.jpg\" class=\"attachment-large size-large wp-image-1420\" alt=\"Christophe Pallies, coordinateur p\u00e9dagogique \u00e0 l&apos;IFSO Vichy Clermont-Ferrand, \u00e9cole d&apos;ost\u00e9opathie\" srcset=\"https:\/\/preprod.osteopathie-auvergne.fr\/wp-content\/uploads\/2026\/05\/Equipes-site-web-3.jpg 400w, https:\/\/preprod.osteopathie-auvergne.fr\/wp-content\/uploads\/2026\/05\/Equipes-site-web-3-300x300.jpg 300w, https:\/\/preprod.osteopathie-auvergne.fr\/wp-content\/uploads\/2026\/05\/Equipes-site-web-3-150x150.jpg 150w\" sizes=\"(max-width: 400px) 100vw, 400px\" \/>\t\t\t\t\t\t\t\t<\/div>\n\t\t\t\t\t\t\t\n\t\t\t\t\t\t\t<div class=\"ekit-team-modal-info has-img\">\n\t\t\t\t\t\t\t\t<h2 class=\"ekit-team-modal-title\"> Christophe PALLIES<\/h2>\n\t\t\t\t\t\t\t\t<p class=\"ekit-team-modal-position\">D.O. (UK), BSc (Hons) Ost (UK), PGD AVO (UK), PGC WMA (NZ).<\/p>\n\n\t\t\t\t\t\t\t\t<div class=\"ekit-team-modal-content\">\n\t\t\t\t\t\t\t\t\tOriginaire de Moulins, dans l\u2019Allier, Christophe Pallies est dipl\u00f4m\u00e9 de la European School of Osteopathy (Royaume-Uni) et titulaire d\u2019un BSc (Hons) en ost\u00e9opathie d\u00e9livr\u00e9 par l\u2019Universit\u00e9 du Pays de Galles. <p>\n\n<p>Apr\u00e8s ses \u00e9tudes, il s\u2019est install\u00e9 dans la r\u00e9gion Pacifique, en Nouvelle-Z\u00e9lande, o\u00f9 il a exerc\u00e9 pendant plus de 25 ans en pratique lib\u00e9rale au sein de cabinets pluridisciplinaires, ainsi que dans le domaine du sport de terrain (\u00ab pitch side \u00bb).<p>\n\nParall\u00e8lement \u00e0 son activit\u00e9 clinique, il a travaill\u00e9 comme consultant et conseiller pour les autorit\u00e9s de r\u00e9gulation de l\u2019ost\u00e9opathie en Nouvelle-Z\u00e9lande et en Australie, notamment dans les domaines de l\u2019\u00e9valuation des comp\u00e9tences, de l\u2019audit professionnel et de l\u2019examen des candidatures internationales.\n<p>\nIl a \u00e9galement contribu\u00e9 au d\u00e9veloppement des r\u00e9f\u00e9rentiels de comp\u00e9tences de l\u2019ost\u00e9opathie en Nouvelle-Z\u00e9lande et en Australie, ainsi qu\u2019aux capacit\u00e9s professionnelles en ost\u00e9opathie p\u00e9diatrique en Nouvelle-Z\u00e9lande.\n<p>\nIl a int\u00e9gr\u00e9 l\u2019\u00e9quipe de l\u2019IFSO Vichy \u2013 Clermont-Ferrand en tant que coordinateur p\u00e9dagogique.\t\t\t\t\t\t\t\t<\/div>\n\n\t\t\t\t\t\t\t\t\n\t\t\t\t\t\t\t\t\t\t\t\t\t\t\t<\/div>\n\t\t\t\t\t\t<\/div>\n\t\t\t\t\t<\/div>\n\t\t\t\t<\/div>\n\t\t\t<\/div>\n\t\t\t\t<\/div>\t\t\t\t<\/div>\n\t\t\t\t<\/div>\n\t\t\t\t<div class=\"elementor-element elementor-element-661daca elementor-widget elementor-widget-elementskit-team\" data-id=\"661daca\" data-element_type=\"widget\" data-e-type=\"widget\" data-widget_type=\"elementskit-team.default\">\n\t\t\t\t<div class=\"elementor-widget-container\">\n\t\t\t\t\t<div class=\"ekit-wid-con\">\t\t\t\t\t\t\t\t\n\t\t<div class=\"profile-card elementor-animation- text-center ekit-team-style-default\">\n\t\t\t\t\t\t\t<a aria-label=\"View Cyril PERICHON profile\" href=\"javascript:void(0)\" data-mfp-src=\"#ekit_team_modal_661daca_220\" class=\"ekit-team-popup\">\n\t\t\t\n\t\t\t\t<div class=\"profile-header ekit-team-img ekit-img-overlay ekit-team-img-block\"  data-toggle=\"modal\" data-target=\"ekit_team_modal_#661daca_220\" >\n\t\t\t\t\t<img loading=\"lazy\" decoding=\"async\" width=\"400\" height=\"400\" src=\"https:\/\/preprod.osteopathie-auvergne.fr\/wp-content\/uploads\/2026\/05\/Equipes-site-web-5.jpg\" class=\"attachment-large size-large wp-image-1422\" alt=\"Cyril Perrichon, coordinateur p\u00e9dagogique \u00e0 l&apos;IFSO Vichy Clermont-Ferrand, \u00e9cole d&apos;ost\u00e9opathie\" srcset=\"https:\/\/preprod.osteopathie-auvergne.fr\/wp-content\/uploads\/2026\/05\/Equipes-site-web-5.jpg 400w, https:\/\/preprod.osteopathie-auvergne.fr\/wp-content\/uploads\/2026\/05\/Equipes-site-web-5-300x300.jpg 300w, https:\/\/preprod.osteopathie-auvergne.fr\/wp-content\/uploads\/2026\/05\/Equipes-site-web-5-150x150.jpg 150w\" sizes=\"(max-width: 400px) 100vw, 400px\" \/>\t\t\t\t<\/div><!-- .profile-header END -->\n\t\t\t\t\t\t\t<\/a>\n\t\t\t\n\n\t\t\t\t<div class=\"profile-body\">\n\t\t\t\t\t\n\t\t\t\t\t<h2 class=\"profile-title\">\n\t\t\t\t\t\t\t\t\t\t\t<a aria-label=\"View Cyril PERICHON profile\" href=\"javascript:void(0)\" data-mfp-src=\"#ekit_team_modal_661daca_220\" class=\"ekit-team-popup\">\n\t\t\t\t\t\tCyril PERICHON\t\t\t\t\t\t<\/a>\n\t\t\t\t\t\t\t\t\t\t\t<\/h2>\n\t\t\t\t\t<p class=\"profile-designation\">MKDE - Ost\u00e9opathe D.O.<\/p>\n\t\t\t\t\t\t\t\t\t<\/div><!-- .profile-body END -->\n\n\t\t\t\t\t\t\t\t<\/div>\n\t\t\t\t\t\t\t\n\t\t\t\n\t\t\t\t\t<div class=\"zoom-anim-dialog mfp-hide elementskit-team-popup team-popup-id-661daca\" id=\"ekit_team_modal_661daca_220\" tabindex=\"-1\" role=\"dialog\" aria-modal=\"true\">\n\t\t\t\t<div class=\"modal-dialog modal-dialog-centered\" role=\"document\">\n\t\t\t\t\t<div class=\"modal-content\">\n\t\t\t\t\t\t<button type=\"button\" class=\"ekit-team-modal-close\">\n\t\t\t\t\t\t\t<svg aria-hidden=\"true\" class=\"e-font-icon-svg e-fas-times\" viewBox=\"0 0 352 512\" xmlns=\"http:\/\/www.w3.org\/2000\/svg\"><path d=\"M242.72 256l100.07-100.07c12.28-12.28 12.28-32.19 0-44.48l-22.24-22.24c-12.28-12.28-32.19-12.28-44.48 0L176 189.28 75.93 89.21c-12.28-12.28-32.19-12.28-44.48 0L9.21 111.45c-12.28 12.28-12.28 32.19 0 44.48L109.28 256 9.21 356.07c-12.28 12.28-12.28 32.19 0 44.48l22.24 22.24c12.28 12.28 32.2 12.28 44.48 0L176 322.72l100.07 100.07c12.28 12.28 32.2 12.28 44.48 0l22.24-22.24c12.28-12.28 12.28-32.19 0-44.48L242.72 256z\"><\/path><\/svg>\t\t\t\t\t\t<\/button>\n\n\t\t\t\t\t\t<div class=\"modal-body\">\n\t\t\t\t\t\t\t\t\t\t\t\t\t\t\t<div class=\"ekit-team-modal-img\">\n\t\t\t\t\t\t\t\t\t<img loading=\"lazy\" decoding=\"async\" width=\"400\" height=\"400\" src=\"https:\/\/preprod.osteopathie-auvergne.fr\/wp-content\/uploads\/2026\/05\/Equipes-site-web-5.jpg\" class=\"attachment-large size-large wp-image-1422\" alt=\"Cyril Perrichon, coordinateur p\u00e9dagogique \u00e0 l&apos;IFSO Vichy Clermont-Ferrand, \u00e9cole d&apos;ost\u00e9opathie\" srcset=\"https:\/\/preprod.osteopathie-auvergne.fr\/wp-content\/uploads\/2026\/05\/Equipes-site-web-5.jpg 400w, https:\/\/preprod.osteopathie-auvergne.fr\/wp-content\/uploads\/2026\/05\/Equipes-site-web-5-300x300.jpg 300w, https:\/\/preprod.osteopathie-auvergne.fr\/wp-content\/uploads\/2026\/05\/Equipes-site-web-5-150x150.jpg 150w\" sizes=\"(max-width: 400px) 100vw, 400px\" \/>\t\t\t\t\t\t\t\t<\/div>\n\t\t\t\t\t\t\t\n\t\t\t\t\t\t\t<div class=\"ekit-team-modal-info has-img\">\n\t\t\t\t\t\t\t\t<h2 class=\"ekit-team-modal-title\">Cyril PERICHON<\/h2>\n\t\t\t\t\t\t\t\t<p class=\"ekit-team-modal-position\">MKDE - Ost\u00e9opathe D.O.<\/p>\n\n\t\t\t\t\t\t\t\t<div class=\"ekit-team-modal-content\">\n\t\t\t\t\t\t\t\t\tApr\u00e8s un cursus universitaire en biologie, Cyril PERICHON s\u2019est form\u00e9 \u00e0 la kin\u00e9sith\u00e9rapie qu\u2019il a exerc\u00e9e avant de suivre les enseignements de l\u2019IFSO Vichy \u2013 Clermont-Ferrand et de devenir ost\u00e9opathe au sein d\u2019une structure pluridisciplinaire \u00e0 GANNAT (03) depuis 2011. <p>\n\n<p>Il est en outre titulaire d\u2019un D.U de phytoth\u00e9rapie et d\u2019un Master en Biologie. Il a int\u00e9gr\u00e9 l\u2019\u00e9quipe de l\u2019IFSO Vichy \u2013 Clermont-Fd en tant que coordinateur p\u00e9dagogique.\t\t\t\t\t\t\t\t<\/div>\n\n\t\t\t\t\t\t\t\t\n\t\t\t\t\t\t\t\t\t\t\t\t\t\t\t<\/div>\n\t\t\t\t\t\t<\/div>\n\t\t\t\t\t<\/div>\n\t\t\t\t<\/div>\n\t\t\t<\/div>\n\t\t\t\t<\/div>\t\t\t\t<\/div>\n\t\t\t\t<\/div>\n\t\t\t\t<div class=\"elementor-element elementor-element-0f1222c elementor-widget elementor-widget-elementskit-team\" data-id=\"0f1222c\" data-element_type=\"widget\" data-e-type=\"widget\" data-widget_type=\"elementskit-team.default\">\n\t\t\t\t<div class=\"elementor-widget-container\">\n\t\t\t\t\t<div class=\"ekit-wid-con\">\t\t\t\t\t\t\t\t\n\t\t<div class=\"profile-card elementor-animation- text-center ekit-team-style-default\">\n\t\t\t\t\t\t\t<a aria-label=\"View Fran\u00e7ois RELIANT profile\" href=\"javascript:void(0)\" data-mfp-src=\"#ekit_team_modal_0f1222c_220\" class=\"ekit-team-popup\">\n\t\t\t\n\t\t\t\t<div class=\"profile-header ekit-team-img ekit-img-overlay ekit-team-img-block\"  data-toggle=\"modal\" data-target=\"ekit_team_modal_#0f1222c_220\" >\n\t\t\t\t\t<img loading=\"lazy\" decoding=\"async\" width=\"400\" height=\"400\" src=\"https:\/\/preprod.osteopathie-auvergne.fr\/wp-content\/uploads\/2026\/05\/Equipes-site-web-4.jpg\" class=\"attachment-large size-large wp-image-1421\" alt=\"Fran\u00e7ois Reliant, coordinateur p\u00e9dagogique \u00e0 l&apos;IFSO Vichy Clermont-Ferrand, \u00e9cole d&apos;ost\u00e9opathie\" srcset=\"https:\/\/preprod.osteopathie-auvergne.fr\/wp-content\/uploads\/2026\/05\/Equipes-site-web-4.jpg 400w, https:\/\/preprod.osteopathie-auvergne.fr\/wp-content\/uploads\/2026\/05\/Equipes-site-web-4-300x300.jpg 300w, https:\/\/preprod.osteopathie-auvergne.fr\/wp-content\/uploads\/2026\/05\/Equipes-site-web-4-150x150.jpg 150w\" sizes=\"(max-width: 400px) 100vw, 400px\" \/>\t\t\t\t<\/div><!-- .profile-header END -->\n\t\t\t\t\t\t\t<\/a>\n\t\t\t\n\n\t\t\t\t<div class=\"profile-body\">\n\t\t\t\t\t\n\t\t\t\t\t<h2 class=\"profile-title\">\n\t\t\t\t\t\t\t\t\t\t\t<a aria-label=\"View Fran\u00e7ois RELIANT profile\" href=\"javascript:void(0)\" data-mfp-src=\"#ekit_team_modal_0f1222c_220\" class=\"ekit-team-popup\">\n\t\t\t\t\t\tFran\u00e7ois RELIANT\t\t\t\t\t\t<\/a>\n\t\t\t\t\t\t\t\t\t\t\t<\/h2>\n\t\t\t\t\t<p class=\"profile-designation\">Ost\u00e9opathe D.O.<\/p>\n\t\t\t\t\t\t\t\t\t<\/div><!-- .profile-body END -->\n\n\t\t\t\t\t\t\t\t<\/div>\n\t\t\t\t\t\t\t\n\t\t\t\n\t\t\t\t\t<div class=\"zoom-anim-dialog mfp-hide elementskit-team-popup team-popup-id-0f1222c\" id=\"ekit_team_modal_0f1222c_220\" tabindex=\"-1\" role=\"dialog\" aria-modal=\"true\">\n\t\t\t\t<div class=\"modal-dialog modal-dialog-centered\" role=\"document\">\n\t\t\t\t\t<div class=\"modal-content\">\n\t\t\t\t\t\t<button type=\"button\" class=\"ekit-team-modal-close\">\n\t\t\t\t\t\t\t<svg aria-hidden=\"true\" class=\"e-font-icon-svg e-fas-times\" viewBox=\"0 0 352 512\" xmlns=\"http:\/\/www.w3.org\/2000\/svg\"><path d=\"M242.72 256l100.07-100.07c12.28-12.28 12.28-32.19 0-44.48l-22.24-22.24c-12.28-12.28-32.19-12.28-44.48 0L176 189.28 75.93 89.21c-12.28-12.28-32.19-12.28-44.48 0L9.21 111.45c-12.28 12.28-12.28 32.19 0 44.48L109.28 256 9.21 356.07c-12.28 12.28-12.28 32.19 0 44.48l22.24 22.24c12.28 12.28 32.2 12.28 44.48 0L176 322.72l100.07 100.07c12.28 12.28 32.2 12.28 44.48 0l22.24-22.24c12.28-12.28 12.28-32.19 0-44.48L242.72 256z\"><\/path><\/svg>\t\t\t\t\t\t<\/button>\n\n\t\t\t\t\t\t<div class=\"modal-body\">\n\t\t\t\t\t\t\t\t\t\t\t\t\t\t\t<div class=\"ekit-team-modal-img\">\n\t\t\t\t\t\t\t\t\t<img loading=\"lazy\" decoding=\"async\" width=\"400\" height=\"400\" src=\"https:\/\/preprod.osteopathie-auvergne.fr\/wp-content\/uploads\/2026\/05\/Equipes-site-web-4.jpg\" class=\"attachment-large size-large wp-image-1421\" alt=\"Fran\u00e7ois Reliant, coordinateur p\u00e9dagogique \u00e0 l&apos;IFSO Vichy Clermont-Ferrand, \u00e9cole d&apos;ost\u00e9opathie\" srcset=\"https:\/\/preprod.osteopathie-auvergne.fr\/wp-content\/uploads\/2026\/05\/Equipes-site-web-4.jpg 400w, https:\/\/preprod.osteopathie-auvergne.fr\/wp-content\/uploads\/2026\/05\/Equipes-site-web-4-300x300.jpg 300w, https:\/\/preprod.osteopathie-auvergne.fr\/wp-content\/uploads\/2026\/05\/Equipes-site-web-4-150x150.jpg 150w\" sizes=\"(max-width: 400px) 100vw, 400px\" \/>\t\t\t\t\t\t\t\t<\/div>\n\t\t\t\t\t\t\t\n\t\t\t\t\t\t\t<div class=\"ekit-team-modal-info has-img\">\n\t\t\t\t\t\t\t\t<h2 class=\"ekit-team-modal-title\">Fran\u00e7ois RELIANT<\/h2>\n\t\t\t\t\t\t\t\t<p class=\"ekit-team-modal-position\">Ost\u00e9opathe D.O.<\/p>\n\n\t\t\t\t\t\t\t\t<div class=\"ekit-team-modal-content\">\n\t\t\t\t\t\t\t\t\tFran\u00e7ois RELIANT est dipl\u00f4m\u00e9 en ost\u00e9opathie au Ceeso Paris en 2005, Fran\u00e7ois exerce en lib\u00e9ral dans ses cabinets de Vichy et Puy-Guillaume.\n <p>Il est titulaire de plusieurs dipl\u00f4mes d\u2019universit\u00e9 ainsi que d\u2019un dipl\u00f4me en ost\u00e9opathie du sport. Charg\u00e9 de cours en anatomie palpatoire depuis plus de dix ans.\n\n<p>Fran\u00e7ois a int\u00e9gr\u00e9 l\u2019\u00e9quipe de l\u2019IFSO Vichy \u2013 Clermont-Fd en tant que coordinateur p\u00e9dagogique.\t\t\t\t\t\t\t\t<\/div>\n\n\t\t\t\t\t\t\t\t\n\t\t\t\t\t\t\t\t\t\t\t\t\t\t\t<\/div>\n\t\t\t\t\t\t<\/div>\n\t\t\t\t\t<\/div>\n\t\t\t\t<\/div>\n\t\t\t<\/div>\n\t\t\t\t<\/div>\t\t\t\t<\/div>\n\t\t\t\t<\/div>\n\t\t\t\t<div class=\"elementor-element elementor-element-8c17533 elementor-widget elementor-widget-elementskit-team\" data-id=\"8c17533\" data-element_type=\"widget\" data-e-type=\"widget\" data-widget_type=\"elementskit-team.default\">\n\t\t\t\t<div class=\"elementor-widget-container\">\n\t\t\t\t\t<div class=\"ekit-wid-con\">\t\t\t\t\t\t\t\t\n\t\t<div class=\"profile-card elementor-animation- text-center ekit-team-style-default\">\n\t\t\t\t\t\t\t<a aria-label=\"View Simon ROSEAU profile\" href=\"javascript:void(0)\" data-mfp-src=\"#ekit_team_modal_8c17533_220\" class=\"ekit-team-popup\">\n\t\t\t\n\t\t\t\t<div class=\"profile-header ekit-team-img ekit-img-overlay ekit-team-img-block\"  data-toggle=\"modal\" data-target=\"ekit_team_modal_#8c17533_220\" >\n\t\t\t\t\t<img loading=\"lazy\" decoding=\"async\" width=\"400\" height=\"400\" src=\"https:\/\/preprod.osteopathie-auvergne.fr\/wp-content\/uploads\/2026\/08\/Simon-ROSEAU-1.jpg\" class=\"attachment-large size-large wp-image-3250\" alt=\"\" srcset=\"https:\/\/preprod.osteopathie-auvergne.fr\/wp-content\/uploads\/2026\/08\/Simon-ROSEAU-1.jpg 400w, https:\/\/preprod.osteopathie-auvergne.fr\/wp-content\/uploads\/2026\/08\/Simon-ROSEAU-1-300x300.jpg 300w, https:\/\/preprod.osteopathie-auvergne.fr\/wp-content\/uploads\/2026\/08\/Simon-ROSEAU-1-150x150.jpg 150w\" sizes=\"(max-width: 400px) 100vw, 400px\" \/>\t\t\t\t<\/div><!-- .profile-header END -->\n\t\t\t\t\t\t\t<\/a>\n\t\t\t\n\n\t\t\t\t<div class=\"profile-body\">\n\t\t\t\t\t\n\t\t\t\t\t<h2 class=\"profile-title\">\n\t\t\t\t\t\t\t\t\t\t\t<a aria-label=\"View Simon ROSEAU profile\" href=\"javascript:void(0)\" data-mfp-src=\"#ekit_team_modal_8c17533_220\" class=\"ekit-team-popup\">\n\t\t\t\t\t\tSimon ROSEAU\t\t\t\t\t\t<\/a>\n\t\t\t\t\t\t\t\t\t\t\t<\/h2>\n\t\t\t\t\t<p class=\"profile-designation\">MKDE Ost\u00e9opathe D.O.<\/p>\n\t\t\t\t\t\t\t\t\t<\/div><!-- .profile-body END -->\n\n\t\t\t\t\t\t\t\t<\/div>\n\t\t\t\t\t\t\t\n\t\t\t\n\t\t\t\t\t<div class=\"zoom-anim-dialog mfp-hide elementskit-team-popup team-popup-id-8c17533\" id=\"ekit_team_modal_8c17533_220\" tabindex=\"-1\" role=\"dialog\" aria-modal=\"true\">\n\t\t\t\t<div class=\"modal-dialog modal-dialog-centered\" role=\"document\">\n\t\t\t\t\t<div class=\"modal-content\">\n\t\t\t\t\t\t<button type=\"button\" class=\"ekit-team-modal-close\">\n\t\t\t\t\t\t\t<svg aria-hidden=\"true\" class=\"e-font-icon-svg e-fas-times\" viewBox=\"0 0 352 512\" xmlns=\"http:\/\/www.w3.org\/2000\/svg\"><path d=\"M242.72 256l100.07-100.07c12.28-12.28 12.28-32.19 0-44.48l-22.24-22.24c-12.28-12.28-32.19-12.28-44.48 0L176 189.28 75.93 89.21c-12.28-12.28-32.19-12.28-44.48 0L9.21 111.45c-12.28 12.28-12.28 32.19 0 44.48L109.28 256 9.21 356.07c-12.28 12.28-12.28 32.19 0 44.48l22.24 22.24c12.28 12.28 32.2 12.28 44.48 0L176 322.72l100.07 100.07c12.28 12.28 32.2 12.28 44.48 0l22.24-22.24c12.28-12.28 12.28-32.19 0-44.48L242.72 256z\"><\/path><\/svg>\t\t\t\t\t\t<\/button>\n\n\t\t\t\t\t\t<div class=\"modal-body\">\n\t\t\t\t\t\t\t\t\t\t\t\t\t\t\t<div class=\"ekit-team-modal-img\">\n\t\t\t\t\t\t\t\t\t<img loading=\"lazy\" decoding=\"async\" width=\"400\" height=\"400\" src=\"https:\/\/preprod.osteopathie-auvergne.fr\/wp-content\/uploads\/2026\/08\/Simon-ROSEAU-1.jpg\" class=\"attachment-large size-large wp-image-3250\" alt=\"\" srcset=\"https:\/\/preprod.osteopathie-auvergne.fr\/wp-content\/uploads\/2026\/08\/Simon-ROSEAU-1.jpg 400w, https:\/\/preprod.osteopathie-auvergne.fr\/wp-content\/uploads\/2026\/08\/Simon-ROSEAU-1-300x300.jpg 300w, https:\/\/preprod.osteopathie-auvergne.fr\/wp-content\/uploads\/2026\/08\/Simon-ROSEAU-1-150x150.jpg 150w\" sizes=\"(max-width: 400px) 100vw, 400px\" \/>\t\t\t\t\t\t\t\t<\/div>\n\t\t\t\t\t\t\t\n\t\t\t\t\t\t\t<div class=\"ekit-team-modal-info has-img\">\n\t\t\t\t\t\t\t\t<h2 class=\"ekit-team-modal-title\">Simon ROSEAU<\/h2>\n\t\t\t\t\t\t\t\t<p class=\"ekit-team-modal-position\">MKDE Ost\u00e9opathe D.O.<\/p>\n\n\t\t\t\t\t\t\t\t<div class=\"ekit-team-modal-content\">\n\t\t\t\t\t\t\t\t\tSimon ROSEAU Titulaire d\u2019un dipl\u00f4me de masseur-kin\u00e9sith\u00e9rapeute (2013 IFMK Vichy) et d\u2019un dipl\u00f4me en ost\u00e9opathie (2018 IFSO Vichy \u2013 Clermont-Ferrand). Simon exerce en tant qu\u2019Ost\u00e9opathe lib\u00e9ral dans le centre-ville de Clermont-Ferrand. Ayant travaill\u00e9 dans diff\u00e9rentes structures, telles que de la clinique ou en cabinet para m\u00e9dical avec la double casquette, il intervient dor\u00e9navant en tant qu\u2019ost\u00e9opathe exclusif dans le projet p\u00e9dagogique de l\u2019IFSO Vichy \u2013 Clermont-Ferrand. Il est \u00e9galement coordinateur p\u00e9dagogique des PCEO2 DE\t\t\t\t\t\t\t\t<\/div>\n\n\t\t\t\t\t\t\t\t\n\t\t\t\t\t\t\t\t\t\t\t\t\t\t\t<\/div>\n\t\t\t\t\t\t<\/div>\n\t\t\t\t\t<\/div>\n\t\t\t\t<\/div>\n\t\t\t<\/div>\n\t\t\t\t<\/div>\t\t\t\t<\/div>\n\t\t\t\t<\/div>\n\t\t\t\t<div class=\"elementor-element elementor-element-8597122 elementor-widget elementor-widget-elementskit-team\" data-id=\"8597122\" data-element_type=\"widget\" data-e-type=\"widget\" data-widget_type=\"elementskit-team.default\">\n\t\t\t\t<div class=\"elementor-widget-container\">\n\t\t\t\t\t<div class=\"ekit-wid-con\">\t\t\t\t\t\t\t\t\n\t\t<div class=\"profile-card elementor-animation- text-center ekit-team-style-default\">\n\t\t\t\t\t\t\t<a aria-label=\"View Amaury VILLEBASSE profile\" href=\"javascript:void(0)\" data-mfp-src=\"#ekit_team_modal_8597122_220\" class=\"ekit-team-popup\">\n\t\t\t\n\t\t\t\t<div class=\"profile-header ekit-team-img ekit-img-overlay ekit-team-img-block\"  data-toggle=\"modal\" data-target=\"ekit_team_modal_#8597122_220\" >\n\t\t\t\t\t<img loading=\"lazy\" decoding=\"async\" width=\"400\" height=\"400\" src=\"https:\/\/preprod.osteopathie-auvergne.fr\/wp-content\/uploads\/2026\/08\/Amaury-VILLEBASSE-1.jpg\" class=\"attachment-large size-large wp-image-3260\" alt=\"\" srcset=\"https:\/\/preprod.osteopathie-auvergne.fr\/wp-content\/uploads\/2026\/08\/Amaury-VILLEBASSE-1.jpg 400w, https:\/\/preprod.osteopathie-auvergne.fr\/wp-content\/uploads\/2026\/08\/Amaury-VILLEBASSE-1-300x300.jpg 300w, https:\/\/preprod.osteopathie-auvergne.fr\/wp-content\/uploads\/2026\/08\/Amaury-VILLEBASSE-1-150x150.jpg 150w\" sizes=\"(max-width: 400px) 100vw, 400px\" \/>\t\t\t\t<\/div><!-- .profile-header END -->\n\t\t\t\t\t\t\t<\/a>\n\t\t\t\n\n\t\t\t\t<div class=\"profile-body\">\n\t\t\t\t\t\n\t\t\t\t\t<h2 class=\"profile-title\">\n\t\t\t\t\t\t\t\t\t\t\t<a aria-label=\"View Amaury VILLEBASSE profile\" href=\"javascript:void(0)\" data-mfp-src=\"#ekit_team_modal_8597122_220\" class=\"ekit-team-popup\">\n\t\t\t\t\t\tAmaury VILLEBASSE\t\t\t\t\t\t<\/a>\n\t\t\t\t\t\t\t\t\t\t\t<\/h2>\n\t\t\t\t\t<p class=\"profile-designation\">Ost\u00e9opathe D.O.<\/p>\n\t\t\t\t\t\t\t\t\t<\/div><!-- .profile-body END -->\n\n\t\t\t\t\t\t\t\t<\/div>\n\t\t\t\t\t\t\t\n\t\t\t\n\t\t\t\t\t<div class=\"zoom-anim-dialog mfp-hide elementskit-team-popup team-popup-id-8597122\" id=\"ekit_team_modal_8597122_220\" tabindex=\"-1\" role=\"dialog\" aria-modal=\"true\">\n\t\t\t\t<div class=\"modal-dialog modal-dialog-centered\" role=\"document\">\n\t\t\t\t\t<div class=\"modal-content\">\n\t\t\t\t\t\t<button type=\"button\" class=\"ekit-team-modal-close\">\n\t\t\t\t\t\t\t<svg aria-hidden=\"true\" class=\"e-font-icon-svg e-fas-times\" viewBox=\"0 0 352 512\" xmlns=\"http:\/\/www.w3.org\/2000\/svg\"><path d=\"M242.72 256l100.07-100.07c12.28-12.28 12.28-32.19 0-44.48l-22.24-22.24c-12.28-12.28-32.19-12.28-44.48 0L176 189.28 75.93 89.21c-12.28-12.28-32.19-12.28-44.48 0L9.21 111.45c-12.28 12.28-12.28 32.19 0 44.48L109.28 256 9.21 356.07c-12.28 12.28-12.28 32.19 0 44.48l22.24 22.24c12.28 12.28 32.2 12.28 44.48 0L176 322.72l100.07 100.07c12.28 12.28 32.2 12.28 44.48 0l22.24-22.24c12.28-12.28 12.28-32.19 0-44.48L242.72 256z\"><\/path><\/svg>\t\t\t\t\t\t<\/button>\n\n\t\t\t\t\t\t<div class=\"modal-body\">\n\t\t\t\t\t\t\t\t\t\t\t\t\t\t\t<div class=\"ekit-team-modal-img\">\n\t\t\t\t\t\t\t\t\t<img loading=\"lazy\" decoding=\"async\" width=\"400\" height=\"400\" src=\"https:\/\/preprod.osteopathie-auvergne.fr\/wp-content\/uploads\/2026\/08\/Amaury-VILLEBASSE-1.jpg\" class=\"attachment-large size-large wp-image-3260\" alt=\"\" srcset=\"https:\/\/preprod.osteopathie-auvergne.fr\/wp-content\/uploads\/2026\/08\/Amaury-VILLEBASSE-1.jpg 400w, https:\/\/preprod.osteopathie-auvergne.fr\/wp-content\/uploads\/2026\/08\/Amaury-VILLEBASSE-1-300x300.jpg 300w, https:\/\/preprod.osteopathie-auvergne.fr\/wp-content\/uploads\/2026\/08\/Amaury-VILLEBASSE-1-150x150.jpg 150w\" sizes=\"(max-width: 400px) 100vw, 400px\" \/>\t\t\t\t\t\t\t\t<\/div>\n\t\t\t\t\t\t\t\n\t\t\t\t\t\t\t<div class=\"ekit-team-modal-info has-img\">\n\t\t\t\t\t\t\t\t<h2 class=\"ekit-team-modal-title\">Amaury VILLEBASSE<\/h2>\n\t\t\t\t\t\t\t\t<p class=\"ekit-team-modal-position\">Ost\u00e9opathe D.O.<\/p>\n\n\t\t\t\t\t\t\t\t<div class=\"ekit-team-modal-content\">\n\t\t\t\t\t\t\t\t\tA venir | Coordinateur p\u00e9dagogique des DCEO1\t\t\t\t\t\t\t\t<\/div>\n\n\t\t\t\t\t\t\t\t\n\t\t\t\t\t\t\t\t\t\t\t\t\t\t\t<\/div>\n\t\t\t\t\t\t<\/div>\n\t\t\t\t\t<\/div>\n\t\t\t\t<\/div>\n\t\t\t<\/div>\n\t\t\t\t<\/div>\t\t\t\t<\/div>\n\t\t\t\t<\/div>\n\t\t\t\t<\/div>\n\t\t\t\t\t<\/div>\n\t\t\t\t<\/div>\n\t\t<div class=\"elementor-element elementor-element-e15ca5f e-flex e-con-boxed wpr-particle-no wpr-jarallax-no wpr-parallax-no wpr-sticky-section-no wpr-column-slider-no wpr-equal-height-no e-con e-parent\" data-id=\"e15ca5f\" data-element_type=\"container\" data-e-type=\"container\">\n\t\t\t\t\t<div class=\"e-con-inner\">\n\t\t\t\t<div class=\"elementor-element elementor-element-153040b elementor-widget elementor-widget-elementskit-heading\" data-id=\"153040b\" data-element_type=\"widget\" data-e-type=\"widget\" data-widget_type=\"elementskit-heading.default\">\n\t\t\t\t\t<div class=\"ekit-wid-con\" ><div class=\"ekit-heading elementskit-section-title-wraper text_center   ekit_heading_tablet-   ekit_heading_mobile-\"><h2 class=\"ekit-heading--title elementskit-section-title \">Les formateurs<\/h2><\/div><\/div>\t\t\t\t<\/div>\n\t\t<div class=\"elementor-element elementor-element-9f1b45d e-con-full e-grid wpr-particle-no wpr-jarallax-no wpr-parallax-no wpr-sticky-section-no wpr-column-slider-no wpr-equal-height-no e-con e-child\" data-id=\"9f1b45d\" data-element_type=\"container\" data-e-type=\"container\">\n\t\t\t\t<div class=\"elementor-element elementor-element-4ff3381 elementor-widget elementor-widget-elementskit-team\" data-id=\"4ff3381\" data-element_type=\"widget\" data-e-type=\"widget\" data-widget_type=\"elementskit-team.default\">\n\t\t\t\t<div class=\"elementor-widget-container\">\n\t\t\t\t\t<div class=\"ekit-wid-con\">\t\t\t\t\t\t\t\t\n\t\t<div class=\"profile-card elementor-animation- text-center ekit-team-style-default\">\n\t\t\t\t\t\t\t<a aria-label=\"View Mathieu ABBOT profile\" href=\"javascript:void(0)\" data-mfp-src=\"#ekit_team_modal_4ff3381_220\" class=\"ekit-team-popup\">\n\t\t\t\n\t\t\t\t<div class=\"profile-header ekit-team-img ekit-img-overlay ekit-team-img-block\"  data-toggle=\"modal\" data-target=\"ekit_team_modal_#4ff3381_220\" >\n\t\t\t\t\t<img loading=\"lazy\" decoding=\"async\" width=\"400\" height=\"400\" src=\"https:\/\/preprod.osteopathie-auvergne.fr\/wp-content\/uploads\/2026\/08\/Mathieu-ABBOT-IFSO-Vichy-CFD-1.jpg\" class=\"attachment-large size-large wp-image-3186\" alt=\"\" srcset=\"https:\/\/preprod.osteopathie-auvergne.fr\/wp-content\/uploads\/2026\/08\/Mathieu-ABBOT-IFSO-Vichy-CFD-1.jpg 400w, https:\/\/preprod.osteopathie-auvergne.fr\/wp-content\/uploads\/2026\/08\/Mathieu-ABBOT-IFSO-Vichy-CFD-1-300x300.jpg 300w, https:\/\/preprod.osteopathie-auvergne.fr\/wp-content\/uploads\/2026\/08\/Mathieu-ABBOT-IFSO-Vichy-CFD-1-150x150.jpg 150w\" sizes=\"(max-width: 400px) 100vw, 400px\" \/>\t\t\t\t<\/div><!-- .profile-header END -->\n\t\t\t\t\t\t\t<\/a>\n\t\t\t\n\n\t\t\t\t<div class=\"profile-body\">\n\t\t\t\t\t\n\t\t\t\t\t<h2 class=\"profile-title\">\n\t\t\t\t\t\t\t\t\t\t\t<a aria-label=\"View Mathieu ABBOT profile\" href=\"javascript:void(0)\" data-mfp-src=\"#ekit_team_modal_4ff3381_220\" class=\"ekit-team-popup\">\n\t\t\t\t\t\tMathieu ABBOT\t\t\t\t\t\t<\/a>\n\t\t\t\t\t\t\t\t\t\t\t<\/h2>\n\t\t\t\t\t<p class=\"profile-designation\"><\/p>\n\t\t\t\t\t\t\t\t\t<\/div><!-- .profile-body END -->\n\n\t\t\t\t\t\t\t\t<\/div>\n\t\t\t\t\t\t\t\n\t\t\t\n\t\t\t\t\t<div class=\"zoom-anim-dialog mfp-hide elementskit-team-popup team-popup-id-4ff3381\" id=\"ekit_team_modal_4ff3381_220\" tabindex=\"-1\" role=\"dialog\" aria-modal=\"true\">\n\t\t\t\t<div class=\"modal-dialog modal-dialog-centered\" role=\"document\">\n\t\t\t\t\t<div class=\"modal-content\">\n\t\t\t\t\t\t<button type=\"button\" class=\"ekit-team-modal-close\">\n\t\t\t\t\t\t\t<svg aria-hidden=\"true\" class=\"e-font-icon-svg e-fas-times\" viewBox=\"0 0 352 512\" xmlns=\"http:\/\/www.w3.org\/2000\/svg\"><path d=\"M242.72 256l100.07-100.07c12.28-12.28 12.28-32.19 0-44.48l-22.24-22.24c-12.28-12.28-32.19-12.28-44.48 0L176 189.28 75.93 89.21c-12.28-12.28-32.19-12.28-44.48 0L9.21 111.45c-12.28 12.28-12.28 32.19 0 44.48L109.28 256 9.21 356.07c-12.28 12.28-12.28 32.19 0 44.48l22.24 22.24c12.28 12.28 32.2 12.28 44.48 0L176 322.72l100.07 100.07c12.28 12.28 32.2 12.28 44.48 0l22.24-22.24c12.28-12.28 12.28-32.19 0-44.48L242.72 256z\"><\/path><\/svg>\t\t\t\t\t\t<\/button>\n\n\t\t\t\t\t\t<div class=\"modal-body\">\n\t\t\t\t\t\t\t\t\t\t\t\t\t\t\t<div class=\"ekit-team-modal-img\">\n\t\t\t\t\t\t\t\t\t<img loading=\"lazy\" decoding=\"async\" width=\"400\" height=\"400\" src=\"https:\/\/preprod.osteopathie-auvergne.fr\/wp-content\/uploads\/2026\/08\/Mathieu-ABBOT-IFSO-Vichy-CFD-1.jpg\" class=\"attachment-large size-large wp-image-3186\" alt=\"\" srcset=\"https:\/\/preprod.osteopathie-auvergne.fr\/wp-content\/uploads\/2026\/08\/Mathieu-ABBOT-IFSO-Vichy-CFD-1.jpg 400w, https:\/\/preprod.osteopathie-auvergne.fr\/wp-content\/uploads\/2026\/08\/Mathieu-ABBOT-IFSO-Vichy-CFD-1-300x300.jpg 300w, https:\/\/preprod.osteopathie-auvergne.fr\/wp-content\/uploads\/2026\/08\/Mathieu-ABBOT-IFSO-Vichy-CFD-1-150x150.jpg 150w\" sizes=\"(max-width: 400px) 100vw, 400px\" \/>\t\t\t\t\t\t\t\t<\/div>\n\t\t\t\t\t\t\t\n\t\t\t\t\t\t\t<div class=\"ekit-team-modal-info has-img\">\n\t\t\t\t\t\t\t\t<h2 class=\"ekit-team-modal-title\">Mathieu ABBOT<\/h2>\n\t\t\t\t\t\t\t\t<p class=\"ekit-team-modal-position\"><\/p>\n\n\t\t\t\t\t\t\t\t<div class=\"ekit-team-modal-content\">\n\t\t\t\t\t\t\t\t\tMasseur-kin\u00e9sith\u00e9rapeute et ost\u00e9opathe install\u00e9 en lib\u00e9ral depuis plus de vingt-cinq ans, Brice AUBRY est suis passionn\u00e9 par la th\u00e9rapie manuelle et son approche globale du corps.\nForm\u00e9 pendant de nombreuses ann\u00e9es aupr\u00e8s de Raymond Sohier, puis dipl\u00f4m\u00e9 de l\u2019IFSO Vichy \u2013 Clermont-Ferrand, il a toujours cherch\u00e9 \u00e0 approfondir sa compr\u00e9hension du mouvement et de l\u2019\u00e9quilibre postural.\nSportif dans l\u2019\u00e2me, Brice accompagne aujourd\u2019hui aussi bien des athl\u00e8tes professionnels que des sportifs amateurs dans leur pratique, leur r\u00e9cup\u00e9ration et leur recherche de performance.\t\t\t\t\t\t\t\t<\/div>\n\n\t\t\t\t\t\t\t\t\n\t\t\t\t\t\t\t\t\t\t\t\t\t\t\t<\/div>\n\t\t\t\t\t\t<\/div>\n\t\t\t\t\t<\/div>\n\t\t\t\t<\/div>\n\t\t\t<\/div>\n\t\t\t\t<\/div>\t\t\t\t<\/div>\n\t\t\t\t<\/div>\n\t\t\t\t<div class=\"elementor-element elementor-element-5a759e9 elementor-widget elementor-widget-elementskit-team\" data-id=\"5a759e9\" data-element_type=\"widget\" data-e-type=\"widget\" data-widget_type=\"elementskit-team.default\">\n\t\t\t\t<div class=\"elementor-widget-container\">\n\t\t\t\t\t<div class=\"ekit-wid-con\">\t\t\t\t\t\t\t\t\n\t\t<div class=\"profile-card elementor-animation- text-center ekit-team-style-default\">\n\t\t\t\t\t\t\t<a aria-label=\"View Brice Aubry profile\" href=\"javascript:void(0)\" data-mfp-src=\"#ekit_team_modal_5a759e9_220\" class=\"ekit-team-popup\">\n\t\t\t\n\t\t\t\t<div class=\"profile-header ekit-team-img ekit-img-overlay ekit-team-img-block\"  data-toggle=\"modal\" data-target=\"ekit_team_modal_#5a759e9_220\" >\n\t\t\t\t\t<img loading=\"lazy\" decoding=\"async\" width=\"400\" height=\"400\" src=\"https:\/\/preprod.osteopathie-auvergne.fr\/wp-content\/uploads\/2026\/08\/brice-aubry.jpg\" class=\"attachment-large size-large wp-image-3158\" alt=\"\" srcset=\"https:\/\/preprod.osteopathie-auvergne.fr\/wp-content\/uploads\/2026\/08\/brice-aubry.jpg 400w, https:\/\/preprod.osteopathie-auvergne.fr\/wp-content\/uploads\/2026\/08\/brice-aubry-300x300.jpg 300w, https:\/\/preprod.osteopathie-auvergne.fr\/wp-content\/uploads\/2026\/08\/brice-aubry-150x150.jpg 150w\" sizes=\"(max-width: 400px) 100vw, 400px\" \/>\t\t\t\t<\/div><!-- .profile-header END -->\n\t\t\t\t\t\t\t<\/a>\n\t\t\t\n\n\t\t\t\t<div class=\"profile-body\">\n\t\t\t\t\t\n\t\t\t\t\t<h2 class=\"profile-title\">\n\t\t\t\t\t\t\t\t\t\t\t<a aria-label=\"View Brice Aubry profile\" href=\"javascript:void(0)\" data-mfp-src=\"#ekit_team_modal_5a759e9_220\" class=\"ekit-team-popup\">\n\t\t\t\t\t\tBrice Aubry\t\t\t\t\t\t<\/a>\n\t\t\t\t\t\t\t\t\t\t\t<\/h2>\n\t\t\t\t\t<p class=\"profile-designation\"><\/p>\n\t\t\t\t\t\t\t\t\t<\/div><!-- .profile-body END -->\n\n\t\t\t\t\t\t\t\t<\/div>\n\t\t\t\t\t\t\t\n\t\t\t\n\t\t\t\t\t<div class=\"zoom-anim-dialog mfp-hide elementskit-team-popup team-popup-id-5a759e9\" id=\"ekit_team_modal_5a759e9_220\" tabindex=\"-1\" role=\"dialog\" aria-modal=\"true\">\n\t\t\t\t<div class=\"modal-dialog modal-dialog-centered\" role=\"document\">\n\t\t\t\t\t<div class=\"modal-content\">\n\t\t\t\t\t\t<button type=\"button\" class=\"ekit-team-modal-close\">\n\t\t\t\t\t\t\t<svg aria-hidden=\"true\" class=\"e-font-icon-svg e-fas-times\" viewBox=\"0 0 352 512\" xmlns=\"http:\/\/www.w3.org\/2000\/svg\"><path d=\"M242.72 256l100.07-100.07c12.28-12.28 12.28-32.19 0-44.48l-22.24-22.24c-12.28-12.28-32.19-12.28-44.48 0L176 189.28 75.93 89.21c-12.28-12.28-32.19-12.28-44.48 0L9.21 111.45c-12.28 12.28-12.28 32.19 0 44.48L109.28 256 9.21 356.07c-12.28 12.28-12.28 32.19 0 44.48l22.24 22.24c12.28 12.28 32.2 12.28 44.48 0L176 322.72l100.07 100.07c12.28 12.28 32.2 12.28 44.48 0l22.24-22.24c12.28-12.28 12.28-32.19 0-44.48L242.72 256z\"><\/path><\/svg>\t\t\t\t\t\t<\/button>\n\n\t\t\t\t\t\t<div class=\"modal-body\">\n\t\t\t\t\t\t\t\t\t\t\t\t\t\t\t<div class=\"ekit-team-modal-img\">\n\t\t\t\t\t\t\t\t\t<img loading=\"lazy\" decoding=\"async\" width=\"400\" height=\"400\" src=\"https:\/\/preprod.osteopathie-auvergne.fr\/wp-content\/uploads\/2026\/08\/brice-aubry.jpg\" class=\"attachment-large size-large wp-image-3158\" alt=\"\" srcset=\"https:\/\/preprod.osteopathie-auvergne.fr\/wp-content\/uploads\/2026\/08\/brice-aubry.jpg 400w, https:\/\/preprod.osteopathie-auvergne.fr\/wp-content\/uploads\/2026\/08\/brice-aubry-300x300.jpg 300w, https:\/\/preprod.osteopathie-auvergne.fr\/wp-content\/uploads\/2026\/08\/brice-aubry-150x150.jpg 150w\" sizes=\"(max-width: 400px) 100vw, 400px\" \/>\t\t\t\t\t\t\t\t<\/div>\n\t\t\t\t\t\t\t\n\t\t\t\t\t\t\t<div class=\"ekit-team-modal-info has-img\">\n\t\t\t\t\t\t\t\t<h2 class=\"ekit-team-modal-title\">Brice Aubry<\/h2>\n\t\t\t\t\t\t\t\t<p class=\"ekit-team-modal-position\"><\/p>\n\n\t\t\t\t\t\t\t\t<div class=\"ekit-team-modal-content\">\n\t\t\t\t\t\t\t\t\tMasseur-kin\u00e9sith\u00e9rapeute et ost\u00e9opathe install\u00e9 en lib\u00e9ral depuis plus de vingt-cinq ans, Brice AUBRY est suis passionn\u00e9 par la th\u00e9rapie manuelle et son approche globale du corps.\nForm\u00e9 pendant de nombreuses ann\u00e9es aupr\u00e8s de Raymond Sohier, puis dipl\u00f4m\u00e9 de l\u2019IFSO Vichy \u2013 Clermont-Ferrand, il a toujours cherch\u00e9 \u00e0 approfondir sa compr\u00e9hension du mouvement et de l\u2019\u00e9quilibre postural.\nSportif dans l\u2019\u00e2me, Brice accompagne aujourd\u2019hui aussi bien des athl\u00e8tes professionnels que des sportifs amateurs dans leur pratique, leur r\u00e9cup\u00e9ration et leur recherche de performance.\t\t\t\t\t\t\t\t<\/div>\n\n\t\t\t\t\t\t\t\t\n\t\t\t\t\t\t\t\t\t\t\t\t\t\t\t<\/div>\n\t\t\t\t\t\t<\/div>\n\t\t\t\t\t<\/div>\n\t\t\t\t<\/div>\n\t\t\t<\/div>\n\t\t\t\t<\/div>\t\t\t\t<\/div>\n\t\t\t\t<\/div>\n\t\t\t\t<div class=\"elementor-element elementor-element-cc7d89e elementor-widget elementor-widget-elementskit-team\" data-id=\"cc7d89e\" data-element_type=\"widget\" data-e-type=\"widget\" data-widget_type=\"elementskit-team.default\">\n\t\t\t\t<div class=\"elementor-widget-container\">\n\t\t\t\t\t<div class=\"ekit-wid-con\">\t\t\t\t\t\t\t\t\n\t\t<div class=\"profile-card elementor-animation- text-center ekit-team-style-default\">\n\t\t\t\t\t\t\t<a aria-label=\"View Rapha\u00eblle AUDOLLENT profile\" href=\"javascript:void(0)\" data-mfp-src=\"#ekit_team_modal_cc7d89e_220\" class=\"ekit-team-popup\">\n\t\t\t\n\t\t\t\t<div class=\"profile-header ekit-team-img ekit-img-overlay ekit-team-img-block\"  data-toggle=\"modal\" data-target=\"ekit_team_modal_#cc7d89e_220\" >\n\t\t\t\t\t<img loading=\"lazy\" decoding=\"async\" width=\"400\" height=\"400\" src=\"https:\/\/preprod.osteopathie-auvergne.fr\/wp-content\/uploads\/2026\/08\/Raphaelle-AUDOLLENT.jpg\" class=\"attachment-large size-large wp-image-3245\" alt=\"\" srcset=\"https:\/\/preprod.osteopathie-auvergne.fr\/wp-content\/uploads\/2026\/08\/Raphaelle-AUDOLLENT.jpg 400w, https:\/\/preprod.osteopathie-auvergne.fr\/wp-content\/uploads\/2026\/08\/Raphaelle-AUDOLLENT-300x300.jpg 300w, https:\/\/preprod.osteopathie-auvergne.fr\/wp-content\/uploads\/2026\/08\/Raphaelle-AUDOLLENT-150x150.jpg 150w\" sizes=\"(max-width: 400px) 100vw, 400px\" \/>\t\t\t\t<\/div><!-- .profile-header END -->\n\t\t\t\t\t\t\t<\/a>\n\t\t\t\n\n\t\t\t\t<div class=\"profile-body\">\n\t\t\t\t\t\n\t\t\t\t\t<h2 class=\"profile-title\">\n\t\t\t\t\t\t\t\t\t\t\t<a aria-label=\"View Rapha\u00eblle AUDOLLENT profile\" href=\"javascript:void(0)\" data-mfp-src=\"#ekit_team_modal_cc7d89e_220\" class=\"ekit-team-popup\">\n\t\t\t\t\t\tRapha\u00eblle AUDOLLENT\t\t\t\t\t\t<\/a>\n\t\t\t\t\t\t\t\t\t\t\t<\/h2>\n\t\t\t\t\t<p class=\"profile-designation\"><\/p>\n\t\t\t\t\t\t\t\t\t<\/div><!-- .profile-body END -->\n\n\t\t\t\t\t\t\t\t<\/div>\n\t\t\t\t\t\t\t\n\t\t\t\n\t\t\t\t\t<div class=\"zoom-anim-dialog mfp-hide elementskit-team-popup team-popup-id-cc7d89e\" id=\"ekit_team_modal_cc7d89e_220\" tabindex=\"-1\" role=\"dialog\" aria-modal=\"true\">\n\t\t\t\t<div class=\"modal-dialog modal-dialog-centered\" role=\"document\">\n\t\t\t\t\t<div class=\"modal-content\">\n\t\t\t\t\t\t<button type=\"button\" class=\"ekit-team-modal-close\">\n\t\t\t\t\t\t\t<svg aria-hidden=\"true\" class=\"e-font-icon-svg e-fas-times\" viewBox=\"0 0 352 512\" xmlns=\"http:\/\/www.w3.org\/2000\/svg\"><path d=\"M242.72 256l100.07-100.07c12.28-12.28 12.28-32.19 0-44.48l-22.24-22.24c-12.28-12.28-32.19-12.28-44.48 0L176 189.28 75.93 89.21c-12.28-12.28-32.19-12.28-44.48 0L9.21 111.45c-12.28 12.28-12.28 32.19 0 44.48L109.28 256 9.21 356.07c-12.28 12.28-12.28 32.19 0 44.48l22.24 22.24c12.28 12.28 32.2 12.28 44.48 0L176 322.72l100.07 100.07c12.28 12.28 32.2 12.28 44.48 0l22.24-22.24c12.28-12.28 12.28-32.19 0-44.48L242.72 256z\"><\/path><\/svg>\t\t\t\t\t\t<\/button>\n\n\t\t\t\t\t\t<div class=\"modal-body\">\n\t\t\t\t\t\t\t\t\t\t\t\t\t\t\t<div class=\"ekit-team-modal-img\">\n\t\t\t\t\t\t\t\t\t<img loading=\"lazy\" decoding=\"async\" width=\"400\" height=\"400\" src=\"https:\/\/preprod.osteopathie-auvergne.fr\/wp-content\/uploads\/2026\/08\/Raphaelle-AUDOLLENT.jpg\" class=\"attachment-large size-large wp-image-3245\" alt=\"\" srcset=\"https:\/\/preprod.osteopathie-auvergne.fr\/wp-content\/uploads\/2026\/08\/Raphaelle-AUDOLLENT.jpg 400w, https:\/\/preprod.osteopathie-auvergne.fr\/wp-content\/uploads\/2026\/08\/Raphaelle-AUDOLLENT-300x300.jpg 300w, https:\/\/preprod.osteopathie-auvergne.fr\/wp-content\/uploads\/2026\/08\/Raphaelle-AUDOLLENT-150x150.jpg 150w\" sizes=\"(max-width: 400px) 100vw, 400px\" \/>\t\t\t\t\t\t\t\t<\/div>\n\t\t\t\t\t\t\t\n\t\t\t\t\t\t\t<div class=\"ekit-team-modal-info has-img\">\n\t\t\t\t\t\t\t\t<h2 class=\"ekit-team-modal-title\">Rapha\u00eblle AUDOLLENT<\/h2>\n\t\t\t\t\t\t\t\t<p class=\"ekit-team-modal-position\"><\/p>\n\n\t\t\t\t\t\t\t\t<div class=\"ekit-team-modal-content\">\n\t\t\t\t\t\t\t\t\tM\u00e9decin dipl\u00f4m\u00e9e d\u2019un doctorat de m\u00e9decine avec Prix de th\u00e8se Paris VI en 2011, d\u2019un DES de chirurgie g\u00e9n\u00e9rale en 2011 puis d\u2019un DESC de chirurgie visc\u00e9rale et digestive en 2014.\nRapha\u00eblle AUDOLLENT est aussi titulaire d\u2019un Master 2 Recherche de Sciences chirurgicales Parcours canc\u00e9rologie \u00e0 Paris XI pour lequel elle a obtenu le Prix du chirurgien de l\u2019Avenir en 2010.\nElle a exerc\u00e9 \u00e0 l\u2019H\u00f4pital Lariboisi\u00e8re, \u00e0 l\u2019Institut Curie, \u00e0 l\u2019H\u00f4pital Bichat, \u00e0 l\u2019H\u00f4pital Foch et pendant 7 ans \u00e0 la Clinique Mutualiste de Bretagne Occidentale de Quimper.\nLa pratique de la chirurgie de l\u2019Ob\u00e9sit\u00e9 l\u2019a convaincu de la puissance de la prise en charge pluridisciplinaire et de la pr\u00e9vention, c\u2019est pourquoi elle exerce dor\u00e9navant en tant que m\u00e9decin de pr\u00e9vention et de promotion de la sant\u00e9 au sein de l\u2019\u00c9ducation Nationale.\nSes domaines d\u2019expertise sont la pathologie digestive, la canc\u00e9rologie et la chirurgie de l\u2019Ob\u00e9sit\u00e9 mais aussi la relation th\u00e9rapeutique puisqu\u2019elle est titulaire depuis 2024 du dipl\u00f4me de Praticien de la pr\u00e9sence th\u00e9rapeutique, Bruxelles. Son bagage scientifique est mis au service de l\u2019humain.\nRapha\u00eblle int\u00e8gre l\u2019\u00e9quipe p\u00e9dagogique de l\u2019IFSO Vichy \u2013 Clermont-Ferrand, au sein de laquelle elle anime les cours de s\u00e9miologie digestive et ainsi elle participe \u00e0 la transmission d\u2019une meilleure compr\u00e9hension de la pathologie digestive et de son traitement pour que les acteurs du parcours de soins que sont les ost\u00e9opathes accompagnent leur patient.\t\t\t\t\t\t\t\t<\/div>\n\n\t\t\t\t\t\t\t\t\n\t\t\t\t\t\t\t\t\t\t\t\t\t\t\t<\/div>\n\t\t\t\t\t\t<\/div>\n\t\t\t\t\t<\/div>\n\t\t\t\t<\/div>\n\t\t\t<\/div>\n\t\t\t\t<\/div>\t\t\t\t<\/div>\n\t\t\t\t<\/div>\n\t\t\t\t<div class=\"elementor-element elementor-element-2c8517b elementor-widget elementor-widget-elementskit-team\" data-id=\"2c8517b\" data-element_type=\"widget\" data-e-type=\"widget\" data-widget_type=\"elementskit-team.default\">\n\t\t\t\t<div class=\"elementor-widget-container\">\n\t\t\t\t\t<div class=\"ekit-wid-con\">\t\t\t\t\t\t\t\t\n\t\t<div class=\"profile-card elementor-animation- text-center ekit-team-style-default\">\n\t\t\t\t\t\t\t<a aria-label=\"View Pauline BECAUD profile\" href=\"javascript:void(0)\" data-mfp-src=\"#ekit_team_modal_2c8517b_220\" class=\"ekit-team-popup\">\n\t\t\t\n\t\t\t\t<div class=\"profile-header ekit-team-img ekit-img-overlay ekit-team-img-block\"  data-toggle=\"modal\" data-target=\"ekit_team_modal_#2c8517b_220\" >\n\t\t\t\t\t<img loading=\"lazy\" decoding=\"async\" width=\"400\" height=\"400\" src=\"https:\/\/preprod.osteopathie-auvergne.fr\/wp-content\/uploads\/2026\/08\/Pauline-BECAUD-IFSO-Vichy-CFD-1.jpg\" class=\"attachment-large size-large wp-image-3241\" alt=\"\" srcset=\"https:\/\/preprod.osteopathie-auvergne.fr\/wp-content\/uploads\/2026\/08\/Pauline-BECAUD-IFSO-Vichy-CFD-1.jpg 400w, https:\/\/preprod.osteopathie-auvergne.fr\/wp-content\/uploads\/2026\/08\/Pauline-BECAUD-IFSO-Vichy-CFD-1-300x300.jpg 300w, https:\/\/preprod.osteopathie-auvergne.fr\/wp-content\/uploads\/2026\/08\/Pauline-BECAUD-IFSO-Vichy-CFD-1-150x150.jpg 150w\" sizes=\"(max-width: 400px) 100vw, 400px\" \/>\t\t\t\t<\/div><!-- .profile-header END -->\n\t\t\t\t\t\t\t<\/a>\n\t\t\t\n\n\t\t\t\t<div class=\"profile-body\">\n\t\t\t\t\t\n\t\t\t\t\t<h2 class=\"profile-title\">\n\t\t\t\t\t\t\t\t\t\t\t<a aria-label=\"View Pauline BECAUD profile\" href=\"javascript:void(0)\" data-mfp-src=\"#ekit_team_modal_2c8517b_220\" class=\"ekit-team-popup\">\n\t\t\t\t\t\tPauline BECAUD\t\t\t\t\t\t<\/a>\n\t\t\t\t\t\t\t\t\t\t\t<\/h2>\n\t\t\t\t\t<p class=\"profile-designation\"><\/p>\n\t\t\t\t\t\t\t\t\t<\/div><!-- .profile-body END -->\n\n\t\t\t\t\t\t\t\t<\/div>\n\t\t\t\t\t\t\t\n\t\t\t\n\t\t\t\t\t<div class=\"zoom-anim-dialog mfp-hide elementskit-team-popup team-popup-id-2c8517b\" id=\"ekit_team_modal_2c8517b_220\" tabindex=\"-1\" role=\"dialog\" aria-modal=\"true\">\n\t\t\t\t<div class=\"modal-dialog modal-dialog-centered\" role=\"document\">\n\t\t\t\t\t<div class=\"modal-content\">\n\t\t\t\t\t\t<button type=\"button\" class=\"ekit-team-modal-close\">\n\t\t\t\t\t\t\t<svg aria-hidden=\"true\" class=\"e-font-icon-svg e-fas-times\" viewBox=\"0 0 352 512\" xmlns=\"http:\/\/www.w3.org\/2000\/svg\"><path d=\"M242.72 256l100.07-100.07c12.28-12.28 12.28-32.19 0-44.48l-22.24-22.24c-12.28-12.28-32.19-12.28-44.48 0L176 189.28 75.93 89.21c-12.28-12.28-32.19-12.28-44.48 0L9.21 111.45c-12.28 12.28-12.28 32.19 0 44.48L109.28 256 9.21 356.07c-12.28 12.28-12.28 32.19 0 44.48l22.24 22.24c12.28 12.28 32.2 12.28 44.48 0L176 322.72l100.07 100.07c12.28 12.28 32.2 12.28 44.48 0l22.24-22.24c12.28-12.28 12.28-32.19 0-44.48L242.72 256z\"><\/path><\/svg>\t\t\t\t\t\t<\/button>\n\n\t\t\t\t\t\t<div class=\"modal-body\">\n\t\t\t\t\t\t\t\t\t\t\t\t\t\t\t<div class=\"ekit-team-modal-img\">\n\t\t\t\t\t\t\t\t\t<img loading=\"lazy\" decoding=\"async\" width=\"400\" height=\"400\" src=\"https:\/\/preprod.osteopathie-auvergne.fr\/wp-content\/uploads\/2026\/08\/Pauline-BECAUD-IFSO-Vichy-CFD-1.jpg\" class=\"attachment-large size-large wp-image-3241\" alt=\"\" srcset=\"https:\/\/preprod.osteopathie-auvergne.fr\/wp-content\/uploads\/2026\/08\/Pauline-BECAUD-IFSO-Vichy-CFD-1.jpg 400w, https:\/\/preprod.osteopathie-auvergne.fr\/wp-content\/uploads\/2026\/08\/Pauline-BECAUD-IFSO-Vichy-CFD-1-300x300.jpg 300w, https:\/\/preprod.osteopathie-auvergne.fr\/wp-content\/uploads\/2026\/08\/Pauline-BECAUD-IFSO-Vichy-CFD-1-150x150.jpg 150w\" sizes=\"(max-width: 400px) 100vw, 400px\" \/>\t\t\t\t\t\t\t\t<\/div>\n\t\t\t\t\t\t\t\n\t\t\t\t\t\t\t<div class=\"ekit-team-modal-info has-img\">\n\t\t\t\t\t\t\t\t<h2 class=\"ekit-team-modal-title\">Pauline BECAUD<\/h2>\n\t\t\t\t\t\t\t\t<p class=\"ekit-team-modal-position\"><\/p>\n\n\t\t\t\t\t\t\t\t<div class=\"ekit-team-modal-content\">\n\t\t\t\t\t\t\t\t\t\t\t\t\t\t\t\t\t<\/div>\n\n\t\t\t\t\t\t\t\t\n\t\t\t\t\t\t\t\t\t\t\t\t\t\t\t<\/div>\n\t\t\t\t\t\t<\/div>\n\t\t\t\t\t<\/div>\n\t\t\t\t<\/div>\n\t\t\t<\/div>\n\t\t\t\t<\/div>\t\t\t\t<\/div>\n\t\t\t\t<\/div>\n\t\t\t\t<div class=\"elementor-element elementor-element-f10a9c7 elementor-widget elementor-widget-elementskit-team\" data-id=\"f10a9c7\" data-element_type=\"widget\" data-e-type=\"widget\" data-widget_type=\"elementskit-team.default\">\n\t\t\t\t<div class=\"elementor-widget-container\">\n\t\t\t\t\t<div class=\"ekit-wid-con\">\t\t\t\t\t\t\t\t\n\t\t<div class=\"profile-card elementor-animation- text-center ekit-team-style-default\">\n\t\t\t\t\t\t\t<a aria-label=\"View Yves Jean BIGNON profile\" href=\"javascript:void(0)\" data-mfp-src=\"#ekit_team_modal_f10a9c7_220\" class=\"ekit-team-popup\">\n\t\t\t\n\t\t\t\t<div class=\"profile-header ekit-team-img ekit-img-overlay ekit-team-img-block\"  data-toggle=\"modal\" data-target=\"ekit_team_modal_#f10a9c7_220\" >\n\t\t\t\t\t<img loading=\"lazy\" decoding=\"async\" width=\"400\" height=\"400\" src=\"https:\/\/preprod.osteopathie-auvergne.fr\/wp-content\/uploads\/2026\/08\/Yves-Jean-BIGNON-IFSO-Vichy-CFD-1.jpg\" class=\"attachment-large size-large wp-image-3257\" alt=\"\" srcset=\"https:\/\/preprod.osteopathie-auvergne.fr\/wp-content\/uploads\/2026\/08\/Yves-Jean-BIGNON-IFSO-Vichy-CFD-1.jpg 400w, https:\/\/preprod.osteopathie-auvergne.fr\/wp-content\/uploads\/2026\/08\/Yves-Jean-BIGNON-IFSO-Vichy-CFD-1-300x300.jpg 300w, https:\/\/preprod.osteopathie-auvergne.fr\/wp-content\/uploads\/2026\/08\/Yves-Jean-BIGNON-IFSO-Vichy-CFD-1-150x150.jpg 150w\" sizes=\"(max-width: 400px) 100vw, 400px\" \/>\t\t\t\t<\/div><!-- .profile-header END -->\n\t\t\t\t\t\t\t<\/a>\n\t\t\t\n\n\t\t\t\t<div class=\"profile-body\">\n\t\t\t\t\t\n\t\t\t\t\t<h2 class=\"profile-title\">\n\t\t\t\t\t\t\t\t\t\t\t<a aria-label=\"View Yves Jean BIGNON profile\" href=\"javascript:void(0)\" data-mfp-src=\"#ekit_team_modal_f10a9c7_220\" class=\"ekit-team-popup\">\n\t\t\t\t\t\tYves Jean BIGNON\t\t\t\t\t\t<\/a>\n\t\t\t\t\t\t\t\t\t\t\t<\/h2>\n\t\t\t\t\t<p class=\"profile-designation\"><\/p>\n\t\t\t\t\t\t\t\t\t<\/div><!-- .profile-body END -->\n\n\t\t\t\t\t\t\t\t<\/div>\n\t\t\t\t\t\t\t\n\t\t\t\n\t\t\t\t\t<div class=\"zoom-anim-dialog mfp-hide elementskit-team-popup team-popup-id-f10a9c7\" id=\"ekit_team_modal_f10a9c7_220\" tabindex=\"-1\" role=\"dialog\" aria-modal=\"true\">\n\t\t\t\t<div class=\"modal-dialog modal-dialog-centered\" role=\"document\">\n\t\t\t\t\t<div class=\"modal-content\">\n\t\t\t\t\t\t<button type=\"button\" class=\"ekit-team-modal-close\">\n\t\t\t\t\t\t\t<svg aria-hidden=\"true\" class=\"e-font-icon-svg e-fas-times\" viewBox=\"0 0 352 512\" xmlns=\"http:\/\/www.w3.org\/2000\/svg\"><path d=\"M242.72 256l100.07-100.07c12.28-12.28 12.28-32.19 0-44.48l-22.24-22.24c-12.28-12.28-32.19-12.28-44.48 0L176 189.28 75.93 89.21c-12.28-12.28-32.19-12.28-44.48 0L9.21 111.45c-12.28 12.28-12.28 32.19 0 44.48L109.28 256 9.21 356.07c-12.28 12.28-12.28 32.19 0 44.48l22.24 22.24c12.28 12.28 32.2 12.28 44.48 0L176 322.72l100.07 100.07c12.28 12.28 32.2 12.28 44.48 0l22.24-22.24c12.28-12.28 12.28-32.19 0-44.48L242.72 256z\"><\/path><\/svg>\t\t\t\t\t\t<\/button>\n\n\t\t\t\t\t\t<div class=\"modal-body\">\n\t\t\t\t\t\t\t\t\t\t\t\t\t\t\t<div class=\"ekit-team-modal-img\">\n\t\t\t\t\t\t\t\t\t<img loading=\"lazy\" decoding=\"async\" width=\"400\" height=\"400\" src=\"https:\/\/preprod.osteopathie-auvergne.fr\/wp-content\/uploads\/2026\/08\/Yves-Jean-BIGNON-IFSO-Vichy-CFD-1.jpg\" class=\"attachment-large size-large wp-image-3257\" alt=\"\" srcset=\"https:\/\/preprod.osteopathie-auvergne.fr\/wp-content\/uploads\/2026\/08\/Yves-Jean-BIGNON-IFSO-Vichy-CFD-1.jpg 400w, https:\/\/preprod.osteopathie-auvergne.fr\/wp-content\/uploads\/2026\/08\/Yves-Jean-BIGNON-IFSO-Vichy-CFD-1-300x300.jpg 300w, https:\/\/preprod.osteopathie-auvergne.fr\/wp-content\/uploads\/2026\/08\/Yves-Jean-BIGNON-IFSO-Vichy-CFD-1-150x150.jpg 150w\" sizes=\"(max-width: 400px) 100vw, 400px\" \/>\t\t\t\t\t\t\t\t<\/div>\n\t\t\t\t\t\t\t\n\t\t\t\t\t\t\t<div class=\"ekit-team-modal-info has-img\">\n\t\t\t\t\t\t\t\t<h2 class=\"ekit-team-modal-title\">Yves Jean BIGNON<\/h2>\n\t\t\t\t\t\t\t\t<p class=\"ekit-team-modal-position\"><\/p>\n\n\t\t\t\t\t\t\t\t<div class=\"ekit-team-modal-content\">\n\t\t\t\t\t\t\t\t\tYves-Jean BIGNON, est professeur des universit\u00e9s (Classe exceptionnelle) \u00e0 l\u2019Universit\u00e9 Clermont-Auvergne et Praticien hospitalier au Centre Jean Perrin de Clermont\u2013Ferrand o\u00f9 il dirige le D\u00e9partement d\u2019oncog\u00e9n\u00e9tique et le Laboratoire de Biologie M\u00e9dicale OncoG\u00e8nAuvergne sp\u00e9cialis\u00e9 dans les diagnostics de pathologie mol\u00e9culaire et d\u2019analyse consitutionnelle des g\u00e8nes impliqu\u00e9s dans les risques h\u00e9r\u00e9ditaires des cancers.\n\nYves-Jean BIGNON dirige \u00e9galement une \u00e9quipe de recherche au sein de l\u2019 UMR INSERM 1240, a publi\u00e9 plus de 300 articles dans des revues internationales \u00e0 comit\u00e9 de lecture (index H \u00e0 46).\t\t\t\t\t\t\t\t<\/div>\n\n\t\t\t\t\t\t\t\t\n\t\t\t\t\t\t\t\t\t\t\t\t\t\t\t<\/div>\n\t\t\t\t\t\t<\/div>\n\t\t\t\t\t<\/div>\n\t\t\t\t<\/div>\n\t\t\t<\/div>\n\t\t\t\t<\/div>\t\t\t\t<\/div>\n\t\t\t\t<\/div>\n\t\t\t\t<div class=\"elementor-element elementor-element-aaf8be0 elementor-widget elementor-widget-elementskit-team\" data-id=\"aaf8be0\" data-element_type=\"widget\" data-e-type=\"widget\" data-widget_type=\"elementskit-team.default\">\n\t\t\t\t<div class=\"elementor-widget-container\">\n\t\t\t\t\t<div class=\"ekit-wid-con\">\t\t\t\t\t\t\t\t\n\t\t<div class=\"profile-card elementor-animation- text-center ekit-team-style-default\">\n\t\t\t\t\t\t\t<a aria-label=\"View Magalie BLOT profile\" href=\"javascript:void(0)\" data-mfp-src=\"#ekit_team_modal_aaf8be0_220\" class=\"ekit-team-popup\">\n\t\t\t\n\t\t\t\t<div class=\"profile-header ekit-team-img ekit-img-overlay ekit-team-img-block\"  data-toggle=\"modal\" data-target=\"ekit_team_modal_#aaf8be0_220\" >\n\t\t\t\t\t<img loading=\"lazy\" decoding=\"async\" width=\"400\" height=\"400\" src=\"https:\/\/preprod.osteopathie-auvergne.fr\/wp-content\/uploads\/2026\/08\/Magali-BLOT.png\" class=\"attachment-large size-large wp-image-3315\" alt=\"\" srcset=\"https:\/\/preprod.osteopathie-auvergne.fr\/wp-content\/uploads\/2026\/08\/Magali-BLOT.png 400w, https:\/\/preprod.osteopathie-auvergne.fr\/wp-content\/uploads\/2026\/08\/Magali-BLOT-300x300.png 300w, https:\/\/preprod.osteopathie-auvergne.fr\/wp-content\/uploads\/2026\/08\/Magali-BLOT-150x150.png 150w\" sizes=\"(max-width: 400px) 100vw, 400px\" \/>\t\t\t\t<\/div><!-- .profile-header END -->\n\t\t\t\t\t\t\t<\/a>\n\t\t\t\n\n\t\t\t\t<div class=\"profile-body\">\n\t\t\t\t\t\n\t\t\t\t\t<h2 class=\"profile-title\">\n\t\t\t\t\t\t\t\t\t\t\t<a aria-label=\"View Magalie BLOT profile\" href=\"javascript:void(0)\" data-mfp-src=\"#ekit_team_modal_aaf8be0_220\" class=\"ekit-team-popup\">\n\t\t\t\t\t\tMagalie BLOT\t\t\t\t\t\t<\/a>\n\t\t\t\t\t\t\t\t\t\t\t<\/h2>\n\t\t\t\t\t<p class=\"profile-designation\"><\/p>\n\t\t\t\t\t\t\t\t\t<\/div><!-- .profile-body END -->\n\n\t\t\t\t\t\t\t\t<\/div>\n\t\t\t\t\t\t\t\n\t\t\t\n\t\t\t\t\t<div class=\"zoom-anim-dialog mfp-hide elementskit-team-popup team-popup-id-aaf8be0\" id=\"ekit_team_modal_aaf8be0_220\" tabindex=\"-1\" role=\"dialog\" aria-modal=\"true\">\n\t\t\t\t<div class=\"modal-dialog modal-dialog-centered\" role=\"document\">\n\t\t\t\t\t<div class=\"modal-content\">\n\t\t\t\t\t\t<button type=\"button\" class=\"ekit-team-modal-close\">\n\t\t\t\t\t\t\t<svg aria-hidden=\"true\" class=\"e-font-icon-svg e-fas-times\" viewBox=\"0 0 352 512\" xmlns=\"http:\/\/www.w3.org\/2000\/svg\"><path d=\"M242.72 256l100.07-100.07c12.28-12.28 12.28-32.19 0-44.48l-22.24-22.24c-12.28-12.28-32.19-12.28-44.48 0L176 189.28 75.93 89.21c-12.28-12.28-32.19-12.28-44.48 0L9.21 111.45c-12.28 12.28-12.28 32.19 0 44.48L109.28 256 9.21 356.07c-12.28 12.28-12.28 32.19 0 44.48l22.24 22.24c12.28 12.28 32.2 12.28 44.48 0L176 322.72l100.07 100.07c12.28 12.28 32.2 12.28 44.48 0l22.24-22.24c12.28-12.28 12.28-32.19 0-44.48L242.72 256z\"><\/path><\/svg>\t\t\t\t\t\t<\/button>\n\n\t\t\t\t\t\t<div class=\"modal-body\">\n\t\t\t\t\t\t\t\t\t\t\t\t\t\t\t<div class=\"ekit-team-modal-img\">\n\t\t\t\t\t\t\t\t\t<img loading=\"lazy\" decoding=\"async\" width=\"400\" height=\"400\" src=\"https:\/\/preprod.osteopathie-auvergne.fr\/wp-content\/uploads\/2026\/08\/Magali-BLOT.png\" class=\"attachment-large size-large wp-image-3315\" alt=\"\" srcset=\"https:\/\/preprod.osteopathie-auvergne.fr\/wp-content\/uploads\/2026\/08\/Magali-BLOT.png 400w, https:\/\/preprod.osteopathie-auvergne.fr\/wp-content\/uploads\/2026\/08\/Magali-BLOT-300x300.png 300w, https:\/\/preprod.osteopathie-auvergne.fr\/wp-content\/uploads\/2026\/08\/Magali-BLOT-150x150.png 150w\" sizes=\"(max-width: 400px) 100vw, 400px\" \/>\t\t\t\t\t\t\t\t<\/div>\n\t\t\t\t\t\t\t\n\t\t\t\t\t\t\t<div class=\"ekit-team-modal-info has-img\">\n\t\t\t\t\t\t\t\t<h2 class=\"ekit-team-modal-title\">Magalie BLOT<\/h2>\n\t\t\t\t\t\t\t\t<p class=\"ekit-team-modal-position\"><\/p>\n\n\t\t\t\t\t\t\t\t<div class=\"ekit-team-modal-content\">\n\t\t\t\t\t\t\t\t\t\t\t\t\t\t\t\t\t<\/div>\n\n\t\t\t\t\t\t\t\t\n\t\t\t\t\t\t\t\t\t\t\t\t\t\t\t<\/div>\n\t\t\t\t\t\t<\/div>\n\t\t\t\t\t<\/div>\n\t\t\t\t<\/div>\n\t\t\t<\/div>\n\t\t\t\t<\/div>\t\t\t\t<\/div>\n\t\t\t\t<\/div>\n\t\t\t\t<div class=\"elementor-element elementor-element-e753f94 elementor-widget elementor-widget-elementskit-team\" data-id=\"e753f94\" data-element_type=\"widget\" data-e-type=\"widget\" data-widget_type=\"elementskit-team.default\">\n\t\t\t\t<div class=\"elementor-widget-container\">\n\t\t\t\t\t<div class=\"ekit-wid-con\">\t\t\t\t\t\t\t\t\n\t\t<div class=\"profile-card elementor-animation- text-center ekit-team-style-default\">\n\t\t\t\t\t\t\t<a aria-label=\"View Claire BORWIN profile\" href=\"javascript:void(0)\" data-mfp-src=\"#ekit_team_modal_e753f94_220\" class=\"ekit-team-popup\">\n\t\t\t\n\t\t\t\t<div class=\"profile-header ekit-team-img ekit-img-overlay ekit-team-img-block\"  data-toggle=\"modal\" data-target=\"ekit_team_modal_#e753f94_220\" >\n\t\t\t\t\t<img loading=\"lazy\" decoding=\"async\" width=\"400\" height=\"400\" src=\"https:\/\/preprod.osteopathie-auvergne.fr\/wp-content\/uploads\/2026\/08\/Claire-BORWIN-Ifso-Vichy-CFD-1.jpg\" class=\"attachment-large size-large wp-image-3213\" alt=\"\" srcset=\"https:\/\/preprod.osteopathie-auvergne.fr\/wp-content\/uploads\/2026\/08\/Claire-BORWIN-Ifso-Vichy-CFD-1.jpg 400w, https:\/\/preprod.osteopathie-auvergne.fr\/wp-content\/uploads\/2026\/08\/Claire-BORWIN-Ifso-Vichy-CFD-1-300x300.jpg 300w, https:\/\/preprod.osteopathie-auvergne.fr\/wp-content\/uploads\/2026\/08\/Claire-BORWIN-Ifso-Vichy-CFD-1-150x150.jpg 150w\" sizes=\"(max-width: 400px) 100vw, 400px\" \/>\t\t\t\t<\/div><!-- .profile-header END -->\n\t\t\t\t\t\t\t<\/a>\n\t\t\t\n\n\t\t\t\t<div class=\"profile-body\">\n\t\t\t\t\t\n\t\t\t\t\t<h2 class=\"profile-title\">\n\t\t\t\t\t\t\t\t\t\t\t<a aria-label=\"View Claire BORWIN profile\" href=\"javascript:void(0)\" data-mfp-src=\"#ekit_team_modal_e753f94_220\" class=\"ekit-team-popup\">\n\t\t\t\t\t\tClaire BORWIN\t\t\t\t\t\t<\/a>\n\t\t\t\t\t\t\t\t\t\t\t<\/h2>\n\t\t\t\t\t<p class=\"profile-designation\"><\/p>\n\t\t\t\t\t\t\t\t\t<\/div><!-- .profile-body END -->\n\n\t\t\t\t\t\t\t\t<\/div>\n\t\t\t\t\t\t\t\n\t\t\t\n\t\t\t\t\t<div class=\"zoom-anim-dialog mfp-hide elementskit-team-popup team-popup-id-e753f94\" id=\"ekit_team_modal_e753f94_220\" tabindex=\"-1\" role=\"dialog\" aria-modal=\"true\">\n\t\t\t\t<div class=\"modal-dialog modal-dialog-centered\" role=\"document\">\n\t\t\t\t\t<div class=\"modal-content\">\n\t\t\t\t\t\t<button type=\"button\" class=\"ekit-team-modal-close\">\n\t\t\t\t\t\t\t<svg aria-hidden=\"true\" class=\"e-font-icon-svg e-fas-times\" viewBox=\"0 0 352 512\" xmlns=\"http:\/\/www.w3.org\/2000\/svg\"><path d=\"M242.72 256l100.07-100.07c12.28-12.28 12.28-32.19 0-44.48l-22.24-22.24c-12.28-12.28-32.19-12.28-44.48 0L176 189.28 75.93 89.21c-12.28-12.28-32.19-12.28-44.48 0L9.21 111.45c-12.28 12.28-12.28 32.19 0 44.48L109.28 256 9.21 356.07c-12.28 12.28-12.28 32.19 0 44.48l22.24 22.24c12.28 12.28 32.2 12.28 44.48 0L176 322.72l100.07 100.07c12.28 12.28 32.2 12.28 44.48 0l22.24-22.24c12.28-12.28 12.28-32.19 0-44.48L242.72 256z\"><\/path><\/svg>\t\t\t\t\t\t<\/button>\n\n\t\t\t\t\t\t<div class=\"modal-body\">\n\t\t\t\t\t\t\t\t\t\t\t\t\t\t\t<div class=\"ekit-team-modal-img\">\n\t\t\t\t\t\t\t\t\t<img loading=\"lazy\" decoding=\"async\" width=\"400\" height=\"400\" src=\"https:\/\/preprod.osteopathie-auvergne.fr\/wp-content\/uploads\/2026\/08\/Claire-BORWIN-Ifso-Vichy-CFD-1.jpg\" class=\"attachment-large size-large wp-image-3213\" alt=\"\" srcset=\"https:\/\/preprod.osteopathie-auvergne.fr\/wp-content\/uploads\/2026\/08\/Claire-BORWIN-Ifso-Vichy-CFD-1.jpg 400w, https:\/\/preprod.osteopathie-auvergne.fr\/wp-content\/uploads\/2026\/08\/Claire-BORWIN-Ifso-Vichy-CFD-1-300x300.jpg 300w, https:\/\/preprod.osteopathie-auvergne.fr\/wp-content\/uploads\/2026\/08\/Claire-BORWIN-Ifso-Vichy-CFD-1-150x150.jpg 150w\" sizes=\"(max-width: 400px) 100vw, 400px\" \/>\t\t\t\t\t\t\t\t<\/div>\n\t\t\t\t\t\t\t\n\t\t\t\t\t\t\t<div class=\"ekit-team-modal-info has-img\">\n\t\t\t\t\t\t\t\t<h2 class=\"ekit-team-modal-title\">Claire BORWIN<\/h2>\n\t\t\t\t\t\t\t\t<p class=\"ekit-team-modal-position\"><\/p>\n\n\t\t\t\t\t\t\t\t<div class=\"ekit-team-modal-content\">\n\t\t\t\t\t\t\t\t\tDi\u00e9t\u00e9ticienne \u2013 DU Conseils et informations en phytoth\u00e9rapie et aromath\u00e9rapie\n\n\t\t\t\t\t\t\t\t<\/div>\n\n\t\t\t\t\t\t\t\t\n\t\t\t\t\t\t\t\t\t\t\t\t\t\t\t<\/div>\n\t\t\t\t\t\t<\/div>\n\t\t\t\t\t<\/div>\n\t\t\t\t<\/div>\n\t\t\t<\/div>\n\t\t\t\t<\/div>\t\t\t\t<\/div>\n\t\t\t\t<\/div>\n\t\t\t\t<div class=\"elementor-element elementor-element-e77c52b elementor-widget elementor-widget-elementskit-team\" data-id=\"e77c52b\" data-element_type=\"widget\" data-e-type=\"widget\" data-widget_type=\"elementskit-team.default\">\n\t\t\t\t<div class=\"elementor-widget-container\">\n\t\t\t\t\t<div class=\"ekit-wid-con\">\t\t\t\t\t\t\t\t\n\t\t<div class=\"profile-card elementor-animation- text-center ekit-team-style-default\">\n\t\t\t\t\t\t\t<a aria-label=\"View Lucie BOUCHERY profile\" href=\"javascript:void(0)\" data-mfp-src=\"#ekit_team_modal_e77c52b_220\" class=\"ekit-team-popup\">\n\t\t\t\n\t\t\t\t<div class=\"profile-header ekit-team-img ekit-img-overlay ekit-team-img-block\"  data-toggle=\"modal\" data-target=\"ekit_team_modal_#e77c52b_220\" >\n\t\t\t\t\t<img loading=\"lazy\" decoding=\"async\" width=\"400\" height=\"400\" src=\"https:\/\/preprod.osteopathie-auvergne.fr\/wp-content\/uploads\/2026\/08\/Lucie-BOUCHERY.png\" class=\"attachment-large size-large wp-image-3314\" alt=\"\" srcset=\"https:\/\/preprod.osteopathie-auvergne.fr\/wp-content\/uploads\/2026\/08\/Lucie-BOUCHERY.png 400w, https:\/\/preprod.osteopathie-auvergne.fr\/wp-content\/uploads\/2026\/08\/Lucie-BOUCHERY-300x300.png 300w, https:\/\/preprod.osteopathie-auvergne.fr\/wp-content\/uploads\/2026\/08\/Lucie-BOUCHERY-150x150.png 150w\" sizes=\"(max-width: 400px) 100vw, 400px\" \/>\t\t\t\t<\/div><!-- .profile-header END -->\n\t\t\t\t\t\t\t<\/a>\n\t\t\t\n\n\t\t\t\t<div class=\"profile-body\">\n\t\t\t\t\t\n\t\t\t\t\t<h2 class=\"profile-title\">\n\t\t\t\t\t\t\t\t\t\t\t<a aria-label=\"View Lucie BOUCHERY profile\" href=\"javascript:void(0)\" data-mfp-src=\"#ekit_team_modal_e77c52b_220\" class=\"ekit-team-popup\">\n\t\t\t\t\t\tLucie BOUCHERY\t\t\t\t\t\t<\/a>\n\t\t\t\t\t\t\t\t\t\t\t<\/h2>\n\t\t\t\t\t<p class=\"profile-designation\"><\/p>\n\t\t\t\t\t\t\t\t\t<\/div><!-- .profile-body END -->\n\n\t\t\t\t\t\t\t\t<\/div>\n\t\t\t\t\t\t\t\n\t\t\t\n\t\t\t\t\t<div class=\"zoom-anim-dialog mfp-hide elementskit-team-popup team-popup-id-e77c52b\" id=\"ekit_team_modal_e77c52b_220\" tabindex=\"-1\" role=\"dialog\" aria-modal=\"true\">\n\t\t\t\t<div class=\"modal-dialog modal-dialog-centered\" role=\"document\">\n\t\t\t\t\t<div class=\"modal-content\">\n\t\t\t\t\t\t<button type=\"button\" class=\"ekit-team-modal-close\">\n\t\t\t\t\t\t\t<svg aria-hidden=\"true\" class=\"e-font-icon-svg e-fas-times\" viewBox=\"0 0 352 512\" xmlns=\"http:\/\/www.w3.org\/2000\/svg\"><path d=\"M242.72 256l100.07-100.07c12.28-12.28 12.28-32.19 0-44.48l-22.24-22.24c-12.28-12.28-32.19-12.28-44.48 0L176 189.28 75.93 89.21c-12.28-12.28-32.19-12.28-44.48 0L9.21 111.45c-12.28 12.28-12.28 32.19 0 44.48L109.28 256 9.21 356.07c-12.28 12.28-12.28 32.19 0 44.48l22.24 22.24c12.28 12.28 32.2 12.28 44.48 0L176 322.72l100.07 100.07c12.28 12.28 32.2 12.28 44.48 0l22.24-22.24c12.28-12.28 12.28-32.19 0-44.48L242.72 256z\"><\/path><\/svg>\t\t\t\t\t\t<\/button>\n\n\t\t\t\t\t\t<div class=\"modal-body\">\n\t\t\t\t\t\t\t\t\t\t\t\t\t\t\t<div class=\"ekit-team-modal-img\">\n\t\t\t\t\t\t\t\t\t<img loading=\"lazy\" decoding=\"async\" width=\"400\" height=\"400\" src=\"https:\/\/preprod.osteopathie-auvergne.fr\/wp-content\/uploads\/2026\/08\/Lucie-BOUCHERY.png\" class=\"attachment-large size-large wp-image-3314\" alt=\"\" srcset=\"https:\/\/preprod.osteopathie-auvergne.fr\/wp-content\/uploads\/2026\/08\/Lucie-BOUCHERY.png 400w, https:\/\/preprod.osteopathie-auvergne.fr\/wp-content\/uploads\/2026\/08\/Lucie-BOUCHERY-300x300.png 300w, https:\/\/preprod.osteopathie-auvergne.fr\/wp-content\/uploads\/2026\/08\/Lucie-BOUCHERY-150x150.png 150w\" sizes=\"(max-width: 400px) 100vw, 400px\" \/>\t\t\t\t\t\t\t\t<\/div>\n\t\t\t\t\t\t\t\n\t\t\t\t\t\t\t<div class=\"ekit-team-modal-info has-img\">\n\t\t\t\t\t\t\t\t<h2 class=\"ekit-team-modal-title\">Lucie BOUCHERY<\/h2>\n\t\t\t\t\t\t\t\t<p class=\"ekit-team-modal-position\"><\/p>\n\n\t\t\t\t\t\t\t\t<div class=\"ekit-team-modal-content\">\n\t\t\t\t\t\t\t\t\t\t\t\t\t\t\t\t\t<\/div>\n\n\t\t\t\t\t\t\t\t\n\t\t\t\t\t\t\t\t\t\t\t\t\t\t\t<\/div>\n\t\t\t\t\t\t<\/div>\n\t\t\t\t\t<\/div>\n\t\t\t\t<\/div>\n\t\t\t<\/div>\n\t\t\t\t<\/div>\t\t\t\t<\/div>\n\t\t\t\t<\/div>\n\t\t\t\t<div class=\"elementor-element elementor-element-0fd1c6b elementor-widget elementor-widget-elementskit-team\" data-id=\"0fd1c6b\" data-element_type=\"widget\" data-e-type=\"widget\" data-widget_type=\"elementskit-team.default\">\n\t\t\t\t<div class=\"elementor-widget-container\">\n\t\t\t\t\t<div class=\"ekit-wid-con\">\t\t\t\t\t\t\t\t\n\t\t<div class=\"profile-card elementor-animation- text-center ekit-team-style-default\">\n\t\t\t\t\t\t\t<a aria-label=\"View Pierre Yves BOUTTAZ profile\" href=\"javascript:void(0)\" data-mfp-src=\"#ekit_team_modal_0fd1c6b_220\" class=\"ekit-team-popup\">\n\t\t\t\n\t\t\t\t<div class=\"profile-header ekit-team-img ekit-img-overlay ekit-team-img-block\"  data-toggle=\"modal\" data-target=\"ekit_team_modal_#0fd1c6b_220\" >\n\t\t\t\t\t<img loading=\"lazy\" decoding=\"async\" width=\"400\" height=\"400\" src=\"https:\/\/preprod.osteopathie-auvergne.fr\/wp-content\/uploads\/2026\/08\/Pierre-YVES-BOUTTAZ-ifso-vichy-cfd-1.jpg\" class=\"attachment-large size-large wp-image-3243\" alt=\"\" srcset=\"https:\/\/preprod.osteopathie-auvergne.fr\/wp-content\/uploads\/2026\/08\/Pierre-YVES-BOUTTAZ-ifso-vichy-cfd-1.jpg 400w, https:\/\/preprod.osteopathie-auvergne.fr\/wp-content\/uploads\/2026\/08\/Pierre-YVES-BOUTTAZ-ifso-vichy-cfd-1-300x300.jpg 300w, https:\/\/preprod.osteopathie-auvergne.fr\/wp-content\/uploads\/2026\/08\/Pierre-YVES-BOUTTAZ-ifso-vichy-cfd-1-150x150.jpg 150w\" sizes=\"(max-width: 400px) 100vw, 400px\" \/>\t\t\t\t<\/div><!-- .profile-header END -->\n\t\t\t\t\t\t\t<\/a>\n\t\t\t\n\n\t\t\t\t<div class=\"profile-body\">\n\t\t\t\t\t\n\t\t\t\t\t<h2 class=\"profile-title\">\n\t\t\t\t\t\t\t\t\t\t\t<a aria-label=\"View Pierre Yves BOUTTAZ profile\" href=\"javascript:void(0)\" data-mfp-src=\"#ekit_team_modal_0fd1c6b_220\" class=\"ekit-team-popup\">\n\t\t\t\t\t\tPierre Yves BOUTTAZ\t\t\t\t\t\t<\/a>\n\t\t\t\t\t\t\t\t\t\t\t<\/h2>\n\t\t\t\t\t<p class=\"profile-designation\"><\/p>\n\t\t\t\t\t\t\t\t\t<\/div><!-- .profile-body END -->\n\n\t\t\t\t\t\t\t\t<\/div>\n\t\t\t\t\t\t\t\n\t\t\t\n\t\t\t\t\t<div class=\"zoom-anim-dialog mfp-hide elementskit-team-popup team-popup-id-0fd1c6b\" id=\"ekit_team_modal_0fd1c6b_220\" tabindex=\"-1\" role=\"dialog\" aria-modal=\"true\">\n\t\t\t\t<div class=\"modal-dialog modal-dialog-centered\" role=\"document\">\n\t\t\t\t\t<div class=\"modal-content\">\n\t\t\t\t\t\t<button type=\"button\" class=\"ekit-team-modal-close\">\n\t\t\t\t\t\t\t<svg aria-hidden=\"true\" class=\"e-font-icon-svg e-fas-times\" viewBox=\"0 0 352 512\" xmlns=\"http:\/\/www.w3.org\/2000\/svg\"><path d=\"M242.72 256l100.07-100.07c12.28-12.28 12.28-32.19 0-44.48l-22.24-22.24c-12.28-12.28-32.19-12.28-44.48 0L176 189.28 75.93 89.21c-12.28-12.28-32.19-12.28-44.48 0L9.21 111.45c-12.28 12.28-12.28 32.19 0 44.48L109.28 256 9.21 356.07c-12.28 12.28-12.28 32.19 0 44.48l22.24 22.24c12.28 12.28 32.2 12.28 44.48 0L176 322.72l100.07 100.07c12.28 12.28 32.2 12.28 44.48 0l22.24-22.24c12.28-12.28 12.28-32.19 0-44.48L242.72 256z\"><\/path><\/svg>\t\t\t\t\t\t<\/button>\n\n\t\t\t\t\t\t<div class=\"modal-body\">\n\t\t\t\t\t\t\t\t\t\t\t\t\t\t\t<div class=\"ekit-team-modal-img\">\n\t\t\t\t\t\t\t\t\t<img loading=\"lazy\" decoding=\"async\" width=\"400\" height=\"400\" src=\"https:\/\/preprod.osteopathie-auvergne.fr\/wp-content\/uploads\/2026\/08\/Pierre-YVES-BOUTTAZ-ifso-vichy-cfd-1.jpg\" class=\"attachment-large size-large wp-image-3243\" alt=\"\" srcset=\"https:\/\/preprod.osteopathie-auvergne.fr\/wp-content\/uploads\/2026\/08\/Pierre-YVES-BOUTTAZ-ifso-vichy-cfd-1.jpg 400w, https:\/\/preprod.osteopathie-auvergne.fr\/wp-content\/uploads\/2026\/08\/Pierre-YVES-BOUTTAZ-ifso-vichy-cfd-1-300x300.jpg 300w, https:\/\/preprod.osteopathie-auvergne.fr\/wp-content\/uploads\/2026\/08\/Pierre-YVES-BOUTTAZ-ifso-vichy-cfd-1-150x150.jpg 150w\" sizes=\"(max-width: 400px) 100vw, 400px\" \/>\t\t\t\t\t\t\t\t<\/div>\n\t\t\t\t\t\t\t\n\t\t\t\t\t\t\t<div class=\"ekit-team-modal-info has-img\">\n\t\t\t\t\t\t\t\t<h2 class=\"ekit-team-modal-title\">Pierre Yves BOUTTAZ<\/h2>\n\t\t\t\t\t\t\t\t<p class=\"ekit-team-modal-position\"><\/p>\n\n\t\t\t\t\t\t\t\t<div class=\"ekit-team-modal-content\">\n\t\t\t\t\t\t\t\t\tPierre Yves BOUTTAZ est dipl\u00f4m\u00e9 de kin\u00e9sith\u00e9rapie en 1979, il s\u2019oriente tr\u00e8s rapidement vers l\u2019Ost\u00e9opathie, d\u2019abord aupr\u00e8s de Maurice Poyet  o\u00f9 il se familiarise avec les techniques de Sutherland et de M. Poyet, dans le cabinet o\u00f9 il intervient r\u00e9guli\u00e8rement. Ensuite comme \u00e9l\u00e8ve d\u2019une \u00e9cole membre de la coll\u00e9giale acad\u00e9mique de France, pour l\u2019obtention du Dipl\u00f4me d\u2019Ost\u00e9opathie apr\u00e8s un m\u00e9moire sur les lignes de gravit\u00e9 de  part depuis  la fin des ann\u00e9es quatre-vingt-dix, il s\u2019int\u00e9resse aux techniques m\u00e9ditatives de diverses traditions et de leurs b\u00e9n\u00e9fices pour les professionnels de l\u2019accompagnement et de la sant\u00e9.\nEn premier lieu \u00e0 travers la pratique du Zen Soto, puis dans la transmission Karma Kagyu et la Mindfulness. Il anime depuis quelques ann\u00e9es des ateliers pour les particuliers ou les groupes. En parall\u00e8le exercice lib\u00e9ral \u00e0 Vichy\/Clermont-Ferrand puis en Savoie.\n\nPierre Yves BOUTTAZ intervient r\u00e9guli\u00e8rement aupr\u00e8s de l\u2019IFSO Vichy \u2013 Clermont-Ferrand, d\u2019abord sur les techniques fonctionnelles puis dans le cadre de l\u2019enseignement clinique, et de la Mindfulness.\t\t\t\t\t\t\t\t<\/div>\n\n\t\t\t\t\t\t\t\t\n\t\t\t\t\t\t\t\t\t\t\t\t\t\t\t<\/div>\n\t\t\t\t\t\t<\/div>\n\t\t\t\t\t<\/div>\n\t\t\t\t<\/div>\n\t\t\t<\/div>\n\t\t\t\t<\/div>\t\t\t\t<\/div>\n\t\t\t\t<\/div>\n\t\t\t\t<div class=\"elementor-element elementor-element-21b454b elementor-widget elementor-widget-elementskit-team\" data-id=\"21b454b\" data-element_type=\"widget\" data-e-type=\"widget\" data-widget_type=\"elementskit-team.default\">\n\t\t\t\t<div class=\"elementor-widget-container\">\n\t\t\t\t\t<div class=\"ekit-wid-con\">\t\t\t\t\t\t\t\t\n\t\t<div class=\"profile-card elementor-animation- text-center ekit-team-style-default\">\n\t\t\t\t\t\t\t<a aria-label=\"View Louis Virgile BOYER profile\" href=\"javascript:void(0)\" data-mfp-src=\"#ekit_team_modal_21b454b_220\" class=\"ekit-team-popup\">\n\t\t\t\n\t\t\t\t<div class=\"profile-header ekit-team-img ekit-img-overlay ekit-team-img-block\"  data-toggle=\"modal\" data-target=\"ekit_team_modal_#21b454b_220\" >\n\t\t\t\t\t<img loading=\"lazy\" decoding=\"async\" width=\"400\" height=\"400\" src=\"https:\/\/preprod.osteopathie-auvergne.fr\/wp-content\/uploads\/2026\/08\/louis-virgile-boyer.png\" class=\"attachment-large size-large wp-image-3313\" alt=\"\" srcset=\"https:\/\/preprod.osteopathie-auvergne.fr\/wp-content\/uploads\/2026\/08\/louis-virgile-boyer.png 400w, https:\/\/preprod.osteopathie-auvergne.fr\/wp-content\/uploads\/2026\/08\/louis-virgile-boyer-300x300.png 300w, https:\/\/preprod.osteopathie-auvergne.fr\/wp-content\/uploads\/2026\/08\/louis-virgile-boyer-150x150.png 150w\" sizes=\"(max-width: 400px) 100vw, 400px\" \/>\t\t\t\t<\/div><!-- .profile-header END -->\n\t\t\t\t\t\t\t<\/a>\n\t\t\t\n\n\t\t\t\t<div class=\"profile-body\">\n\t\t\t\t\t\n\t\t\t\t\t<h2 class=\"profile-title\">\n\t\t\t\t\t\t\t\t\t\t\t<a aria-label=\"View Louis Virgile BOYER profile\" href=\"javascript:void(0)\" data-mfp-src=\"#ekit_team_modal_21b454b_220\" class=\"ekit-team-popup\">\n\t\t\t\t\t\tLouis Virgile BOYER\t\t\t\t\t\t<\/a>\n\t\t\t\t\t\t\t\t\t\t\t<\/h2>\n\t\t\t\t\t<p class=\"profile-designation\"><\/p>\n\t\t\t\t\t\t\t\t\t<\/div><!-- .profile-body END -->\n\n\t\t\t\t\t\t\t\t<\/div>\n\t\t\t\t\t\t\t\n\t\t\t\n\t\t\t\t\t<div class=\"zoom-anim-dialog mfp-hide elementskit-team-popup team-popup-id-21b454b\" id=\"ekit_team_modal_21b454b_220\" tabindex=\"-1\" role=\"dialog\" aria-modal=\"true\">\n\t\t\t\t<div class=\"modal-dialog modal-dialog-centered\" role=\"document\">\n\t\t\t\t\t<div class=\"modal-content\">\n\t\t\t\t\t\t<button type=\"button\" class=\"ekit-team-modal-close\">\n\t\t\t\t\t\t\t<svg aria-hidden=\"true\" class=\"e-font-icon-svg e-fas-times\" viewBox=\"0 0 352 512\" xmlns=\"http:\/\/www.w3.org\/2000\/svg\"><path d=\"M242.72 256l100.07-100.07c12.28-12.28 12.28-32.19 0-44.48l-22.24-22.24c-12.28-12.28-32.19-12.28-44.48 0L176 189.28 75.93 89.21c-12.28-12.28-32.19-12.28-44.48 0L9.21 111.45c-12.28 12.28-12.28 32.19 0 44.48L109.28 256 9.21 356.07c-12.28 12.28-12.28 32.19 0 44.48l22.24 22.24c12.28 12.28 32.2 12.28 44.48 0L176 322.72l100.07 100.07c12.28 12.28 32.2 12.28 44.48 0l22.24-22.24c12.28-12.28 12.28-32.19 0-44.48L242.72 256z\"><\/path><\/svg>\t\t\t\t\t\t<\/button>\n\n\t\t\t\t\t\t<div class=\"modal-body\">\n\t\t\t\t\t\t\t\t\t\t\t\t\t\t\t<div class=\"ekit-team-modal-img\">\n\t\t\t\t\t\t\t\t\t<img loading=\"lazy\" decoding=\"async\" width=\"400\" height=\"400\" src=\"https:\/\/preprod.osteopathie-auvergne.fr\/wp-content\/uploads\/2026\/08\/louis-virgile-boyer.png\" class=\"attachment-large size-large wp-image-3313\" alt=\"\" srcset=\"https:\/\/preprod.osteopathie-auvergne.fr\/wp-content\/uploads\/2026\/08\/louis-virgile-boyer.png 400w, https:\/\/preprod.osteopathie-auvergne.fr\/wp-content\/uploads\/2026\/08\/louis-virgile-boyer-300x300.png 300w, https:\/\/preprod.osteopathie-auvergne.fr\/wp-content\/uploads\/2026\/08\/louis-virgile-boyer-150x150.png 150w\" sizes=\"(max-width: 400px) 100vw, 400px\" \/>\t\t\t\t\t\t\t\t<\/div>\n\t\t\t\t\t\t\t\n\t\t\t\t\t\t\t<div class=\"ekit-team-modal-info has-img\">\n\t\t\t\t\t\t\t\t<h2 class=\"ekit-team-modal-title\">Louis Virgile BOYER<\/h2>\n\t\t\t\t\t\t\t\t<p class=\"ekit-team-modal-position\"><\/p>\n\n\t\t\t\t\t\t\t\t<div class=\"ekit-team-modal-content\">\n\t\t\t\t\t\t\t\t\t\t\t\t\t\t\t\t\t<\/div>\n\n\t\t\t\t\t\t\t\t\n\t\t\t\t\t\t\t\t\t\t\t\t\t\t\t<\/div>\n\t\t\t\t\t\t<\/div>\n\t\t\t\t\t<\/div>\n\t\t\t\t<\/div>\n\t\t\t<\/div>\n\t\t\t\t<\/div>\t\t\t\t<\/div>\n\t\t\t\t<\/div>\n\t\t\t\t<div class=\"elementor-element elementor-element-3079100 elementor-widget elementor-widget-elementskit-team\" data-id=\"3079100\" data-element_type=\"widget\" data-e-type=\"widget\" data-widget_type=\"elementskit-team.default\">\n\t\t\t\t<div class=\"elementor-widget-container\">\n\t\t\t\t\t<div class=\"ekit-wid-con\">\t\t\t\t\t\t\t\t\n\t\t<div class=\"profile-card elementor-animation- text-center ekit-team-style-default\">\n\t\t\t\t\t\t\t<a aria-label=\"View Maxence CAVALADE profile\" href=\"javascript:void(0)\" data-mfp-src=\"#ekit_team_modal_3079100_220\" class=\"ekit-team-popup\">\n\t\t\t\n\t\t\t\t<div class=\"profile-header ekit-team-img ekit-img-overlay ekit-team-img-block\"  data-toggle=\"modal\" data-target=\"ekit_team_modal_#3079100_220\" >\n\t\t\t\t\t<img loading=\"lazy\" decoding=\"async\" width=\"400\" height=\"400\" src=\"https:\/\/preprod.osteopathie-auvergne.fr\/wp-content\/uploads\/2026\/08\/MAXENCE-CAVALADE-1.jpg\" class=\"attachment-large size-large wp-image-3238\" alt=\"\" srcset=\"https:\/\/preprod.osteopathie-auvergne.fr\/wp-content\/uploads\/2026\/08\/MAXENCE-CAVALADE-1.jpg 400w, https:\/\/preprod.osteopathie-auvergne.fr\/wp-content\/uploads\/2026\/08\/MAXENCE-CAVALADE-1-300x300.jpg 300w, https:\/\/preprod.osteopathie-auvergne.fr\/wp-content\/uploads\/2026\/08\/MAXENCE-CAVALADE-1-150x150.jpg 150w\" sizes=\"(max-width: 400px) 100vw, 400px\" \/>\t\t\t\t<\/div><!-- .profile-header END -->\n\t\t\t\t\t\t\t<\/a>\n\t\t\t\n\n\t\t\t\t<div class=\"profile-body\">\n\t\t\t\t\t\n\t\t\t\t\t<h2 class=\"profile-title\">\n\t\t\t\t\t\t\t\t\t\t\t<a aria-label=\"View Maxence CAVALADE profile\" href=\"javascript:void(0)\" data-mfp-src=\"#ekit_team_modal_3079100_220\" class=\"ekit-team-popup\">\n\t\t\t\t\t\tMaxence CAVALADE\t\t\t\t\t\t<\/a>\n\t\t\t\t\t\t\t\t\t\t\t<\/h2>\n\t\t\t\t\t<p class=\"profile-designation\"><\/p>\n\t\t\t\t\t\t\t\t\t<\/div><!-- .profile-body END -->\n\n\t\t\t\t\t\t\t\t<\/div>\n\t\t\t\t\t\t\t\n\t\t\t\n\t\t\t\t\t<div class=\"zoom-anim-dialog mfp-hide elementskit-team-popup team-popup-id-3079100\" id=\"ekit_team_modal_3079100_220\" tabindex=\"-1\" role=\"dialog\" aria-modal=\"true\">\n\t\t\t\t<div class=\"modal-dialog modal-dialog-centered\" role=\"document\">\n\t\t\t\t\t<div class=\"modal-content\">\n\t\t\t\t\t\t<button type=\"button\" class=\"ekit-team-modal-close\">\n\t\t\t\t\t\t\t<svg aria-hidden=\"true\" class=\"e-font-icon-svg e-fas-times\" viewBox=\"0 0 352 512\" xmlns=\"http:\/\/www.w3.org\/2000\/svg\"><path d=\"M242.72 256l100.07-100.07c12.28-12.28 12.28-32.19 0-44.48l-22.24-22.24c-12.28-12.28-32.19-12.28-44.48 0L176 189.28 75.93 89.21c-12.28-12.28-32.19-12.28-44.48 0L9.21 111.45c-12.28 12.28-12.28 32.19 0 44.48L109.28 256 9.21 356.07c-12.28 12.28-12.28 32.19 0 44.48l22.24 22.24c12.28 12.28 32.2 12.28 44.48 0L176 322.72l100.07 100.07c12.28 12.28 32.2 12.28 44.48 0l22.24-22.24c12.28-12.28 12.28-32.19 0-44.48L242.72 256z\"><\/path><\/svg>\t\t\t\t\t\t<\/button>\n\n\t\t\t\t\t\t<div class=\"modal-body\">\n\t\t\t\t\t\t\t\t\t\t\t\t\t\t\t<div class=\"ekit-team-modal-img\">\n\t\t\t\t\t\t\t\t\t<img loading=\"lazy\" decoding=\"async\" width=\"400\" height=\"400\" src=\"https:\/\/preprod.osteopathie-auvergne.fr\/wp-content\/uploads\/2026\/08\/MAXENCE-CAVALADE-1.jpg\" class=\"attachment-large size-large wp-image-3238\" alt=\"\" srcset=\"https:\/\/preprod.osteopathie-auvergne.fr\/wp-content\/uploads\/2026\/08\/MAXENCE-CAVALADE-1.jpg 400w, https:\/\/preprod.osteopathie-auvergne.fr\/wp-content\/uploads\/2026\/08\/MAXENCE-CAVALADE-1-300x300.jpg 300w, https:\/\/preprod.osteopathie-auvergne.fr\/wp-content\/uploads\/2026\/08\/MAXENCE-CAVALADE-1-150x150.jpg 150w\" sizes=\"(max-width: 400px) 100vw, 400px\" \/>\t\t\t\t\t\t\t\t<\/div>\n\t\t\t\t\t\t\t\n\t\t\t\t\t\t\t<div class=\"ekit-team-modal-info has-img\">\n\t\t\t\t\t\t\t\t<h2 class=\"ekit-team-modal-title\">Maxence CAVALADE<\/h2>\n\t\t\t\t\t\t\t\t<p class=\"ekit-team-modal-position\"><\/p>\n\n\t\t\t\t\t\t\t\t<div class=\"ekit-team-modal-content\">\n\t\t\t\t\t\t\t\t\tMaxence CAVALADE est issu d\u2019une carri\u00e8re sportive, skieur professionnel et d\u00e9tenteur d\u2019un record du monde en Speed riding, Maxence est avant tout un passionn\u00e9 de l\u2019enseignement et du partage de connaissances. Moniteur de ski et snowboard, moniteur de plong\u00e9e-sous-marine, moniteur de parachutisme et professeur de Judo, il consacre plus de 20 ann\u00e9es \u00e0 l\u2019enseignement et \u00e0 la formation de moniteurs dans ces diff\u00e9rents sports.\n\nDipl\u00f4m\u00e9 d\u2019un master en kin\u00e9sith\u00e9rapie obtenu en 2015 \u00e0 Bruxelles puis du dipl\u00f4me d\u2019ost\u00e9opathe D.O \u00e0 l\u2019IFSO Vichy \u2013 Clermont-Ferrand en 2019, il travaille depuis comme kin\u00e9-ost\u00e9o de l\u2019\u00e9quipe de France de ski en parall\u00e8le de sa carri\u00e8re sportive personnelle.\n\nMaxence a int\u00e9gr\u00e9 l\u2019\u00e9quipe p\u00e9dagogique de l\u2019IFSO Vichy \u2013 Clermont-Ferrand.\t\t\t\t\t\t\t\t<\/div>\n\n\t\t\t\t\t\t\t\t\n\t\t\t\t\t\t\t\t\t\t\t\t\t\t\t<\/div>\n\t\t\t\t\t\t<\/div>\n\t\t\t\t\t<\/div>\n\t\t\t\t<\/div>\n\t\t\t<\/div>\n\t\t\t\t<\/div>\t\t\t\t<\/div>\n\t\t\t\t<\/div>\n\t\t\t\t<div class=\"elementor-element elementor-element-7e8dd79 elementor-widget elementor-widget-elementskit-team\" data-id=\"7e8dd79\" data-element_type=\"widget\" data-e-type=\"widget\" data-widget_type=\"elementskit-team.default\">\n\t\t\t\t<div class=\"elementor-widget-container\">\n\t\t\t\t\t<div class=\"ekit-wid-con\">\t\t\t\t\t\t\t\t\n\t\t<div class=\"profile-card elementor-animation- text-center ekit-team-style-default\">\n\t\t\t\t\t\t\t<a aria-label=\"View Yann CAYOT profile\" href=\"javascript:void(0)\" data-mfp-src=\"#ekit_team_modal_7e8dd79_220\" class=\"ekit-team-popup\">\n\t\t\t\n\t\t\t\t<div class=\"profile-header ekit-team-img ekit-img-overlay ekit-team-img-block\"  data-toggle=\"modal\" data-target=\"ekit_team_modal_#7e8dd79_220\" >\n\t\t\t\t\t<img loading=\"lazy\" decoding=\"async\" width=\"400\" height=\"400\" src=\"https:\/\/preprod.osteopathie-auvergne.fr\/wp-content\/uploads\/2026\/08\/Yann-CAYOT.jpg\" class=\"attachment-large size-large wp-image-3204\" alt=\"\" srcset=\"https:\/\/preprod.osteopathie-auvergne.fr\/wp-content\/uploads\/2026\/08\/Yann-CAYOT.jpg 400w, https:\/\/preprod.osteopathie-auvergne.fr\/wp-content\/uploads\/2026\/08\/Yann-CAYOT-300x300.jpg 300w, https:\/\/preprod.osteopathie-auvergne.fr\/wp-content\/uploads\/2026\/08\/Yann-CAYOT-150x150.jpg 150w\" sizes=\"(max-width: 400px) 100vw, 400px\" \/>\t\t\t\t<\/div><!-- .profile-header END -->\n\t\t\t\t\t\t\t<\/a>\n\t\t\t\n\n\t\t\t\t<div class=\"profile-body\">\n\t\t\t\t\t\n\t\t\t\t\t<h2 class=\"profile-title\">\n\t\t\t\t\t\t\t\t\t\t\t<a aria-label=\"View Yann CAYOT profile\" href=\"javascript:void(0)\" data-mfp-src=\"#ekit_team_modal_7e8dd79_220\" class=\"ekit-team-popup\">\n\t\t\t\t\t\tYann CAYOT\t\t\t\t\t\t<\/a>\n\t\t\t\t\t\t\t\t\t\t\t<\/h2>\n\t\t\t\t\t<p class=\"profile-designation\"><\/p>\n\t\t\t\t\t\t\t\t\t<\/div><!-- .profile-body END -->\n\n\t\t\t\t\t\t\t\t<\/div>\n\t\t\t\t\t\t\t\n\t\t\t\n\t\t\t\t\t<div class=\"zoom-anim-dialog mfp-hide elementskit-team-popup team-popup-id-7e8dd79\" id=\"ekit_team_modal_7e8dd79_220\" tabindex=\"-1\" role=\"dialog\" aria-modal=\"true\">\n\t\t\t\t<div class=\"modal-dialog modal-dialog-centered\" role=\"document\">\n\t\t\t\t\t<div class=\"modal-content\">\n\t\t\t\t\t\t<button type=\"button\" class=\"ekit-team-modal-close\">\n\t\t\t\t\t\t\t<svg aria-hidden=\"true\" class=\"e-font-icon-svg e-fas-times\" viewBox=\"0 0 352 512\" xmlns=\"http:\/\/www.w3.org\/2000\/svg\"><path d=\"M242.72 256l100.07-100.07c12.28-12.28 12.28-32.19 0-44.48l-22.24-22.24c-12.28-12.28-32.19-12.28-44.48 0L176 189.28 75.93 89.21c-12.28-12.28-32.19-12.28-44.48 0L9.21 111.45c-12.28 12.28-12.28 32.19 0 44.48L109.28 256 9.21 356.07c-12.28 12.28-12.28 32.19 0 44.48l22.24 22.24c12.28 12.28 32.2 12.28 44.48 0L176 322.72l100.07 100.07c12.28 12.28 32.2 12.28 44.48 0l22.24-22.24c12.28-12.28 12.28-32.19 0-44.48L242.72 256z\"><\/path><\/svg>\t\t\t\t\t\t<\/button>\n\n\t\t\t\t\t\t<div class=\"modal-body\">\n\t\t\t\t\t\t\t\t\t\t\t\t\t\t\t<div class=\"ekit-team-modal-img\">\n\t\t\t\t\t\t\t\t\t<img loading=\"lazy\" decoding=\"async\" width=\"400\" height=\"400\" src=\"https:\/\/preprod.osteopathie-auvergne.fr\/wp-content\/uploads\/2026\/08\/Yann-CAYOT.jpg\" class=\"attachment-large size-large wp-image-3204\" alt=\"\" srcset=\"https:\/\/preprod.osteopathie-auvergne.fr\/wp-content\/uploads\/2026\/08\/Yann-CAYOT.jpg 400w, https:\/\/preprod.osteopathie-auvergne.fr\/wp-content\/uploads\/2026\/08\/Yann-CAYOT-300x300.jpg 300w, https:\/\/preprod.osteopathie-auvergne.fr\/wp-content\/uploads\/2026\/08\/Yann-CAYOT-150x150.jpg 150w\" sizes=\"(max-width: 400px) 100vw, 400px\" \/>\t\t\t\t\t\t\t\t<\/div>\n\t\t\t\t\t\t\t\n\t\t\t\t\t\t\t<div class=\"ekit-team-modal-info has-img\">\n\t\t\t\t\t\t\t\t<h2 class=\"ekit-team-modal-title\">Yann CAYOT<\/h2>\n\t\t\t\t\t\t\t\t<p class=\"ekit-team-modal-position\"><\/p>\n\n\t\t\t\t\t\t\t\t<div class=\"ekit-team-modal-content\">\n\t\t\t\t\t\t\t\t\tDipl\u00f4m\u00e9 tout d\u2019abord de l\u2019IFMK de Vichy en Masso-kin\u00e9sith\u00e9rapie en 2011, Yann CAYOT  devient dipl\u00f4m\u00e9 de l\u2019IFSO Vichy \u2013 Clermont-Ferrand en 2013.\nIl exerce durant 5 ans la double profession dans 2 cabinets distincts ainsi que dans des structures sportives (rugby, handball, Creps Vichy).\nEn 2018, Yann ouvre un cabinet pluridisciplinaire \u00e0 Chamali\u00e8res (63) o\u00f9 il exerce exclusivement l\u2019ost\u00e9opathie en compagnie d\u2019autres professionnels param\u00e9dicaux (kin\u00e9sith\u00e9rapeutes chainistes, orthophonistes, psychom\u00e9triciennes).\nIl devient la m\u00eame ann\u00e9e l\u2019ost\u00e9opathe personnel de Renaud LAVILLENIE. Puis au fil de sa carri\u00e8re d\u2019autres perchistes internationaux (Stanley Joseph, Anthony AMMIRATI, Mathieu COLLET)\nTr\u00e8s attach\u00e9 \u00e0 l\u2019ost\u00e9opathie visc\u00e9rale, il obtient  en 2021 un DU en Sant\u00e9 Di\u00e9t\u00e9tique et Physionutrition.\nYann int\u00e8gre l\u2019IFSO Vichy \u2013 Clermont-Ferrand en tant que superviseur de clinique ainsi que l\u2019\u00e9quipe charg\u00e9 de l\u2019enseignement visc\u00e9ral.\t\t\t\t\t\t\t\t<\/div>\n\n\t\t\t\t\t\t\t\t\n\t\t\t\t\t\t\t\t\t\t\t\t\t\t\t<\/div>\n\t\t\t\t\t\t<\/div>\n\t\t\t\t\t<\/div>\n\t\t\t\t<\/div>\n\t\t\t<\/div>\n\t\t\t\t<\/div>\t\t\t\t<\/div>\n\t\t\t\t<\/div>\n\t\t\t\t<div class=\"elementor-element elementor-element-9473fd9 elementor-widget elementor-widget-elementskit-team\" data-id=\"9473fd9\" data-element_type=\"widget\" data-e-type=\"widget\" data-widget_type=\"elementskit-team.default\">\n\t\t\t\t<div class=\"elementor-widget-container\">\n\t\t\t\t\t<div class=\"ekit-wid-con\">\t\t\t\t\t\t\t\t\n\t\t<div class=\"profile-card elementor-animation- text-center ekit-team-style-default\">\n\t\t\t\t\t\t\t<a aria-label=\"View Pierre CHAMBON profile\" href=\"javascript:void(0)\" data-mfp-src=\"#ekit_team_modal_9473fd9_220\" class=\"ekit-team-popup\">\n\t\t\t\n\t\t\t\t<div class=\"profile-header ekit-team-img ekit-img-overlay ekit-team-img-block\"  data-toggle=\"modal\" data-target=\"ekit_team_modal_#9473fd9_220\" >\n\t\t\t\t\t<img loading=\"lazy\" decoding=\"async\" width=\"400\" height=\"400\" src=\"https:\/\/preprod.osteopathie-auvergne.fr\/wp-content\/uploads\/2026\/08\/Pierre-CHAMBON-ifso-vichy-CFD.jpg\" class=\"attachment-large size-large wp-image-3193\" alt=\"\" srcset=\"https:\/\/preprod.osteopathie-auvergne.fr\/wp-content\/uploads\/2026\/08\/Pierre-CHAMBON-ifso-vichy-CFD.jpg 400w, https:\/\/preprod.osteopathie-auvergne.fr\/wp-content\/uploads\/2026\/08\/Pierre-CHAMBON-ifso-vichy-CFD-300x300.jpg 300w, https:\/\/preprod.osteopathie-auvergne.fr\/wp-content\/uploads\/2026\/08\/Pierre-CHAMBON-ifso-vichy-CFD-150x150.jpg 150w\" sizes=\"(max-width: 400px) 100vw, 400px\" \/>\t\t\t\t<\/div><!-- .profile-header END -->\n\t\t\t\t\t\t\t<\/a>\n\t\t\t\n\n\t\t\t\t<div class=\"profile-body\">\n\t\t\t\t\t\n\t\t\t\t\t<h2 class=\"profile-title\">\n\t\t\t\t\t\t\t\t\t\t\t<a aria-label=\"View Pierre CHAMBON profile\" href=\"javascript:void(0)\" data-mfp-src=\"#ekit_team_modal_9473fd9_220\" class=\"ekit-team-popup\">\n\t\t\t\t\t\tPierre CHAMBON\t\t\t\t\t\t<\/a>\n\t\t\t\t\t\t\t\t\t\t\t<\/h2>\n\t\t\t\t\t<p class=\"profile-designation\"><\/p>\n\t\t\t\t\t\t\t\t\t<\/div><!-- .profile-body END -->\n\n\t\t\t\t\t\t\t\t<\/div>\n\t\t\t\t\t\t\t\n\t\t\t\n\t\t\t\t\t<div class=\"zoom-anim-dialog mfp-hide elementskit-team-popup team-popup-id-9473fd9\" id=\"ekit_team_modal_9473fd9_220\" tabindex=\"-1\" role=\"dialog\" aria-modal=\"true\">\n\t\t\t\t<div class=\"modal-dialog modal-dialog-centered\" role=\"document\">\n\t\t\t\t\t<div class=\"modal-content\">\n\t\t\t\t\t\t<button type=\"button\" class=\"ekit-team-modal-close\">\n\t\t\t\t\t\t\t<svg aria-hidden=\"true\" class=\"e-font-icon-svg e-fas-times\" viewBox=\"0 0 352 512\" xmlns=\"http:\/\/www.w3.org\/2000\/svg\"><path d=\"M242.72 256l100.07-100.07c12.28-12.28 12.28-32.19 0-44.48l-22.24-22.24c-12.28-12.28-32.19-12.28-44.48 0L176 189.28 75.93 89.21c-12.28-12.28-32.19-12.28-44.48 0L9.21 111.45c-12.28 12.28-12.28 32.19 0 44.48L109.28 256 9.21 356.07c-12.28 12.28-12.28 32.19 0 44.48l22.24 22.24c12.28 12.28 32.2 12.28 44.48 0L176 322.72l100.07 100.07c12.28 12.28 32.2 12.28 44.48 0l22.24-22.24c12.28-12.28 12.28-32.19 0-44.48L242.72 256z\"><\/path><\/svg>\t\t\t\t\t\t<\/button>\n\n\t\t\t\t\t\t<div class=\"modal-body\">\n\t\t\t\t\t\t\t\t\t\t\t\t\t\t\t<div class=\"ekit-team-modal-img\">\n\t\t\t\t\t\t\t\t\t<img loading=\"lazy\" decoding=\"async\" width=\"400\" height=\"400\" src=\"https:\/\/preprod.osteopathie-auvergne.fr\/wp-content\/uploads\/2026\/08\/Pierre-CHAMBON-ifso-vichy-CFD.jpg\" class=\"attachment-large size-large wp-image-3193\" alt=\"\" srcset=\"https:\/\/preprod.osteopathie-auvergne.fr\/wp-content\/uploads\/2026\/08\/Pierre-CHAMBON-ifso-vichy-CFD.jpg 400w, https:\/\/preprod.osteopathie-auvergne.fr\/wp-content\/uploads\/2026\/08\/Pierre-CHAMBON-ifso-vichy-CFD-300x300.jpg 300w, https:\/\/preprod.osteopathie-auvergne.fr\/wp-content\/uploads\/2026\/08\/Pierre-CHAMBON-ifso-vichy-CFD-150x150.jpg 150w\" sizes=\"(max-width: 400px) 100vw, 400px\" \/>\t\t\t\t\t\t\t\t<\/div>\n\t\t\t\t\t\t\t\n\t\t\t\t\t\t\t<div class=\"ekit-team-modal-info has-img\">\n\t\t\t\t\t\t\t\t<h2 class=\"ekit-team-modal-title\">Pierre CHAMBON<\/h2>\n\t\t\t\t\t\t\t\t<p class=\"ekit-team-modal-position\"><\/p>\n\n\t\t\t\t\t\t\t\t<div class=\"ekit-team-modal-content\">\n\t\t\t\t\t\t\t\t\tM\u00e9decin G\u00e9n\u00e9raliste dipl\u00f4m\u00e9 en 1989, le Dr Pierre Chambon a travaill\u00e9 au Service des Urgences adultes du CHU de Clermont-Ferrand pendant 10 ans. En parall\u00e8le, en 1992, il a ouvert son cabinet de m\u00e9decine g\u00e9n\u00e9rale. En compl\u00e9ment de son activit\u00e9 de m\u00e9decine g\u00e9n\u00e9rale pure, il s\u2019est orient\u00e9 d\u00e8s le d\u00e9but de son activit\u00e9 vers des M\u00e9decines Alternatives : Ost\u00e9opathie, Acupuncture, Hom\u00e9opathie, Hypnoth\u00e9rapie, Phytoth\u00e9rapie. Depuis 2023, il travaille \u00e0 mi-temps, et ne pratique que les M\u00e9decines Alternatives.\nSa formation en Ost\u00e9opathie s\u2019est d\u2019abord faite en m\u00e9decine manuelle, dans diff\u00e9rents instituts, puisqu\u2019\u00e0 l\u2019\u00e9poque il n\u2019y avait pas d\u2019\u00e9coles d\u2019ost\u00e9opathie. Il a obtenu son dipl\u00f4me d\u2019Ost\u00e9opathie au COPB de Biarritz (Coll\u00e8ge d\u2019Ost\u00e9opathie du Pays basque) en 2019.\n\nSa pratique ost\u00e9opathique est multiple, structurelle, fonctionnelle, cr\u00e2nienne.\t\t\t\t\t\t\t\t<\/div>\n\n\t\t\t\t\t\t\t\t\n\t\t\t\t\t\t\t\t\t\t\t\t\t\t\t<\/div>\n\t\t\t\t\t\t<\/div>\n\t\t\t\t\t<\/div>\n\t\t\t\t<\/div>\n\t\t\t<\/div>\n\t\t\t\t<\/div>\t\t\t\t<\/div>\n\t\t\t\t<\/div>\n\t\t\t\t<div class=\"elementor-element elementor-element-e96a55c elementor-widget elementor-widget-elementskit-team\" data-id=\"e96a55c\" data-element_type=\"widget\" data-e-type=\"widget\" data-widget_type=\"elementskit-team.default\">\n\t\t\t\t<div class=\"elementor-widget-container\">\n\t\t\t\t\t<div class=\"ekit-wid-con\">\t\t\t\t\t\t\t\t\n\t\t<div class=\"profile-card elementor-animation- text-center ekit-team-style-default\">\n\t\t\t\t\t\t\t<a aria-label=\"View Andr\u00e9 CHANTEPIE profile\" href=\"javascript:void(0)\" data-mfp-src=\"#ekit_team_modal_e96a55c_220\" class=\"ekit-team-popup\">\n\t\t\t\n\t\t\t\t<div class=\"profile-header ekit-team-img ekit-img-overlay ekit-team-img-block\"  data-toggle=\"modal\" data-target=\"ekit_team_modal_#e96a55c_220\" >\n\t\t\t\t\t<img loading=\"lazy\" decoding=\"async\" width=\"400\" height=\"400\" src=\"https:\/\/preprod.osteopathie-auvergne.fr\/wp-content\/uploads\/2026\/08\/Andre-CHANTEPIE-Ifso-Vichy-CFD.jpg\" class=\"attachment-large size-large wp-image-3262\" alt=\"\" srcset=\"https:\/\/preprod.osteopathie-auvergne.fr\/wp-content\/uploads\/2026\/08\/Andre-CHANTEPIE-Ifso-Vichy-CFD.jpg 400w, https:\/\/preprod.osteopathie-auvergne.fr\/wp-content\/uploads\/2026\/08\/Andre-CHANTEPIE-Ifso-Vichy-CFD-300x300.jpg 300w, https:\/\/preprod.osteopathie-auvergne.fr\/wp-content\/uploads\/2026\/08\/Andre-CHANTEPIE-Ifso-Vichy-CFD-150x150.jpg 150w\" sizes=\"(max-width: 400px) 100vw, 400px\" \/>\t\t\t\t<\/div><!-- .profile-header END -->\n\t\t\t\t\t\t\t<\/a>\n\t\t\t\n\n\t\t\t\t<div class=\"profile-body\">\n\t\t\t\t\t\n\t\t\t\t\t<h2 class=\"profile-title\">\n\t\t\t\t\t\t\t\t\t\t\t<a aria-label=\"View Andr\u00e9 CHANTEPIE profile\" href=\"javascript:void(0)\" data-mfp-src=\"#ekit_team_modal_e96a55c_220\" class=\"ekit-team-popup\">\n\t\t\t\t\t\tAndr\u00e9 CHANTEPIE\t\t\t\t\t\t<\/a>\n\t\t\t\t\t\t\t\t\t\t\t<\/h2>\n\t\t\t\t\t<p class=\"profile-designation\"><\/p>\n\t\t\t\t\t\t\t\t\t<\/div><!-- .profile-body END -->\n\n\t\t\t\t\t\t\t\t<\/div>\n\t\t\t\t\t\t\t\n\t\t\t\n\t\t\t\t\t<div class=\"zoom-anim-dialog mfp-hide elementskit-team-popup team-popup-id-e96a55c\" id=\"ekit_team_modal_e96a55c_220\" tabindex=\"-1\" role=\"dialog\" aria-modal=\"true\">\n\t\t\t\t<div class=\"modal-dialog modal-dialog-centered\" role=\"document\">\n\t\t\t\t\t<div class=\"modal-content\">\n\t\t\t\t\t\t<button type=\"button\" class=\"ekit-team-modal-close\">\n\t\t\t\t\t\t\t<svg aria-hidden=\"true\" class=\"e-font-icon-svg e-fas-times\" viewBox=\"0 0 352 512\" xmlns=\"http:\/\/www.w3.org\/2000\/svg\"><path d=\"M242.72 256l100.07-100.07c12.28-12.28 12.28-32.19 0-44.48l-22.24-22.24c-12.28-12.28-32.19-12.28-44.48 0L176 189.28 75.93 89.21c-12.28-12.28-32.19-12.28-44.48 0L9.21 111.45c-12.28 12.28-12.28 32.19 0 44.48L109.28 256 9.21 356.07c-12.28 12.28-12.28 32.19 0 44.48l22.24 22.24c12.28 12.28 32.2 12.28 44.48 0L176 322.72l100.07 100.07c12.28 12.28 32.2 12.28 44.48 0l22.24-22.24c12.28-12.28 12.28-32.19 0-44.48L242.72 256z\"><\/path><\/svg>\t\t\t\t\t\t<\/button>\n\n\t\t\t\t\t\t<div class=\"modal-body\">\n\t\t\t\t\t\t\t\t\t\t\t\t\t\t\t<div class=\"ekit-team-modal-img\">\n\t\t\t\t\t\t\t\t\t<img loading=\"lazy\" decoding=\"async\" width=\"400\" height=\"400\" src=\"https:\/\/preprod.osteopathie-auvergne.fr\/wp-content\/uploads\/2026\/08\/Andre-CHANTEPIE-Ifso-Vichy-CFD.jpg\" class=\"attachment-large size-large wp-image-3262\" alt=\"\" srcset=\"https:\/\/preprod.osteopathie-auvergne.fr\/wp-content\/uploads\/2026\/08\/Andre-CHANTEPIE-Ifso-Vichy-CFD.jpg 400w, https:\/\/preprod.osteopathie-auvergne.fr\/wp-content\/uploads\/2026\/08\/Andre-CHANTEPIE-Ifso-Vichy-CFD-300x300.jpg 300w, https:\/\/preprod.osteopathie-auvergne.fr\/wp-content\/uploads\/2026\/08\/Andre-CHANTEPIE-Ifso-Vichy-CFD-150x150.jpg 150w\" sizes=\"(max-width: 400px) 100vw, 400px\" \/>\t\t\t\t\t\t\t\t<\/div>\n\t\t\t\t\t\t\t\n\t\t\t\t\t\t\t<div class=\"ekit-team-modal-info has-img\">\n\t\t\t\t\t\t\t\t<h2 class=\"ekit-team-modal-title\">Andr\u00e9 CHANTEPIE<\/h2>\n\t\t\t\t\t\t\t\t<p class=\"ekit-team-modal-position\"><\/p>\n\n\t\t\t\t\t\t\t\t<div class=\"ekit-team-modal-content\">\n\t\t\t\t\t\t\t\t\tDipl\u00f4m\u00e9 en kin\u00e9sith\u00e9rapie en 1979 puis dipl\u00f4m\u00e9 en ost\u00e9opathie en 1992, Andr\u00e9 CHANTEPIE exerce en tant qu\u2019ost\u00e9opathe depuis en activit\u00e9 lib\u00e9rale. En parall\u00e8le, il est charg\u00e9 de cours depuis de nombreuses ann\u00e9es dans diff\u00e9rents instituts nationaux et internationaux. Il est \u00e9galement co-auteur avec Jean Fran\u00e7ois PERROT des Cahiers de l\u2019Ost\u00e9opathie et intervient de mani\u00e8re transversale dans le projet p\u00e9dagogique de l\u2019IFSO Vichy \u2013 Clermont-Ferrand.\t\t\t\t\t\t\t\t<\/div>\n\n\t\t\t\t\t\t\t\t\n\t\t\t\t\t\t\t\t\t\t\t\t\t\t\t<\/div>\n\t\t\t\t\t\t<\/div>\n\t\t\t\t\t<\/div>\n\t\t\t\t<\/div>\n\t\t\t<\/div>\n\t\t\t\t<\/div>\t\t\t\t<\/div>\n\t\t\t\t<\/div>\n\t\t\t\t<div class=\"elementor-element elementor-element-2d83caa elementor-widget elementor-widget-elementskit-team\" data-id=\"2d83caa\" data-element_type=\"widget\" data-e-type=\"widget\" data-widget_type=\"elementskit-team.default\">\n\t\t\t\t<div class=\"elementor-widget-container\">\n\t\t\t\t\t<div class=\"ekit-wid-con\">\t\t\t\t\t\t\t\t\n\t\t<div class=\"profile-card elementor-animation- text-center ekit-team-style-default\">\n\t\t\t\t\t\t\t<a aria-label=\"View Cyril COMBES profile\" href=\"javascript:void(0)\" data-mfp-src=\"#ekit_team_modal_2d83caa_220\" class=\"ekit-team-popup\">\n\t\t\t\n\t\t\t\t<div class=\"profile-header ekit-team-img ekit-img-overlay ekit-team-img-block\"  data-toggle=\"modal\" data-target=\"ekit_team_modal_#2d83caa_220\" >\n\t\t\t\t\t<img loading=\"lazy\" decoding=\"async\" width=\"400\" height=\"400\" src=\"https:\/\/preprod.osteopathie-auvergne.fr\/wp-content\/uploads\/2026\/08\/Cyril-COMBES.jpg\" class=\"attachment-large size-large wp-image-3166\" alt=\"\" srcset=\"https:\/\/preprod.osteopathie-auvergne.fr\/wp-content\/uploads\/2026\/08\/Cyril-COMBES.jpg 400w, https:\/\/preprod.osteopathie-auvergne.fr\/wp-content\/uploads\/2026\/08\/Cyril-COMBES-300x300.jpg 300w, https:\/\/preprod.osteopathie-auvergne.fr\/wp-content\/uploads\/2026\/08\/Cyril-COMBES-150x150.jpg 150w\" sizes=\"(max-width: 400px) 100vw, 400px\" \/>\t\t\t\t<\/div><!-- .profile-header END -->\n\t\t\t\t\t\t\t<\/a>\n\t\t\t\n\n\t\t\t\t<div class=\"profile-body\">\n\t\t\t\t\t\n\t\t\t\t\t<h2 class=\"profile-title\">\n\t\t\t\t\t\t\t\t\t\t\t<a aria-label=\"View Cyril COMBES profile\" href=\"javascript:void(0)\" data-mfp-src=\"#ekit_team_modal_2d83caa_220\" class=\"ekit-team-popup\">\n\t\t\t\t\t\tCyril COMBES\t\t\t\t\t\t<\/a>\n\t\t\t\t\t\t\t\t\t\t\t<\/h2>\n\t\t\t\t\t<p class=\"profile-designation\"><\/p>\n\t\t\t\t\t\t\t\t\t<\/div><!-- .profile-body END -->\n\n\t\t\t\t\t\t\t\t<\/div>\n\t\t\t\t\t\t\t\n\t\t\t\n\t\t\t\t\t<div class=\"zoom-anim-dialog mfp-hide elementskit-team-popup team-popup-id-2d83caa\" id=\"ekit_team_modal_2d83caa_220\" tabindex=\"-1\" role=\"dialog\" aria-modal=\"true\">\n\t\t\t\t<div class=\"modal-dialog modal-dialog-centered\" role=\"document\">\n\t\t\t\t\t<div class=\"modal-content\">\n\t\t\t\t\t\t<button type=\"button\" class=\"ekit-team-modal-close\">\n\t\t\t\t\t\t\t<svg aria-hidden=\"true\" class=\"e-font-icon-svg e-fas-times\" viewBox=\"0 0 352 512\" xmlns=\"http:\/\/www.w3.org\/2000\/svg\"><path d=\"M242.72 256l100.07-100.07c12.28-12.28 12.28-32.19 0-44.48l-22.24-22.24c-12.28-12.28-32.19-12.28-44.48 0L176 189.28 75.93 89.21c-12.28-12.28-32.19-12.28-44.48 0L9.21 111.45c-12.28 12.28-12.28 32.19 0 44.48L109.28 256 9.21 356.07c-12.28 12.28-12.28 32.19 0 44.48l22.24 22.24c12.28 12.28 32.2 12.28 44.48 0L176 322.72l100.07 100.07c12.28 12.28 32.2 12.28 44.48 0l22.24-22.24c12.28-12.28 12.28-32.19 0-44.48L242.72 256z\"><\/path><\/svg>\t\t\t\t\t\t<\/button>\n\n\t\t\t\t\t\t<div class=\"modal-body\">\n\t\t\t\t\t\t\t\t\t\t\t\t\t\t\t<div class=\"ekit-team-modal-img\">\n\t\t\t\t\t\t\t\t\t<img loading=\"lazy\" decoding=\"async\" width=\"400\" height=\"400\" src=\"https:\/\/preprod.osteopathie-auvergne.fr\/wp-content\/uploads\/2026\/08\/Cyril-COMBES.jpg\" class=\"attachment-large size-large wp-image-3166\" alt=\"\" srcset=\"https:\/\/preprod.osteopathie-auvergne.fr\/wp-content\/uploads\/2026\/08\/Cyril-COMBES.jpg 400w, https:\/\/preprod.osteopathie-auvergne.fr\/wp-content\/uploads\/2026\/08\/Cyril-COMBES-300x300.jpg 300w, https:\/\/preprod.osteopathie-auvergne.fr\/wp-content\/uploads\/2026\/08\/Cyril-COMBES-150x150.jpg 150w\" sizes=\"(max-width: 400px) 100vw, 400px\" \/>\t\t\t\t\t\t\t\t<\/div>\n\t\t\t\t\t\t\t\n\t\t\t\t\t\t\t<div class=\"ekit-team-modal-info has-img\">\n\t\t\t\t\t\t\t\t<h2 class=\"ekit-team-modal-title\">Cyril COMBES<\/h2>\n\t\t\t\t\t\t\t\t<p class=\"ekit-team-modal-position\"><\/p>\n\n\t\t\t\t\t\t\t\t<div class=\"ekit-team-modal-content\">\n\t\t\t\t\t\t\t\t\tDipl\u00f4m\u00e9 depuis 2004 en kin\u00e9sith\u00e9rapie (IFMK Vichy) et 2015 en ost\u00e9opathie (IFSO Vichy \u2013 Clermont-Ferrand). Cyril COMBES exerce en cabinet lib\u00e9ral au sein du P\u00f4le Sant\u00e9 pluridisciplinaire de Champeix (Puy-de-D\u00f4me).\nFort d\u2019une exp\u00e9rience de 10 ann\u00e9es dans le rugby professionnel en tant qu\u2019intervenant aupr\u00e8s du Stade Aurillacois Cantal Auvergne (Pro D2), il s\u2019est sp\u00e9cialis\u00e9 dans les techniques structurelles (Structurel revisit\u00e9, Minimum levier, Concept Sohier) et Somato-\u00e9motionnelles (Formation post-grade de Thierry Dubois et Philippe Hansroul).\nCharg\u00e9 d\u2019enseignement en anatomie, anatomie palpatoire et structurel, Cyril a int\u00e9gr\u00e9 l\u2019\u00e9quipe p\u00e9dagogique de l\u2019IFSO Vichy \u2013 Clermont-Ferrand.\t\t\t\t\t\t\t\t<\/div>\n\n\t\t\t\t\t\t\t\t\n\t\t\t\t\t\t\t\t\t\t\t\t\t\t\t<\/div>\n\t\t\t\t\t\t<\/div>\n\t\t\t\t\t<\/div>\n\t\t\t\t<\/div>\n\t\t\t<\/div>\n\t\t\t\t<\/div>\t\t\t\t<\/div>\n\t\t\t\t<\/div>\n\t\t\t\t<div class=\"elementor-element elementor-element-d7bee63 elementor-widget elementor-widget-elementskit-team\" data-id=\"d7bee63\" data-element_type=\"widget\" data-e-type=\"widget\" data-widget_type=\"elementskit-team.default\">\n\t\t\t\t<div class=\"elementor-widget-container\">\n\t\t\t\t\t<div class=\"ekit-wid-con\">\t\t\t\t\t\t\t\t\n\t\t<div class=\"profile-card elementor-animation- text-center ekit-team-style-default\">\n\t\t\t\t\t\t\t<a aria-label=\"View Coralie COUDERT profile\" href=\"javascript:void(0)\" data-mfp-src=\"#ekit_team_modal_d7bee63_220\" class=\"ekit-team-popup\">\n\t\t\t\n\t\t\t\t<div class=\"profile-header ekit-team-img ekit-img-overlay ekit-team-img-block\"  data-toggle=\"modal\" data-target=\"ekit_team_modal_#d7bee63_220\" >\n\t\t\t\t\t<img loading=\"lazy\" decoding=\"async\" width=\"400\" height=\"400\" src=\"https:\/\/preprod.osteopathie-auvergne.fr\/wp-content\/uploads\/2026\/08\/Coralie-COUDERT.jpg\" class=\"attachment-large size-large wp-image-3165\" alt=\"\" srcset=\"https:\/\/preprod.osteopathie-auvergne.fr\/wp-content\/uploads\/2026\/08\/Coralie-COUDERT.jpg 400w, https:\/\/preprod.osteopathie-auvergne.fr\/wp-content\/uploads\/2026\/08\/Coralie-COUDERT-300x300.jpg 300w, https:\/\/preprod.osteopathie-auvergne.fr\/wp-content\/uploads\/2026\/08\/Coralie-COUDERT-150x150.jpg 150w\" sizes=\"(max-width: 400px) 100vw, 400px\" \/>\t\t\t\t<\/div><!-- .profile-header END -->\n\t\t\t\t\t\t\t<\/a>\n\t\t\t\n\n\t\t\t\t<div class=\"profile-body\">\n\t\t\t\t\t\n\t\t\t\t\t<h2 class=\"profile-title\">\n\t\t\t\t\t\t\t\t\t\t\t<a aria-label=\"View Coralie COUDERT profile\" href=\"javascript:void(0)\" data-mfp-src=\"#ekit_team_modal_d7bee63_220\" class=\"ekit-team-popup\">\n\t\t\t\t\t\tCoralie COUDERT\t\t\t\t\t\t<\/a>\n\t\t\t\t\t\t\t\t\t\t\t<\/h2>\n\t\t\t\t\t<p class=\"profile-designation\"><\/p>\n\t\t\t\t\t\t\t\t\t<\/div><!-- .profile-body END -->\n\n\t\t\t\t\t\t\t\t<\/div>\n\t\t\t\t\t\t\t\n\t\t\t\n\t\t\t\t\t<div class=\"zoom-anim-dialog mfp-hide elementskit-team-popup team-popup-id-d7bee63\" id=\"ekit_team_modal_d7bee63_220\" tabindex=\"-1\" role=\"dialog\" aria-modal=\"true\">\n\t\t\t\t<div class=\"modal-dialog modal-dialog-centered\" role=\"document\">\n\t\t\t\t\t<div class=\"modal-content\">\n\t\t\t\t\t\t<button type=\"button\" class=\"ekit-team-modal-close\">\n\t\t\t\t\t\t\t<svg aria-hidden=\"true\" class=\"e-font-icon-svg e-fas-times\" viewBox=\"0 0 352 512\" xmlns=\"http:\/\/www.w3.org\/2000\/svg\"><path d=\"M242.72 256l100.07-100.07c12.28-12.28 12.28-32.19 0-44.48l-22.24-22.24c-12.28-12.28-32.19-12.28-44.48 0L176 189.28 75.93 89.21c-12.28-12.28-32.19-12.28-44.48 0L9.21 111.45c-12.28 12.28-12.28 32.19 0 44.48L109.28 256 9.21 356.07c-12.28 12.28-12.28 32.19 0 44.48l22.24 22.24c12.28 12.28 32.2 12.28 44.48 0L176 322.72l100.07 100.07c12.28 12.28 32.2 12.28 44.48 0l22.24-22.24c12.28-12.28 12.28-32.19 0-44.48L242.72 256z\"><\/path><\/svg>\t\t\t\t\t\t<\/button>\n\n\t\t\t\t\t\t<div class=\"modal-body\">\n\t\t\t\t\t\t\t\t\t\t\t\t\t\t\t<div class=\"ekit-team-modal-img\">\n\t\t\t\t\t\t\t\t\t<img loading=\"lazy\" decoding=\"async\" width=\"400\" height=\"400\" src=\"https:\/\/preprod.osteopathie-auvergne.fr\/wp-content\/uploads\/2026\/08\/Coralie-COUDERT.jpg\" class=\"attachment-large size-large wp-image-3165\" alt=\"\" srcset=\"https:\/\/preprod.osteopathie-auvergne.fr\/wp-content\/uploads\/2026\/08\/Coralie-COUDERT.jpg 400w, https:\/\/preprod.osteopathie-auvergne.fr\/wp-content\/uploads\/2026\/08\/Coralie-COUDERT-300x300.jpg 300w, https:\/\/preprod.osteopathie-auvergne.fr\/wp-content\/uploads\/2026\/08\/Coralie-COUDERT-150x150.jpg 150w\" sizes=\"(max-width: 400px) 100vw, 400px\" \/>\t\t\t\t\t\t\t\t<\/div>\n\t\t\t\t\t\t\t\n\t\t\t\t\t\t\t<div class=\"ekit-team-modal-info has-img\">\n\t\t\t\t\t\t\t\t<h2 class=\"ekit-team-modal-title\">Coralie COUDERT<\/h2>\n\t\t\t\t\t\t\t\t<p class=\"ekit-team-modal-position\"><\/p>\n\n\t\t\t\t\t\t\t\t<div class=\"ekit-team-modal-content\">\n\t\t\t\t\t\t\t\t\tDipl\u00f4m\u00e9e en 2004 de l\u2019IFMK Vichy puis en 2015 de l\u2019IFSO Vichy \u2013 Clermont-Ferrand, Coralie COUDERT exerce en cabinet lib\u00e9ral sur Chamali\u00e8res.\nTitulaire d\u2019un D.U. d\u2019ost\u00e9opathie en p\u00e9rinatalit\u00e9 et un D.U. d\u00e9veloppement du nourrisson, Coralie a toujours eu la volont\u00e9 de poursuivre sa propre formation avec de nombreux post grade en p\u00e9diatrie mais aussi dans la sph\u00e8re f\u00e9minine en g\u00e9n\u00e9ral.\nAujourd\u2019hui elle exerce en tant qu\u2019ost\u00e9opathe avec une reconnaissance du milieu p\u00e9rinatal et travaille en r\u00e9seau avec les maternit\u00e9s, p\u00e9diatres, sage-femme de la r\u00e9gion, ce qui lui permet de travailler au quotidien aupr\u00e8s de nouveaux n\u00e9s et de femme en pr\u00e9-per-post partum mais \u00e9galement de poursuivre le suivi tout au long de leur vie.\nCoralie int\u00e8gre l\u2019\u00e9quipe superviseur de l\u2019IFSO Vichy \u2013 Clermont-Ferrand, notamment sur la clinique de Clermont-Fd.\t\t\t\t\t\t\t\t<\/div>\n\n\t\t\t\t\t\t\t\t\n\t\t\t\t\t\t\t\t\t\t\t\t\t\t\t<\/div>\n\t\t\t\t\t\t<\/div>\n\t\t\t\t\t<\/div>\n\t\t\t\t<\/div>\n\t\t\t<\/div>\n\t\t\t\t<\/div>\t\t\t\t<\/div>\n\t\t\t\t<\/div>\n\t\t\t\t<div class=\"elementor-element elementor-element-bac6a65 elementor-widget elementor-widget-elementskit-team\" data-id=\"bac6a65\" data-element_type=\"widget\" data-e-type=\"widget\" data-widget_type=\"elementskit-team.default\">\n\t\t\t\t<div class=\"elementor-widget-container\">\n\t\t\t\t\t<div class=\"ekit-wid-con\">\t\t\t\t\t\t\t\t\n\t\t<div class=\"profile-card elementor-animation- text-center ekit-team-style-default\">\n\t\t\t\t\t\t\t<a aria-label=\"View Jean Baptiste DE MEEUS profile\" href=\"javascript:void(0)\" data-mfp-src=\"#ekit_team_modal_bac6a65_220\" class=\"ekit-team-popup\">\n\t\t\t\n\t\t\t\t<div class=\"profile-header ekit-team-img ekit-img-overlay ekit-team-img-block\"  data-toggle=\"modal\" data-target=\"ekit_team_modal_#bac6a65_220\" >\n\t\t\t\t\t<img loading=\"lazy\" decoding=\"async\" width=\"400\" height=\"400\" src=\"https:\/\/preprod.osteopathie-auvergne.fr\/wp-content\/uploads\/2026\/08\/Jean-BAPTISTE-DE-MEEUS-1.jpg\" class=\"attachment-large size-large wp-image-3226\" alt=\"\" srcset=\"https:\/\/preprod.osteopathie-auvergne.fr\/wp-content\/uploads\/2026\/08\/Jean-BAPTISTE-DE-MEEUS-1.jpg 400w, https:\/\/preprod.osteopathie-auvergne.fr\/wp-content\/uploads\/2026\/08\/Jean-BAPTISTE-DE-MEEUS-1-300x300.jpg 300w, https:\/\/preprod.osteopathie-auvergne.fr\/wp-content\/uploads\/2026\/08\/Jean-BAPTISTE-DE-MEEUS-1-150x150.jpg 150w\" sizes=\"(max-width: 400px) 100vw, 400px\" \/>\t\t\t\t<\/div><!-- .profile-header END -->\n\t\t\t\t\t\t\t<\/a>\n\t\t\t\n\n\t\t\t\t<div class=\"profile-body\">\n\t\t\t\t\t\n\t\t\t\t\t<h2 class=\"profile-title\">\n\t\t\t\t\t\t\t\t\t\t\t<a aria-label=\"View Jean Baptiste DE MEEUS profile\" href=\"javascript:void(0)\" data-mfp-src=\"#ekit_team_modal_bac6a65_220\" class=\"ekit-team-popup\">\n\t\t\t\t\t\tJean Baptiste DE MEEUS\t\t\t\t\t\t<\/a>\n\t\t\t\t\t\t\t\t\t\t\t<\/h2>\n\t\t\t\t\t<p class=\"profile-designation\"><\/p>\n\t\t\t\t\t\t\t\t\t<\/div><!-- .profile-body END -->\n\n\t\t\t\t\t\t\t\t<\/div>\n\t\t\t\t\t\t\t\n\t\t\t\n\t\t\t\t\t<div class=\"zoom-anim-dialog mfp-hide elementskit-team-popup team-popup-id-bac6a65\" id=\"ekit_team_modal_bac6a65_220\" tabindex=\"-1\" role=\"dialog\" aria-modal=\"true\">\n\t\t\t\t<div class=\"modal-dialog modal-dialog-centered\" role=\"document\">\n\t\t\t\t\t<div class=\"modal-content\">\n\t\t\t\t\t\t<button type=\"button\" class=\"ekit-team-modal-close\">\n\t\t\t\t\t\t\t<svg aria-hidden=\"true\" class=\"e-font-icon-svg e-fas-times\" viewBox=\"0 0 352 512\" xmlns=\"http:\/\/www.w3.org\/2000\/svg\"><path d=\"M242.72 256l100.07-100.07c12.28-12.28 12.28-32.19 0-44.48l-22.24-22.24c-12.28-12.28-32.19-12.28-44.48 0L176 189.28 75.93 89.21c-12.28-12.28-32.19-12.28-44.48 0L9.21 111.45c-12.28 12.28-12.28 32.19 0 44.48L109.28 256 9.21 356.07c-12.28 12.28-12.28 32.19 0 44.48l22.24 22.24c12.28 12.28 32.2 12.28 44.48 0L176 322.72l100.07 100.07c12.28 12.28 32.2 12.28 44.48 0l22.24-22.24c12.28-12.28 12.28-32.19 0-44.48L242.72 256z\"><\/path><\/svg>\t\t\t\t\t\t<\/button>\n\n\t\t\t\t\t\t<div class=\"modal-body\">\n\t\t\t\t\t\t\t\t\t\t\t\t\t\t\t<div class=\"ekit-team-modal-img\">\n\t\t\t\t\t\t\t\t\t<img loading=\"lazy\" decoding=\"async\" width=\"400\" height=\"400\" src=\"https:\/\/preprod.osteopathie-auvergne.fr\/wp-content\/uploads\/2026\/08\/Jean-BAPTISTE-DE-MEEUS-1.jpg\" class=\"attachment-large size-large wp-image-3226\" alt=\"\" srcset=\"https:\/\/preprod.osteopathie-auvergne.fr\/wp-content\/uploads\/2026\/08\/Jean-BAPTISTE-DE-MEEUS-1.jpg 400w, https:\/\/preprod.osteopathie-auvergne.fr\/wp-content\/uploads\/2026\/08\/Jean-BAPTISTE-DE-MEEUS-1-300x300.jpg 300w, https:\/\/preprod.osteopathie-auvergne.fr\/wp-content\/uploads\/2026\/08\/Jean-BAPTISTE-DE-MEEUS-1-150x150.jpg 150w\" sizes=\"(max-width: 400px) 100vw, 400px\" \/>\t\t\t\t\t\t\t\t<\/div>\n\t\t\t\t\t\t\t\n\t\t\t\t\t\t\t<div class=\"ekit-team-modal-info has-img\">\n\t\t\t\t\t\t\t\t<h2 class=\"ekit-team-modal-title\">Jean Baptiste DE MEEUS<\/h2>\n\t\t\t\t\t\t\t\t<p class=\"ekit-team-modal-position\"><\/p>\n\n\t\t\t\t\t\t\t\t<div class=\"ekit-team-modal-content\">\n\t\t\t\t\t\t\t\t\tJean-Baptiste DE MEEUS est Gyn\u00e9cologue-Obst\u00e9tricien apr\u00e8s un cursus de chirurgie g\u00e9n\u00e9rale docteur en m\u00e9decine depuis 1989. Apr\u00e8s une th\u00e8se de microchirurgie de la main, un master 1 et 2 en anatomie, un DEA de sciences sociales, orientation d\u00e9finitive en gyn\u00e9cologie-obst\u00e9trique en commen\u00e7ant par la prise en charge chirurgicales des cancers du sein et pelviens au CHU de Poitiers.\n\nDurant son activit\u00e9, il  obtient des DIU de canc\u00e9rologie, s\u00e9nologie et d\u2019addictologie de la femme enceinte. Pr\u00e9sident du comit\u00e9 territorial de l\u2019Allier de d\u00e9pistage des cancers et responsable de recherche au centre de d\u00e9pistage des cancers AURA.\n\nIl int\u00e8gre l\u2019\u00e9quipe p\u00e9dagogique de l\u2019IFSO Vichy \u2013 Clermont-Ferrand.\n\n\t\t\t\t\t\t\t\t<\/div>\n\n\t\t\t\t\t\t\t\t\n\t\t\t\t\t\t\t\t\t\t\t\t\t\t\t<\/div>\n\t\t\t\t\t\t<\/div>\n\t\t\t\t\t<\/div>\n\t\t\t\t<\/div>\n\t\t\t<\/div>\n\t\t\t\t<\/div>\t\t\t\t<\/div>\n\t\t\t\t<\/div>\n\t\t\t\t<div class=\"elementor-element elementor-element-f2a631f elementor-widget elementor-widget-elementskit-team\" data-id=\"f2a631f\" data-element_type=\"widget\" data-e-type=\"widget\" data-widget_type=\"elementskit-team.default\">\n\t\t\t\t<div class=\"elementor-widget-container\">\n\t\t\t\t\t<div class=\"ekit-wid-con\">\t\t\t\t\t\t\t\t\n\t\t<div class=\"profile-card elementor-animation- text-center ekit-team-style-default\">\n\t\t\t\t\t\t\t<a aria-label=\"View Caroline DECHAMBENOIT profile\" href=\"javascript:void(0)\" data-mfp-src=\"#ekit_team_modal_f2a631f_220\" class=\"ekit-team-popup\">\n\t\t\t\n\t\t\t\t<div class=\"profile-header ekit-team-img ekit-img-overlay ekit-team-img-block\"  data-toggle=\"modal\" data-target=\"ekit_team_modal_#f2a631f_220\" >\n\t\t\t\t\t<img loading=\"lazy\" decoding=\"async\" width=\"400\" height=\"400\" src=\"https:\/\/preprod.osteopathie-auvergne.fr\/wp-content\/uploads\/2026\/08\/Caroline-DECHAMBENOIT-1.jpg\" class=\"attachment-large size-large wp-image-3209\" alt=\"\" srcset=\"https:\/\/preprod.osteopathie-auvergne.fr\/wp-content\/uploads\/2026\/08\/Caroline-DECHAMBENOIT-1.jpg 400w, https:\/\/preprod.osteopathie-auvergne.fr\/wp-content\/uploads\/2026\/08\/Caroline-DECHAMBENOIT-1-300x300.jpg 300w, https:\/\/preprod.osteopathie-auvergne.fr\/wp-content\/uploads\/2026\/08\/Caroline-DECHAMBENOIT-1-150x150.jpg 150w\" sizes=\"(max-width: 400px) 100vw, 400px\" \/>\t\t\t\t<\/div><!-- .profile-header END -->\n\t\t\t\t\t\t\t<\/a>\n\t\t\t\n\n\t\t\t\t<div class=\"profile-body\">\n\t\t\t\t\t\n\t\t\t\t\t<h2 class=\"profile-title\">\n\t\t\t\t\t\t\t\t\t\t\t<a aria-label=\"View Caroline DECHAMBENOIT profile\" href=\"javascript:void(0)\" data-mfp-src=\"#ekit_team_modal_f2a631f_220\" class=\"ekit-team-popup\">\n\t\t\t\t\t\tCaroline DECHAMBENOIT\t\t\t\t\t\t<\/a>\n\t\t\t\t\t\t\t\t\t\t\t<\/h2>\n\t\t\t\t\t<p class=\"profile-designation\"><\/p>\n\t\t\t\t\t\t\t\t\t<\/div><!-- .profile-body END -->\n\n\t\t\t\t\t\t\t\t<\/div>\n\t\t\t\t\t\t\t\n\t\t\t\n\t\t\t\t\t<div class=\"zoom-anim-dialog mfp-hide elementskit-team-popup team-popup-id-f2a631f\" id=\"ekit_team_modal_f2a631f_220\" tabindex=\"-1\" role=\"dialog\" aria-modal=\"true\">\n\t\t\t\t<div class=\"modal-dialog modal-dialog-centered\" role=\"document\">\n\t\t\t\t\t<div class=\"modal-content\">\n\t\t\t\t\t\t<button type=\"button\" class=\"ekit-team-modal-close\">\n\t\t\t\t\t\t\t<svg aria-hidden=\"true\" class=\"e-font-icon-svg e-fas-times\" viewBox=\"0 0 352 512\" xmlns=\"http:\/\/www.w3.org\/2000\/svg\"><path d=\"M242.72 256l100.07-100.07c12.28-12.28 12.28-32.19 0-44.48l-22.24-22.24c-12.28-12.28-32.19-12.28-44.48 0L176 189.28 75.93 89.21c-12.28-12.28-32.19-12.28-44.48 0L9.21 111.45c-12.28 12.28-12.28 32.19 0 44.48L109.28 256 9.21 356.07c-12.28 12.28-12.28 32.19 0 44.48l22.24 22.24c12.28 12.28 32.2 12.28 44.48 0L176 322.72l100.07 100.07c12.28 12.28 32.2 12.28 44.48 0l22.24-22.24c12.28-12.28 12.28-32.19 0-44.48L242.72 256z\"><\/path><\/svg>\t\t\t\t\t\t<\/button>\n\n\t\t\t\t\t\t<div class=\"modal-body\">\n\t\t\t\t\t\t\t\t\t\t\t\t\t\t\t<div class=\"ekit-team-modal-img\">\n\t\t\t\t\t\t\t\t\t<img loading=\"lazy\" decoding=\"async\" width=\"400\" height=\"400\" src=\"https:\/\/preprod.osteopathie-auvergne.fr\/wp-content\/uploads\/2026\/08\/Caroline-DECHAMBENOIT-1.jpg\" class=\"attachment-large size-large wp-image-3209\" alt=\"\" srcset=\"https:\/\/preprod.osteopathie-auvergne.fr\/wp-content\/uploads\/2026\/08\/Caroline-DECHAMBENOIT-1.jpg 400w, https:\/\/preprod.osteopathie-auvergne.fr\/wp-content\/uploads\/2026\/08\/Caroline-DECHAMBENOIT-1-300x300.jpg 300w, https:\/\/preprod.osteopathie-auvergne.fr\/wp-content\/uploads\/2026\/08\/Caroline-DECHAMBENOIT-1-150x150.jpg 150w\" sizes=\"(max-width: 400px) 100vw, 400px\" \/>\t\t\t\t\t\t\t\t<\/div>\n\t\t\t\t\t\t\t\n\t\t\t\t\t\t\t<div class=\"ekit-team-modal-info has-img\">\n\t\t\t\t\t\t\t\t<h2 class=\"ekit-team-modal-title\">Caroline DECHAMBENOIT<\/h2>\n\t\t\t\t\t\t\t\t<p class=\"ekit-team-modal-position\"><\/p>\n\n\t\t\t\t\t\t\t\t<div class=\"ekit-team-modal-content\">\n\t\t\t\t\t\t\t\t\tTout d abord dipl\u00f4m\u00e9e en kin\u00e9sith\u00e9rapie en 2003, Caroline DECHAMBENOIT est ost\u00e9opathe depuis 2009.\nElle est form\u00e9e en ost\u00e9opathie p\u00e9diatrique et gyn\u00e9cologique et travaille d\u00e9sormais en r\u00e9seau avec des kin\u00e9sith\u00e9rapeutes, sage-femmes et gyn\u00e9cologues\n\n\t\t\t\t\t\t\t\t<\/div>\n\n\t\t\t\t\t\t\t\t\n\t\t\t\t\t\t\t\t\t\t\t\t\t\t\t<\/div>\n\t\t\t\t\t\t<\/div>\n\t\t\t\t\t<\/div>\n\t\t\t\t<\/div>\n\t\t\t<\/div>\n\t\t\t\t<\/div>\t\t\t\t<\/div>\n\t\t\t\t<\/div>\n\t\t\t\t<div class=\"elementor-element elementor-element-c0a4f5b elementor-widget elementor-widget-elementskit-team\" data-id=\"c0a4f5b\" data-element_type=\"widget\" data-e-type=\"widget\" data-widget_type=\"elementskit-team.default\">\n\t\t\t\t<div class=\"elementor-widget-container\">\n\t\t\t\t\t<div class=\"ekit-wid-con\">\t\t\t\t\t\t\t\t\n\t\t<div class=\"profile-card elementor-animation- text-center ekit-team-style-default\">\n\t\t\t\t\t\t\t<a aria-label=\"View Muriel DOURLENS profile\" href=\"javascript:void(0)\" data-mfp-src=\"#ekit_team_modal_c0a4f5b_220\" class=\"ekit-team-popup\">\n\t\t\t\n\t\t\t\t<div class=\"profile-header ekit-team-img ekit-img-overlay ekit-team-img-block\"  data-toggle=\"modal\" data-target=\"ekit_team_modal_#c0a4f5b_220\" >\n\t\t\t\t\t<img loading=\"lazy\" decoding=\"async\" width=\"400\" height=\"400\" src=\"https:\/\/preprod.osteopathie-auvergne.fr\/wp-content\/uploads\/2026\/08\/Muriel-DOURLENS-1.jpg\" class=\"attachment-large size-large wp-image-3239\" alt=\"\" srcset=\"https:\/\/preprod.osteopathie-auvergne.fr\/wp-content\/uploads\/2026\/08\/Muriel-DOURLENS-1.jpg 400w, https:\/\/preprod.osteopathie-auvergne.fr\/wp-content\/uploads\/2026\/08\/Muriel-DOURLENS-1-300x300.jpg 300w, https:\/\/preprod.osteopathie-auvergne.fr\/wp-content\/uploads\/2026\/08\/Muriel-DOURLENS-1-150x150.jpg 150w\" sizes=\"(max-width: 400px) 100vw, 400px\" \/>\t\t\t\t<\/div><!-- .profile-header END -->\n\t\t\t\t\t\t\t<\/a>\n\t\t\t\n\n\t\t\t\t<div class=\"profile-body\">\n\t\t\t\t\t\n\t\t\t\t\t<h2 class=\"profile-title\">\n\t\t\t\t\t\t\t\t\t\t\t<a aria-label=\"View Muriel DOURLENS profile\" href=\"javascript:void(0)\" data-mfp-src=\"#ekit_team_modal_c0a4f5b_220\" class=\"ekit-team-popup\">\n\t\t\t\t\t\tMuriel DOURLENS\t\t\t\t\t\t<\/a>\n\t\t\t\t\t\t\t\t\t\t\t<\/h2>\n\t\t\t\t\t<p class=\"profile-designation\"><\/p>\n\t\t\t\t\t\t\t\t\t<\/div><!-- .profile-body END -->\n\n\t\t\t\t\t\t\t\t<\/div>\n\t\t\t\t\t\t\t\n\t\t\t\n\t\t\t\t\t<div class=\"zoom-anim-dialog mfp-hide elementskit-team-popup team-popup-id-c0a4f5b\" id=\"ekit_team_modal_c0a4f5b_220\" tabindex=\"-1\" role=\"dialog\" aria-modal=\"true\">\n\t\t\t\t<div class=\"modal-dialog modal-dialog-centered\" role=\"document\">\n\t\t\t\t\t<div class=\"modal-content\">\n\t\t\t\t\t\t<button type=\"button\" class=\"ekit-team-modal-close\">\n\t\t\t\t\t\t\t<svg aria-hidden=\"true\" class=\"e-font-icon-svg e-fas-times\" viewBox=\"0 0 352 512\" xmlns=\"http:\/\/www.w3.org\/2000\/svg\"><path d=\"M242.72 256l100.07-100.07c12.28-12.28 12.28-32.19 0-44.48l-22.24-22.24c-12.28-12.28-32.19-12.28-44.48 0L176 189.28 75.93 89.21c-12.28-12.28-32.19-12.28-44.48 0L9.21 111.45c-12.28 12.28-12.28 32.19 0 44.48L109.28 256 9.21 356.07c-12.28 12.28-12.28 32.19 0 44.48l22.24 22.24c12.28 12.28 32.2 12.28 44.48 0L176 322.72l100.07 100.07c12.28 12.28 32.2 12.28 44.48 0l22.24-22.24c12.28-12.28 12.28-32.19 0-44.48L242.72 256z\"><\/path><\/svg>\t\t\t\t\t\t<\/button>\n\n\t\t\t\t\t\t<div class=\"modal-body\">\n\t\t\t\t\t\t\t\t\t\t\t\t\t\t\t<div class=\"ekit-team-modal-img\">\n\t\t\t\t\t\t\t\t\t<img loading=\"lazy\" decoding=\"async\" width=\"400\" height=\"400\" src=\"https:\/\/preprod.osteopathie-auvergne.fr\/wp-content\/uploads\/2026\/08\/Muriel-DOURLENS-1.jpg\" class=\"attachment-large size-large wp-image-3239\" alt=\"\" srcset=\"https:\/\/preprod.osteopathie-auvergne.fr\/wp-content\/uploads\/2026\/08\/Muriel-DOURLENS-1.jpg 400w, https:\/\/preprod.osteopathie-auvergne.fr\/wp-content\/uploads\/2026\/08\/Muriel-DOURLENS-1-300x300.jpg 300w, https:\/\/preprod.osteopathie-auvergne.fr\/wp-content\/uploads\/2026\/08\/Muriel-DOURLENS-1-150x150.jpg 150w\" sizes=\"(max-width: 400px) 100vw, 400px\" \/>\t\t\t\t\t\t\t\t<\/div>\n\t\t\t\t\t\t\t\n\t\t\t\t\t\t\t<div class=\"ekit-team-modal-info has-img\">\n\t\t\t\t\t\t\t\t<h2 class=\"ekit-team-modal-title\">Muriel DOURLENS<\/h2>\n\t\t\t\t\t\t\t\t<p class=\"ekit-team-modal-position\"><\/p>\n\n\t\t\t\t\t\t\t\t<div class=\"ekit-team-modal-content\">\n\t\t\t\t\t\t\t\t\tMuriel DOURLENS Masseur \u2013 kin\u00e9sith\u00e9rapeute DE 1996 IFMK de Saint Etienne.\n\nOst\u00e9opathe DO 2004 l\u2019ATSA Lyon.\nDipl\u00f4me d\u2019acupuncture Chinoise 2011 le C\u00e8dre Valence.\nPraticienne en hypnose Ericksonienne 2008 Xtrema Paris.\nPraticienne en clown Gestalt 2011 Clown-aventure Paris.\nDIU nutrition et activit\u00e9s physiques option performance sportive 2016 Universit\u00e9 de Clermont-Fd.\nDIU nutrition et activit\u00e9s physiques option pr\u00e9vention sant\u00e9 2017 Universit\u00e9 de Clermont-Fd. Activit\u00e9 lib\u00e9rale de 1999 \u00e0 2016 en Auvergne en kin\u00e9sith\u00e9rapie jusqu\u2019en 2005 et en exercice exclusif de l\u2019ost\u00e9opathie jusqu\u2019en 2016.\nPompier volontaire au Centre de Secours d\u2019Issoire de 2010 \u00e0 2016.\nTourdumondiste 2017-2018. Form\u00e9e au travail sur les n\u0153uds \u00e9motionnels par Bruno Repetto ainsi qu\u2019\u00e0 la pratique de l\u2019ost\u00e9opathie biodynamique par Bernard Darraillans dont elle a \u00e9t\u00e9 l\u2019assistante lors de ses stages de formation.\nC\u2019est riche de son exp\u00e9rience professionnelle et humaine que Muriel vient int\u00e9grer l\u2019IFSO Vichy \u2013 Clermont-Ferrand pour partager et transmettre sa pratique et sa vision de la prise en charge ost\u00e9opathique globale aussi bien au niveau physique qu\u2019\u00e9nerg\u00e9tique.\t\t\t\t\t\t\t\t<\/div>\n\n\t\t\t\t\t\t\t\t\n\t\t\t\t\t\t\t\t\t\t\t\t\t\t\t<\/div>\n\t\t\t\t\t\t<\/div>\n\t\t\t\t\t<\/div>\n\t\t\t\t<\/div>\n\t\t\t<\/div>\n\t\t\t\t<\/div>\t\t\t\t<\/div>\n\t\t\t\t<\/div>\n\t\t\t\t<div class=\"elementor-element elementor-element-a36b431 elementor-widget elementor-widget-elementskit-team\" data-id=\"a36b431\" data-element_type=\"widget\" data-e-type=\"widget\" data-widget_type=\"elementskit-team.default\">\n\t\t\t\t<div class=\"elementor-widget-container\">\n\t\t\t\t\t<div class=\"ekit-wid-con\">\t\t\t\t\t\t\t\t\n\t\t<div class=\"profile-card elementor-animation- text-center ekit-team-style-default\">\n\t\t\t\t\t\t\t<a aria-label=\"View Christian DUBREUIL profile\" href=\"javascript:void(0)\" data-mfp-src=\"#ekit_team_modal_a36b431_220\" class=\"ekit-team-popup\">\n\t\t\t\n\t\t\t\t<div class=\"profile-header ekit-team-img ekit-img-overlay ekit-team-img-block\"  data-toggle=\"modal\" data-target=\"ekit_team_modal_#a36b431_220\" >\n\t\t\t\t\t<img loading=\"lazy\" decoding=\"async\" width=\"400\" height=\"400\" src=\"https:\/\/preprod.osteopathie-auvergne.fr\/wp-content\/uploads\/2026\/08\/Dubreuil-CHRISTOPHE-IFSO-Vichy-CFD-1.jpg\" class=\"attachment-large size-large wp-image-3219\" alt=\"\" srcset=\"https:\/\/preprod.osteopathie-auvergne.fr\/wp-content\/uploads\/2026\/08\/Dubreuil-CHRISTOPHE-IFSO-Vichy-CFD-1.jpg 400w, https:\/\/preprod.osteopathie-auvergne.fr\/wp-content\/uploads\/2026\/08\/Dubreuil-CHRISTOPHE-IFSO-Vichy-CFD-1-300x300.jpg 300w, https:\/\/preprod.osteopathie-auvergne.fr\/wp-content\/uploads\/2026\/08\/Dubreuil-CHRISTOPHE-IFSO-Vichy-CFD-1-150x150.jpg 150w\" sizes=\"(max-width: 400px) 100vw, 400px\" \/>\t\t\t\t<\/div><!-- .profile-header END -->\n\t\t\t\t\t\t\t<\/a>\n\t\t\t\n\n\t\t\t\t<div class=\"profile-body\">\n\t\t\t\t\t\n\t\t\t\t\t<h2 class=\"profile-title\">\n\t\t\t\t\t\t\t\t\t\t\t<a aria-label=\"View Christian DUBREUIL profile\" href=\"javascript:void(0)\" data-mfp-src=\"#ekit_team_modal_a36b431_220\" class=\"ekit-team-popup\">\n\t\t\t\t\t\tChristian DUBREUIL\t\t\t\t\t\t<\/a>\n\t\t\t\t\t\t\t\t\t\t\t<\/h2>\n\t\t\t\t\t<p class=\"profile-designation\"><\/p>\n\t\t\t\t\t\t\t\t\t<\/div><!-- .profile-body END -->\n\n\t\t\t\t\t\t\t\t<\/div>\n\t\t\t\t\t\t\t\n\t\t\t\n\t\t\t\t\t<div class=\"zoom-anim-dialog mfp-hide elementskit-team-popup team-popup-id-a36b431\" id=\"ekit_team_modal_a36b431_220\" tabindex=\"-1\" role=\"dialog\" aria-modal=\"true\">\n\t\t\t\t<div class=\"modal-dialog modal-dialog-centered\" role=\"document\">\n\t\t\t\t\t<div class=\"modal-content\">\n\t\t\t\t\t\t<button type=\"button\" class=\"ekit-team-modal-close\">\n\t\t\t\t\t\t\t<svg aria-hidden=\"true\" class=\"e-font-icon-svg e-fas-times\" viewBox=\"0 0 352 512\" xmlns=\"http:\/\/www.w3.org\/2000\/svg\"><path d=\"M242.72 256l100.07-100.07c12.28-12.28 12.28-32.19 0-44.48l-22.24-22.24c-12.28-12.28-32.19-12.28-44.48 0L176 189.28 75.93 89.21c-12.28-12.28-32.19-12.28-44.48 0L9.21 111.45c-12.28 12.28-12.28 32.19 0 44.48L109.28 256 9.21 356.07c-12.28 12.28-12.28 32.19 0 44.48l22.24 22.24c12.28 12.28 32.2 12.28 44.48 0L176 322.72l100.07 100.07c12.28 12.28 32.2 12.28 44.48 0l22.24-22.24c12.28-12.28 12.28-32.19 0-44.48L242.72 256z\"><\/path><\/svg>\t\t\t\t\t\t<\/button>\n\n\t\t\t\t\t\t<div class=\"modal-body\">\n\t\t\t\t\t\t\t\t\t\t\t\t\t\t\t<div class=\"ekit-team-modal-img\">\n\t\t\t\t\t\t\t\t\t<img loading=\"lazy\" decoding=\"async\" width=\"400\" height=\"400\" src=\"https:\/\/preprod.osteopathie-auvergne.fr\/wp-content\/uploads\/2026\/08\/Dubreuil-CHRISTOPHE-IFSO-Vichy-CFD-1.jpg\" class=\"attachment-large size-large wp-image-3219\" alt=\"\" srcset=\"https:\/\/preprod.osteopathie-auvergne.fr\/wp-content\/uploads\/2026\/08\/Dubreuil-CHRISTOPHE-IFSO-Vichy-CFD-1.jpg 400w, https:\/\/preprod.osteopathie-auvergne.fr\/wp-content\/uploads\/2026\/08\/Dubreuil-CHRISTOPHE-IFSO-Vichy-CFD-1-300x300.jpg 300w, https:\/\/preprod.osteopathie-auvergne.fr\/wp-content\/uploads\/2026\/08\/Dubreuil-CHRISTOPHE-IFSO-Vichy-CFD-1-150x150.jpg 150w\" sizes=\"(max-width: 400px) 100vw, 400px\" \/>\t\t\t\t\t\t\t\t<\/div>\n\t\t\t\t\t\t\t\n\t\t\t\t\t\t\t<div class=\"ekit-team-modal-info has-img\">\n\t\t\t\t\t\t\t\t<h2 class=\"ekit-team-modal-title\">Christian DUBREUIL<\/h2>\n\t\t\t\t\t\t\t\t<p class=\"ekit-team-modal-position\"><\/p>\n\n\t\t\t\t\t\t\t\t<div class=\"ekit-team-modal-content\">\n\t\t\t\t\t\t\t\t\tTh\u00e9s\u00e9 en m\u00e9decine g\u00e9n\u00e9rale en 1988, suivi d\u2019une capacit\u00e9 de M\u00e9decine du Sport en 1989, Christian DUBREUIL a valid\u00e9 un DU en Ost\u00e9opathie en 1992.\n\nEn tant que m\u00e9decin du sport et ost\u00e9opathe, il a suivi tout au long de sa carri\u00e8re les \u00e9quipes de l\u2019ASM jusqu\u2019en 2003 et l\u2019\u00e9quipe de basket clermontoise en Pro A de 2005 \u00e0 2009.\n\n\t\t\t\t\t\t\t\t<\/div>\n\n\t\t\t\t\t\t\t\t\n\t\t\t\t\t\t\t\t\t\t\t\t\t\t\t<\/div>\n\t\t\t\t\t\t<\/div>\n\t\t\t\t\t<\/div>\n\t\t\t\t<\/div>\n\t\t\t<\/div>\n\t\t\t\t<\/div>\t\t\t\t<\/div>\n\t\t\t\t<\/div>\n\t\t\t\t<div class=\"elementor-element elementor-element-daec375 elementor-widget elementor-widget-elementskit-team\" data-id=\"daec375\" data-element_type=\"widget\" data-e-type=\"widget\" data-widget_type=\"elementskit-team.default\">\n\t\t\t\t<div class=\"elementor-widget-container\">\n\t\t\t\t\t<div class=\"ekit-wid-con\">\t\t\t\t\t\t\t\t\n\t\t<div class=\"profile-card elementor-animation- text-center ekit-team-style-default\">\n\t\t\t\t\t\t\t<a aria-label=\"View Denis DUFAURE profile\" href=\"javascript:void(0)\" data-mfp-src=\"#ekit_team_modal_daec375_220\" class=\"ekit-team-popup\">\n\t\t\t\n\t\t\t\t<div class=\"profile-header ekit-team-img ekit-img-overlay ekit-team-img-block\"  data-toggle=\"modal\" data-target=\"ekit_team_modal_#daec375_220\" >\n\t\t\t\t\t<img loading=\"lazy\" decoding=\"async\" width=\"400\" height=\"400\" src=\"https:\/\/preprod.osteopathie-auvergne.fr\/wp-content\/uploads\/2026\/08\/Denis-DUFAURE-1.jpg\" class=\"attachment-large size-large wp-image-3218\" alt=\"\" srcset=\"https:\/\/preprod.osteopathie-auvergne.fr\/wp-content\/uploads\/2026\/08\/Denis-DUFAURE-1.jpg 400w, https:\/\/preprod.osteopathie-auvergne.fr\/wp-content\/uploads\/2026\/08\/Denis-DUFAURE-1-300x300.jpg 300w, https:\/\/preprod.osteopathie-auvergne.fr\/wp-content\/uploads\/2026\/08\/Denis-DUFAURE-1-150x150.jpg 150w\" sizes=\"(max-width: 400px) 100vw, 400px\" \/>\t\t\t\t<\/div><!-- .profile-header END -->\n\t\t\t\t\t\t\t<\/a>\n\t\t\t\n\n\t\t\t\t<div class=\"profile-body\">\n\t\t\t\t\t\n\t\t\t\t\t<h2 class=\"profile-title\">\n\t\t\t\t\t\t\t\t\t\t\t<a aria-label=\"View Denis DUFAURE profile\" href=\"javascript:void(0)\" data-mfp-src=\"#ekit_team_modal_daec375_220\" class=\"ekit-team-popup\">\n\t\t\t\t\t\tDenis DUFAURE\t\t\t\t\t\t<\/a>\n\t\t\t\t\t\t\t\t\t\t\t<\/h2>\n\t\t\t\t\t<p class=\"profile-designation\"><\/p>\n\t\t\t\t\t\t\t\t\t<\/div><!-- .profile-body END -->\n\n\t\t\t\t\t\t\t\t<\/div>\n\t\t\t\t\t\t\t\n\t\t\t\n\t\t\t\t\t<div class=\"zoom-anim-dialog mfp-hide elementskit-team-popup team-popup-id-daec375\" id=\"ekit_team_modal_daec375_220\" tabindex=\"-1\" role=\"dialog\" aria-modal=\"true\">\n\t\t\t\t<div class=\"modal-dialog modal-dialog-centered\" role=\"document\">\n\t\t\t\t\t<div class=\"modal-content\">\n\t\t\t\t\t\t<button type=\"button\" class=\"ekit-team-modal-close\">\n\t\t\t\t\t\t\t<svg aria-hidden=\"true\" class=\"e-font-icon-svg e-fas-times\" viewBox=\"0 0 352 512\" xmlns=\"http:\/\/www.w3.org\/2000\/svg\"><path d=\"M242.72 256l100.07-100.07c12.28-12.28 12.28-32.19 0-44.48l-22.24-22.24c-12.28-12.28-32.19-12.28-44.48 0L176 189.28 75.93 89.21c-12.28-12.28-32.19-12.28-44.48 0L9.21 111.45c-12.28 12.28-12.28 32.19 0 44.48L109.28 256 9.21 356.07c-12.28 12.28-12.28 32.19 0 44.48l22.24 22.24c12.28 12.28 32.2 12.28 44.48 0L176 322.72l100.07 100.07c12.28 12.28 32.2 12.28 44.48 0l22.24-22.24c12.28-12.28 12.28-32.19 0-44.48L242.72 256z\"><\/path><\/svg>\t\t\t\t\t\t<\/button>\n\n\t\t\t\t\t\t<div class=\"modal-body\">\n\t\t\t\t\t\t\t\t\t\t\t\t\t\t\t<div class=\"ekit-team-modal-img\">\n\t\t\t\t\t\t\t\t\t<img loading=\"lazy\" decoding=\"async\" width=\"400\" height=\"400\" src=\"https:\/\/preprod.osteopathie-auvergne.fr\/wp-content\/uploads\/2026\/08\/Denis-DUFAURE-1.jpg\" class=\"attachment-large size-large wp-image-3218\" alt=\"\" srcset=\"https:\/\/preprod.osteopathie-auvergne.fr\/wp-content\/uploads\/2026\/08\/Denis-DUFAURE-1.jpg 400w, https:\/\/preprod.osteopathie-auvergne.fr\/wp-content\/uploads\/2026\/08\/Denis-DUFAURE-1-300x300.jpg 300w, https:\/\/preprod.osteopathie-auvergne.fr\/wp-content\/uploads\/2026\/08\/Denis-DUFAURE-1-150x150.jpg 150w\" sizes=\"(max-width: 400px) 100vw, 400px\" \/>\t\t\t\t\t\t\t\t<\/div>\n\t\t\t\t\t\t\t\n\t\t\t\t\t\t\t<div class=\"ekit-team-modal-info has-img\">\n\t\t\t\t\t\t\t\t<h2 class=\"ekit-team-modal-title\">Denis DUFAURE<\/h2>\n\t\t\t\t\t\t\t\t<p class=\"ekit-team-modal-position\"><\/p>\n\n\t\t\t\t\t\t\t\t<div class=\"ekit-team-modal-content\">\n\t\t\t\t\t\t\t\t\tPharmacien biologiste, titulaire d\u2019un DES de biologie m\u00e9dicale. Denis DUFAUR est directeur d\u2019un laboratoire de biologie m\u00e9dicale priv\u00e9 depuis 2000.\n\nDenis est \u00e9valuateur technique et responsable d\u2019\u00e9valuation en sant\u00e9 humaine au COFRAC, organisme d\u2019accr\u00e9ditation selon la norme ISO 15189. Habilit\u00e9 en biochimie, h\u00e9matologie, h\u00e9mostase, Immunoh\u00e9matologie et microbiologie m\u00e9dicale.\n\nDenis a int\u00e9gr\u00e9 l\u2019IFSO Vichy \u2013 Clermont-Ferrand en tant que formateur.\n\n\t\t\t\t\t\t\t\t<\/div>\n\n\t\t\t\t\t\t\t\t\n\t\t\t\t\t\t\t\t\t\t\t\t\t\t\t<\/div>\n\t\t\t\t\t\t<\/div>\n\t\t\t\t\t<\/div>\n\t\t\t\t<\/div>\n\t\t\t<\/div>\n\t\t\t\t<\/div>\t\t\t\t<\/div>\n\t\t\t\t<\/div>\n\t\t\t\t<div class=\"elementor-element elementor-element-143c61a elementor-widget elementor-widget-elementskit-team\" data-id=\"143c61a\" data-element_type=\"widget\" data-e-type=\"widget\" data-widget_type=\"elementskit-team.default\">\n\t\t\t\t<div class=\"elementor-widget-container\">\n\t\t\t\t\t<div class=\"ekit-wid-con\">\t\t\t\t\t\t\t\t\n\t\t<div class=\"profile-card elementor-animation- text-center ekit-team-style-default\">\n\t\t\t\t\t\t\t<a aria-label=\"View R\u00e9gis DUMAS profile\" href=\"javascript:void(0)\" data-mfp-src=\"#ekit_team_modal_143c61a_220\" class=\"ekit-team-popup\">\n\t\t\t\n\t\t\t\t<div class=\"profile-header ekit-team-img ekit-img-overlay ekit-team-img-block\"  data-toggle=\"modal\" data-target=\"ekit_team_modal_#143c61a_220\" >\n\t\t\t\t\t<img loading=\"lazy\" decoding=\"async\" width=\"400\" height=\"400\" src=\"https:\/\/preprod.osteopathie-auvergne.fr\/wp-content\/uploads\/2026\/08\/Regis-DUMAS-IFSO-Vichy-CFD-1.jpg\" class=\"attachment-large size-large wp-image-3246\" alt=\"\" srcset=\"https:\/\/preprod.osteopathie-auvergne.fr\/wp-content\/uploads\/2026\/08\/Regis-DUMAS-IFSO-Vichy-CFD-1.jpg 400w, https:\/\/preprod.osteopathie-auvergne.fr\/wp-content\/uploads\/2026\/08\/Regis-DUMAS-IFSO-Vichy-CFD-1-300x300.jpg 300w, https:\/\/preprod.osteopathie-auvergne.fr\/wp-content\/uploads\/2026\/08\/Regis-DUMAS-IFSO-Vichy-CFD-1-150x150.jpg 150w\" sizes=\"(max-width: 400px) 100vw, 400px\" \/>\t\t\t\t<\/div><!-- .profile-header END -->\n\t\t\t\t\t\t\t<\/a>\n\t\t\t\n\n\t\t\t\t<div class=\"profile-body\">\n\t\t\t\t\t\n\t\t\t\t\t<h2 class=\"profile-title\">\n\t\t\t\t\t\t\t\t\t\t\t<a aria-label=\"View R\u00e9gis DUMAS profile\" href=\"javascript:void(0)\" data-mfp-src=\"#ekit_team_modal_143c61a_220\" class=\"ekit-team-popup\">\n\t\t\t\t\t\tR\u00e9gis DUMAS\t\t\t\t\t\t<\/a>\n\t\t\t\t\t\t\t\t\t\t\t<\/h2>\n\t\t\t\t\t<p class=\"profile-designation\"><\/p>\n\t\t\t\t\t\t\t\t\t<\/div><!-- .profile-body END -->\n\n\t\t\t\t\t\t\t\t<\/div>\n\t\t\t\t\t\t\t\n\t\t\t\n\t\t\t\t\t<div class=\"zoom-anim-dialog mfp-hide elementskit-team-popup team-popup-id-143c61a\" id=\"ekit_team_modal_143c61a_220\" tabindex=\"-1\" role=\"dialog\" aria-modal=\"true\">\n\t\t\t\t<div class=\"modal-dialog modal-dialog-centered\" role=\"document\">\n\t\t\t\t\t<div class=\"modal-content\">\n\t\t\t\t\t\t<button type=\"button\" class=\"ekit-team-modal-close\">\n\t\t\t\t\t\t\t<svg aria-hidden=\"true\" class=\"e-font-icon-svg e-fas-times\" viewBox=\"0 0 352 512\" xmlns=\"http:\/\/www.w3.org\/2000\/svg\"><path d=\"M242.72 256l100.07-100.07c12.28-12.28 12.28-32.19 0-44.48l-22.24-22.24c-12.28-12.28-32.19-12.28-44.48 0L176 189.28 75.93 89.21c-12.28-12.28-32.19-12.28-44.48 0L9.21 111.45c-12.28 12.28-12.28 32.19 0 44.48L109.28 256 9.21 356.07c-12.28 12.28-12.28 32.19 0 44.48l22.24 22.24c12.28 12.28 32.2 12.28 44.48 0L176 322.72l100.07 100.07c12.28 12.28 32.2 12.28 44.48 0l22.24-22.24c12.28-12.28 12.28-32.19 0-44.48L242.72 256z\"><\/path><\/svg>\t\t\t\t\t\t<\/button>\n\n\t\t\t\t\t\t<div class=\"modal-body\">\n\t\t\t\t\t\t\t\t\t\t\t\t\t\t\t<div class=\"ekit-team-modal-img\">\n\t\t\t\t\t\t\t\t\t<img loading=\"lazy\" decoding=\"async\" width=\"400\" height=\"400\" src=\"https:\/\/preprod.osteopathie-auvergne.fr\/wp-content\/uploads\/2026\/08\/Regis-DUMAS-IFSO-Vichy-CFD-1.jpg\" class=\"attachment-large size-large wp-image-3246\" alt=\"\" srcset=\"https:\/\/preprod.osteopathie-auvergne.fr\/wp-content\/uploads\/2026\/08\/Regis-DUMAS-IFSO-Vichy-CFD-1.jpg 400w, https:\/\/preprod.osteopathie-auvergne.fr\/wp-content\/uploads\/2026\/08\/Regis-DUMAS-IFSO-Vichy-CFD-1-300x300.jpg 300w, https:\/\/preprod.osteopathie-auvergne.fr\/wp-content\/uploads\/2026\/08\/Regis-DUMAS-IFSO-Vichy-CFD-1-150x150.jpg 150w\" sizes=\"(max-width: 400px) 100vw, 400px\" \/>\t\t\t\t\t\t\t\t<\/div>\n\t\t\t\t\t\t\t\n\t\t\t\t\t\t\t<div class=\"ekit-team-modal-info has-img\">\n\t\t\t\t\t\t\t\t<h2 class=\"ekit-team-modal-title\">R\u00e9gis DUMAS<\/h2>\n\t\t\t\t\t\t\t\t<p class=\"ekit-team-modal-position\"><\/p>\n\n\t\t\t\t\t\t\t\t<div class=\"ekit-team-modal-content\">\n\t\t\t\t\t\t\t\t\tR\u00e9gis DUMAS est kin\u00e9sith\u00e9rapeute depuis 2002, R\u00e9gis entame la m\u00eame ann\u00e9e des \u00e9tudes d\u2019ost\u00e9opathie \u00e0 l\u2019ATSA Lyon, termin\u00e9es en 2008 \u00e0 Eurost\u00e9o Aix-en-Provence.\nIl continue sa formation post-graduate avec Alain Croibier et Jean-Pierre Barral.\nEn parall\u00e8le, il exerce au sein de son cabinet lib\u00e9ral \u00e0 Varennes sur Allier (03) en collaboration avec des kin\u00e9sith\u00e9rapeutes, m\u00e9decins, sage-femmes, dentistes, orthodontistes et podologues.\nR\u00e9gis a int\u00e9gr\u00e9 l\u2019\u00e9quipe p\u00e9dagogique de l\u2019IFSO Vichy \u2013 Clermont-Ferrand au sein de laquelle il anime la formation des techniques manuelles dans le champ cr\u00e2nien. Depuis 2019, il est dipl\u00f4m\u00e9 d\u2019un DU Recherche Clinique.\n\n\t\t\t\t\t\t\t\t<\/div>\n\n\t\t\t\t\t\t\t\t\n\t\t\t\t\t\t\t\t\t\t\t\t\t\t\t<\/div>\n\t\t\t\t\t\t<\/div>\n\t\t\t\t\t<\/div>\n\t\t\t\t<\/div>\n\t\t\t<\/div>\n\t\t\t\t<\/div>\t\t\t\t<\/div>\n\t\t\t\t<\/div>\n\t\t\t\t<div class=\"elementor-element elementor-element-101bc6a elementor-widget elementor-widget-elementskit-team\" data-id=\"101bc6a\" data-element_type=\"widget\" data-e-type=\"widget\" data-widget_type=\"elementskit-team.default\">\n\t\t\t\t<div class=\"elementor-widget-container\">\n\t\t\t\t\t<div class=\"ekit-wid-con\">\t\t\t\t\t\t\t\t\n\t\t<div class=\"profile-card elementor-animation- text-center ekit-team-style-default\">\n\t\t\t\t\t\t\t<a aria-label=\"View Benjamin DUPAS profile\" href=\"javascript:void(0)\" data-mfp-src=\"#ekit_team_modal_101bc6a_220\" class=\"ekit-team-popup\">\n\t\t\t\n\t\t\t\t<div class=\"profile-header ekit-team-img ekit-img-overlay ekit-team-img-block\"  data-toggle=\"modal\" data-target=\"ekit_team_modal_#101bc6a_220\" >\n\t\t\t\t\t<img loading=\"lazy\" decoding=\"async\" width=\"400\" height=\"400\" src=\"https:\/\/preprod.osteopathie-auvergne.fr\/wp-content\/uploads\/2026\/08\/DUPAS-BENJAMIN-1.jpg\" class=\"attachment-large size-large wp-image-3220\" alt=\"\" srcset=\"https:\/\/preprod.osteopathie-auvergne.fr\/wp-content\/uploads\/2026\/08\/DUPAS-BENJAMIN-1.jpg 400w, https:\/\/preprod.osteopathie-auvergne.fr\/wp-content\/uploads\/2026\/08\/DUPAS-BENJAMIN-1-300x300.jpg 300w, https:\/\/preprod.osteopathie-auvergne.fr\/wp-content\/uploads\/2026\/08\/DUPAS-BENJAMIN-1-150x150.jpg 150w\" sizes=\"(max-width: 400px) 100vw, 400px\" \/>\t\t\t\t<\/div><!-- .profile-header END -->\n\t\t\t\t\t\t\t<\/a>\n\t\t\t\n\n\t\t\t\t<div class=\"profile-body\">\n\t\t\t\t\t\n\t\t\t\t\t<h2 class=\"profile-title\">\n\t\t\t\t\t\t\t\t\t\t\t<a aria-label=\"View Benjamin DUPAS profile\" href=\"javascript:void(0)\" data-mfp-src=\"#ekit_team_modal_101bc6a_220\" class=\"ekit-team-popup\">\n\t\t\t\t\t\tBenjamin DUPAS\t\t\t\t\t\t<\/a>\n\t\t\t\t\t\t\t\t\t\t\t<\/h2>\n\t\t\t\t\t<p class=\"profile-designation\"><\/p>\n\t\t\t\t\t\t\t\t\t<\/div><!-- .profile-body END -->\n\n\t\t\t\t\t\t\t\t<\/div>\n\t\t\t\t\t\t\t\n\t\t\t\n\t\t\t\t\t<div class=\"zoom-anim-dialog mfp-hide elementskit-team-popup team-popup-id-101bc6a\" id=\"ekit_team_modal_101bc6a_220\" tabindex=\"-1\" role=\"dialog\" aria-modal=\"true\">\n\t\t\t\t<div class=\"modal-dialog modal-dialog-centered\" role=\"document\">\n\t\t\t\t\t<div class=\"modal-content\">\n\t\t\t\t\t\t<button type=\"button\" class=\"ekit-team-modal-close\">\n\t\t\t\t\t\t\t<svg aria-hidden=\"true\" class=\"e-font-icon-svg e-fas-times\" viewBox=\"0 0 352 512\" xmlns=\"http:\/\/www.w3.org\/2000\/svg\"><path d=\"M242.72 256l100.07-100.07c12.28-12.28 12.28-32.19 0-44.48l-22.24-22.24c-12.28-12.28-32.19-12.28-44.48 0L176 189.28 75.93 89.21c-12.28-12.28-32.19-12.28-44.48 0L9.21 111.45c-12.28 12.28-12.28 32.19 0 44.48L109.28 256 9.21 356.07c-12.28 12.28-12.28 32.19 0 44.48l22.24 22.24c12.28 12.28 32.2 12.28 44.48 0L176 322.72l100.07 100.07c12.28 12.28 32.2 12.28 44.48 0l22.24-22.24c12.28-12.28 12.28-32.19 0-44.48L242.72 256z\"><\/path><\/svg>\t\t\t\t\t\t<\/button>\n\n\t\t\t\t\t\t<div class=\"modal-body\">\n\t\t\t\t\t\t\t\t\t\t\t\t\t\t\t<div class=\"ekit-team-modal-img\">\n\t\t\t\t\t\t\t\t\t<img loading=\"lazy\" decoding=\"async\" width=\"400\" height=\"400\" src=\"https:\/\/preprod.osteopathie-auvergne.fr\/wp-content\/uploads\/2026\/08\/DUPAS-BENJAMIN-1.jpg\" class=\"attachment-large size-large wp-image-3220\" alt=\"\" srcset=\"https:\/\/preprod.osteopathie-auvergne.fr\/wp-content\/uploads\/2026\/08\/DUPAS-BENJAMIN-1.jpg 400w, https:\/\/preprod.osteopathie-auvergne.fr\/wp-content\/uploads\/2026\/08\/DUPAS-BENJAMIN-1-300x300.jpg 300w, https:\/\/preprod.osteopathie-auvergne.fr\/wp-content\/uploads\/2026\/08\/DUPAS-BENJAMIN-1-150x150.jpg 150w\" sizes=\"(max-width: 400px) 100vw, 400px\" \/>\t\t\t\t\t\t\t\t<\/div>\n\t\t\t\t\t\t\t\n\t\t\t\t\t\t\t<div class=\"ekit-team-modal-info has-img\">\n\t\t\t\t\t\t\t\t<h2 class=\"ekit-team-modal-title\">Benjamin DUPAS<\/h2>\n\t\t\t\t\t\t\t\t<p class=\"ekit-team-modal-position\"><\/p>\n\n\t\t\t\t\t\t\t\t<div class=\"ekit-team-modal-content\">\n\t\t\t\t\t\t\t\t\tMasseur kin\u00e9sith\u00e9rapeute dipl\u00f4m\u00e9 depuis 2007 de l\u2019institut EFOM (Paris), Benjamin DUPAS s\u2019est rapidement form\u00e9 \u00e0 l\u2019ost\u00e9opathie \u00e0 l\u2019\u00e9cole IFBO et est dipl\u00f4m\u00e9 en 2013. En parall\u00e8le, il se forme aux techniques r\u00e9\u00e9ducatives et ost\u00e9opathiques en oro-maxillo-faciales et ATM notamment avec Fr\u00e9d\u00e9ric VANPOULLE.\n\nEn cabinet lib\u00e9ral dans un p\u00f4le m\u00e9dical, il anime la formation des techniques manuelles dans le champ cr\u00e2nien en collaboration avec R\u00e9gis DUMAS.\n\nIl est dipl\u00f4m\u00e9 d\u2019un DIU r\u00e9adaptations cardio-vasculaires\t\t\t\t\t\t\t\t<\/div>\n\n\t\t\t\t\t\t\t\t\n\t\t\t\t\t\t\t\t\t\t\t\t\t\t\t<\/div>\n\t\t\t\t\t\t<\/div>\n\t\t\t\t\t<\/div>\n\t\t\t\t<\/div>\n\t\t\t<\/div>\n\t\t\t\t<\/div>\t\t\t\t<\/div>\n\t\t\t\t<\/div>\n\t\t\t\t<div class=\"elementor-element elementor-element-ecd5293 elementor-widget elementor-widget-elementskit-team\" data-id=\"ecd5293\" data-element_type=\"widget\" data-e-type=\"widget\" data-widget_type=\"elementskit-team.default\">\n\t\t\t\t<div class=\"elementor-widget-container\">\n\t\t\t\t\t<div class=\"ekit-wid-con\">\t\t\t\t\t\t\t\t\n\t\t<div class=\"profile-card elementor-animation- text-center ekit-team-style-default\">\n\t\t\t\t\t\t\t<a aria-label=\"View H\u00e9l\u00e8ne DUVAL profile\" href=\"javascript:void(0)\" data-mfp-src=\"#ekit_team_modal_ecd5293_220\" class=\"ekit-team-popup\">\n\t\t\t\n\t\t\t\t<div class=\"profile-header ekit-team-img ekit-img-overlay ekit-team-img-block\"  data-toggle=\"modal\" data-target=\"ekit_team_modal_#ecd5293_220\" >\n\t\t\t\t\t<img loading=\"lazy\" decoding=\"async\" width=\"400\" height=\"400\" src=\"https:\/\/preprod.osteopathie-auvergne.fr\/wp-content\/uploads\/2026\/08\/Helene-DUVAL-1.jpg\" class=\"attachment-large size-large wp-image-3225\" alt=\"\" srcset=\"https:\/\/preprod.osteopathie-auvergne.fr\/wp-content\/uploads\/2026\/08\/Helene-DUVAL-1.jpg 400w, https:\/\/preprod.osteopathie-auvergne.fr\/wp-content\/uploads\/2026\/08\/Helene-DUVAL-1-300x300.jpg 300w, https:\/\/preprod.osteopathie-auvergne.fr\/wp-content\/uploads\/2026\/08\/Helene-DUVAL-1-150x150.jpg 150w\" sizes=\"(max-width: 400px) 100vw, 400px\" \/>\t\t\t\t<\/div><!-- .profile-header END -->\n\t\t\t\t\t\t\t<\/a>\n\t\t\t\n\n\t\t\t\t<div class=\"profile-body\">\n\t\t\t\t\t\n\t\t\t\t\t<h2 class=\"profile-title\">\n\t\t\t\t\t\t\t\t\t\t\t<a aria-label=\"View H\u00e9l\u00e8ne DUVAL profile\" href=\"javascript:void(0)\" data-mfp-src=\"#ekit_team_modal_ecd5293_220\" class=\"ekit-team-popup\">\n\t\t\t\t\t\tH\u00e9l\u00e8ne DUVAL\t\t\t\t\t\t<\/a>\n\t\t\t\t\t\t\t\t\t\t\t<\/h2>\n\t\t\t\t\t<p class=\"profile-designation\"><\/p>\n\t\t\t\t\t\t\t\t\t<\/div><!-- .profile-body END -->\n\n\t\t\t\t\t\t\t\t<\/div>\n\t\t\t\t\t\t\t\n\t\t\t\n\t\t\t\t\t<div class=\"zoom-anim-dialog mfp-hide elementskit-team-popup team-popup-id-ecd5293\" id=\"ekit_team_modal_ecd5293_220\" tabindex=\"-1\" role=\"dialog\" aria-modal=\"true\">\n\t\t\t\t<div class=\"modal-dialog modal-dialog-centered\" role=\"document\">\n\t\t\t\t\t<div class=\"modal-content\">\n\t\t\t\t\t\t<button type=\"button\" class=\"ekit-team-modal-close\">\n\t\t\t\t\t\t\t<svg aria-hidden=\"true\" class=\"e-font-icon-svg e-fas-times\" viewBox=\"0 0 352 512\" xmlns=\"http:\/\/www.w3.org\/2000\/svg\"><path d=\"M242.72 256l100.07-100.07c12.28-12.28 12.28-32.19 0-44.48l-22.24-22.24c-12.28-12.28-32.19-12.28-44.48 0L176 189.28 75.93 89.21c-12.28-12.28-32.19-12.28-44.48 0L9.21 111.45c-12.28 12.28-12.28 32.19 0 44.48L109.28 256 9.21 356.07c-12.28 12.28-12.28 32.19 0 44.48l22.24 22.24c12.28 12.28 32.2 12.28 44.48 0L176 322.72l100.07 100.07c12.28 12.28 32.2 12.28 44.48 0l22.24-22.24c12.28-12.28 12.28-32.19 0-44.48L242.72 256z\"><\/path><\/svg>\t\t\t\t\t\t<\/button>\n\n\t\t\t\t\t\t<div class=\"modal-body\">\n\t\t\t\t\t\t\t\t\t\t\t\t\t\t\t<div class=\"ekit-team-modal-img\">\n\t\t\t\t\t\t\t\t\t<img loading=\"lazy\" decoding=\"async\" width=\"400\" height=\"400\" src=\"https:\/\/preprod.osteopathie-auvergne.fr\/wp-content\/uploads\/2026\/08\/Helene-DUVAL-1.jpg\" class=\"attachment-large size-large wp-image-3225\" alt=\"\" srcset=\"https:\/\/preprod.osteopathie-auvergne.fr\/wp-content\/uploads\/2026\/08\/Helene-DUVAL-1.jpg 400w, https:\/\/preprod.osteopathie-auvergne.fr\/wp-content\/uploads\/2026\/08\/Helene-DUVAL-1-300x300.jpg 300w, https:\/\/preprod.osteopathie-auvergne.fr\/wp-content\/uploads\/2026\/08\/Helene-DUVAL-1-150x150.jpg 150w\" sizes=\"(max-width: 400px) 100vw, 400px\" \/>\t\t\t\t\t\t\t\t<\/div>\n\t\t\t\t\t\t\t\n\t\t\t\t\t\t\t<div class=\"ekit-team-modal-info has-img\">\n\t\t\t\t\t\t\t\t<h2 class=\"ekit-team-modal-title\">H\u00e9l\u00e8ne DUVAL<\/h2>\n\t\t\t\t\t\t\t\t<p class=\"ekit-team-modal-position\"><\/p>\n\n\t\t\t\t\t\t\t\t<div class=\"ekit-team-modal-content\">\n\t\t\t\t\t\t\t\t\tDipl\u00f4m\u00e9e de kin\u00e9sith\u00e9rapie en 1992, H\u00e9l\u00e8ne DUVAL se lance dans la formation continue pour kin\u00e9sith\u00e9rapeute des 2002.\n\nEn 2011 elle obtient le titre d\u2019ost\u00e9opathe \u00e0 l\u2019IFSO-Rennes. Praticienne lib\u00e9rale sur Angers, elle int\u00e8gre l\u2019\u00e9cole d\u00e8s 2014.\n\nApr\u00e8s avoir obtenu un Master 2 en Sciences de l\u2019\u00c9ducation \u00e0 la facult\u00e9 de Rouen, elle prend la coordination p\u00e9dagogique de l\u2019IFSO-Rennes jusqu\u2019en 2017 o\u00f9 elle est nomm\u00e9e directrice. Un DU de management lui permet d\u2019am\u00e9liorer ses comp\u00e9tences.\n\nElle est responsable de l\u2019enseignement ost\u00e9opathique de la sph\u00e8re abdominale au sein de l\u2019IFSO-Rennes. Passionn\u00e9e par la sph\u00e8re du petit bassin elle intervient sur un DIU de gyn\u00e9cologie r\u00e9serv\u00e9 aux m\u00e9decins \u00e0 Angers et anime des formations post-grade sur l\u2019ost\u00e9opathie au f\u00e9minin.\t\t\t\t\t\t\t\t<\/div>\n\n\t\t\t\t\t\t\t\t\n\t\t\t\t\t\t\t\t\t\t\t\t\t\t\t<\/div>\n\t\t\t\t\t\t<\/div>\n\t\t\t\t\t<\/div>\n\t\t\t\t<\/div>\n\t\t\t<\/div>\n\t\t\t\t<\/div>\t\t\t\t<\/div>\n\t\t\t\t<\/div>\n\t\t\t\t<div class=\"elementor-element elementor-element-f504c09 elementor-widget elementor-widget-elementskit-team\" data-id=\"f504c09\" data-element_type=\"widget\" data-e-type=\"widget\" data-widget_type=\"elementskit-team.default\">\n\t\t\t\t<div class=\"elementor-widget-container\">\n\t\t\t\t\t<div class=\"ekit-wid-con\">\t\t\t\t\t\t\t\t\n\t\t<div class=\"profile-card elementor-animation- text-center ekit-team-style-default\">\n\t\t\t\t\t\t\t<a aria-label=\"View Clarisse FOUR profile\" href=\"javascript:void(0)\" data-mfp-src=\"#ekit_team_modal_f504c09_220\" class=\"ekit-team-popup\">\n\t\t\t\n\t\t\t\t<div class=\"profile-header ekit-team-img ekit-img-overlay ekit-team-img-block\"  data-toggle=\"modal\" data-target=\"ekit_team_modal_#f504c09_220\" >\n\t\t\t\t\t<img loading=\"lazy\" decoding=\"async\" width=\"400\" height=\"400\" src=\"https:\/\/preprod.osteopathie-auvergne.fr\/wp-content\/uploads\/2026\/08\/Four-Clarisse-1.jpg\" class=\"attachment-large size-large wp-image-3223\" alt=\"\" srcset=\"https:\/\/preprod.osteopathie-auvergne.fr\/wp-content\/uploads\/2026\/08\/Four-Clarisse-1.jpg 400w, https:\/\/preprod.osteopathie-auvergne.fr\/wp-content\/uploads\/2026\/08\/Four-Clarisse-1-300x300.jpg 300w, https:\/\/preprod.osteopathie-auvergne.fr\/wp-content\/uploads\/2026\/08\/Four-Clarisse-1-150x150.jpg 150w\" sizes=\"(max-width: 400px) 100vw, 400px\" \/>\t\t\t\t<\/div><!-- .profile-header END -->\n\t\t\t\t\t\t\t<\/a>\n\t\t\t\n\n\t\t\t\t<div class=\"profile-body\">\n\t\t\t\t\t\n\t\t\t\t\t<h2 class=\"profile-title\">\n\t\t\t\t\t\t\t\t\t\t\t<a aria-label=\"View Clarisse FOUR profile\" href=\"javascript:void(0)\" data-mfp-src=\"#ekit_team_modal_f504c09_220\" class=\"ekit-team-popup\">\n\t\t\t\t\t\tClarisse FOUR\t\t\t\t\t\t<\/a>\n\t\t\t\t\t\t\t\t\t\t\t<\/h2>\n\t\t\t\t\t<p class=\"profile-designation\"><\/p>\n\t\t\t\t\t\t\t\t\t<\/div><!-- .profile-body END -->\n\n\t\t\t\t\t\t\t\t<\/div>\n\t\t\t\t\t\t\t\n\t\t\t\n\t\t\t\t\t<div class=\"zoom-anim-dialog mfp-hide elementskit-team-popup team-popup-id-f504c09\" id=\"ekit_team_modal_f504c09_220\" tabindex=\"-1\" role=\"dialog\" aria-modal=\"true\">\n\t\t\t\t<div class=\"modal-dialog modal-dialog-centered\" role=\"document\">\n\t\t\t\t\t<div class=\"modal-content\">\n\t\t\t\t\t\t<button type=\"button\" class=\"ekit-team-modal-close\">\n\t\t\t\t\t\t\t<svg aria-hidden=\"true\" class=\"e-font-icon-svg e-fas-times\" viewBox=\"0 0 352 512\" xmlns=\"http:\/\/www.w3.org\/2000\/svg\"><path d=\"M242.72 256l100.07-100.07c12.28-12.28 12.28-32.19 0-44.48l-22.24-22.24c-12.28-12.28-32.19-12.28-44.48 0L176 189.28 75.93 89.21c-12.28-12.28-32.19-12.28-44.48 0L9.21 111.45c-12.28 12.28-12.28 32.19 0 44.48L109.28 256 9.21 356.07c-12.28 12.28-12.28 32.19 0 44.48l22.24 22.24c12.28 12.28 32.2 12.28 44.48 0L176 322.72l100.07 100.07c12.28 12.28 32.2 12.28 44.48 0l22.24-22.24c12.28-12.28 12.28-32.19 0-44.48L242.72 256z\"><\/path><\/svg>\t\t\t\t\t\t<\/button>\n\n\t\t\t\t\t\t<div class=\"modal-body\">\n\t\t\t\t\t\t\t\t\t\t\t\t\t\t\t<div class=\"ekit-team-modal-img\">\n\t\t\t\t\t\t\t\t\t<img loading=\"lazy\" decoding=\"async\" width=\"400\" height=\"400\" src=\"https:\/\/preprod.osteopathie-auvergne.fr\/wp-content\/uploads\/2026\/08\/Four-Clarisse-1.jpg\" class=\"attachment-large size-large wp-image-3223\" alt=\"\" srcset=\"https:\/\/preprod.osteopathie-auvergne.fr\/wp-content\/uploads\/2026\/08\/Four-Clarisse-1.jpg 400w, https:\/\/preprod.osteopathie-auvergne.fr\/wp-content\/uploads\/2026\/08\/Four-Clarisse-1-300x300.jpg 300w, https:\/\/preprod.osteopathie-auvergne.fr\/wp-content\/uploads\/2026\/08\/Four-Clarisse-1-150x150.jpg 150w\" sizes=\"(max-width: 400px) 100vw, 400px\" \/>\t\t\t\t\t\t\t\t<\/div>\n\t\t\t\t\t\t\t\n\t\t\t\t\t\t\t<div class=\"ekit-team-modal-info has-img\">\n\t\t\t\t\t\t\t\t<h2 class=\"ekit-team-modal-title\">Clarisse FOUR<\/h2>\n\t\t\t\t\t\t\t\t<p class=\"ekit-team-modal-position\"><\/p>\n\n\t\t\t\t\t\t\t\t<div class=\"ekit-team-modal-content\">\n\t\t\t\t\t\t\t\t\tDipl\u00f4m\u00e9e en ost\u00e9opathie en 2008, Clarisse FOUR commence son activit\u00e9 lib\u00e9rale dans la r\u00e9gion Thiernoise.\nTout au long de son parcours, elle a effectu\u00e9 de nombreuses formations afin de faire \u00e9voluer continuellement sa pratique professionnelle.\nElle int\u00e8gre l\u2019\u00e9quipe p\u00e9dagogique de l\u2019IFSO Vichy \u2013 Clermont-Ferrand, au sein de laquelle elle anime les cours d\u2019histoire de l\u2019ost\u00e9opathie, ses concepts et ses fondements.\t\t\t\t\t\t\t\t<\/div>\n\n\t\t\t\t\t\t\t\t\n\t\t\t\t\t\t\t\t\t\t\t\t\t\t\t<\/div>\n\t\t\t\t\t\t<\/div>\n\t\t\t\t\t<\/div>\n\t\t\t\t<\/div>\n\t\t\t<\/div>\n\t\t\t\t<\/div>\t\t\t\t<\/div>\n\t\t\t\t<\/div>\n\t\t\t\t<div class=\"elementor-element elementor-element-c62576c elementor-widget elementor-widget-elementskit-team\" data-id=\"c62576c\" data-element_type=\"widget\" data-e-type=\"widget\" data-widget_type=\"elementskit-team.default\">\n\t\t\t\t<div class=\"elementor-widget-container\">\n\t\t\t\t\t<div class=\"ekit-wid-con\">\t\t\t\t\t\t\t\t\n\t\t<div class=\"profile-card elementor-animation- text-center ekit-team-style-default\">\n\t\t\t\t\t\t\t<a aria-label=\"View Thibault GALIBERT profile\" href=\"javascript:void(0)\" data-mfp-src=\"#ekit_team_modal_c62576c_220\" class=\"ekit-team-popup\">\n\t\t\t\n\t\t\t\t<div class=\"profile-header ekit-team-img ekit-img-overlay ekit-team-img-block\"  data-toggle=\"modal\" data-target=\"ekit_team_modal_#c62576c_220\" >\n\t\t\t\t\t<img loading=\"lazy\" decoding=\"async\" width=\"400\" height=\"400\" src=\"https:\/\/preprod.osteopathie-auvergne.fr\/wp-content\/uploads\/2026\/08\/thibault-galibert.jpg\" class=\"attachment-large size-large wp-image-3202\" alt=\"\" srcset=\"https:\/\/preprod.osteopathie-auvergne.fr\/wp-content\/uploads\/2026\/08\/thibault-galibert.jpg 400w, https:\/\/preprod.osteopathie-auvergne.fr\/wp-content\/uploads\/2026\/08\/thibault-galibert-300x300.jpg 300w, https:\/\/preprod.osteopathie-auvergne.fr\/wp-content\/uploads\/2026\/08\/thibault-galibert-150x150.jpg 150w\" sizes=\"(max-width: 400px) 100vw, 400px\" \/>\t\t\t\t<\/div><!-- .profile-header END -->\n\t\t\t\t\t\t\t<\/a>\n\t\t\t\n\n\t\t\t\t<div class=\"profile-body\">\n\t\t\t\t\t\n\t\t\t\t\t<h2 class=\"profile-title\">\n\t\t\t\t\t\t\t\t\t\t\t<a aria-label=\"View Thibault GALIBERT profile\" href=\"javascript:void(0)\" data-mfp-src=\"#ekit_team_modal_c62576c_220\" class=\"ekit-team-popup\">\n\t\t\t\t\t\tThibault GALIBERT\t\t\t\t\t\t<\/a>\n\t\t\t\t\t\t\t\t\t\t\t<\/h2>\n\t\t\t\t\t<p class=\"profile-designation\"><\/p>\n\t\t\t\t\t\t\t\t\t<\/div><!-- .profile-body END -->\n\n\t\t\t\t\t\t\t\t<\/div>\n\t\t\t\t\t\t\t\n\t\t\t\n\t\t\t\t\t<div class=\"zoom-anim-dialog mfp-hide elementskit-team-popup team-popup-id-c62576c\" id=\"ekit_team_modal_c62576c_220\" tabindex=\"-1\" role=\"dialog\" aria-modal=\"true\">\n\t\t\t\t<div class=\"modal-dialog modal-dialog-centered\" role=\"document\">\n\t\t\t\t\t<div class=\"modal-content\">\n\t\t\t\t\t\t<button type=\"button\" class=\"ekit-team-modal-close\">\n\t\t\t\t\t\t\t<svg aria-hidden=\"true\" class=\"e-font-icon-svg e-fas-times\" viewBox=\"0 0 352 512\" xmlns=\"http:\/\/www.w3.org\/2000\/svg\"><path d=\"M242.72 256l100.07-100.07c12.28-12.28 12.28-32.19 0-44.48l-22.24-22.24c-12.28-12.28-32.19-12.28-44.48 0L176 189.28 75.93 89.21c-12.28-12.28-32.19-12.28-44.48 0L9.21 111.45c-12.28 12.28-12.28 32.19 0 44.48L109.28 256 9.21 356.07c-12.28 12.28-12.28 32.19 0 44.48l22.24 22.24c12.28 12.28 32.2 12.28 44.48 0L176 322.72l100.07 100.07c12.28 12.28 32.2 12.28 44.48 0l22.24-22.24c12.28-12.28 12.28-32.19 0-44.48L242.72 256z\"><\/path><\/svg>\t\t\t\t\t\t<\/button>\n\n\t\t\t\t\t\t<div class=\"modal-body\">\n\t\t\t\t\t\t\t\t\t\t\t\t\t\t\t<div class=\"ekit-team-modal-img\">\n\t\t\t\t\t\t\t\t\t<img loading=\"lazy\" decoding=\"async\" width=\"400\" height=\"400\" src=\"https:\/\/preprod.osteopathie-auvergne.fr\/wp-content\/uploads\/2026\/08\/thibault-galibert.jpg\" class=\"attachment-large size-large wp-image-3202\" alt=\"\" srcset=\"https:\/\/preprod.osteopathie-auvergne.fr\/wp-content\/uploads\/2026\/08\/thibault-galibert.jpg 400w, https:\/\/preprod.osteopathie-auvergne.fr\/wp-content\/uploads\/2026\/08\/thibault-galibert-300x300.jpg 300w, https:\/\/preprod.osteopathie-auvergne.fr\/wp-content\/uploads\/2026\/08\/thibault-galibert-150x150.jpg 150w\" sizes=\"(max-width: 400px) 100vw, 400px\" \/>\t\t\t\t\t\t\t\t<\/div>\n\t\t\t\t\t\t\t\n\t\t\t\t\t\t\t<div class=\"ekit-team-modal-info has-img\">\n\t\t\t\t\t\t\t\t<h2 class=\"ekit-team-modal-title\">Thibault GALIBERT<\/h2>\n\t\t\t\t\t\t\t\t<p class=\"ekit-team-modal-position\"><\/p>\n\n\t\t\t\t\t\t\t\t<div class=\"ekit-team-modal-content\">\n\t\t\t\t\t\t\t\t\tThibault GALIBERT est dipl\u00f4m\u00e9 de l\u2019IDHEO Nantes en 2018, Thibault pratique l\u2019ost\u00e9opathie au sein d\u2019une structure pluridisciplinaire \u00e0 Chatel Guyon. Ayant un affect particulier pour la prise en charge du sportif, il est notamment titulaire d\u2019un certificat de pose de contentions souples et tapes (ITMP), de m\u00e9canique de la douleur (CFCPO), ainsi que du dipl\u00f4me de prise en charge du rugbyman de haut niveau (Level 1 du World Rugby) qu\u2019il a pu mettre en pratique aupr\u00e8s de l\u2019ASM Romagnat pendant 4 ans.\n\nThibault intervient aupr\u00e8s de l\u2019IFSO Vichy \u2013 Clermont-Ferrand pour enseigner l\u2019anatomie palpatoire.\t\t\t\t\t\t\t\t<\/div>\n\n\t\t\t\t\t\t\t\t\n\t\t\t\t\t\t\t\t\t\t\t\t\t\t\t<\/div>\n\t\t\t\t\t\t<\/div>\n\t\t\t\t\t<\/div>\n\t\t\t\t<\/div>\n\t\t\t<\/div>\n\t\t\t\t<\/div>\t\t\t\t<\/div>\n\t\t\t\t<\/div>\n\t\t\t\t<div class=\"elementor-element elementor-element-cce5d4a elementor-widget elementor-widget-elementskit-team\" data-id=\"cce5d4a\" data-element_type=\"widget\" data-e-type=\"widget\" data-widget_type=\"elementskit-team.default\">\n\t\t\t\t<div class=\"elementor-widget-container\">\n\t\t\t\t\t<div class=\"ekit-wid-con\">\t\t\t\t\t\t\t\t\n\t\t<div class=\"profile-card elementor-animation- text-center ekit-team-style-default\">\n\t\t\t\t\t\t\t<a aria-label=\"View Vivien GAS profile\" href=\"javascript:void(0)\" data-mfp-src=\"#ekit_team_modal_cce5d4a_220\" class=\"ekit-team-popup\">\n\t\t\t\n\t\t\t\t<div class=\"profile-header ekit-team-img ekit-img-overlay ekit-team-img-block\"  data-toggle=\"modal\" data-target=\"ekit_team_modal_#cce5d4a_220\" >\n\t\t\t\t\t<img loading=\"lazy\" decoding=\"async\" width=\"400\" height=\"400\" src=\"https:\/\/preprod.osteopathie-auvergne.fr\/wp-content\/uploads\/2026\/08\/Vivien-GAS-1.jpg\" class=\"attachment-large size-large wp-image-3254\" alt=\"\" srcset=\"https:\/\/preprod.osteopathie-auvergne.fr\/wp-content\/uploads\/2026\/08\/Vivien-GAS-1.jpg 400w, https:\/\/preprod.osteopathie-auvergne.fr\/wp-content\/uploads\/2026\/08\/Vivien-GAS-1-300x300.jpg 300w, https:\/\/preprod.osteopathie-auvergne.fr\/wp-content\/uploads\/2026\/08\/Vivien-GAS-1-150x150.jpg 150w\" sizes=\"(max-width: 400px) 100vw, 400px\" \/>\t\t\t\t<\/div><!-- .profile-header END -->\n\t\t\t\t\t\t\t<\/a>\n\t\t\t\n\n\t\t\t\t<div class=\"profile-body\">\n\t\t\t\t\t\n\t\t\t\t\t<h2 class=\"profile-title\">\n\t\t\t\t\t\t\t\t\t\t\t<a aria-label=\"View Vivien GAS profile\" href=\"javascript:void(0)\" data-mfp-src=\"#ekit_team_modal_cce5d4a_220\" class=\"ekit-team-popup\">\n\t\t\t\t\t\tVivien GAS\t\t\t\t\t\t<\/a>\n\t\t\t\t\t\t\t\t\t\t\t<\/h2>\n\t\t\t\t\t<p class=\"profile-designation\"><\/p>\n\t\t\t\t\t\t\t\t\t<\/div><!-- .profile-body END -->\n\n\t\t\t\t\t\t\t\t<\/div>\n\t\t\t\t\t\t\t\n\t\t\t\n\t\t\t\t\t<div class=\"zoom-anim-dialog mfp-hide elementskit-team-popup team-popup-id-cce5d4a\" id=\"ekit_team_modal_cce5d4a_220\" tabindex=\"-1\" role=\"dialog\" aria-modal=\"true\">\n\t\t\t\t<div class=\"modal-dialog modal-dialog-centered\" role=\"document\">\n\t\t\t\t\t<div class=\"modal-content\">\n\t\t\t\t\t\t<button type=\"button\" class=\"ekit-team-modal-close\">\n\t\t\t\t\t\t\t<svg aria-hidden=\"true\" class=\"e-font-icon-svg e-fas-times\" viewBox=\"0 0 352 512\" xmlns=\"http:\/\/www.w3.org\/2000\/svg\"><path d=\"M242.72 256l100.07-100.07c12.28-12.28 12.28-32.19 0-44.48l-22.24-22.24c-12.28-12.28-32.19-12.28-44.48 0L176 189.28 75.93 89.21c-12.28-12.28-32.19-12.28-44.48 0L9.21 111.45c-12.28 12.28-12.28 32.19 0 44.48L109.28 256 9.21 356.07c-12.28 12.28-12.28 32.19 0 44.48l22.24 22.24c12.28 12.28 32.2 12.28 44.48 0L176 322.72l100.07 100.07c12.28 12.28 32.2 12.28 44.48 0l22.24-22.24c12.28-12.28 12.28-32.19 0-44.48L242.72 256z\"><\/path><\/svg>\t\t\t\t\t\t<\/button>\n\n\t\t\t\t\t\t<div class=\"modal-body\">\n\t\t\t\t\t\t\t\t\t\t\t\t\t\t\t<div class=\"ekit-team-modal-img\">\n\t\t\t\t\t\t\t\t\t<img loading=\"lazy\" decoding=\"async\" width=\"400\" height=\"400\" src=\"https:\/\/preprod.osteopathie-auvergne.fr\/wp-content\/uploads\/2026\/08\/Vivien-GAS-1.jpg\" class=\"attachment-large size-large wp-image-3254\" alt=\"\" srcset=\"https:\/\/preprod.osteopathie-auvergne.fr\/wp-content\/uploads\/2026\/08\/Vivien-GAS-1.jpg 400w, https:\/\/preprod.osteopathie-auvergne.fr\/wp-content\/uploads\/2026\/08\/Vivien-GAS-1-300x300.jpg 300w, https:\/\/preprod.osteopathie-auvergne.fr\/wp-content\/uploads\/2026\/08\/Vivien-GAS-1-150x150.jpg 150w\" sizes=\"(max-width: 400px) 100vw, 400px\" \/>\t\t\t\t\t\t\t\t<\/div>\n\t\t\t\t\t\t\t\n\t\t\t\t\t\t\t<div class=\"ekit-team-modal-info has-img\">\n\t\t\t\t\t\t\t\t<h2 class=\"ekit-team-modal-title\">Vivien GAS<\/h2>\n\t\t\t\t\t\t\t\t<p class=\"ekit-team-modal-position\"><\/p>\n\n\t\t\t\t\t\t\t\t<div class=\"ekit-team-modal-content\">\n\t\t\t\t\t\t\t\t\tOst\u00e9opathe exclusif, dipl\u00f4m\u00e9 d\u2019ISOst\u00e9o Lyon depuis 2014.\nVivien GAS a eu un parcours universitaire avant le cursus ost\u00e9opathique avec la validation d\u2019une licence STAPS ouvrant vers l\u2019enseignement. Cette licence a pos\u00e9 les premiers jalons de ses connaissances en p\u00e9dagogie. Elle t\u00e9moigne de son amour de la transmission des connaissances avec la volont\u00e9 de s\u2019adapter au public qui le re\u00e7oit. Il a compl\u00e9t\u00e9 son cursus avec un D.U. en \u00e9pid\u00e9miologie qui lui a apport\u00e9 des bases et des outils en recherche clinique.\nSon int\u00e9r\u00eat pour l\u2019\u00eatre humain et son mode de fonctionnement a trouv\u00e9 d\u2019autres pistes de compr\u00e9hension avec une licence en anthropologie et avec un dipl\u00f4me universitaire portant sur les douleurs chroniques.\nVivien est particuli\u00e8rement int\u00e9ress\u00e9 par l\u2019accompagnement des douleurs complexes et des douleurs en lien avec des probl\u00e8mes de nerfs. Il t\u00e2che d\u2019avoir une pratique centr\u00e9e sur le patient et bas\u00e9e sur les connaissances scientifiques.\t\t\t\t\t\t\t\t<\/div>\n\n\t\t\t\t\t\t\t\t\n\t\t\t\t\t\t\t\t\t\t\t\t\t\t\t<\/div>\n\t\t\t\t\t\t<\/div>\n\t\t\t\t\t<\/div>\n\t\t\t\t<\/div>\n\t\t\t<\/div>\n\t\t\t\t<\/div>\t\t\t\t<\/div>\n\t\t\t\t<\/div>\n\t\t\t\t<div class=\"elementor-element elementor-element-a5a0f4b elementor-widget elementor-widget-elementskit-team\" data-id=\"a5a0f4b\" data-element_type=\"widget\" data-e-type=\"widget\" data-widget_type=\"elementskit-team.default\">\n\t\t\t\t<div class=\"elementor-widget-container\">\n\t\t\t\t\t<div class=\"ekit-wid-con\">\t\t\t\t\t\t\t\t\n\t\t<div class=\"profile-card elementor-animation- text-center ekit-team-style-default\">\n\t\t\t\t\t\t\t<a aria-label=\"View S\u00e9bastien GIROLD profile\" href=\"javascript:void(0)\" data-mfp-src=\"#ekit_team_modal_a5a0f4b_220\" class=\"ekit-team-popup\">\n\t\t\t\n\t\t\t\t<div class=\"profile-header ekit-team-img ekit-img-overlay ekit-team-img-block\"  data-toggle=\"modal\" data-target=\"ekit_team_modal_#a5a0f4b_220\" >\n\t\t\t\t\t<img loading=\"lazy\" decoding=\"async\" width=\"400\" height=\"400\" src=\"https:\/\/preprod.osteopathie-auvergne.fr\/wp-content\/uploads\/2026\/08\/Sebastien-GIROLD-1.jpg\" class=\"attachment-large size-large wp-image-3249\" alt=\"\" srcset=\"https:\/\/preprod.osteopathie-auvergne.fr\/wp-content\/uploads\/2026\/08\/Sebastien-GIROLD-1.jpg 400w, https:\/\/preprod.osteopathie-auvergne.fr\/wp-content\/uploads\/2026\/08\/Sebastien-GIROLD-1-300x300.jpg 300w, https:\/\/preprod.osteopathie-auvergne.fr\/wp-content\/uploads\/2026\/08\/Sebastien-GIROLD-1-150x150.jpg 150w\" sizes=\"(max-width: 400px) 100vw, 400px\" \/>\t\t\t\t<\/div><!-- .profile-header END -->\n\t\t\t\t\t\t\t<\/a>\n\t\t\t\n\n\t\t\t\t<div class=\"profile-body\">\n\t\t\t\t\t\n\t\t\t\t\t<h2 class=\"profile-title\">\n\t\t\t\t\t\t\t\t\t\t\t<a aria-label=\"View S\u00e9bastien GIROLD profile\" href=\"javascript:void(0)\" data-mfp-src=\"#ekit_team_modal_a5a0f4b_220\" class=\"ekit-team-popup\">\n\t\t\t\t\t\tS\u00e9bastien GIROLD\t\t\t\t\t\t<\/a>\n\t\t\t\t\t\t\t\t\t\t\t<\/h2>\n\t\t\t\t\t<p class=\"profile-designation\"><\/p>\n\t\t\t\t\t\t\t\t\t<\/div><!-- .profile-body END -->\n\n\t\t\t\t\t\t\t\t<\/div>\n\t\t\t\t\t\t\t\n\t\t\t\n\t\t\t\t\t<div class=\"zoom-anim-dialog mfp-hide elementskit-team-popup team-popup-id-a5a0f4b\" id=\"ekit_team_modal_a5a0f4b_220\" tabindex=\"-1\" role=\"dialog\" aria-modal=\"true\">\n\t\t\t\t<div class=\"modal-dialog modal-dialog-centered\" role=\"document\">\n\t\t\t\t\t<div class=\"modal-content\">\n\t\t\t\t\t\t<button type=\"button\" class=\"ekit-team-modal-close\">\n\t\t\t\t\t\t\t<svg aria-hidden=\"true\" class=\"e-font-icon-svg e-fas-times\" viewBox=\"0 0 352 512\" xmlns=\"http:\/\/www.w3.org\/2000\/svg\"><path d=\"M242.72 256l100.07-100.07c12.28-12.28 12.28-32.19 0-44.48l-22.24-22.24c-12.28-12.28-32.19-12.28-44.48 0L176 189.28 75.93 89.21c-12.28-12.28-32.19-12.28-44.48 0L9.21 111.45c-12.28 12.28-12.28 32.19 0 44.48L109.28 256 9.21 356.07c-12.28 12.28-12.28 32.19 0 44.48l22.24 22.24c12.28 12.28 32.2 12.28 44.48 0L176 322.72l100.07 100.07c12.28 12.28 32.2 12.28 44.48 0l22.24-22.24c12.28-12.28 12.28-32.19 0-44.48L242.72 256z\"><\/path><\/svg>\t\t\t\t\t\t<\/button>\n\n\t\t\t\t\t\t<div class=\"modal-body\">\n\t\t\t\t\t\t\t\t\t\t\t\t\t\t\t<div class=\"ekit-team-modal-img\">\n\t\t\t\t\t\t\t\t\t<img loading=\"lazy\" decoding=\"async\" width=\"400\" height=\"400\" src=\"https:\/\/preprod.osteopathie-auvergne.fr\/wp-content\/uploads\/2026\/08\/Sebastien-GIROLD-1.jpg\" class=\"attachment-large size-large wp-image-3249\" alt=\"\" srcset=\"https:\/\/preprod.osteopathie-auvergne.fr\/wp-content\/uploads\/2026\/08\/Sebastien-GIROLD-1.jpg 400w, https:\/\/preprod.osteopathie-auvergne.fr\/wp-content\/uploads\/2026\/08\/Sebastien-GIROLD-1-300x300.jpg 300w, https:\/\/preprod.osteopathie-auvergne.fr\/wp-content\/uploads\/2026\/08\/Sebastien-GIROLD-1-150x150.jpg 150w\" sizes=\"(max-width: 400px) 100vw, 400px\" \/>\t\t\t\t\t\t\t\t<\/div>\n\t\t\t\t\t\t\t\n\t\t\t\t\t\t\t<div class=\"ekit-team-modal-info has-img\">\n\t\t\t\t\t\t\t\t<h2 class=\"ekit-team-modal-title\">S\u00e9bastien GIROLD<\/h2>\n\t\t\t\t\t\t\t\t<p class=\"ekit-team-modal-position\"><\/p>\n\n\t\t\t\t\t\t\t\t<div class=\"ekit-team-modal-content\">\n\t\t\t\t\t\t\t\t\tDipl\u00f4m\u00e9 en masso-kin\u00e9sith\u00e9rapie depuis 2013, docteur en physiologie du sport et ancien ma\u00eetre de conf\u00e9rence universitaire, S\u00e9bastien GIROLD a exerc\u00e9 en tant que masseur-kin\u00e9sith\u00e9rapeute pendant 4 ans en lib\u00e9ral et en centre hospitalier. Il enseigne \u00e0 temps complet depuis 2017 au sein de l\u2019IFMK de Vichy, institut qu\u2019il dirige depuis septembre 2020. Il int\u00e8gre l\u2019\u00e9quipe p\u00e9dagogique de l\u2019IFSO Vichy \u2013 Clermont-Ferrand.\t\t\t\t\t\t\t\t<\/div>\n\n\t\t\t\t\t\t\t\t\n\t\t\t\t\t\t\t\t\t\t\t\t\t\t\t<\/div>\n\t\t\t\t\t\t<\/div>\n\t\t\t\t\t<\/div>\n\t\t\t\t<\/div>\n\t\t\t<\/div>\n\t\t\t\t<\/div>\t\t\t\t<\/div>\n\t\t\t\t<\/div>\n\t\t\t\t<div class=\"elementor-element elementor-element-db66d51 elementor-widget elementor-widget-elementskit-team\" data-id=\"db66d51\" data-element_type=\"widget\" data-e-type=\"widget\" data-widget_type=\"elementskit-team.default\">\n\t\t\t\t<div class=\"elementor-widget-container\">\n\t\t\t\t\t<div class=\"ekit-wid-con\">\t\t\t\t\t\t\t\t\n\t\t<div class=\"profile-card elementor-animation- text-center ekit-team-style-default\">\n\t\t\t\t\t\t\t<a aria-label=\"View Mathieu GROISNE profile\" href=\"javascript:void(0)\" data-mfp-src=\"#ekit_team_modal_db66d51_220\" class=\"ekit-team-popup\">\n\t\t\t\n\t\t\t\t<div class=\"profile-header ekit-team-img ekit-img-overlay ekit-team-img-block\"  data-toggle=\"modal\" data-target=\"ekit_team_modal_#db66d51_220\" >\n\t\t\t\t\t<img loading=\"lazy\" decoding=\"async\" width=\"400\" height=\"400\" src=\"https:\/\/preprod.osteopathie-auvergne.fr\/wp-content\/uploads\/2026\/08\/Mathieu-GROISNE-IFSO-Vichy-CFD-1.jpg\" class=\"attachment-large size-large wp-image-3236\" alt=\"\" srcset=\"https:\/\/preprod.osteopathie-auvergne.fr\/wp-content\/uploads\/2026\/08\/Mathieu-GROISNE-IFSO-Vichy-CFD-1.jpg 400w, https:\/\/preprod.osteopathie-auvergne.fr\/wp-content\/uploads\/2026\/08\/Mathieu-GROISNE-IFSO-Vichy-CFD-1-300x300.jpg 300w, https:\/\/preprod.osteopathie-auvergne.fr\/wp-content\/uploads\/2026\/08\/Mathieu-GROISNE-IFSO-Vichy-CFD-1-150x150.jpg 150w\" sizes=\"(max-width: 400px) 100vw, 400px\" \/>\t\t\t\t<\/div><!-- .profile-header END -->\n\t\t\t\t\t\t\t<\/a>\n\t\t\t\n\n\t\t\t\t<div class=\"profile-body\">\n\t\t\t\t\t\n\t\t\t\t\t<h2 class=\"profile-title\">\n\t\t\t\t\t\t\t\t\t\t\t<a aria-label=\"View Mathieu GROISNE profile\" href=\"javascript:void(0)\" data-mfp-src=\"#ekit_team_modal_db66d51_220\" class=\"ekit-team-popup\">\n\t\t\t\t\t\tMathieu GROISNE\t\t\t\t\t\t<\/a>\n\t\t\t\t\t\t\t\t\t\t\t<\/h2>\n\t\t\t\t\t<p class=\"profile-designation\"><\/p>\n\t\t\t\t\t\t\t\t\t<\/div><!-- .profile-body END -->\n\n\t\t\t\t\t\t\t\t<\/div>\n\t\t\t\t\t\t\t\n\t\t\t\n\t\t\t\t\t<div class=\"zoom-anim-dialog mfp-hide elementskit-team-popup team-popup-id-db66d51\" id=\"ekit_team_modal_db66d51_220\" tabindex=\"-1\" role=\"dialog\" aria-modal=\"true\">\n\t\t\t\t<div class=\"modal-dialog modal-dialog-centered\" role=\"document\">\n\t\t\t\t\t<div class=\"modal-content\">\n\t\t\t\t\t\t<button type=\"button\" class=\"ekit-team-modal-close\">\n\t\t\t\t\t\t\t<svg aria-hidden=\"true\" class=\"e-font-icon-svg e-fas-times\" viewBox=\"0 0 352 512\" xmlns=\"http:\/\/www.w3.org\/2000\/svg\"><path d=\"M242.72 256l100.07-100.07c12.28-12.28 12.28-32.19 0-44.48l-22.24-22.24c-12.28-12.28-32.19-12.28-44.48 0L176 189.28 75.93 89.21c-12.28-12.28-32.19-12.28-44.48 0L9.21 111.45c-12.28 12.28-12.28 32.19 0 44.48L109.28 256 9.21 356.07c-12.28 12.28-12.28 32.19 0 44.48l22.24 22.24c12.28 12.28 32.2 12.28 44.48 0L176 322.72l100.07 100.07c12.28 12.28 32.2 12.28 44.48 0l22.24-22.24c12.28-12.28 12.28-32.19 0-44.48L242.72 256z\"><\/path><\/svg>\t\t\t\t\t\t<\/button>\n\n\t\t\t\t\t\t<div class=\"modal-body\">\n\t\t\t\t\t\t\t\t\t\t\t\t\t\t\t<div class=\"ekit-team-modal-img\">\n\t\t\t\t\t\t\t\t\t<img loading=\"lazy\" decoding=\"async\" width=\"400\" height=\"400\" src=\"https:\/\/preprod.osteopathie-auvergne.fr\/wp-content\/uploads\/2026\/08\/Mathieu-GROISNE-IFSO-Vichy-CFD-1.jpg\" class=\"attachment-large size-large wp-image-3236\" alt=\"\" srcset=\"https:\/\/preprod.osteopathie-auvergne.fr\/wp-content\/uploads\/2026\/08\/Mathieu-GROISNE-IFSO-Vichy-CFD-1.jpg 400w, https:\/\/preprod.osteopathie-auvergne.fr\/wp-content\/uploads\/2026\/08\/Mathieu-GROISNE-IFSO-Vichy-CFD-1-300x300.jpg 300w, https:\/\/preprod.osteopathie-auvergne.fr\/wp-content\/uploads\/2026\/08\/Mathieu-GROISNE-IFSO-Vichy-CFD-1-150x150.jpg 150w\" sizes=\"(max-width: 400px) 100vw, 400px\" \/>\t\t\t\t\t\t\t\t<\/div>\n\t\t\t\t\t\t\t\n\t\t\t\t\t\t\t<div class=\"ekit-team-modal-info has-img\">\n\t\t\t\t\t\t\t\t<h2 class=\"ekit-team-modal-title\">Mathieu GROISNE<\/h2>\n\t\t\t\t\t\t\t\t<p class=\"ekit-team-modal-position\"><\/p>\n\n\t\t\t\t\t\t\t\t<div class=\"ekit-team-modal-content\">\n\t\t\t\t\t\t\t\t\tMathieu GROISNE est Masseur-kin\u00e9sith\u00e9rapeute depuis 2001 et Ost\u00e9opathe D.O. depuis 2007.\n\nTuteur clinique, enseignant en visc\u00e9ral et repr\u00e9sentant des tuteurs clinique au sein de l\u2019IFSO Vichy \u2013 Clermont-Ferrand.\t\t\t\t\t\t\t\t<\/div>\n\n\t\t\t\t\t\t\t\t\n\t\t\t\t\t\t\t\t\t\t\t\t\t\t\t<\/div>\n\t\t\t\t\t\t<\/div>\n\t\t\t\t\t<\/div>\n\t\t\t\t<\/div>\n\t\t\t<\/div>\n\t\t\t\t<\/div>\t\t\t\t<\/div>\n\t\t\t\t<\/div>\n\t\t\t\t<div class=\"elementor-element elementor-element-ed33e80 elementor-widget elementor-widget-elementskit-team\" data-id=\"ed33e80\" data-element_type=\"widget\" data-e-type=\"widget\" data-widget_type=\"elementskit-team.default\">\n\t\t\t\t<div class=\"elementor-widget-container\">\n\t\t\t\t\t<div class=\"ekit-wid-con\">\t\t\t\t\t\t\t\t\n\t\t<div class=\"profile-card elementor-animation- text-center ekit-team-style-default\">\n\t\t\t\t\t\t\t<a aria-label=\"View Bernard HORDONNEAU profile\" href=\"javascript:void(0)\" data-mfp-src=\"#ekit_team_modal_ed33e80_220\" class=\"ekit-team-popup\">\n\t\t\t\n\t\t\t\t<div class=\"profile-header ekit-team-img ekit-img-overlay ekit-team-img-block\"  data-toggle=\"modal\" data-target=\"ekit_team_modal_#ed33e80_220\" >\n\t\t\t\t\t<img loading=\"lazy\" decoding=\"async\" width=\"400\" height=\"400\" src=\"https:\/\/preprod.osteopathie-auvergne.fr\/wp-content\/uploads\/2026\/08\/Bernard-HORDONNEAU.jpg\" class=\"attachment-large size-large wp-image-3157\" alt=\"\" srcset=\"https:\/\/preprod.osteopathie-auvergne.fr\/wp-content\/uploads\/2026\/08\/Bernard-HORDONNEAU.jpg 400w, https:\/\/preprod.osteopathie-auvergne.fr\/wp-content\/uploads\/2026\/08\/Bernard-HORDONNEAU-300x300.jpg 300w, https:\/\/preprod.osteopathie-auvergne.fr\/wp-content\/uploads\/2026\/08\/Bernard-HORDONNEAU-150x150.jpg 150w\" sizes=\"(max-width: 400px) 100vw, 400px\" \/>\t\t\t\t<\/div><!-- .profile-header END -->\n\t\t\t\t\t\t\t<\/a>\n\t\t\t\n\n\t\t\t\t<div class=\"profile-body\">\n\t\t\t\t\t\n\t\t\t\t\t<h2 class=\"profile-title\">\n\t\t\t\t\t\t\t\t\t\t\t<a aria-label=\"View Bernard HORDONNEAU profile\" href=\"javascript:void(0)\" data-mfp-src=\"#ekit_team_modal_ed33e80_220\" class=\"ekit-team-popup\">\n\t\t\t\t\t\tBernard HORDONNEAU\t\t\t\t\t\t<\/a>\n\t\t\t\t\t\t\t\t\t\t\t<\/h2>\n\t\t\t\t\t<p class=\"profile-designation\"><\/p>\n\t\t\t\t\t\t\t\t\t<\/div><!-- .profile-body END -->\n\n\t\t\t\t\t\t\t\t<\/div>\n\t\t\t\t\t\t\t\n\t\t\t\n\t\t\t\t\t<div class=\"zoom-anim-dialog mfp-hide elementskit-team-popup team-popup-id-ed33e80\" id=\"ekit_team_modal_ed33e80_220\" tabindex=\"-1\" role=\"dialog\" aria-modal=\"true\">\n\t\t\t\t<div class=\"modal-dialog modal-dialog-centered\" role=\"document\">\n\t\t\t\t\t<div class=\"modal-content\">\n\t\t\t\t\t\t<button type=\"button\" class=\"ekit-team-modal-close\">\n\t\t\t\t\t\t\t<svg aria-hidden=\"true\" class=\"e-font-icon-svg e-fas-times\" viewBox=\"0 0 352 512\" xmlns=\"http:\/\/www.w3.org\/2000\/svg\"><path d=\"M242.72 256l100.07-100.07c12.28-12.28 12.28-32.19 0-44.48l-22.24-22.24c-12.28-12.28-32.19-12.28-44.48 0L176 189.28 75.93 89.21c-12.28-12.28-32.19-12.28-44.48 0L9.21 111.45c-12.28 12.28-12.28 32.19 0 44.48L109.28 256 9.21 356.07c-12.28 12.28-12.28 32.19 0 44.48l22.24 22.24c12.28 12.28 32.2 12.28 44.48 0L176 322.72l100.07 100.07c12.28 12.28 32.2 12.28 44.48 0l22.24-22.24c12.28-12.28 12.28-32.19 0-44.48L242.72 256z\"><\/path><\/svg>\t\t\t\t\t\t<\/button>\n\n\t\t\t\t\t\t<div class=\"modal-body\">\n\t\t\t\t\t\t\t\t\t\t\t\t\t\t\t<div class=\"ekit-team-modal-img\">\n\t\t\t\t\t\t\t\t\t<img loading=\"lazy\" decoding=\"async\" width=\"400\" height=\"400\" src=\"https:\/\/preprod.osteopathie-auvergne.fr\/wp-content\/uploads\/2026\/08\/Bernard-HORDONNEAU.jpg\" class=\"attachment-large size-large wp-image-3157\" alt=\"\" srcset=\"https:\/\/preprod.osteopathie-auvergne.fr\/wp-content\/uploads\/2026\/08\/Bernard-HORDONNEAU.jpg 400w, https:\/\/preprod.osteopathie-auvergne.fr\/wp-content\/uploads\/2026\/08\/Bernard-HORDONNEAU-300x300.jpg 300w, https:\/\/preprod.osteopathie-auvergne.fr\/wp-content\/uploads\/2026\/08\/Bernard-HORDONNEAU-150x150.jpg 150w\" sizes=\"(max-width: 400px) 100vw, 400px\" \/>\t\t\t\t\t\t\t\t<\/div>\n\t\t\t\t\t\t\t\n\t\t\t\t\t\t\t<div class=\"ekit-team-modal-info has-img\">\n\t\t\t\t\t\t\t\t<h2 class=\"ekit-team-modal-title\">Bernard HORDONNEAU<\/h2>\n\t\t\t\t\t\t\t\t<p class=\"ekit-team-modal-position\"><\/p>\n\n\t\t\t\t\t\t\t\t<div class=\"ekit-team-modal-content\">\n\t\t\t\t\t\t\t\t\t\t\t\t\t\t\t\t\t<\/div>\n\n\t\t\t\t\t\t\t\t\n\t\t\t\t\t\t\t\t\t\t\t\t\t\t\t<\/div>\n\t\t\t\t\t\t<\/div>\n\t\t\t\t\t<\/div>\n\t\t\t\t<\/div>\n\t\t\t<\/div>\n\t\t\t\t<\/div>\t\t\t\t<\/div>\n\t\t\t\t<\/div>\n\t\t\t\t<div class=\"elementor-element elementor-element-d650049 elementor-widget elementor-widget-elementskit-team\" data-id=\"d650049\" data-element_type=\"widget\" data-e-type=\"widget\" data-widget_type=\"elementskit-team.default\">\n\t\t\t\t<div class=\"elementor-widget-container\">\n\t\t\t\t\t<div class=\"ekit-wid-con\">\t\t\t\t\t\t\t\t\n\t\t<div class=\"profile-card elementor-animation- text-center ekit-team-style-default\">\n\t\t\t\t\t\t\t<a aria-label=\"View C\u00e9drine JARLIER profile\" href=\"javascript:void(0)\" data-mfp-src=\"#ekit_team_modal_d650049_220\" class=\"ekit-team-popup\">\n\t\t\t\n\t\t\t\t<div class=\"profile-header ekit-team-img ekit-img-overlay ekit-team-img-block\"  data-toggle=\"modal\" data-target=\"ekit_team_modal_#d650049_220\" >\n\t\t\t\t\t<img loading=\"lazy\" decoding=\"async\" width=\"400\" height=\"400\" src=\"https:\/\/preprod.osteopathie-auvergne.fr\/wp-content\/uploads\/2026\/08\/Cedrine-JARLIER.png\" class=\"attachment-large size-large wp-image-3312\" alt=\"\" srcset=\"https:\/\/preprod.osteopathie-auvergne.fr\/wp-content\/uploads\/2026\/08\/Cedrine-JARLIER.png 400w, https:\/\/preprod.osteopathie-auvergne.fr\/wp-content\/uploads\/2026\/08\/Cedrine-JARLIER-300x300.png 300w, https:\/\/preprod.osteopathie-auvergne.fr\/wp-content\/uploads\/2026\/08\/Cedrine-JARLIER-150x150.png 150w\" sizes=\"(max-width: 400px) 100vw, 400px\" \/>\t\t\t\t<\/div><!-- .profile-header END -->\n\t\t\t\t\t\t\t<\/a>\n\t\t\t\n\n\t\t\t\t<div class=\"profile-body\">\n\t\t\t\t\t\n\t\t\t\t\t<h2 class=\"profile-title\">\n\t\t\t\t\t\t\t\t\t\t\t<a aria-label=\"View C\u00e9drine JARLIER profile\" href=\"javascript:void(0)\" data-mfp-src=\"#ekit_team_modal_d650049_220\" class=\"ekit-team-popup\">\n\t\t\t\t\t\tC\u00e9drine JARLIER\t\t\t\t\t\t<\/a>\n\t\t\t\t\t\t\t\t\t\t\t<\/h2>\n\t\t\t\t\t<p class=\"profile-designation\"><\/p>\n\t\t\t\t\t\t\t\t\t<\/div><!-- .profile-body END -->\n\n\t\t\t\t\t\t\t\t<\/div>\n\t\t\t\t\t\t\t\n\t\t\t\n\t\t\t\t\t<div class=\"zoom-anim-dialog mfp-hide elementskit-team-popup team-popup-id-d650049\" id=\"ekit_team_modal_d650049_220\" tabindex=\"-1\" role=\"dialog\" aria-modal=\"true\">\n\t\t\t\t<div class=\"modal-dialog modal-dialog-centered\" role=\"document\">\n\t\t\t\t\t<div class=\"modal-content\">\n\t\t\t\t\t\t<button type=\"button\" class=\"ekit-team-modal-close\">\n\t\t\t\t\t\t\t<svg aria-hidden=\"true\" class=\"e-font-icon-svg e-fas-times\" viewBox=\"0 0 352 512\" xmlns=\"http:\/\/www.w3.org\/2000\/svg\"><path d=\"M242.72 256l100.07-100.07c12.28-12.28 12.28-32.19 0-44.48l-22.24-22.24c-12.28-12.28-32.19-12.28-44.48 0L176 189.28 75.93 89.21c-12.28-12.28-32.19-12.28-44.48 0L9.21 111.45c-12.28 12.28-12.28 32.19 0 44.48L109.28 256 9.21 356.07c-12.28 12.28-12.28 32.19 0 44.48l22.24 22.24c12.28 12.28 32.2 12.28 44.48 0L176 322.72l100.07 100.07c12.28 12.28 32.2 12.28 44.48 0l22.24-22.24c12.28-12.28 12.28-32.19 0-44.48L242.72 256z\"><\/path><\/svg>\t\t\t\t\t\t<\/button>\n\n\t\t\t\t\t\t<div class=\"modal-body\">\n\t\t\t\t\t\t\t\t\t\t\t\t\t\t\t<div class=\"ekit-team-modal-img\">\n\t\t\t\t\t\t\t\t\t<img loading=\"lazy\" decoding=\"async\" width=\"400\" height=\"400\" src=\"https:\/\/preprod.osteopathie-auvergne.fr\/wp-content\/uploads\/2026\/08\/Cedrine-JARLIER.png\" class=\"attachment-large size-large wp-image-3312\" alt=\"\" srcset=\"https:\/\/preprod.osteopathie-auvergne.fr\/wp-content\/uploads\/2026\/08\/Cedrine-JARLIER.png 400w, https:\/\/preprod.osteopathie-auvergne.fr\/wp-content\/uploads\/2026\/08\/Cedrine-JARLIER-300x300.png 300w, https:\/\/preprod.osteopathie-auvergne.fr\/wp-content\/uploads\/2026\/08\/Cedrine-JARLIER-150x150.png 150w\" sizes=\"(max-width: 400px) 100vw, 400px\" \/>\t\t\t\t\t\t\t\t<\/div>\n\t\t\t\t\t\t\t\n\t\t\t\t\t\t\t<div class=\"ekit-team-modal-info has-img\">\n\t\t\t\t\t\t\t\t<h2 class=\"ekit-team-modal-title\">C\u00e9drine JARLIER<\/h2>\n\t\t\t\t\t\t\t\t<p class=\"ekit-team-modal-position\"><\/p>\n\n\t\t\t\t\t\t\t\t<div class=\"ekit-team-modal-content\">\n\t\t\t\t\t\t\t\t\t\t\t\t\t\t\t\t\t<\/div>\n\n\t\t\t\t\t\t\t\t\n\t\t\t\t\t\t\t\t\t\t\t\t\t\t\t<\/div>\n\t\t\t\t\t\t<\/div>\n\t\t\t\t\t<\/div>\n\t\t\t\t<\/div>\n\t\t\t<\/div>\n\t\t\t\t<\/div>\t\t\t\t<\/div>\n\t\t\t\t<\/div>\n\t\t\t\t<div class=\"elementor-element elementor-element-a7fbcd3 elementor-widget elementor-widget-elementskit-team\" data-id=\"a7fbcd3\" data-element_type=\"widget\" data-e-type=\"widget\" data-widget_type=\"elementskit-team.default\">\n\t\t\t\t<div class=\"elementor-widget-container\">\n\t\t\t\t\t<div class=\"ekit-wid-con\">\t\t\t\t\t\t\t\t\n\t\t<div class=\"profile-card elementor-animation- text-center ekit-team-style-default\">\n\t\t\t\t\t\t\t<a aria-label=\"View Yann KEROMNES profile\" href=\"javascript:void(0)\" data-mfp-src=\"#ekit_team_modal_a7fbcd3_220\" class=\"ekit-team-popup\">\n\t\t\t\n\t\t\t\t<div class=\"profile-header ekit-team-img ekit-img-overlay ekit-team-img-block\"  data-toggle=\"modal\" data-target=\"ekit_team_modal_#a7fbcd3_220\" >\n\t\t\t\t\t<img loading=\"lazy\" decoding=\"async\" width=\"400\" height=\"400\" src=\"https:\/\/preprod.osteopathie-auvergne.fr\/wp-content\/uploads\/2026\/08\/Yann-KEROMNES.jpg\" class=\"attachment-large size-large wp-image-3205\" alt=\"\" srcset=\"https:\/\/preprod.osteopathie-auvergne.fr\/wp-content\/uploads\/2026\/08\/Yann-KEROMNES.jpg 400w, https:\/\/preprod.osteopathie-auvergne.fr\/wp-content\/uploads\/2026\/08\/Yann-KEROMNES-300x300.jpg 300w, https:\/\/preprod.osteopathie-auvergne.fr\/wp-content\/uploads\/2026\/08\/Yann-KEROMNES-150x150.jpg 150w\" sizes=\"(max-width: 400px) 100vw, 400px\" \/>\t\t\t\t<\/div><!-- .profile-header END -->\n\t\t\t\t\t\t\t<\/a>\n\t\t\t\n\n\t\t\t\t<div class=\"profile-body\">\n\t\t\t\t\t\n\t\t\t\t\t<h2 class=\"profile-title\">\n\t\t\t\t\t\t\t\t\t\t\t<a aria-label=\"View Yann KEROMNES profile\" href=\"javascript:void(0)\" data-mfp-src=\"#ekit_team_modal_a7fbcd3_220\" class=\"ekit-team-popup\">\n\t\t\t\t\t\tYann KEROMNES\t\t\t\t\t\t<\/a>\n\t\t\t\t\t\t\t\t\t\t\t<\/h2>\n\t\t\t\t\t<p class=\"profile-designation\"><\/p>\n\t\t\t\t\t\t\t\t\t<\/div><!-- .profile-body END -->\n\n\t\t\t\t\t\t\t\t<\/div>\n\t\t\t\t\t\t\t\n\t\t\t\n\t\t\t\t\t<div class=\"zoom-anim-dialog mfp-hide elementskit-team-popup team-popup-id-a7fbcd3\" id=\"ekit_team_modal_a7fbcd3_220\" tabindex=\"-1\" role=\"dialog\" aria-modal=\"true\">\n\t\t\t\t<div class=\"modal-dialog modal-dialog-centered\" role=\"document\">\n\t\t\t\t\t<div class=\"modal-content\">\n\t\t\t\t\t\t<button type=\"button\" class=\"ekit-team-modal-close\">\n\t\t\t\t\t\t\t<svg aria-hidden=\"true\" class=\"e-font-icon-svg e-fas-times\" viewBox=\"0 0 352 512\" xmlns=\"http:\/\/www.w3.org\/2000\/svg\"><path d=\"M242.72 256l100.07-100.07c12.28-12.28 12.28-32.19 0-44.48l-22.24-22.24c-12.28-12.28-32.19-12.28-44.48 0L176 189.28 75.93 89.21c-12.28-12.28-32.19-12.28-44.48 0L9.21 111.45c-12.28 12.28-12.28 32.19 0 44.48L109.28 256 9.21 356.07c-12.28 12.28-12.28 32.19 0 44.48l22.24 22.24c12.28 12.28 32.2 12.28 44.48 0L176 322.72l100.07 100.07c12.28 12.28 32.2 12.28 44.48 0l22.24-22.24c12.28-12.28 12.28-32.19 0-44.48L242.72 256z\"><\/path><\/svg>\t\t\t\t\t\t<\/button>\n\n\t\t\t\t\t\t<div class=\"modal-body\">\n\t\t\t\t\t\t\t\t\t\t\t\t\t\t\t<div class=\"ekit-team-modal-img\">\n\t\t\t\t\t\t\t\t\t<img loading=\"lazy\" decoding=\"async\" width=\"400\" height=\"400\" src=\"https:\/\/preprod.osteopathie-auvergne.fr\/wp-content\/uploads\/2026\/08\/Yann-KEROMNES.jpg\" class=\"attachment-large size-large wp-image-3205\" alt=\"\" srcset=\"https:\/\/preprod.osteopathie-auvergne.fr\/wp-content\/uploads\/2026\/08\/Yann-KEROMNES.jpg 400w, https:\/\/preprod.osteopathie-auvergne.fr\/wp-content\/uploads\/2026\/08\/Yann-KEROMNES-300x300.jpg 300w, https:\/\/preprod.osteopathie-auvergne.fr\/wp-content\/uploads\/2026\/08\/Yann-KEROMNES-150x150.jpg 150w\" sizes=\"(max-width: 400px) 100vw, 400px\" \/>\t\t\t\t\t\t\t\t<\/div>\n\t\t\t\t\t\t\t\n\t\t\t\t\t\t\t<div class=\"ekit-team-modal-info has-img\">\n\t\t\t\t\t\t\t\t<h2 class=\"ekit-team-modal-title\">Yann KEROMNES<\/h2>\n\t\t\t\t\t\t\t\t<p class=\"ekit-team-modal-position\"><\/p>\n\n\t\t\t\t\t\t\t\t<div class=\"ekit-team-modal-content\">\n\t\t\t\t\t\t\t\t\tYann KEROMNES a d\u2019abord \u00e9t\u00e9 kin\u00e9sith\u00e9rapeute avant d\u2019\u00eatre dipl\u00f4m\u00e9 en ost\u00e9opathie au COS Atlantique et a un Master 2 en Sciences de l\u2019\u00e9ducation (RISO).\n \nIl est formateur au diagnostic d\u2019opportunit\u00e9 depuis 8 ans en \u00e9coles d\u2019ost\u00e9opathie, Directeur de m\u00e9moire et formateur en Kin\u00e9sith\u00e9rapie \u00e0 l\u2019IFM3R, Co-fondateur d\u2019une structure pluriprofessionnelle autour des sportifs, le Centre Nantes Atlantique de l\u2019Effort et du Sport (CNAES).\n\nIl exerce dans un cabinet lib\u00e9ral \u00e0 Nantes et a int\u00e9gr\u00e9 en tant que formateur l\u2019IFSO Vichy \u2013 Clermont-Ferrand.\n\n\t\t\t\t\t\t\t\t<\/div>\n\n\t\t\t\t\t\t\t\t\n\t\t\t\t\t\t\t\t\t\t\t\t\t\t\t<\/div>\n\t\t\t\t\t\t<\/div>\n\t\t\t\t\t<\/div>\n\t\t\t\t<\/div>\n\t\t\t<\/div>\n\t\t\t\t<\/div>\t\t\t\t<\/div>\n\t\t\t\t<\/div>\n\t\t\t\t<div class=\"elementor-element elementor-element-4394849 elementor-widget elementor-widget-elementskit-team\" data-id=\"4394849\" data-element_type=\"widget\" data-e-type=\"widget\" data-widget_type=\"elementskit-team.default\">\n\t\t\t\t<div class=\"elementor-widget-container\">\n\t\t\t\t\t<div class=\"ekit-wid-con\">\t\t\t\t\t\t\t\t\n\t\t<div class=\"profile-card elementor-animation- text-center ekit-team-style-default\">\n\t\t\t\t\t\t\t<a aria-label=\"View Fabrice KWIATKOWSKI profile\" href=\"javascript:void(0)\" data-mfp-src=\"#ekit_team_modal_4394849_220\" class=\"ekit-team-popup\">\n\t\t\t\n\t\t\t\t<div class=\"profile-header ekit-team-img ekit-img-overlay ekit-team-img-block\"  data-toggle=\"modal\" data-target=\"ekit_team_modal_#4394849_220\" >\n\t\t\t\t\t<img loading=\"lazy\" decoding=\"async\" width=\"400\" height=\"400\" src=\"https:\/\/preprod.osteopathie-auvergne.fr\/wp-content\/uploads\/2026\/08\/Fabrice-KWIATKOWSKI-1.jpg\" class=\"attachment-large size-large wp-image-3221\" alt=\"\" srcset=\"https:\/\/preprod.osteopathie-auvergne.fr\/wp-content\/uploads\/2026\/08\/Fabrice-KWIATKOWSKI-1.jpg 400w, https:\/\/preprod.osteopathie-auvergne.fr\/wp-content\/uploads\/2026\/08\/Fabrice-KWIATKOWSKI-1-300x300.jpg 300w, https:\/\/preprod.osteopathie-auvergne.fr\/wp-content\/uploads\/2026\/08\/Fabrice-KWIATKOWSKI-1-150x150.jpg 150w\" sizes=\"(max-width: 400px) 100vw, 400px\" \/>\t\t\t\t<\/div><!-- .profile-header END -->\n\t\t\t\t\t\t\t<\/a>\n\t\t\t\n\n\t\t\t\t<div class=\"profile-body\">\n\t\t\t\t\t\n\t\t\t\t\t<h2 class=\"profile-title\">\n\t\t\t\t\t\t\t\t\t\t\t<a aria-label=\"View Fabrice KWIATKOWSKI profile\" href=\"javascript:void(0)\" data-mfp-src=\"#ekit_team_modal_4394849_220\" class=\"ekit-team-popup\">\n\t\t\t\t\t\tFabrice KWIATKOWSKI\t\t\t\t\t\t<\/a>\n\t\t\t\t\t\t\t\t\t\t\t<\/h2>\n\t\t\t\t\t<p class=\"profile-designation\"><\/p>\n\t\t\t\t\t\t\t\t\t<\/div><!-- .profile-body END -->\n\n\t\t\t\t\t\t\t\t<\/div>\n\t\t\t\t\t\t\t\n\t\t\t\n\t\t\t\t\t<div class=\"zoom-anim-dialog mfp-hide elementskit-team-popup team-popup-id-4394849\" id=\"ekit_team_modal_4394849_220\" tabindex=\"-1\" role=\"dialog\" aria-modal=\"true\">\n\t\t\t\t<div class=\"modal-dialog modal-dialog-centered\" role=\"document\">\n\t\t\t\t\t<div class=\"modal-content\">\n\t\t\t\t\t\t<button type=\"button\" class=\"ekit-team-modal-close\">\n\t\t\t\t\t\t\t<svg aria-hidden=\"true\" class=\"e-font-icon-svg e-fas-times\" viewBox=\"0 0 352 512\" xmlns=\"http:\/\/www.w3.org\/2000\/svg\"><path d=\"M242.72 256l100.07-100.07c12.28-12.28 12.28-32.19 0-44.48l-22.24-22.24c-12.28-12.28-32.19-12.28-44.48 0L176 189.28 75.93 89.21c-12.28-12.28-32.19-12.28-44.48 0L9.21 111.45c-12.28 12.28-12.28 32.19 0 44.48L109.28 256 9.21 356.07c-12.28 12.28-12.28 32.19 0 44.48l22.24 22.24c12.28 12.28 32.2 12.28 44.48 0L176 322.72l100.07 100.07c12.28 12.28 32.2 12.28 44.48 0l22.24-22.24c12.28-12.28 12.28-32.19 0-44.48L242.72 256z\"><\/path><\/svg>\t\t\t\t\t\t<\/button>\n\n\t\t\t\t\t\t<div class=\"modal-body\">\n\t\t\t\t\t\t\t\t\t\t\t\t\t\t\t<div class=\"ekit-team-modal-img\">\n\t\t\t\t\t\t\t\t\t<img loading=\"lazy\" decoding=\"async\" width=\"400\" height=\"400\" src=\"https:\/\/preprod.osteopathie-auvergne.fr\/wp-content\/uploads\/2026\/08\/Fabrice-KWIATKOWSKI-1.jpg\" class=\"attachment-large size-large wp-image-3221\" alt=\"\" srcset=\"https:\/\/preprod.osteopathie-auvergne.fr\/wp-content\/uploads\/2026\/08\/Fabrice-KWIATKOWSKI-1.jpg 400w, https:\/\/preprod.osteopathie-auvergne.fr\/wp-content\/uploads\/2026\/08\/Fabrice-KWIATKOWSKI-1-300x300.jpg 300w, https:\/\/preprod.osteopathie-auvergne.fr\/wp-content\/uploads\/2026\/08\/Fabrice-KWIATKOWSKI-1-150x150.jpg 150w\" sizes=\"(max-width: 400px) 100vw, 400px\" \/>\t\t\t\t\t\t\t\t<\/div>\n\t\t\t\t\t\t\t\n\t\t\t\t\t\t\t<div class=\"ekit-team-modal-info has-img\">\n\t\t\t\t\t\t\t\t<h2 class=\"ekit-team-modal-title\">Fabrice KWIATKOWSKI<\/h2>\n\t\t\t\t\t\t\t\t<p class=\"ekit-team-modal-position\"><\/p>\n\n\t\t\t\t\t\t\t\t<div class=\"ekit-team-modal-content\">\n\t\t\t\t\t\t\t\t\tApr\u00e8s des \u00e9tudes \u00e0 l\u2019Ecole Sup\u00e9rieure de Commerce et d\u2019Administration Financi\u00e8re de Clermont-Ferrand (1978) et en parall\u00e8le une licence en Sciences \u00e9conomiques, Fabrice KWIATKOWSKI a commenc\u00e9 sa carri\u00e8re dans l\u2019informatique en tant que analyste-programmeur.\nDipl\u00f4m\u00e9 d\u2019un DEA en 1987, il a ensuite d\u00e9velopp\u00e9 des outils informatiques permettant des analyses statistiques dans le cadre des essais th\u00e9rapeutiques pour le compte du centre de lutte contre le cancer de Jean Perrin \u00e0 Clermont-Ferrand.\n\nEn 1996, il obtient un dipl\u00f4me de statistiques CESAM \u00e0 l\u2019universit\u00e9 Paris 6 option m\u00e9thodologie et \u00e9pid\u00e9miologie. Depuis lors il travaille dans le domaine de la recherche en collaborant notamment \u00e0 plus de 170 articles dans des revues internationales.\n\nIl est par ailleurs dipl\u00f4m\u00e9 d\u2019un master de psychologie depuis 2005 et vient de passer derni\u00e8rement une th\u00e8se de math\u00e9matiques.\t\t\t\t\t\t\t\t<\/div>\n\n\t\t\t\t\t\t\t\t\n\t\t\t\t\t\t\t\t\t\t\t\t\t\t\t<\/div>\n\t\t\t\t\t\t<\/div>\n\t\t\t\t\t<\/div>\n\t\t\t\t<\/div>\n\t\t\t<\/div>\n\t\t\t\t<\/div>\t\t\t\t<\/div>\n\t\t\t\t<\/div>\n\t\t\t\t<div class=\"elementor-element elementor-element-954845f elementor-widget elementor-widget-elementskit-team\" data-id=\"954845f\" data-element_type=\"widget\" data-e-type=\"widget\" data-widget_type=\"elementskit-team.default\">\n\t\t\t\t<div class=\"elementor-widget-container\">\n\t\t\t\t\t<div class=\"ekit-wid-con\">\t\t\t\t\t\t\t\t\n\t\t<div class=\"profile-card elementor-animation- text-center ekit-team-style-default\">\n\t\t\t\t\t\t\t<a aria-label=\"View Antoine LACHASSAGNE profile\" href=\"javascript:void(0)\" data-mfp-src=\"#ekit_team_modal_954845f_220\" class=\"ekit-team-popup\">\n\t\t\t\n\t\t\t\t<div class=\"profile-header ekit-team-img ekit-img-overlay ekit-team-img-block\"  data-toggle=\"modal\" data-target=\"ekit_team_modal_#954845f_220\" >\n\t\t\t\t\t<img loading=\"lazy\" decoding=\"async\" width=\"400\" height=\"400\" src=\"https:\/\/preprod.osteopathie-auvergne.fr\/wp-content\/uploads\/2026\/08\/ANTOINE-LACHASSAGNE-1.jpg\" class=\"attachment-large size-large wp-image-3263\" alt=\"\" srcset=\"https:\/\/preprod.osteopathie-auvergne.fr\/wp-content\/uploads\/2026\/08\/ANTOINE-LACHASSAGNE-1.jpg 400w, https:\/\/preprod.osteopathie-auvergne.fr\/wp-content\/uploads\/2026\/08\/ANTOINE-LACHASSAGNE-1-300x300.jpg 300w, https:\/\/preprod.osteopathie-auvergne.fr\/wp-content\/uploads\/2026\/08\/ANTOINE-LACHASSAGNE-1-150x150.jpg 150w\" sizes=\"(max-width: 400px) 100vw, 400px\" \/>\t\t\t\t<\/div><!-- .profile-header END -->\n\t\t\t\t\t\t\t<\/a>\n\t\t\t\n\n\t\t\t\t<div class=\"profile-body\">\n\t\t\t\t\t\n\t\t\t\t\t<h2 class=\"profile-title\">\n\t\t\t\t\t\t\t\t\t\t\t<a aria-label=\"View Antoine LACHASSAGNE profile\" href=\"javascript:void(0)\" data-mfp-src=\"#ekit_team_modal_954845f_220\" class=\"ekit-team-popup\">\n\t\t\t\t\t\tAntoine LACHASSAGNE\t\t\t\t\t\t<\/a>\n\t\t\t\t\t\t\t\t\t\t\t<\/h2>\n\t\t\t\t\t<p class=\"profile-designation\"><\/p>\n\t\t\t\t\t\t\t\t\t<\/div><!-- .profile-body END -->\n\n\t\t\t\t\t\t\t\t<\/div>\n\t\t\t\t\t\t\t\n\t\t\t\n\t\t\t\t\t<div class=\"zoom-anim-dialog mfp-hide elementskit-team-popup team-popup-id-954845f\" id=\"ekit_team_modal_954845f_220\" tabindex=\"-1\" role=\"dialog\" aria-modal=\"true\">\n\t\t\t\t<div class=\"modal-dialog modal-dialog-centered\" role=\"document\">\n\t\t\t\t\t<div class=\"modal-content\">\n\t\t\t\t\t\t<button type=\"button\" class=\"ekit-team-modal-close\">\n\t\t\t\t\t\t\t<svg aria-hidden=\"true\" class=\"e-font-icon-svg e-fas-times\" viewBox=\"0 0 352 512\" xmlns=\"http:\/\/www.w3.org\/2000\/svg\"><path d=\"M242.72 256l100.07-100.07c12.28-12.28 12.28-32.19 0-44.48l-22.24-22.24c-12.28-12.28-32.19-12.28-44.48 0L176 189.28 75.93 89.21c-12.28-12.28-32.19-12.28-44.48 0L9.21 111.45c-12.28 12.28-12.28 32.19 0 44.48L109.28 256 9.21 356.07c-12.28 12.28-12.28 32.19 0 44.48l22.24 22.24c12.28 12.28 32.2 12.28 44.48 0L176 322.72l100.07 100.07c12.28 12.28 32.2 12.28 44.48 0l22.24-22.24c12.28-12.28 12.28-32.19 0-44.48L242.72 256z\"><\/path><\/svg>\t\t\t\t\t\t<\/button>\n\n\t\t\t\t\t\t<div class=\"modal-body\">\n\t\t\t\t\t\t\t\t\t\t\t\t\t\t\t<div class=\"ekit-team-modal-img\">\n\t\t\t\t\t\t\t\t\t<img loading=\"lazy\" decoding=\"async\" width=\"400\" height=\"400\" src=\"https:\/\/preprod.osteopathie-auvergne.fr\/wp-content\/uploads\/2026\/08\/ANTOINE-LACHASSAGNE-1.jpg\" class=\"attachment-large size-large wp-image-3263\" alt=\"\" srcset=\"https:\/\/preprod.osteopathie-auvergne.fr\/wp-content\/uploads\/2026\/08\/ANTOINE-LACHASSAGNE-1.jpg 400w, https:\/\/preprod.osteopathie-auvergne.fr\/wp-content\/uploads\/2026\/08\/ANTOINE-LACHASSAGNE-1-300x300.jpg 300w, https:\/\/preprod.osteopathie-auvergne.fr\/wp-content\/uploads\/2026\/08\/ANTOINE-LACHASSAGNE-1-150x150.jpg 150w\" sizes=\"(max-width: 400px) 100vw, 400px\" \/>\t\t\t\t\t\t\t\t<\/div>\n\t\t\t\t\t\t\t\n\t\t\t\t\t\t\t<div class=\"ekit-team-modal-info has-img\">\n\t\t\t\t\t\t\t\t<h2 class=\"ekit-team-modal-title\">Antoine LACHASSAGNE<\/h2>\n\t\t\t\t\t\t\t\t<p class=\"ekit-team-modal-position\"><\/p>\n\n\t\t\t\t\t\t\t\t<div class=\"ekit-team-modal-content\">\n\t\t\t\t\t\t\t\t\t\t\t\t\t\t\t\t\t<\/div>\n\n\t\t\t\t\t\t\t\t\n\t\t\t\t\t\t\t\t\t\t\t\t\t\t\t<\/div>\n\t\t\t\t\t\t<\/div>\n\t\t\t\t\t<\/div>\n\t\t\t\t<\/div>\n\t\t\t<\/div>\n\t\t\t\t<\/div>\t\t\t\t<\/div>\n\t\t\t\t<\/div>\n\t\t\t\t<div class=\"elementor-element elementor-element-f9b43a9 elementor-widget elementor-widget-elementskit-team\" data-id=\"f9b43a9\" data-element_type=\"widget\" data-e-type=\"widget\" data-widget_type=\"elementskit-team.default\">\n\t\t\t\t<div class=\"elementor-widget-container\">\n\t\t\t\t\t<div class=\"ekit-wid-con\">\t\t\t\t\t\t\t\t\n\t\t<div class=\"profile-card elementor-animation- text-center ekit-team-style-default\">\n\t\t\t\t\t\t\t<a aria-label=\"View Flora LARDIN profile\" href=\"javascript:void(0)\" data-mfp-src=\"#ekit_team_modal_f9b43a9_220\" class=\"ekit-team-popup\">\n\t\t\t\n\t\t\t\t<div class=\"profile-header ekit-team-img ekit-img-overlay ekit-team-img-block\"  data-toggle=\"modal\" data-target=\"ekit_team_modal_#f9b43a9_220\" >\n\t\t\t\t\t<img loading=\"lazy\" decoding=\"async\" width=\"400\" height=\"400\" src=\"https:\/\/preprod.osteopathie-auvergne.fr\/wp-content\/uploads\/2026\/08\/Flora-Lardin-1.jpg\" class=\"attachment-large size-large wp-image-3222\" alt=\"\" srcset=\"https:\/\/preprod.osteopathie-auvergne.fr\/wp-content\/uploads\/2026\/08\/Flora-Lardin-1.jpg 400w, https:\/\/preprod.osteopathie-auvergne.fr\/wp-content\/uploads\/2026\/08\/Flora-Lardin-1-300x300.jpg 300w, https:\/\/preprod.osteopathie-auvergne.fr\/wp-content\/uploads\/2026\/08\/Flora-Lardin-1-150x150.jpg 150w\" sizes=\"(max-width: 400px) 100vw, 400px\" \/>\t\t\t\t<\/div><!-- .profile-header END -->\n\t\t\t\t\t\t\t<\/a>\n\t\t\t\n\n\t\t\t\t<div class=\"profile-body\">\n\t\t\t\t\t\n\t\t\t\t\t<h2 class=\"profile-title\">\n\t\t\t\t\t\t\t\t\t\t\t<a aria-label=\"View Flora LARDIN profile\" href=\"javascript:void(0)\" data-mfp-src=\"#ekit_team_modal_f9b43a9_220\" class=\"ekit-team-popup\">\n\t\t\t\t\t\tFlora LARDIN\t\t\t\t\t\t<\/a>\n\t\t\t\t\t\t\t\t\t\t\t<\/h2>\n\t\t\t\t\t<p class=\"profile-designation\"><\/p>\n\t\t\t\t\t\t\t\t\t<\/div><!-- .profile-body END -->\n\n\t\t\t\t\t\t\t\t<\/div>\n\t\t\t\t\t\t\t\n\t\t\t\n\t\t\t\t\t<div class=\"zoom-anim-dialog mfp-hide elementskit-team-popup team-popup-id-f9b43a9\" id=\"ekit_team_modal_f9b43a9_220\" tabindex=\"-1\" role=\"dialog\" aria-modal=\"true\">\n\t\t\t\t<div class=\"modal-dialog modal-dialog-centered\" role=\"document\">\n\t\t\t\t\t<div class=\"modal-content\">\n\t\t\t\t\t\t<button type=\"button\" class=\"ekit-team-modal-close\">\n\t\t\t\t\t\t\t<svg aria-hidden=\"true\" class=\"e-font-icon-svg e-fas-times\" viewBox=\"0 0 352 512\" xmlns=\"http:\/\/www.w3.org\/2000\/svg\"><path d=\"M242.72 256l100.07-100.07c12.28-12.28 12.28-32.19 0-44.48l-22.24-22.24c-12.28-12.28-32.19-12.28-44.48 0L176 189.28 75.93 89.21c-12.28-12.28-32.19-12.28-44.48 0L9.21 111.45c-12.28 12.28-12.28 32.19 0 44.48L109.28 256 9.21 356.07c-12.28 12.28-12.28 32.19 0 44.48l22.24 22.24c12.28 12.28 32.2 12.28 44.48 0L176 322.72l100.07 100.07c12.28 12.28 32.2 12.28 44.48 0l22.24-22.24c12.28-12.28 12.28-32.19 0-44.48L242.72 256z\"><\/path><\/svg>\t\t\t\t\t\t<\/button>\n\n\t\t\t\t\t\t<div class=\"modal-body\">\n\t\t\t\t\t\t\t\t\t\t\t\t\t\t\t<div class=\"ekit-team-modal-img\">\n\t\t\t\t\t\t\t\t\t<img loading=\"lazy\" decoding=\"async\" width=\"400\" height=\"400\" src=\"https:\/\/preprod.osteopathie-auvergne.fr\/wp-content\/uploads\/2026\/08\/Flora-Lardin-1.jpg\" class=\"attachment-large size-large wp-image-3222\" alt=\"\" srcset=\"https:\/\/preprod.osteopathie-auvergne.fr\/wp-content\/uploads\/2026\/08\/Flora-Lardin-1.jpg 400w, https:\/\/preprod.osteopathie-auvergne.fr\/wp-content\/uploads\/2026\/08\/Flora-Lardin-1-300x300.jpg 300w, https:\/\/preprod.osteopathie-auvergne.fr\/wp-content\/uploads\/2026\/08\/Flora-Lardin-1-150x150.jpg 150w\" sizes=\"(max-width: 400px) 100vw, 400px\" \/>\t\t\t\t\t\t\t\t<\/div>\n\t\t\t\t\t\t\t\n\t\t\t\t\t\t\t<div class=\"ekit-team-modal-info has-img\">\n\t\t\t\t\t\t\t\t<h2 class=\"ekit-team-modal-title\">Flora LARDIN<\/h2>\n\t\t\t\t\t\t\t\t<p class=\"ekit-team-modal-position\"><\/p>\n\n\t\t\t\t\t\t\t\t<div class=\"ekit-team-modal-content\">\n\t\t\t\t\t\t\t\t\tDipl\u00f4m\u00e9e en ost\u00e9opathie \u00e0 l\u2019ISO Lille en 2018, Flora LARDIN exerce en cabinet lib\u00e9ral au sein d\u2019une maison pluridisciplinaire dans la campagne Clermontoise.\nForm\u00e9e d\u2019abord en p\u00e9rinatalit\u00e9 par Gianni Marangelli, puis sp\u00e9cialis\u00e9e dans la prise en charge des sportifs professionnels, Flora vient d\u2019int\u00e9grer l\u2019\u00e9quipe p\u00e9dagogique de l\u2019IFSO Vichy \u2013 Clermont-Ferrand.\t\t\t\t\t\t\t\t<\/div>\n\n\t\t\t\t\t\t\t\t\n\t\t\t\t\t\t\t\t\t\t\t\t\t\t\t<\/div>\n\t\t\t\t\t\t<\/div>\n\t\t\t\t\t<\/div>\n\t\t\t\t<\/div>\n\t\t\t<\/div>\n\t\t\t\t<\/div>\t\t\t\t<\/div>\n\t\t\t\t<\/div>\n\t\t\t\t<div class=\"elementor-element elementor-element-dfa5b3d elementor-widget elementor-widget-elementskit-team\" data-id=\"dfa5b3d\" data-element_type=\"widget\" data-e-type=\"widget\" data-widget_type=\"elementskit-team.default\">\n\t\t\t\t<div class=\"elementor-widget-container\">\n\t\t\t\t\t<div class=\"ekit-wid-con\">\t\t\t\t\t\t\t\t\n\t\t<div class=\"profile-card elementor-animation- text-center ekit-team-style-default\">\n\t\t\t\t\t\t\t<a aria-label=\"View  Jo\u00ebl LE MAITRE profile\" href=\"javascript:void(0)\" data-mfp-src=\"#ekit_team_modal_dfa5b3d_220\" class=\"ekit-team-popup\">\n\t\t\t\n\t\t\t\t<div class=\"profile-header ekit-team-img ekit-img-overlay ekit-team-img-block\"  data-toggle=\"modal\" data-target=\"ekit_team_modal_#dfa5b3d_220\" >\n\t\t\t\t\t<img loading=\"lazy\" decoding=\"async\" width=\"400\" height=\"400\" src=\"https:\/\/preprod.osteopathie-auvergne.fr\/wp-content\/uploads\/2026\/08\/JOEL-LE-MAITRE-1.jpg\" class=\"attachment-large size-large wp-image-3229\" alt=\"\" srcset=\"https:\/\/preprod.osteopathie-auvergne.fr\/wp-content\/uploads\/2026\/08\/JOEL-LE-MAITRE-1.jpg 400w, https:\/\/preprod.osteopathie-auvergne.fr\/wp-content\/uploads\/2026\/08\/JOEL-LE-MAITRE-1-300x300.jpg 300w, https:\/\/preprod.osteopathie-auvergne.fr\/wp-content\/uploads\/2026\/08\/JOEL-LE-MAITRE-1-150x150.jpg 150w\" sizes=\"(max-width: 400px) 100vw, 400px\" \/>\t\t\t\t<\/div><!-- .profile-header END -->\n\t\t\t\t\t\t\t<\/a>\n\t\t\t\n\n\t\t\t\t<div class=\"profile-body\">\n\t\t\t\t\t\n\t\t\t\t\t<h2 class=\"profile-title\">\n\t\t\t\t\t\t\t\t\t\t\t<a aria-label=\"View  Jo\u00ebl LE MAITRE profile\" href=\"javascript:void(0)\" data-mfp-src=\"#ekit_team_modal_dfa5b3d_220\" class=\"ekit-team-popup\">\n\t\t\t\t\t\t Jo\u00ebl LE MAITRE\t\t\t\t\t\t<\/a>\n\t\t\t\t\t\t\t\t\t\t\t<\/h2>\n\t\t\t\t\t<p class=\"profile-designation\"><\/p>\n\t\t\t\t\t\t\t\t\t<\/div><!-- .profile-body END -->\n\n\t\t\t\t\t\t\t\t<\/div>\n\t\t\t\t\t\t\t\n\t\t\t\n\t\t\t\t\t<div class=\"zoom-anim-dialog mfp-hide elementskit-team-popup team-popup-id-dfa5b3d\" id=\"ekit_team_modal_dfa5b3d_220\" tabindex=\"-1\" role=\"dialog\" aria-modal=\"true\">\n\t\t\t\t<div class=\"modal-dialog modal-dialog-centered\" role=\"document\">\n\t\t\t\t\t<div class=\"modal-content\">\n\t\t\t\t\t\t<button type=\"button\" class=\"ekit-team-modal-close\">\n\t\t\t\t\t\t\t<svg aria-hidden=\"true\" class=\"e-font-icon-svg e-fas-times\" viewBox=\"0 0 352 512\" xmlns=\"http:\/\/www.w3.org\/2000\/svg\"><path d=\"M242.72 256l100.07-100.07c12.28-12.28 12.28-32.19 0-44.48l-22.24-22.24c-12.28-12.28-32.19-12.28-44.48 0L176 189.28 75.93 89.21c-12.28-12.28-32.19-12.28-44.48 0L9.21 111.45c-12.28 12.28-12.28 32.19 0 44.48L109.28 256 9.21 356.07c-12.28 12.28-12.28 32.19 0 44.48l22.24 22.24c12.28 12.28 32.2 12.28 44.48 0L176 322.72l100.07 100.07c12.28 12.28 32.2 12.28 44.48 0l22.24-22.24c12.28-12.28 12.28-32.19 0-44.48L242.72 256z\"><\/path><\/svg>\t\t\t\t\t\t<\/button>\n\n\t\t\t\t\t\t<div class=\"modal-body\">\n\t\t\t\t\t\t\t\t\t\t\t\t\t\t\t<div class=\"ekit-team-modal-img\">\n\t\t\t\t\t\t\t\t\t<img loading=\"lazy\" decoding=\"async\" width=\"400\" height=\"400\" src=\"https:\/\/preprod.osteopathie-auvergne.fr\/wp-content\/uploads\/2026\/08\/JOEL-LE-MAITRE-1.jpg\" class=\"attachment-large size-large wp-image-3229\" alt=\"\" srcset=\"https:\/\/preprod.osteopathie-auvergne.fr\/wp-content\/uploads\/2026\/08\/JOEL-LE-MAITRE-1.jpg 400w, https:\/\/preprod.osteopathie-auvergne.fr\/wp-content\/uploads\/2026\/08\/JOEL-LE-MAITRE-1-300x300.jpg 300w, https:\/\/preprod.osteopathie-auvergne.fr\/wp-content\/uploads\/2026\/08\/JOEL-LE-MAITRE-1-150x150.jpg 150w\" sizes=\"(max-width: 400px) 100vw, 400px\" \/>\t\t\t\t\t\t\t\t<\/div>\n\t\t\t\t\t\t\t\n\t\t\t\t\t\t\t<div class=\"ekit-team-modal-info has-img\">\n\t\t\t\t\t\t\t\t<h2 class=\"ekit-team-modal-title\"> Jo\u00ebl LE MAITRE<\/h2>\n\t\t\t\t\t\t\t\t<p class=\"ekit-team-modal-position\"><\/p>\n\n\t\t\t\t\t\t\t\t<div class=\"ekit-team-modal-content\">\n\t\t\t\t\t\t\t\t\tMasseur kin\u00e9sith\u00e9rapeute depuis 1994 et dipl\u00f4m\u00e9 en ost\u00e9opathie depuis 2008\nJo\u00ebl LE MAITRE est \u00e9galement dipl\u00f4m\u00e9 d\u2019un master 2 sciences de l\u2019\u00e9ducation et DU d\u2019anatomie.\n\n \t\t\t\t\t\t\t\t<\/div>\n\n\t\t\t\t\t\t\t\t\n\t\t\t\t\t\t\t\t\t\t\t\t\t\t\t<\/div>\n\t\t\t\t\t\t<\/div>\n\t\t\t\t\t<\/div>\n\t\t\t\t<\/div>\n\t\t\t<\/div>\n\t\t\t\t<\/div>\t\t\t\t<\/div>\n\t\t\t\t<\/div>\n\t\t\t\t<div class=\"elementor-element elementor-element-c084341 elementor-widget elementor-widget-elementskit-team\" data-id=\"c084341\" data-element_type=\"widget\" data-e-type=\"widget\" data-widget_type=\"elementskit-team.default\">\n\t\t\t\t<div class=\"elementor-widget-container\">\n\t\t\t\t\t<div class=\"ekit-wid-con\">\t\t\t\t\t\t\t\t\n\t\t<div class=\"profile-card elementor-animation- text-center ekit-team-style-default\">\n\t\t\t\t\t\t\t<a aria-label=\"View Rapha\u00ebl LEPRESLE profile\" href=\"javascript:void(0)\" data-mfp-src=\"#ekit_team_modal_c084341_220\" class=\"ekit-team-popup\">\n\t\t\t\n\t\t\t\t<div class=\"profile-header ekit-team-img ekit-img-overlay ekit-team-img-block\"  data-toggle=\"modal\" data-target=\"ekit_team_modal_#c084341_220\" >\n\t\t\t\t\t<img loading=\"lazy\" decoding=\"async\" width=\"400\" height=\"400\" src=\"https:\/\/preprod.osteopathie-auvergne.fr\/wp-content\/uploads\/2026\/08\/Raphael-LEPRESLE-1.jpg\" class=\"attachment-large size-large wp-image-3244\" alt=\"\" srcset=\"https:\/\/preprod.osteopathie-auvergne.fr\/wp-content\/uploads\/2026\/08\/Raphael-LEPRESLE-1.jpg 400w, https:\/\/preprod.osteopathie-auvergne.fr\/wp-content\/uploads\/2026\/08\/Raphael-LEPRESLE-1-300x300.jpg 300w, https:\/\/preprod.osteopathie-auvergne.fr\/wp-content\/uploads\/2026\/08\/Raphael-LEPRESLE-1-150x150.jpg 150w\" sizes=\"(max-width: 400px) 100vw, 400px\" \/>\t\t\t\t<\/div><!-- .profile-header END -->\n\t\t\t\t\t\t\t<\/a>\n\t\t\t\n\n\t\t\t\t<div class=\"profile-body\">\n\t\t\t\t\t\n\t\t\t\t\t<h2 class=\"profile-title\">\n\t\t\t\t\t\t\t\t\t\t\t<a aria-label=\"View Rapha\u00ebl LEPRESLE profile\" href=\"javascript:void(0)\" data-mfp-src=\"#ekit_team_modal_c084341_220\" class=\"ekit-team-popup\">\n\t\t\t\t\t\tRapha\u00ebl LEPRESLE\t\t\t\t\t\t<\/a>\n\t\t\t\t\t\t\t\t\t\t\t<\/h2>\n\t\t\t\t\t<p class=\"profile-designation\"><\/p>\n\t\t\t\t\t\t\t\t\t<\/div><!-- .profile-body END -->\n\n\t\t\t\t\t\t\t\t<\/div>\n\t\t\t\t\t\t\t\n\t\t\t\n\t\t\t\t\t<div class=\"zoom-anim-dialog mfp-hide elementskit-team-popup team-popup-id-c084341\" id=\"ekit_team_modal_c084341_220\" tabindex=\"-1\" role=\"dialog\" aria-modal=\"true\">\n\t\t\t\t<div class=\"modal-dialog modal-dialog-centered\" role=\"document\">\n\t\t\t\t\t<div class=\"modal-content\">\n\t\t\t\t\t\t<button type=\"button\" class=\"ekit-team-modal-close\">\n\t\t\t\t\t\t\t<svg aria-hidden=\"true\" class=\"e-font-icon-svg e-fas-times\" viewBox=\"0 0 352 512\" xmlns=\"http:\/\/www.w3.org\/2000\/svg\"><path d=\"M242.72 256l100.07-100.07c12.28-12.28 12.28-32.19 0-44.48l-22.24-22.24c-12.28-12.28-32.19-12.28-44.48 0L176 189.28 75.93 89.21c-12.28-12.28-32.19-12.28-44.48 0L9.21 111.45c-12.28 12.28-12.28 32.19 0 44.48L109.28 256 9.21 356.07c-12.28 12.28-12.28 32.19 0 44.48l22.24 22.24c12.28 12.28 32.2 12.28 44.48 0L176 322.72l100.07 100.07c12.28 12.28 32.2 12.28 44.48 0l22.24-22.24c12.28-12.28 12.28-32.19 0-44.48L242.72 256z\"><\/path><\/svg>\t\t\t\t\t\t<\/button>\n\n\t\t\t\t\t\t<div class=\"modal-body\">\n\t\t\t\t\t\t\t\t\t\t\t\t\t\t\t<div class=\"ekit-team-modal-img\">\n\t\t\t\t\t\t\t\t\t<img loading=\"lazy\" decoding=\"async\" width=\"400\" height=\"400\" src=\"https:\/\/preprod.osteopathie-auvergne.fr\/wp-content\/uploads\/2026\/08\/Raphael-LEPRESLE-1.jpg\" class=\"attachment-large size-large wp-image-3244\" alt=\"\" srcset=\"https:\/\/preprod.osteopathie-auvergne.fr\/wp-content\/uploads\/2026\/08\/Raphael-LEPRESLE-1.jpg 400w, https:\/\/preprod.osteopathie-auvergne.fr\/wp-content\/uploads\/2026\/08\/Raphael-LEPRESLE-1-300x300.jpg 300w, https:\/\/preprod.osteopathie-auvergne.fr\/wp-content\/uploads\/2026\/08\/Raphael-LEPRESLE-1-150x150.jpg 150w\" sizes=\"(max-width: 400px) 100vw, 400px\" \/>\t\t\t\t\t\t\t\t<\/div>\n\t\t\t\t\t\t\t\n\t\t\t\t\t\t\t<div class=\"ekit-team-modal-info has-img\">\n\t\t\t\t\t\t\t\t<h2 class=\"ekit-team-modal-title\">Rapha\u00ebl LEPRESLE<\/h2>\n\t\t\t\t\t\t\t\t<p class=\"ekit-team-modal-position\"><\/p>\n\n\t\t\t\t\t\t\t\t<div class=\"ekit-team-modal-content\">\n\t\t\t\t\t\t\t\t\tRapha\u00ebl LEPRESLE est issu de la formation kin\u00e9sith\u00e9rapique dipl\u00f4m\u00e9 en 2003, Rapha\u00ebl a d\u2019embl\u00e9e encha\u00een\u00e9 sur la formation ost\u00e9opathique \u00e0 Vichy en 5 ans puis \u00e0 Lyon en 6 ans, dipl\u00f4m\u00e9 en 2008 puis 2013.\n\nRapha\u00ebl a int\u00e9gr\u00e9 l\u2019\u00e9quipe enseignante de l\u2019IFSO Vichy \u2013 Clermont-Ferrand. Il exerce en outre au sein d\u2019une \u00e9quipe pluridisciplinaire \u00e0 BEAUMONT (posturologue et m\u00e9decine du sport entre autres) tant en kin\u00e9sith\u00e9rapie analytique qu\u2019en ost\u00e9opathie.\n\n\t\t\t\t\t\t\t\t<\/div>\n\n\t\t\t\t\t\t\t\t\n\t\t\t\t\t\t\t\t\t\t\t\t\t\t\t<\/div>\n\t\t\t\t\t\t<\/div>\n\t\t\t\t\t<\/div>\n\t\t\t\t<\/div>\n\t\t\t<\/div>\n\t\t\t\t<\/div>\t\t\t\t<\/div>\n\t\t\t\t<\/div>\n\t\t\t\t<div class=\"elementor-element elementor-element-4b2f3da elementor-widget elementor-widget-elementskit-team\" data-id=\"4b2f3da\" data-element_type=\"widget\" data-e-type=\"widget\" data-widget_type=\"elementskit-team.default\">\n\t\t\t\t<div class=\"elementor-widget-container\">\n\t\t\t\t\t<div class=\"ekit-wid-con\">\t\t\t\t\t\t\t\t\n\t\t<div class=\"profile-card elementor-animation- text-center ekit-team-style-default\">\n\t\t\t\t\t\t\t<a aria-label=\"View Cyril MARCHOU profile\" href=\"javascript:void(0)\" data-mfp-src=\"#ekit_team_modal_4b2f3da_220\" class=\"ekit-team-popup\">\n\t\t\t\n\t\t\t\t<div class=\"profile-header ekit-team-img ekit-img-overlay ekit-team-img-block\"  data-toggle=\"modal\" data-target=\"ekit_team_modal_#4b2f3da_220\" >\n\t\t\t\t\t<img loading=\"lazy\" decoding=\"async\" width=\"400\" height=\"400\" src=\"https:\/\/preprod.osteopathie-auvergne.fr\/wp-content\/uploads\/2026\/08\/Cyril-marchou-1.jpg\" class=\"attachment-large size-large wp-image-3216\" alt=\"\" srcset=\"https:\/\/preprod.osteopathie-auvergne.fr\/wp-content\/uploads\/2026\/08\/Cyril-marchou-1.jpg 400w, https:\/\/preprod.osteopathie-auvergne.fr\/wp-content\/uploads\/2026\/08\/Cyril-marchou-1-300x300.jpg 300w, https:\/\/preprod.osteopathie-auvergne.fr\/wp-content\/uploads\/2026\/08\/Cyril-marchou-1-150x150.jpg 150w\" sizes=\"(max-width: 400px) 100vw, 400px\" \/>\t\t\t\t<\/div><!-- .profile-header END -->\n\t\t\t\t\t\t\t<\/a>\n\t\t\t\n\n\t\t\t\t<div class=\"profile-body\">\n\t\t\t\t\t\n\t\t\t\t\t<h2 class=\"profile-title\">\n\t\t\t\t\t\t\t\t\t\t\t<a aria-label=\"View Cyril MARCHOU profile\" href=\"javascript:void(0)\" data-mfp-src=\"#ekit_team_modal_4b2f3da_220\" class=\"ekit-team-popup\">\n\t\t\t\t\t\tCyril MARCHOU\t\t\t\t\t\t<\/a>\n\t\t\t\t\t\t\t\t\t\t\t<\/h2>\n\t\t\t\t\t<p class=\"profile-designation\"><\/p>\n\t\t\t\t\t\t\t\t\t<\/div><!-- .profile-body END -->\n\n\t\t\t\t\t\t\t\t<\/div>\n\t\t\t\t\t\t\t\n\t\t\t\n\t\t\t\t\t<div class=\"zoom-anim-dialog mfp-hide elementskit-team-popup team-popup-id-4b2f3da\" id=\"ekit_team_modal_4b2f3da_220\" tabindex=\"-1\" role=\"dialog\" aria-modal=\"true\">\n\t\t\t\t<div class=\"modal-dialog modal-dialog-centered\" role=\"document\">\n\t\t\t\t\t<div class=\"modal-content\">\n\t\t\t\t\t\t<button type=\"button\" class=\"ekit-team-modal-close\">\n\t\t\t\t\t\t\t<svg aria-hidden=\"true\" class=\"e-font-icon-svg e-fas-times\" viewBox=\"0 0 352 512\" xmlns=\"http:\/\/www.w3.org\/2000\/svg\"><path d=\"M242.72 256l100.07-100.07c12.28-12.28 12.28-32.19 0-44.48l-22.24-22.24c-12.28-12.28-32.19-12.28-44.48 0L176 189.28 75.93 89.21c-12.28-12.28-32.19-12.28-44.48 0L9.21 111.45c-12.28 12.28-12.28 32.19 0 44.48L109.28 256 9.21 356.07c-12.28 12.28-12.28 32.19 0 44.48l22.24 22.24c12.28 12.28 32.2 12.28 44.48 0L176 322.72l100.07 100.07c12.28 12.28 32.2 12.28 44.48 0l22.24-22.24c12.28-12.28 12.28-32.19 0-44.48L242.72 256z\"><\/path><\/svg>\t\t\t\t\t\t<\/button>\n\n\t\t\t\t\t\t<div class=\"modal-body\">\n\t\t\t\t\t\t\t\t\t\t\t\t\t\t\t<div class=\"ekit-team-modal-img\">\n\t\t\t\t\t\t\t\t\t<img loading=\"lazy\" decoding=\"async\" width=\"400\" height=\"400\" src=\"https:\/\/preprod.osteopathie-auvergne.fr\/wp-content\/uploads\/2026\/08\/Cyril-marchou-1.jpg\" class=\"attachment-large size-large wp-image-3216\" alt=\"\" srcset=\"https:\/\/preprod.osteopathie-auvergne.fr\/wp-content\/uploads\/2026\/08\/Cyril-marchou-1.jpg 400w, https:\/\/preprod.osteopathie-auvergne.fr\/wp-content\/uploads\/2026\/08\/Cyril-marchou-1-300x300.jpg 300w, https:\/\/preprod.osteopathie-auvergne.fr\/wp-content\/uploads\/2026\/08\/Cyril-marchou-1-150x150.jpg 150w\" sizes=\"(max-width: 400px) 100vw, 400px\" \/>\t\t\t\t\t\t\t\t<\/div>\n\t\t\t\t\t\t\t\n\t\t\t\t\t\t\t<div class=\"ekit-team-modal-info has-img\">\n\t\t\t\t\t\t\t\t<h2 class=\"ekit-team-modal-title\">Cyril MARCHOU<\/h2>\n\t\t\t\t\t\t\t\t<p class=\"ekit-team-modal-position\"><\/p>\n\n\t\t\t\t\t\t\t\t<div class=\"ekit-team-modal-content\">\n\t\t\t\t\t\t\t\t\tPodologue dipl\u00f4m\u00e9 en 1992 de l\u2019EFOM Boris Dolto (Paris).\nCyril MARCHOU exerce dans un cabinet de groupe \u00e0 Montlu\u00e7on.\nIl est titulaire d\u2019un D.I.U. de posturologie clinique, d\u2019un D.E.S.I.U. d\u2019analyse du mouvement chez l\u2019enfant et l\u2019adolescent, ainsi que d\u2019un Master \u00ab Mesures et mod\u00e9lisation du mouvement humain \u00bb (3MH).\nSes domaines d\u2019expertise sont l\u2019analyse du mouvement humain, la podo-p\u00e9diatrie et la podologie du sport.\nIl a int\u00e9gr\u00e9 l\u2019IFSO Vichy \u2013 Clermont-Ferrand en tant que formateur en biom\u00e9canique et en cin\u00e9siologie de la marche.\t\t\t\t\t\t\t\t<\/div>\n\n\t\t\t\t\t\t\t\t\n\t\t\t\t\t\t\t\t\t\t\t\t\t\t\t<\/div>\n\t\t\t\t\t\t<\/div>\n\t\t\t\t\t<\/div>\n\t\t\t\t<\/div>\n\t\t\t<\/div>\n\t\t\t\t<\/div>\t\t\t\t<\/div>\n\t\t\t\t<\/div>\n\t\t\t\t<div class=\"elementor-element elementor-element-0e2d136 elementor-widget elementor-widget-elementskit-team\" data-id=\"0e2d136\" data-element_type=\"widget\" data-e-type=\"widget\" data-widget_type=\"elementskit-team.default\">\n\t\t\t\t<div class=\"elementor-widget-container\">\n\t\t\t\t\t<div class=\"ekit-wid-con\">\t\t\t\t\t\t\t\t\n\t\t<div class=\"profile-card elementor-animation- text-center ekit-team-style-default\">\n\t\t\t\t\t\t\t<a aria-label=\"View Sylvain MATHIEU profile\" href=\"javascript:void(0)\" data-mfp-src=\"#ekit_team_modal_0e2d136_220\" class=\"ekit-team-popup\">\n\t\t\t\n\t\t\t\t<div class=\"profile-header ekit-team-img ekit-img-overlay ekit-team-img-block\"  data-toggle=\"modal\" data-target=\"ekit_team_modal_#0e2d136_220\" >\n\t\t\t\t\t<img loading=\"lazy\" decoding=\"async\" width=\"400\" height=\"400\" src=\"https:\/\/preprod.osteopathie-auvergne.fr\/wp-content\/uploads\/2026\/08\/Sylvain-mathieu-1.jpg\" class=\"attachment-large size-large wp-image-3252\" alt=\"\" srcset=\"https:\/\/preprod.osteopathie-auvergne.fr\/wp-content\/uploads\/2026\/08\/Sylvain-mathieu-1.jpg 400w, https:\/\/preprod.osteopathie-auvergne.fr\/wp-content\/uploads\/2026\/08\/Sylvain-mathieu-1-300x300.jpg 300w, https:\/\/preprod.osteopathie-auvergne.fr\/wp-content\/uploads\/2026\/08\/Sylvain-mathieu-1-150x150.jpg 150w\" sizes=\"(max-width: 400px) 100vw, 400px\" \/>\t\t\t\t<\/div><!-- .profile-header END -->\n\t\t\t\t\t\t\t<\/a>\n\t\t\t\n\n\t\t\t\t<div class=\"profile-body\">\n\t\t\t\t\t\n\t\t\t\t\t<h2 class=\"profile-title\">\n\t\t\t\t\t\t\t\t\t\t\t<a aria-label=\"View Sylvain MATHIEU profile\" href=\"javascript:void(0)\" data-mfp-src=\"#ekit_team_modal_0e2d136_220\" class=\"ekit-team-popup\">\n\t\t\t\t\t\tSylvain MATHIEU\t\t\t\t\t\t<\/a>\n\t\t\t\t\t\t\t\t\t\t\t<\/h2>\n\t\t\t\t\t<p class=\"profile-designation\"><\/p>\n\t\t\t\t\t\t\t\t\t<\/div><!-- .profile-body END -->\n\n\t\t\t\t\t\t\t\t<\/div>\n\t\t\t\t\t\t\t\n\t\t\t\n\t\t\t\t\t<div class=\"zoom-anim-dialog mfp-hide elementskit-team-popup team-popup-id-0e2d136\" id=\"ekit_team_modal_0e2d136_220\" tabindex=\"-1\" role=\"dialog\" aria-modal=\"true\">\n\t\t\t\t<div class=\"modal-dialog modal-dialog-centered\" role=\"document\">\n\t\t\t\t\t<div class=\"modal-content\">\n\t\t\t\t\t\t<button type=\"button\" class=\"ekit-team-modal-close\">\n\t\t\t\t\t\t\t<svg aria-hidden=\"true\" class=\"e-font-icon-svg e-fas-times\" viewBox=\"0 0 352 512\" xmlns=\"http:\/\/www.w3.org\/2000\/svg\"><path d=\"M242.72 256l100.07-100.07c12.28-12.28 12.28-32.19 0-44.48l-22.24-22.24c-12.28-12.28-32.19-12.28-44.48 0L176 189.28 75.93 89.21c-12.28-12.28-32.19-12.28-44.48 0L9.21 111.45c-12.28 12.28-12.28 32.19 0 44.48L109.28 256 9.21 356.07c-12.28 12.28-12.28 32.19 0 44.48l22.24 22.24c12.28 12.28 32.2 12.28 44.48 0L176 322.72l100.07 100.07c12.28 12.28 32.2 12.28 44.48 0l22.24-22.24c12.28-12.28 12.28-32.19 0-44.48L242.72 256z\"><\/path><\/svg>\t\t\t\t\t\t<\/button>\n\n\t\t\t\t\t\t<div class=\"modal-body\">\n\t\t\t\t\t\t\t\t\t\t\t\t\t\t\t<div class=\"ekit-team-modal-img\">\n\t\t\t\t\t\t\t\t\t<img loading=\"lazy\" decoding=\"async\" width=\"400\" height=\"400\" src=\"https:\/\/preprod.osteopathie-auvergne.fr\/wp-content\/uploads\/2026\/08\/Sylvain-mathieu-1.jpg\" class=\"attachment-large size-large wp-image-3252\" alt=\"\" srcset=\"https:\/\/preprod.osteopathie-auvergne.fr\/wp-content\/uploads\/2026\/08\/Sylvain-mathieu-1.jpg 400w, https:\/\/preprod.osteopathie-auvergne.fr\/wp-content\/uploads\/2026\/08\/Sylvain-mathieu-1-300x300.jpg 300w, https:\/\/preprod.osteopathie-auvergne.fr\/wp-content\/uploads\/2026\/08\/Sylvain-mathieu-1-150x150.jpg 150w\" sizes=\"(max-width: 400px) 100vw, 400px\" \/>\t\t\t\t\t\t\t\t<\/div>\n\t\t\t\t\t\t\t\n\t\t\t\t\t\t\t<div class=\"ekit-team-modal-info has-img\">\n\t\t\t\t\t\t\t\t<h2 class=\"ekit-team-modal-title\">Sylvain MATHIEU<\/h2>\n\t\t\t\t\t\t\t\t<p class=\"ekit-team-modal-position\"><\/p>\n\n\t\t\t\t\t\t\t\t<div class=\"ekit-team-modal-content\">\n\t\t\t\t\t\t\t\t\t\t\t\t\t\t\t\t\t<\/div>\n\n\t\t\t\t\t\t\t\t\n\t\t\t\t\t\t\t\t\t\t\t\t\t\t\t<\/div>\n\t\t\t\t\t\t<\/div>\n\t\t\t\t\t<\/div>\n\t\t\t\t<\/div>\n\t\t\t<\/div>\n\t\t\t\t<\/div>\t\t\t\t<\/div>\n\t\t\t\t<\/div>\n\t\t\t\t<div class=\"elementor-element elementor-element-50e5714 elementor-widget elementor-widget-elementskit-team\" data-id=\"50e5714\" data-element_type=\"widget\" data-e-type=\"widget\" data-widget_type=\"elementskit-team.default\">\n\t\t\t\t<div class=\"elementor-widget-container\">\n\t\t\t\t\t<div class=\"ekit-wid-con\">\t\t\t\t\t\t\t\t\n\t\t<div class=\"profile-card elementor-animation- text-center ekit-team-style-default\">\n\t\t\t\t\t\t\t<a aria-label=\"View Julien MORAND profile\" href=\"javascript:void(0)\" data-mfp-src=\"#ekit_team_modal_50e5714_220\" class=\"ekit-team-popup\">\n\t\t\t\n\t\t\t\t<div class=\"profile-header ekit-team-img ekit-img-overlay ekit-team-img-block\"  data-toggle=\"modal\" data-target=\"ekit_team_modal_#50e5714_220\" >\n\t\t\t\t\t<img loading=\"lazy\" decoding=\"async\" width=\"400\" height=\"400\" src=\"https:\/\/preprod.osteopathie-auvergne.fr\/wp-content\/uploads\/2026\/08\/Julien-MORAND.jpg\" class=\"attachment-large size-large wp-image-3181\" alt=\"\" srcset=\"https:\/\/preprod.osteopathie-auvergne.fr\/wp-content\/uploads\/2026\/08\/Julien-MORAND.jpg 400w, https:\/\/preprod.osteopathie-auvergne.fr\/wp-content\/uploads\/2026\/08\/Julien-MORAND-300x300.jpg 300w, https:\/\/preprod.osteopathie-auvergne.fr\/wp-content\/uploads\/2026\/08\/Julien-MORAND-150x150.jpg 150w\" sizes=\"(max-width: 400px) 100vw, 400px\" \/>\t\t\t\t<\/div><!-- .profile-header END -->\n\t\t\t\t\t\t\t<\/a>\n\t\t\t\n\n\t\t\t\t<div class=\"profile-body\">\n\t\t\t\t\t\n\t\t\t\t\t<h2 class=\"profile-title\">\n\t\t\t\t\t\t\t\t\t\t\t<a aria-label=\"View Julien MORAND profile\" href=\"javascript:void(0)\" data-mfp-src=\"#ekit_team_modal_50e5714_220\" class=\"ekit-team-popup\">\n\t\t\t\t\t\tJulien MORAND\t\t\t\t\t\t<\/a>\n\t\t\t\t\t\t\t\t\t\t\t<\/h2>\n\t\t\t\t\t<p class=\"profile-designation\"><\/p>\n\t\t\t\t\t\t\t\t\t<\/div><!-- .profile-body END -->\n\n\t\t\t\t\t\t\t\t<\/div>\n\t\t\t\t\t\t\t\n\t\t\t\n\t\t\t\t\t<div class=\"zoom-anim-dialog mfp-hide elementskit-team-popup team-popup-id-50e5714\" id=\"ekit_team_modal_50e5714_220\" tabindex=\"-1\" role=\"dialog\" aria-modal=\"true\">\n\t\t\t\t<div class=\"modal-dialog modal-dialog-centered\" role=\"document\">\n\t\t\t\t\t<div class=\"modal-content\">\n\t\t\t\t\t\t<button type=\"button\" class=\"ekit-team-modal-close\">\n\t\t\t\t\t\t\t<svg aria-hidden=\"true\" class=\"e-font-icon-svg e-fas-times\" viewBox=\"0 0 352 512\" xmlns=\"http:\/\/www.w3.org\/2000\/svg\"><path d=\"M242.72 256l100.07-100.07c12.28-12.28 12.28-32.19 0-44.48l-22.24-22.24c-12.28-12.28-32.19-12.28-44.48 0L176 189.28 75.93 89.21c-12.28-12.28-32.19-12.28-44.48 0L9.21 111.45c-12.28 12.28-12.28 32.19 0 44.48L109.28 256 9.21 356.07c-12.28 12.28-12.28 32.19 0 44.48l22.24 22.24c12.28 12.28 32.2 12.28 44.48 0L176 322.72l100.07 100.07c12.28 12.28 32.2 12.28 44.48 0l22.24-22.24c12.28-12.28 12.28-32.19 0-44.48L242.72 256z\"><\/path><\/svg>\t\t\t\t\t\t<\/button>\n\n\t\t\t\t\t\t<div class=\"modal-body\">\n\t\t\t\t\t\t\t\t\t\t\t\t\t\t\t<div class=\"ekit-team-modal-img\">\n\t\t\t\t\t\t\t\t\t<img loading=\"lazy\" decoding=\"async\" width=\"400\" height=\"400\" src=\"https:\/\/preprod.osteopathie-auvergne.fr\/wp-content\/uploads\/2026\/08\/Julien-MORAND.jpg\" class=\"attachment-large size-large wp-image-3181\" alt=\"\" srcset=\"https:\/\/preprod.osteopathie-auvergne.fr\/wp-content\/uploads\/2026\/08\/Julien-MORAND.jpg 400w, https:\/\/preprod.osteopathie-auvergne.fr\/wp-content\/uploads\/2026\/08\/Julien-MORAND-300x300.jpg 300w, https:\/\/preprod.osteopathie-auvergne.fr\/wp-content\/uploads\/2026\/08\/Julien-MORAND-150x150.jpg 150w\" sizes=\"(max-width: 400px) 100vw, 400px\" \/>\t\t\t\t\t\t\t\t<\/div>\n\t\t\t\t\t\t\t\n\t\t\t\t\t\t\t<div class=\"ekit-team-modal-info has-img\">\n\t\t\t\t\t\t\t\t<h2 class=\"ekit-team-modal-title\">Julien MORAND<\/h2>\n\t\t\t\t\t\t\t\t<p class=\"ekit-team-modal-position\"><\/p>\n\n\t\t\t\t\t\t\t\t<div class=\"ekit-team-modal-content\">\n\t\t\t\t\t\t\t\t\tJulien MORAND est M\u00e9decin urgentiste et formateur IFSO Vichy \u2013 Clermont-Ferrand.\t\t\t\t\t\t\t\t<\/div>\n\n\t\t\t\t\t\t\t\t\n\t\t\t\t\t\t\t\t\t\t\t\t\t\t\t<\/div>\n\t\t\t\t\t\t<\/div>\n\t\t\t\t\t<\/div>\n\t\t\t\t<\/div>\n\t\t\t<\/div>\n\t\t\t\t<\/div>\t\t\t\t<\/div>\n\t\t\t\t<\/div>\n\t\t\t\t<div class=\"elementor-element elementor-element-233ff44 elementor-widget elementor-widget-elementskit-team\" data-id=\"233ff44\" data-element_type=\"widget\" data-e-type=\"widget\" data-widget_type=\"elementskit-team.default\">\n\t\t\t\t<div class=\"elementor-widget-container\">\n\t\t\t\t\t<div class=\"ekit-wid-con\">\t\t\t\t\t\t\t\t\n\t\t<div class=\"profile-card elementor-animation- text-center ekit-team-style-default\">\n\t\t\t\t\t\t\t<a aria-label=\"View Laurent POUJOL profile\" href=\"javascript:void(0)\" data-mfp-src=\"#ekit_team_modal_233ff44_220\" class=\"ekit-team-popup\">\n\t\t\t\n\t\t\t\t<div class=\"profile-header ekit-team-img ekit-img-overlay ekit-team-img-block\"  data-toggle=\"modal\" data-target=\"ekit_team_modal_#233ff44_220\" >\n\t\t\t\t\t<img loading=\"lazy\" decoding=\"async\" width=\"400\" height=\"400\" src=\"https:\/\/preprod.osteopathie-auvergne.fr\/wp-content\/uploads\/2026\/08\/Laurent-POUJOL-1.jpg\" class=\"attachment-large size-large wp-image-3234\" alt=\"\" srcset=\"https:\/\/preprod.osteopathie-auvergne.fr\/wp-content\/uploads\/2026\/08\/Laurent-POUJOL-1.jpg 400w, https:\/\/preprod.osteopathie-auvergne.fr\/wp-content\/uploads\/2026\/08\/Laurent-POUJOL-1-300x300.jpg 300w, https:\/\/preprod.osteopathie-auvergne.fr\/wp-content\/uploads\/2026\/08\/Laurent-POUJOL-1-150x150.jpg 150w\" sizes=\"(max-width: 400px) 100vw, 400px\" \/>\t\t\t\t<\/div><!-- .profile-header END -->\n\t\t\t\t\t\t\t<\/a>\n\t\t\t\n\n\t\t\t\t<div class=\"profile-body\">\n\t\t\t\t\t\n\t\t\t\t\t<h2 class=\"profile-title\">\n\t\t\t\t\t\t\t\t\t\t\t<a aria-label=\"View Laurent POUJOL profile\" href=\"javascript:void(0)\" data-mfp-src=\"#ekit_team_modal_233ff44_220\" class=\"ekit-team-popup\">\n\t\t\t\t\t\tLaurent POUJOL\t\t\t\t\t\t<\/a>\n\t\t\t\t\t\t\t\t\t\t\t<\/h2>\n\t\t\t\t\t<p class=\"profile-designation\"><\/p>\n\t\t\t\t\t\t\t\t\t<\/div><!-- .profile-body END -->\n\n\t\t\t\t\t\t\t\t<\/div>\n\t\t\t\t\t\t\t\n\t\t\t\n\t\t\t\t\t<div class=\"zoom-anim-dialog mfp-hide elementskit-team-popup team-popup-id-233ff44\" id=\"ekit_team_modal_233ff44_220\" tabindex=\"-1\" role=\"dialog\" aria-modal=\"true\">\n\t\t\t\t<div class=\"modal-dialog modal-dialog-centered\" role=\"document\">\n\t\t\t\t\t<div class=\"modal-content\">\n\t\t\t\t\t\t<button type=\"button\" class=\"ekit-team-modal-close\">\n\t\t\t\t\t\t\t<svg aria-hidden=\"true\" class=\"e-font-icon-svg e-fas-times\" viewBox=\"0 0 352 512\" xmlns=\"http:\/\/www.w3.org\/2000\/svg\"><path d=\"M242.72 256l100.07-100.07c12.28-12.28 12.28-32.19 0-44.48l-22.24-22.24c-12.28-12.28-32.19-12.28-44.48 0L176 189.28 75.93 89.21c-12.28-12.28-32.19-12.28-44.48 0L9.21 111.45c-12.28 12.28-12.28 32.19 0 44.48L109.28 256 9.21 356.07c-12.28 12.28-12.28 32.19 0 44.48l22.24 22.24c12.28 12.28 32.2 12.28 44.48 0L176 322.72l100.07 100.07c12.28 12.28 32.2 12.28 44.48 0l22.24-22.24c12.28-12.28 12.28-32.19 0-44.48L242.72 256z\"><\/path><\/svg>\t\t\t\t\t\t<\/button>\n\n\t\t\t\t\t\t<div class=\"modal-body\">\n\t\t\t\t\t\t\t\t\t\t\t\t\t\t\t<div class=\"ekit-team-modal-img\">\n\t\t\t\t\t\t\t\t\t<img loading=\"lazy\" decoding=\"async\" width=\"400\" height=\"400\" src=\"https:\/\/preprod.osteopathie-auvergne.fr\/wp-content\/uploads\/2026\/08\/Laurent-POUJOL-1.jpg\" class=\"attachment-large size-large wp-image-3234\" alt=\"\" srcset=\"https:\/\/preprod.osteopathie-auvergne.fr\/wp-content\/uploads\/2026\/08\/Laurent-POUJOL-1.jpg 400w, https:\/\/preprod.osteopathie-auvergne.fr\/wp-content\/uploads\/2026\/08\/Laurent-POUJOL-1-300x300.jpg 300w, https:\/\/preprod.osteopathie-auvergne.fr\/wp-content\/uploads\/2026\/08\/Laurent-POUJOL-1-150x150.jpg 150w\" sizes=\"(max-width: 400px) 100vw, 400px\" \/>\t\t\t\t\t\t\t\t<\/div>\n\t\t\t\t\t\t\t\n\t\t\t\t\t\t\t<div class=\"ekit-team-modal-info has-img\">\n\t\t\t\t\t\t\t\t<h2 class=\"ekit-team-modal-title\">Laurent POUJOL<\/h2>\n\t\t\t\t\t\t\t\t<p class=\"ekit-team-modal-position\"><\/p>\n\n\t\t\t\t\t\t\t\t<div class=\"ekit-team-modal-content\">\n\t\t\t\t\t\t\t\t\tLaurent POUJOL exerce l\u2019ost\u00e9opathie en pratique lib\u00e9rale au sein de son cabinet \u00e0 Cournon d\u2019Auvergne (63). Il int\u00e8gre l\u2019\u00e9quipe p\u00e9dagogique de l\u2019IFSO Vichy \u2013 Clermont-Ferrand.\nInitialement dipl\u00f4m\u00e9 en kin\u00e9sith\u00e9rapie, il s\u2019est form\u00e9 \u00e0 l\u2019ost\u00e9opathie ; ATSA (Lyon), FOI (Formation Ost\u00e9opathique Ind\u00e9pendante, anim\u00e9e par Paule Lemoine DO \u00e9l\u00e8ve de VM. Frymann), SFERE, ost\u00e9opathie Equine et canine (Aix en Provence).\nAyant tr\u00e8s rapidement d\u00e9velopp\u00e9 un int\u00e9r\u00eat particulier pour le domaine de la recherche, il reprit un cursus universitaire ; DEUG biom\u00e9dical et MASTER Recherche \u00ab Exercice, Sport, Sant\u00e9 et Handicap \u00bb (Facult\u00e9 de m\u00e9decine de Clermont-Fd).\t\t\t\t\t\t\t\t<\/div>\n\n\t\t\t\t\t\t\t\t\n\t\t\t\t\t\t\t\t\t\t\t\t\t\t\t<\/div>\n\t\t\t\t\t\t<\/div>\n\t\t\t\t\t<\/div>\n\t\t\t\t<\/div>\n\t\t\t<\/div>\n\t\t\t\t<\/div>\t\t\t\t<\/div>\n\t\t\t\t<\/div>\n\t\t\t\t<div class=\"elementor-element elementor-element-3073671 elementor-widget elementor-widget-elementskit-team\" data-id=\"3073671\" data-element_type=\"widget\" data-e-type=\"widget\" data-widget_type=\"elementskit-team.default\">\n\t\t\t\t<div class=\"elementor-widget-container\">\n\t\t\t\t\t<div class=\"ekit-wid-con\">\t\t\t\t\t\t\t\t\n\t\t<div class=\"profile-card elementor-animation- text-center ekit-team-style-default\">\n\t\t\t\t\t\t\t<a aria-label=\"View Rodolphe QUENOT profile\" href=\"javascript:void(0)\" data-mfp-src=\"#ekit_team_modal_3073671_220\" class=\"ekit-team-popup\">\n\t\t\t\n\t\t\t\t<div class=\"profile-header ekit-team-img ekit-img-overlay ekit-team-img-block\"  data-toggle=\"modal\" data-target=\"ekit_team_modal_#3073671_220\" >\n\t\t\t\t\t<img loading=\"lazy\" decoding=\"async\" width=\"400\" height=\"400\" src=\"https:\/\/preprod.osteopathie-auvergne.fr\/wp-content\/uploads\/2026\/08\/Rodolphe-QUENOT-1.jpg\" class=\"attachment-large size-large wp-image-3247\" alt=\"\" srcset=\"https:\/\/preprod.osteopathie-auvergne.fr\/wp-content\/uploads\/2026\/08\/Rodolphe-QUENOT-1.jpg 400w, https:\/\/preprod.osteopathie-auvergne.fr\/wp-content\/uploads\/2026\/08\/Rodolphe-QUENOT-1-300x300.jpg 300w, https:\/\/preprod.osteopathie-auvergne.fr\/wp-content\/uploads\/2026\/08\/Rodolphe-QUENOT-1-150x150.jpg 150w\" sizes=\"(max-width: 400px) 100vw, 400px\" \/>\t\t\t\t<\/div><!-- .profile-header END -->\n\t\t\t\t\t\t\t<\/a>\n\t\t\t\n\n\t\t\t\t<div class=\"profile-body\">\n\t\t\t\t\t\n\t\t\t\t\t<h2 class=\"profile-title\">\n\t\t\t\t\t\t\t\t\t\t\t<a aria-label=\"View Rodolphe QUENOT profile\" href=\"javascript:void(0)\" data-mfp-src=\"#ekit_team_modal_3073671_220\" class=\"ekit-team-popup\">\n\t\t\t\t\t\tRodolphe QUENOT\t\t\t\t\t\t<\/a>\n\t\t\t\t\t\t\t\t\t\t\t<\/h2>\n\t\t\t\t\t<p class=\"profile-designation\"><\/p>\n\t\t\t\t\t\t\t\t\t<\/div><!-- .profile-body END -->\n\n\t\t\t\t\t\t\t\t<\/div>\n\t\t\t\t\t\t\t\n\t\t\t\n\t\t\t\t\t<div class=\"zoom-anim-dialog mfp-hide elementskit-team-popup team-popup-id-3073671\" id=\"ekit_team_modal_3073671_220\" tabindex=\"-1\" role=\"dialog\" aria-modal=\"true\">\n\t\t\t\t<div class=\"modal-dialog modal-dialog-centered\" role=\"document\">\n\t\t\t\t\t<div class=\"modal-content\">\n\t\t\t\t\t\t<button type=\"button\" class=\"ekit-team-modal-close\">\n\t\t\t\t\t\t\t<svg aria-hidden=\"true\" class=\"e-font-icon-svg e-fas-times\" viewBox=\"0 0 352 512\" xmlns=\"http:\/\/www.w3.org\/2000\/svg\"><path d=\"M242.72 256l100.07-100.07c12.28-12.28 12.28-32.19 0-44.48l-22.24-22.24c-12.28-12.28-32.19-12.28-44.48 0L176 189.28 75.93 89.21c-12.28-12.28-32.19-12.28-44.48 0L9.21 111.45c-12.28 12.28-12.28 32.19 0 44.48L109.28 256 9.21 356.07c-12.28 12.28-12.28 32.19 0 44.48l22.24 22.24c12.28 12.28 32.2 12.28 44.48 0L176 322.72l100.07 100.07c12.28 12.28 32.2 12.28 44.48 0l22.24-22.24c12.28-12.28 12.28-32.19 0-44.48L242.72 256z\"><\/path><\/svg>\t\t\t\t\t\t<\/button>\n\n\t\t\t\t\t\t<div class=\"modal-body\">\n\t\t\t\t\t\t\t\t\t\t\t\t\t\t\t<div class=\"ekit-team-modal-img\">\n\t\t\t\t\t\t\t\t\t<img loading=\"lazy\" decoding=\"async\" width=\"400\" height=\"400\" src=\"https:\/\/preprod.osteopathie-auvergne.fr\/wp-content\/uploads\/2026\/08\/Rodolphe-QUENOT-1.jpg\" class=\"attachment-large size-large wp-image-3247\" alt=\"\" srcset=\"https:\/\/preprod.osteopathie-auvergne.fr\/wp-content\/uploads\/2026\/08\/Rodolphe-QUENOT-1.jpg 400w, https:\/\/preprod.osteopathie-auvergne.fr\/wp-content\/uploads\/2026\/08\/Rodolphe-QUENOT-1-300x300.jpg 300w, https:\/\/preprod.osteopathie-auvergne.fr\/wp-content\/uploads\/2026\/08\/Rodolphe-QUENOT-1-150x150.jpg 150w\" sizes=\"(max-width: 400px) 100vw, 400px\" \/>\t\t\t\t\t\t\t\t<\/div>\n\t\t\t\t\t\t\t\n\t\t\t\t\t\t\t<div class=\"ekit-team-modal-info has-img\">\n\t\t\t\t\t\t\t\t<h2 class=\"ekit-team-modal-title\">Rodolphe QUENOT<\/h2>\n\t\t\t\t\t\t\t\t<p class=\"ekit-team-modal-position\"><\/p>\n\n\t\t\t\t\t\t\t\t<div class=\"ekit-team-modal-content\">\n\t\t\t\t\t\t\t\t\tRodolphe QUENOT est Titulaire d\u2019un master en kin\u00e9sith\u00e9rapie et r\u00e9adaptation \u00e0 de l\u2019Universit\u00e9 Libre de Bruxelles en 2008, il s\u2019est ensuite rapidement form\u00e9 en ost\u00e9opathie \u00e0 l\u2019IFSO Vichy \u2013 Clermont-Ferrand et obtient son dipl\u00f4me en 2014. Form\u00e9 ensuite \u00e0 la m\u00e9thode NIROMATHE et \u00e0 la posturo neuro sensorielle, il exerce une activit\u00e9 exclusivement lib\u00e9rale depuis 2008 et intervient dans le projet p\u00e9dagogique de l\u2019institut.\n\n\t\t\t\t\t\t\t\t<\/div>\n\n\t\t\t\t\t\t\t\t\n\t\t\t\t\t\t\t\t\t\t\t\t\t\t\t<\/div>\n\t\t\t\t\t\t<\/div>\n\t\t\t\t\t<\/div>\n\t\t\t\t<\/div>\n\t\t\t<\/div>\n\t\t\t\t<\/div>\t\t\t\t<\/div>\n\t\t\t\t<\/div>\n\t\t\t\t<div class=\"elementor-element elementor-element-3ff27f5 elementor-widget elementor-widget-elementskit-team\" data-id=\"3ff27f5\" data-element_type=\"widget\" data-e-type=\"widget\" data-widget_type=\"elementskit-team.default\">\n\t\t\t\t<div class=\"elementor-widget-container\">\n\t\t\t\t\t<div class=\"ekit-wid-con\">\t\t\t\t\t\t\t\t\n\t\t<div class=\"profile-card elementor-animation- text-center ekit-team-style-default\">\n\t\t\t\t\t\t\t<a aria-label=\"View Ruddy RICHARD profile\" href=\"javascript:void(0)\" data-mfp-src=\"#ekit_team_modal_3ff27f5_220\" class=\"ekit-team-popup\">\n\t\t\t\n\t\t\t\t<div class=\"profile-header ekit-team-img ekit-img-overlay ekit-team-img-block\"  data-toggle=\"modal\" data-target=\"ekit_team_modal_#3ff27f5_220\" >\n\t\t\t\t\t<img loading=\"lazy\" decoding=\"async\" width=\"400\" height=\"400\" src=\"https:\/\/preprod.osteopathie-auvergne.fr\/wp-content\/uploads\/2026\/08\/Rudy-RICHARD.png\" class=\"attachment-large size-large wp-image-3316\" alt=\"\" srcset=\"https:\/\/preprod.osteopathie-auvergne.fr\/wp-content\/uploads\/2026\/08\/Rudy-RICHARD.png 400w, https:\/\/preprod.osteopathie-auvergne.fr\/wp-content\/uploads\/2026\/08\/Rudy-RICHARD-300x300.png 300w, https:\/\/preprod.osteopathie-auvergne.fr\/wp-content\/uploads\/2026\/08\/Rudy-RICHARD-150x150.png 150w\" sizes=\"(max-width: 400px) 100vw, 400px\" \/>\t\t\t\t<\/div><!-- .profile-header END -->\n\t\t\t\t\t\t\t<\/a>\n\t\t\t\n\n\t\t\t\t<div class=\"profile-body\">\n\t\t\t\t\t\n\t\t\t\t\t<h2 class=\"profile-title\">\n\t\t\t\t\t\t\t\t\t\t\t<a aria-label=\"View Ruddy RICHARD profile\" href=\"javascript:void(0)\" data-mfp-src=\"#ekit_team_modal_3ff27f5_220\" class=\"ekit-team-popup\">\n\t\t\t\t\t\tRuddy RICHARD\t\t\t\t\t\t<\/a>\n\t\t\t\t\t\t\t\t\t\t\t<\/h2>\n\t\t\t\t\t<p class=\"profile-designation\"><\/p>\n\t\t\t\t\t\t\t\t\t<\/div><!-- .profile-body END -->\n\n\t\t\t\t\t\t\t\t<\/div>\n\t\t\t\t\t\t\t\n\t\t\t\n\t\t\t\t\t<div class=\"zoom-anim-dialog mfp-hide elementskit-team-popup team-popup-id-3ff27f5\" id=\"ekit_team_modal_3ff27f5_220\" tabindex=\"-1\" role=\"dialog\" aria-modal=\"true\">\n\t\t\t\t<div class=\"modal-dialog modal-dialog-centered\" role=\"document\">\n\t\t\t\t\t<div class=\"modal-content\">\n\t\t\t\t\t\t<button type=\"button\" class=\"ekit-team-modal-close\">\n\t\t\t\t\t\t\t<svg aria-hidden=\"true\" class=\"e-font-icon-svg e-fas-times\" viewBox=\"0 0 352 512\" xmlns=\"http:\/\/www.w3.org\/2000\/svg\"><path d=\"M242.72 256l100.07-100.07c12.28-12.28 12.28-32.19 0-44.48l-22.24-22.24c-12.28-12.28-32.19-12.28-44.48 0L176 189.28 75.93 89.21c-12.28-12.28-32.19-12.28-44.48 0L9.21 111.45c-12.28 12.28-12.28 32.19 0 44.48L109.28 256 9.21 356.07c-12.28 12.28-12.28 32.19 0 44.48l22.24 22.24c12.28 12.28 32.2 12.28 44.48 0L176 322.72l100.07 100.07c12.28 12.28 32.2 12.28 44.48 0l22.24-22.24c12.28-12.28 12.28-32.19 0-44.48L242.72 256z\"><\/path><\/svg>\t\t\t\t\t\t<\/button>\n\n\t\t\t\t\t\t<div class=\"modal-body\">\n\t\t\t\t\t\t\t\t\t\t\t\t\t\t\t<div class=\"ekit-team-modal-img\">\n\t\t\t\t\t\t\t\t\t<img loading=\"lazy\" decoding=\"async\" width=\"400\" height=\"400\" src=\"https:\/\/preprod.osteopathie-auvergne.fr\/wp-content\/uploads\/2026\/08\/Rudy-RICHARD.png\" class=\"attachment-large size-large wp-image-3316\" alt=\"\" srcset=\"https:\/\/preprod.osteopathie-auvergne.fr\/wp-content\/uploads\/2026\/08\/Rudy-RICHARD.png 400w, https:\/\/preprod.osteopathie-auvergne.fr\/wp-content\/uploads\/2026\/08\/Rudy-RICHARD-300x300.png 300w, https:\/\/preprod.osteopathie-auvergne.fr\/wp-content\/uploads\/2026\/08\/Rudy-RICHARD-150x150.png 150w\" sizes=\"(max-width: 400px) 100vw, 400px\" \/>\t\t\t\t\t\t\t\t<\/div>\n\t\t\t\t\t\t\t\n\t\t\t\t\t\t\t<div class=\"ekit-team-modal-info has-img\">\n\t\t\t\t\t\t\t\t<h2 class=\"ekit-team-modal-title\">Ruddy RICHARD<\/h2>\n\t\t\t\t\t\t\t\t<p class=\"ekit-team-modal-position\"><\/p>\n\n\t\t\t\t\t\t\t\t<div class=\"ekit-team-modal-content\">\n\t\t\t\t\t\t\t\t\t\t\t\t\t\t\t\t\t<\/div>\n\n\t\t\t\t\t\t\t\t\n\t\t\t\t\t\t\t\t\t\t\t\t\t\t\t<\/div>\n\t\t\t\t\t\t<\/div>\n\t\t\t\t\t<\/div>\n\t\t\t\t<\/div>\n\t\t\t<\/div>\n\t\t\t\t<\/div>\t\t\t\t<\/div>\n\t\t\t\t<\/div>\n\t\t\t\t<div class=\"elementor-element elementor-element-3942d3f elementor-widget elementor-widget-elementskit-team\" data-id=\"3942d3f\" data-element_type=\"widget\" data-e-type=\"widget\" data-widget_type=\"elementskit-team.default\">\n\t\t\t\t<div class=\"elementor-widget-container\">\n\t\t\t\t\t<div class=\"ekit-wid-con\">\t\t\t\t\t\t\t\t\n\t\t<div class=\"profile-card elementor-animation- text-center ekit-team-style-default\">\n\t\t\t\t\t\t\t<a aria-label=\"View  Armelle RODOLFO profile\" href=\"javascript:void(0)\" data-mfp-src=\"#ekit_team_modal_3942d3f_220\" class=\"ekit-team-popup\">\n\t\t\t\n\t\t\t\t<div class=\"profile-header ekit-team-img ekit-img-overlay ekit-team-img-block\"  data-toggle=\"modal\" data-target=\"ekit_team_modal_#3942d3f_220\" >\n\t\t\t\t\t<img loading=\"lazy\" decoding=\"async\" width=\"400\" height=\"400\" src=\"https:\/\/preprod.osteopathie-auvergne.fr\/wp-content\/uploads\/2026\/08\/Armelle-RODOLFO-1.jpg\" class=\"attachment-large size-large wp-image-3264\" alt=\"\" srcset=\"https:\/\/preprod.osteopathie-auvergne.fr\/wp-content\/uploads\/2026\/08\/Armelle-RODOLFO-1.jpg 400w, https:\/\/preprod.osteopathie-auvergne.fr\/wp-content\/uploads\/2026\/08\/Armelle-RODOLFO-1-300x300.jpg 300w, https:\/\/preprod.osteopathie-auvergne.fr\/wp-content\/uploads\/2026\/08\/Armelle-RODOLFO-1-150x150.jpg 150w\" sizes=\"(max-width: 400px) 100vw, 400px\" \/>\t\t\t\t<\/div><!-- .profile-header END -->\n\t\t\t\t\t\t\t<\/a>\n\t\t\t\n\n\t\t\t\t<div class=\"profile-body\">\n\t\t\t\t\t\n\t\t\t\t\t<h2 class=\"profile-title\">\n\t\t\t\t\t\t\t\t\t\t\t<a aria-label=\"View  Armelle RODOLFO profile\" href=\"javascript:void(0)\" data-mfp-src=\"#ekit_team_modal_3942d3f_220\" class=\"ekit-team-popup\">\n\t\t\t\t\t\t Armelle RODOLFO\t\t\t\t\t\t<\/a>\n\t\t\t\t\t\t\t\t\t\t\t<\/h2>\n\t\t\t\t\t<p class=\"profile-designation\"><\/p>\n\t\t\t\t\t\t\t\t\t<\/div><!-- .profile-body END -->\n\n\t\t\t\t\t\t\t\t<\/div>\n\t\t\t\t\t\t\t\n\t\t\t\n\t\t\t\t\t<div class=\"zoom-anim-dialog mfp-hide elementskit-team-popup team-popup-id-3942d3f\" id=\"ekit_team_modal_3942d3f_220\" tabindex=\"-1\" role=\"dialog\" aria-modal=\"true\">\n\t\t\t\t<div class=\"modal-dialog modal-dialog-centered\" role=\"document\">\n\t\t\t\t\t<div class=\"modal-content\">\n\t\t\t\t\t\t<button type=\"button\" class=\"ekit-team-modal-close\">\n\t\t\t\t\t\t\t<svg aria-hidden=\"true\" class=\"e-font-icon-svg e-fas-times\" viewBox=\"0 0 352 512\" xmlns=\"http:\/\/www.w3.org\/2000\/svg\"><path d=\"M242.72 256l100.07-100.07c12.28-12.28 12.28-32.19 0-44.48l-22.24-22.24c-12.28-12.28-32.19-12.28-44.48 0L176 189.28 75.93 89.21c-12.28-12.28-32.19-12.28-44.48 0L9.21 111.45c-12.28 12.28-12.28 32.19 0 44.48L109.28 256 9.21 356.07c-12.28 12.28-12.28 32.19 0 44.48l22.24 22.24c12.28 12.28 32.2 12.28 44.48 0L176 322.72l100.07 100.07c12.28 12.28 32.2 12.28 44.48 0l22.24-22.24c12.28-12.28 12.28-32.19 0-44.48L242.72 256z\"><\/path><\/svg>\t\t\t\t\t\t<\/button>\n\n\t\t\t\t\t\t<div class=\"modal-body\">\n\t\t\t\t\t\t\t\t\t\t\t\t\t\t\t<div class=\"ekit-team-modal-img\">\n\t\t\t\t\t\t\t\t\t<img loading=\"lazy\" decoding=\"async\" width=\"400\" height=\"400\" src=\"https:\/\/preprod.osteopathie-auvergne.fr\/wp-content\/uploads\/2026\/08\/Armelle-RODOLFO-1.jpg\" class=\"attachment-large size-large wp-image-3264\" alt=\"\" srcset=\"https:\/\/preprod.osteopathie-auvergne.fr\/wp-content\/uploads\/2026\/08\/Armelle-RODOLFO-1.jpg 400w, https:\/\/preprod.osteopathie-auvergne.fr\/wp-content\/uploads\/2026\/08\/Armelle-RODOLFO-1-300x300.jpg 300w, https:\/\/preprod.osteopathie-auvergne.fr\/wp-content\/uploads\/2026\/08\/Armelle-RODOLFO-1-150x150.jpg 150w\" sizes=\"(max-width: 400px) 100vw, 400px\" \/>\t\t\t\t\t\t\t\t<\/div>\n\t\t\t\t\t\t\t\n\t\t\t\t\t\t\t<div class=\"ekit-team-modal-info has-img\">\n\t\t\t\t\t\t\t\t<h2 class=\"ekit-team-modal-title\"> Armelle RODOLFO<\/h2>\n\t\t\t\t\t\t\t\t<p class=\"ekit-team-modal-position\"><\/p>\n\n\t\t\t\t\t\t\t\t<div class=\"ekit-team-modal-content\">\n\t\t\t\t\t\t\t\t\tTitulaire d\u2019un dipl\u00f4me d\u2019ost\u00e9opathie (2005 COE Cergy) et d\u2019un dipl\u00f4me de masseur kin\u00e9sith\u00e9rapeute (1992 Paris), Armelle RODOLFO exerce en tant que Ost\u00e9opathe lib\u00e9ral exclusif et comme salari\u00e9e du centre hospitalier aupr\u00e8s des femmes enceintes et nouveau n\u00e9s, \u00e0 Ambert (63).\n\nArmelle intervient en tant que formatrice dans le projet p\u00e9dagogique de l\u2019IFSO Vichy \u2013 Clermont-Ferrand.\t\t\t\t\t\t\t\t<\/div>\n\n\t\t\t\t\t\t\t\t\n\t\t\t\t\t\t\t\t\t\t\t\t\t\t\t<\/div>\n\t\t\t\t\t\t<\/div>\n\t\t\t\t\t<\/div>\n\t\t\t\t<\/div>\n\t\t\t<\/div>\n\t\t\t\t<\/div>\t\t\t\t<\/div>\n\t\t\t\t<\/div>\n\t\t\t\t<div class=\"elementor-element elementor-element-331cac8 elementor-widget elementor-widget-elementskit-team\" data-id=\"331cac8\" data-element_type=\"widget\" data-e-type=\"widget\" data-widget_type=\"elementskit-team.default\">\n\t\t\t\t<div class=\"elementor-widget-container\">\n\t\t\t\t\t<div class=\"ekit-wid-con\">\t\t\t\t\t\t\t\t\n\t\t<div class=\"profile-card elementor-animation- text-center ekit-team-style-default\">\n\t\t\t\t\t\t\t<a aria-label=\"View Victor ROUGERIE profile\" href=\"javascript:void(0)\" data-mfp-src=\"#ekit_team_modal_331cac8_220\" class=\"ekit-team-popup\">\n\t\t\t\n\t\t\t\t<div class=\"profile-header ekit-team-img ekit-img-overlay ekit-team-img-block\"  data-toggle=\"modal\" data-target=\"ekit_team_modal_#331cac8_220\" >\n\t\t\t\t\t<img loading=\"lazy\" decoding=\"async\" width=\"400\" height=\"400\" src=\"https:\/\/preprod.osteopathie-auvergne.fr\/wp-content\/uploads\/2026\/08\/Victor-ROUGERIE.png\" class=\"attachment-large size-large wp-image-3317\" alt=\"\" srcset=\"https:\/\/preprod.osteopathie-auvergne.fr\/wp-content\/uploads\/2026\/08\/Victor-ROUGERIE.png 400w, https:\/\/preprod.osteopathie-auvergne.fr\/wp-content\/uploads\/2026\/08\/Victor-ROUGERIE-300x300.png 300w, https:\/\/preprod.osteopathie-auvergne.fr\/wp-content\/uploads\/2026\/08\/Victor-ROUGERIE-150x150.png 150w\" sizes=\"(max-width: 400px) 100vw, 400px\" \/>\t\t\t\t<\/div><!-- .profile-header END -->\n\t\t\t\t\t\t\t<\/a>\n\t\t\t\n\n\t\t\t\t<div class=\"profile-body\">\n\t\t\t\t\t\n\t\t\t\t\t<h2 class=\"profile-title\">\n\t\t\t\t\t\t\t\t\t\t\t<a aria-label=\"View Victor ROUGERIE profile\" href=\"javascript:void(0)\" data-mfp-src=\"#ekit_team_modal_331cac8_220\" class=\"ekit-team-popup\">\n\t\t\t\t\t\tVictor ROUGERIE\t\t\t\t\t\t<\/a>\n\t\t\t\t\t\t\t\t\t\t\t<\/h2>\n\t\t\t\t\t<p class=\"profile-designation\"><\/p>\n\t\t\t\t\t\t\t\t\t<\/div><!-- .profile-body END -->\n\n\t\t\t\t\t\t\t\t<\/div>\n\t\t\t\t\t\t\t\n\t\t\t\n\t\t\t\t\t<div class=\"zoom-anim-dialog mfp-hide elementskit-team-popup team-popup-id-331cac8\" id=\"ekit_team_modal_331cac8_220\" tabindex=\"-1\" role=\"dialog\" aria-modal=\"true\">\n\t\t\t\t<div class=\"modal-dialog modal-dialog-centered\" role=\"document\">\n\t\t\t\t\t<div class=\"modal-content\">\n\t\t\t\t\t\t<button type=\"button\" class=\"ekit-team-modal-close\">\n\t\t\t\t\t\t\t<svg aria-hidden=\"true\" class=\"e-font-icon-svg e-fas-times\" viewBox=\"0 0 352 512\" xmlns=\"http:\/\/www.w3.org\/2000\/svg\"><path d=\"M242.72 256l100.07-100.07c12.28-12.28 12.28-32.19 0-44.48l-22.24-22.24c-12.28-12.28-32.19-12.28-44.48 0L176 189.28 75.93 89.21c-12.28-12.28-32.19-12.28-44.48 0L9.21 111.45c-12.28 12.28-12.28 32.19 0 44.48L109.28 256 9.21 356.07c-12.28 12.28-12.28 32.19 0 44.48l22.24 22.24c12.28 12.28 32.2 12.28 44.48 0L176 322.72l100.07 100.07c12.28 12.28 32.2 12.28 44.48 0l22.24-22.24c12.28-12.28 12.28-32.19 0-44.48L242.72 256z\"><\/path><\/svg>\t\t\t\t\t\t<\/button>\n\n\t\t\t\t\t\t<div class=\"modal-body\">\n\t\t\t\t\t\t\t\t\t\t\t\t\t\t\t<div class=\"ekit-team-modal-img\">\n\t\t\t\t\t\t\t\t\t<img loading=\"lazy\" decoding=\"async\" width=\"400\" height=\"400\" src=\"https:\/\/preprod.osteopathie-auvergne.fr\/wp-content\/uploads\/2026\/08\/Victor-ROUGERIE.png\" class=\"attachment-large size-large wp-image-3317\" alt=\"\" srcset=\"https:\/\/preprod.osteopathie-auvergne.fr\/wp-content\/uploads\/2026\/08\/Victor-ROUGERIE.png 400w, https:\/\/preprod.osteopathie-auvergne.fr\/wp-content\/uploads\/2026\/08\/Victor-ROUGERIE-300x300.png 300w, https:\/\/preprod.osteopathie-auvergne.fr\/wp-content\/uploads\/2026\/08\/Victor-ROUGERIE-150x150.png 150w\" sizes=\"(max-width: 400px) 100vw, 400px\" \/>\t\t\t\t\t\t\t\t<\/div>\n\t\t\t\t\t\t\t\n\t\t\t\t\t\t\t<div class=\"ekit-team-modal-info has-img\">\n\t\t\t\t\t\t\t\t<h2 class=\"ekit-team-modal-title\">Victor ROUGERIE<\/h2>\n\t\t\t\t\t\t\t\t<p class=\"ekit-team-modal-position\"><\/p>\n\n\t\t\t\t\t\t\t\t<div class=\"ekit-team-modal-content\">\n\t\t\t\t\t\t\t\t\t\t\t\t\t\t\t\t\t<\/div>\n\n\t\t\t\t\t\t\t\t\n\t\t\t\t\t\t\t\t\t\t\t\t\t\t\t<\/div>\n\t\t\t\t\t\t<\/div>\n\t\t\t\t\t<\/div>\n\t\t\t\t<\/div>\n\t\t\t<\/div>\n\t\t\t\t<\/div>\t\t\t\t<\/div>\n\t\t\t\t<\/div>\n\t\t\t\t<div class=\"elementor-element elementor-element-b25b9fd elementor-widget elementor-widget-elementskit-team\" data-id=\"b25b9fd\" data-element_type=\"widget\" data-e-type=\"widget\" data-widget_type=\"elementskit-team.default\">\n\t\t\t\t<div class=\"elementor-widget-container\">\n\t\t\t\t\t<div class=\"ekit-wid-con\">\t\t\t\t\t\t\t\t\n\t\t<div class=\"profile-card elementor-animation- text-center ekit-team-style-default\">\n\t\t\t\t\t\t\t<a aria-label=\"View Jean-Pascal SALAZARD profile\" href=\"javascript:void(0)\" data-mfp-src=\"#ekit_team_modal_b25b9fd_220\" class=\"ekit-team-popup\">\n\t\t\t\n\t\t\t\t<div class=\"profile-header ekit-team-img ekit-img-overlay ekit-team-img-block\"  data-toggle=\"modal\" data-target=\"ekit_team_modal_#b25b9fd_220\" >\n\t\t\t\t\t<img loading=\"lazy\" decoding=\"async\" width=\"400\" height=\"400\" src=\"https:\/\/preprod.osteopathie-auvergne.fr\/wp-content\/uploads\/2026\/08\/Jean-Pascal-SALAZARD.jpg\" class=\"attachment-large size-large wp-image-3179\" alt=\"\" srcset=\"https:\/\/preprod.osteopathie-auvergne.fr\/wp-content\/uploads\/2026\/08\/Jean-Pascal-SALAZARD.jpg 400w, https:\/\/preprod.osteopathie-auvergne.fr\/wp-content\/uploads\/2026\/08\/Jean-Pascal-SALAZARD-300x300.jpg 300w, https:\/\/preprod.osteopathie-auvergne.fr\/wp-content\/uploads\/2026\/08\/Jean-Pascal-SALAZARD-150x150.jpg 150w\" sizes=\"(max-width: 400px) 100vw, 400px\" \/>\t\t\t\t<\/div><!-- .profile-header END -->\n\t\t\t\t\t\t\t<\/a>\n\t\t\t\n\n\t\t\t\t<div class=\"profile-body\">\n\t\t\t\t\t\n\t\t\t\t\t<h2 class=\"profile-title\">\n\t\t\t\t\t\t\t\t\t\t\t<a aria-label=\"View Jean-Pascal SALAZARD profile\" href=\"javascript:void(0)\" data-mfp-src=\"#ekit_team_modal_b25b9fd_220\" class=\"ekit-team-popup\">\n\t\t\t\t\t\tJean-Pascal SALAZARD\t\t\t\t\t\t<\/a>\n\t\t\t\t\t\t\t\t\t\t\t<\/h2>\n\t\t\t\t\t<p class=\"profile-designation\"><\/p>\n\t\t\t\t\t\t\t\t\t<\/div><!-- .profile-body END -->\n\n\t\t\t\t\t\t\t\t<\/div>\n\t\t\t\t\t\t\t\n\t\t\t\n\t\t\t\t\t<div class=\"zoom-anim-dialog mfp-hide elementskit-team-popup team-popup-id-b25b9fd\" id=\"ekit_team_modal_b25b9fd_220\" tabindex=\"-1\" role=\"dialog\" aria-modal=\"true\">\n\t\t\t\t<div class=\"modal-dialog modal-dialog-centered\" role=\"document\">\n\t\t\t\t\t<div class=\"modal-content\">\n\t\t\t\t\t\t<button type=\"button\" class=\"ekit-team-modal-close\">\n\t\t\t\t\t\t\t<svg aria-hidden=\"true\" class=\"e-font-icon-svg e-fas-times\" viewBox=\"0 0 352 512\" xmlns=\"http:\/\/www.w3.org\/2000\/svg\"><path d=\"M242.72 256l100.07-100.07c12.28-12.28 12.28-32.19 0-44.48l-22.24-22.24c-12.28-12.28-32.19-12.28-44.48 0L176 189.28 75.93 89.21c-12.28-12.28-32.19-12.28-44.48 0L9.21 111.45c-12.28 12.28-12.28 32.19 0 44.48L109.28 256 9.21 356.07c-12.28 12.28-12.28 32.19 0 44.48l22.24 22.24c12.28 12.28 32.2 12.28 44.48 0L176 322.72l100.07 100.07c12.28 12.28 32.2 12.28 44.48 0l22.24-22.24c12.28-12.28 12.28-32.19 0-44.48L242.72 256z\"><\/path><\/svg>\t\t\t\t\t\t<\/button>\n\n\t\t\t\t\t\t<div class=\"modal-body\">\n\t\t\t\t\t\t\t\t\t\t\t\t\t\t\t<div class=\"ekit-team-modal-img\">\n\t\t\t\t\t\t\t\t\t<img loading=\"lazy\" decoding=\"async\" width=\"400\" height=\"400\" src=\"https:\/\/preprod.osteopathie-auvergne.fr\/wp-content\/uploads\/2026\/08\/Jean-Pascal-SALAZARD.jpg\" class=\"attachment-large size-large wp-image-3179\" alt=\"\" srcset=\"https:\/\/preprod.osteopathie-auvergne.fr\/wp-content\/uploads\/2026\/08\/Jean-Pascal-SALAZARD.jpg 400w, https:\/\/preprod.osteopathie-auvergne.fr\/wp-content\/uploads\/2026\/08\/Jean-Pascal-SALAZARD-300x300.jpg 300w, https:\/\/preprod.osteopathie-auvergne.fr\/wp-content\/uploads\/2026\/08\/Jean-Pascal-SALAZARD-150x150.jpg 150w\" sizes=\"(max-width: 400px) 100vw, 400px\" \/>\t\t\t\t\t\t\t\t<\/div>\n\t\t\t\t\t\t\t\n\t\t\t\t\t\t\t<div class=\"ekit-team-modal-info has-img\">\n\t\t\t\t\t\t\t\t<h2 class=\"ekit-team-modal-title\">Jean-Pascal SALAZARD<\/h2>\n\t\t\t\t\t\t\t\t<p class=\"ekit-team-modal-position\"><\/p>\n\n\t\t\t\t\t\t\t\t<div class=\"ekit-team-modal-content\">\n\t\t\t\t\t\t\t\t\t\t\t\t\t\t\t\t\t<\/div>\n\n\t\t\t\t\t\t\t\t\n\t\t\t\t\t\t\t\t\t\t\t\t\t\t\t<\/div>\n\t\t\t\t\t\t<\/div>\n\t\t\t\t\t<\/div>\n\t\t\t\t<\/div>\n\t\t\t<\/div>\n\t\t\t\t<\/div>\t\t\t\t<\/div>\n\t\t\t\t<\/div>\n\t\t\t\t<div class=\"elementor-element elementor-element-9b144c2 elementor-widget elementor-widget-elementskit-team\" data-id=\"9b144c2\" data-element_type=\"widget\" data-e-type=\"widget\" data-widget_type=\"elementskit-team.default\">\n\t\t\t\t<div class=\"elementor-widget-container\">\n\t\t\t\t\t<div class=\"ekit-wid-con\">\t\t\t\t\t\t\t\t\n\t\t<div class=\"profile-card elementor-animation- text-center ekit-team-style-default\">\n\t\t\t\t\t\t\t<a aria-label=\"View Julien TACHON profile\" href=\"javascript:void(0)\" data-mfp-src=\"#ekit_team_modal_9b144c2_220\" class=\"ekit-team-popup\">\n\t\t\t\n\t\t\t\t<div class=\"profile-header ekit-team-img ekit-img-overlay ekit-team-img-block\"  data-toggle=\"modal\" data-target=\"ekit_team_modal_#9b144c2_220\" >\n\t\t\t\t\t<img loading=\"lazy\" decoding=\"async\" width=\"400\" height=\"400\" src=\"https:\/\/preprod.osteopathie-auvergne.fr\/wp-content\/uploads\/2026\/08\/Julien-TACHON-1.jpg\" class=\"attachment-large size-large wp-image-3232\" alt=\"\" srcset=\"https:\/\/preprod.osteopathie-auvergne.fr\/wp-content\/uploads\/2026\/08\/Julien-TACHON-1.jpg 400w, https:\/\/preprod.osteopathie-auvergne.fr\/wp-content\/uploads\/2026\/08\/Julien-TACHON-1-300x300.jpg 300w, https:\/\/preprod.osteopathie-auvergne.fr\/wp-content\/uploads\/2026\/08\/Julien-TACHON-1-150x150.jpg 150w\" sizes=\"(max-width: 400px) 100vw, 400px\" \/>\t\t\t\t<\/div><!-- .profile-header END -->\n\t\t\t\t\t\t\t<\/a>\n\t\t\t\n\n\t\t\t\t<div class=\"profile-body\">\n\t\t\t\t\t\n\t\t\t\t\t<h2 class=\"profile-title\">\n\t\t\t\t\t\t\t\t\t\t\t<a aria-label=\"View Julien TACHON profile\" href=\"javascript:void(0)\" data-mfp-src=\"#ekit_team_modal_9b144c2_220\" class=\"ekit-team-popup\">\n\t\t\t\t\t\tJulien TACHON\t\t\t\t\t\t<\/a>\n\t\t\t\t\t\t\t\t\t\t\t<\/h2>\n\t\t\t\t\t<p class=\"profile-designation\"><\/p>\n\t\t\t\t\t\t\t\t\t<\/div><!-- .profile-body END -->\n\n\t\t\t\t\t\t\t\t<\/div>\n\t\t\t\t\t\t\t\n\t\t\t\n\t\t\t\t\t<div class=\"zoom-anim-dialog mfp-hide elementskit-team-popup team-popup-id-9b144c2\" id=\"ekit_team_modal_9b144c2_220\" tabindex=\"-1\" role=\"dialog\" aria-modal=\"true\">\n\t\t\t\t<div class=\"modal-dialog modal-dialog-centered\" role=\"document\">\n\t\t\t\t\t<div class=\"modal-content\">\n\t\t\t\t\t\t<button type=\"button\" class=\"ekit-team-modal-close\">\n\t\t\t\t\t\t\t<svg aria-hidden=\"true\" class=\"e-font-icon-svg e-fas-times\" viewBox=\"0 0 352 512\" xmlns=\"http:\/\/www.w3.org\/2000\/svg\"><path d=\"M242.72 256l100.07-100.07c12.28-12.28 12.28-32.19 0-44.48l-22.24-22.24c-12.28-12.28-32.19-12.28-44.48 0L176 189.28 75.93 89.21c-12.28-12.28-32.19-12.28-44.48 0L9.21 111.45c-12.28 12.28-12.28 32.19 0 44.48L109.28 256 9.21 356.07c-12.28 12.28-12.28 32.19 0 44.48l22.24 22.24c12.28 12.28 32.2 12.28 44.48 0L176 322.72l100.07 100.07c12.28 12.28 32.2 12.28 44.48 0l22.24-22.24c12.28-12.28 12.28-32.19 0-44.48L242.72 256z\"><\/path><\/svg>\t\t\t\t\t\t<\/button>\n\n\t\t\t\t\t\t<div class=\"modal-body\">\n\t\t\t\t\t\t\t\t\t\t\t\t\t\t\t<div class=\"ekit-team-modal-img\">\n\t\t\t\t\t\t\t\t\t<img loading=\"lazy\" decoding=\"async\" width=\"400\" height=\"400\" src=\"https:\/\/preprod.osteopathie-auvergne.fr\/wp-content\/uploads\/2026\/08\/Julien-TACHON-1.jpg\" class=\"attachment-large size-large wp-image-3232\" alt=\"\" srcset=\"https:\/\/preprod.osteopathie-auvergne.fr\/wp-content\/uploads\/2026\/08\/Julien-TACHON-1.jpg 400w, https:\/\/preprod.osteopathie-auvergne.fr\/wp-content\/uploads\/2026\/08\/Julien-TACHON-1-300x300.jpg 300w, https:\/\/preprod.osteopathie-auvergne.fr\/wp-content\/uploads\/2026\/08\/Julien-TACHON-1-150x150.jpg 150w\" sizes=\"(max-width: 400px) 100vw, 400px\" \/>\t\t\t\t\t\t\t\t<\/div>\n\t\t\t\t\t\t\t\n\t\t\t\t\t\t\t<div class=\"ekit-team-modal-info has-img\">\n\t\t\t\t\t\t\t\t<h2 class=\"ekit-team-modal-title\">Julien TACHON<\/h2>\n\t\t\t\t\t\t\t\t<p class=\"ekit-team-modal-position\"><\/p>\n\n\t\t\t\t\t\t\t\t<div class=\"ekit-team-modal-content\">\n\t\t\t\t\t\t\t\t\tDipl\u00f4m\u00e9 en masso-kin\u00e9sith\u00e9rapie en 2002 puis, apr\u00e8s six ann\u00e9es de formation \u00e0 l\u2019Andrew Taylor Still Acad\u00e9mie (Lyon), Julien TACHON est Ost\u00e9opathe en 2008.\n\nDe part sa pratique sportive r\u00e9guli\u00e8re, Julien s\u2019oriente rapidement vers la prise charge des sportifs professionnels comme amateurs. Apr\u00e8s deux ans dans l\u2019\u00e9quipe m\u00e9dicale du club de basket professionnel de Clermont-Ferrand, il occupe depuis 2013 un poste de kin\u00e9sith\u00e9rapeute \u2013 ost\u00e9opathe au sein de l\u2019\u00e9quipe de France d\u2019Athl\u00e9tisme l\u2019amenant \u00e0 suivre les athl\u00e8tes sur diff\u00e9rents stages et comp\u00e9titions internationales mais \u00e9galement participer \u00e0 la recherche et l\u2019am\u00e9lioration des protocoles th\u00e9rapeutiques sur les sportifs.\n\nJulien int\u00e8gre l\u2019\u00e9quipe th\u00e9rapeutique de l\u2019IFSO Vichy \u2013 Clermont-Ferrand afin de transmettre ses connaissances et son exp\u00e9rience, en particulier dans le domaine du diagnostic et de la prise en charge clinique en ost\u00e9opathie.\t\t\t\t\t\t\t\t<\/div>\n\n\t\t\t\t\t\t\t\t\n\t\t\t\t\t\t\t\t\t\t\t\t\t\t\t<\/div>\n\t\t\t\t\t\t<\/div>\n\t\t\t\t\t<\/div>\n\t\t\t\t<\/div>\n\t\t\t<\/div>\n\t\t\t\t<\/div>\t\t\t\t<\/div>\n\t\t\t\t<\/div>\n\t\t\t\t<div class=\"elementor-element elementor-element-0c6ad1d elementor-widget elementor-widget-elementskit-team\" data-id=\"0c6ad1d\" data-element_type=\"widget\" data-e-type=\"widget\" data-widget_type=\"elementskit-team.default\">\n\t\t\t\t<div class=\"elementor-widget-container\">\n\t\t\t\t\t<div class=\"ekit-wid-con\">\t\t\t\t\t\t\t\t\n\t\t<div class=\"profile-card elementor-animation- text-center ekit-team-style-default\">\n\t\t\t\t\t\t\t<a aria-label=\"View Mathilde VIAL profile\" href=\"javascript:void(0)\" data-mfp-src=\"#ekit_team_modal_0c6ad1d_220\" class=\"ekit-team-popup\">\n\t\t\t\n\t\t\t\t<div class=\"profile-header ekit-team-img ekit-img-overlay ekit-team-img-block\"  data-toggle=\"modal\" data-target=\"ekit_team_modal_#0c6ad1d_220\" >\n\t\t\t\t\t<img loading=\"lazy\" decoding=\"async\" width=\"400\" height=\"400\" src=\"https:\/\/preprod.osteopathie-auvergne.fr\/wp-content\/uploads\/2026\/08\/Mathilde-VIAL-1.jpg\" class=\"attachment-large size-large wp-image-3237\" alt=\"\" srcset=\"https:\/\/preprod.osteopathie-auvergne.fr\/wp-content\/uploads\/2026\/08\/Mathilde-VIAL-1.jpg 400w, https:\/\/preprod.osteopathie-auvergne.fr\/wp-content\/uploads\/2026\/08\/Mathilde-VIAL-1-300x300.jpg 300w, https:\/\/preprod.osteopathie-auvergne.fr\/wp-content\/uploads\/2026\/08\/Mathilde-VIAL-1-150x150.jpg 150w\" sizes=\"(max-width: 400px) 100vw, 400px\" \/>\t\t\t\t<\/div><!-- .profile-header END -->\n\t\t\t\t\t\t\t<\/a>\n\t\t\t\n\n\t\t\t\t<div class=\"profile-body\">\n\t\t\t\t\t\n\t\t\t\t\t<h2 class=\"profile-title\">\n\t\t\t\t\t\t\t\t\t\t\t<a aria-label=\"View Mathilde VIAL profile\" href=\"javascript:void(0)\" data-mfp-src=\"#ekit_team_modal_0c6ad1d_220\" class=\"ekit-team-popup\">\n\t\t\t\t\t\tMathilde VIAL\t\t\t\t\t\t<\/a>\n\t\t\t\t\t\t\t\t\t\t\t<\/h2>\n\t\t\t\t\t<p class=\"profile-designation\"><\/p>\n\t\t\t\t\t\t\t\t\t<\/div><!-- .profile-body END -->\n\n\t\t\t\t\t\t\t\t<\/div>\n\t\t\t\t\t\t\t\n\t\t\t\n\t\t\t\t\t<div class=\"zoom-anim-dialog mfp-hide elementskit-team-popup team-popup-id-0c6ad1d\" id=\"ekit_team_modal_0c6ad1d_220\" tabindex=\"-1\" role=\"dialog\" aria-modal=\"true\">\n\t\t\t\t<div class=\"modal-dialog modal-dialog-centered\" role=\"document\">\n\t\t\t\t\t<div class=\"modal-content\">\n\t\t\t\t\t\t<button type=\"button\" class=\"ekit-team-modal-close\">\n\t\t\t\t\t\t\t<svg aria-hidden=\"true\" class=\"e-font-icon-svg e-fas-times\" viewBox=\"0 0 352 512\" xmlns=\"http:\/\/www.w3.org\/2000\/svg\"><path d=\"M242.72 256l100.07-100.07c12.28-12.28 12.28-32.19 0-44.48l-22.24-22.24c-12.28-12.28-32.19-12.28-44.48 0L176 189.28 75.93 89.21c-12.28-12.28-32.19-12.28-44.48 0L9.21 111.45c-12.28 12.28-12.28 32.19 0 44.48L109.28 256 9.21 356.07c-12.28 12.28-12.28 32.19 0 44.48l22.24 22.24c12.28 12.28 32.2 12.28 44.48 0L176 322.72l100.07 100.07c12.28 12.28 32.2 12.28 44.48 0l22.24-22.24c12.28-12.28 12.28-32.19 0-44.48L242.72 256z\"><\/path><\/svg>\t\t\t\t\t\t<\/button>\n\n\t\t\t\t\t\t<div class=\"modal-body\">\n\t\t\t\t\t\t\t\t\t\t\t\t\t\t\t<div class=\"ekit-team-modal-img\">\n\t\t\t\t\t\t\t\t\t<img loading=\"lazy\" decoding=\"async\" width=\"400\" height=\"400\" src=\"https:\/\/preprod.osteopathie-auvergne.fr\/wp-content\/uploads\/2026\/08\/Mathilde-VIAL-1.jpg\" class=\"attachment-large size-large wp-image-3237\" alt=\"\" srcset=\"https:\/\/preprod.osteopathie-auvergne.fr\/wp-content\/uploads\/2026\/08\/Mathilde-VIAL-1.jpg 400w, https:\/\/preprod.osteopathie-auvergne.fr\/wp-content\/uploads\/2026\/08\/Mathilde-VIAL-1-300x300.jpg 300w, https:\/\/preprod.osteopathie-auvergne.fr\/wp-content\/uploads\/2026\/08\/Mathilde-VIAL-1-150x150.jpg 150w\" sizes=\"(max-width: 400px) 100vw, 400px\" \/>\t\t\t\t\t\t\t\t<\/div>\n\t\t\t\t\t\t\t\n\t\t\t\t\t\t\t<div class=\"ekit-team-modal-info has-img\">\n\t\t\t\t\t\t\t\t<h2 class=\"ekit-team-modal-title\">Mathilde VIAL<\/h2>\n\t\t\t\t\t\t\t\t<p class=\"ekit-team-modal-position\"><\/p>\n\n\t\t\t\t\t\t\t\t<div class=\"ekit-team-modal-content\">\n\t\t\t\t\t\t\t\t\tKin\u00e9sith\u00e9rapeute dipl\u00f4m\u00e9 en 2023 de l\u2019IFMK de Vichy.\n\nMathilde VIAL exerce actuellement dans la structure du CREPS de Vichy, aupr\u00e8s des p\u00f4les et centres de formations r\u00e9sidents. Elle y pratique la kin\u00e9sith\u00e9rapie du sport, sp\u00e9cialit\u00e9 qu\u2019elle apprend en parall\u00e8le aupr\u00e8s du comit\u00e9 international olympique.\n\nDans sa scolarit\u00e9, elle a \u00e9tudi\u00e9 en section internationale au Charles de Gaulle de Dijon (21), apprenant l\u2019anglais courant \u00e0 travers la litt\u00e9rature et l\u2019histoire en anglais.\n\nMathilde int\u00e8gre l\u2019\u00e9quipe p\u00e9dagogique de l\u2019IFSO Vichy \u2013 Clermont-Ferrand, au sein de laquelle elle anime les cours d\u2019anglais.\n\n\t\t\t\t\t\t\t\t<\/div>\n\n\t\t\t\t\t\t\t\t\n\t\t\t\t\t\t\t\t\t\t\t\t\t\t\t<\/div>\n\t\t\t\t\t\t<\/div>\n\t\t\t\t\t<\/div>\n\t\t\t\t<\/div>\n\t\t\t<\/div>\n\t\t\t\t<\/div>\t\t\t\t<\/div>\n\t\t\t\t<\/div>\n\t\t\t\t<div class=\"elementor-element elementor-element-c7d4e3f elementor-widget elementor-widget-elementskit-team\" data-id=\"c7d4e3f\" data-element_type=\"widget\" data-e-type=\"widget\" data-widget_type=\"elementskit-team.default\">\n\t\t\t\t<div class=\"elementor-widget-container\">\n\t\t\t\t\t<div class=\"ekit-wid-con\">\t\t\t\t\t\t\t\t\n\t\t<div class=\"profile-card elementor-animation- text-center ekit-team-style-default\">\n\t\t\t\t\t\t\t<a aria-label=\"View Nicolas VITELLO profile\" href=\"javascript:void(0)\" data-mfp-src=\"#ekit_team_modal_c7d4e3f_220\" class=\"ekit-team-popup\">\n\t\t\t\n\t\t\t\t<div class=\"profile-header ekit-team-img ekit-img-overlay ekit-team-img-block\"  data-toggle=\"modal\" data-target=\"ekit_team_modal_#c7d4e3f_220\" >\n\t\t\t\t\t<img loading=\"lazy\" decoding=\"async\" width=\"400\" height=\"400\" src=\"https:\/\/preprod.osteopathie-auvergne.fr\/wp-content\/uploads\/2026\/08\/Nicolas-VITELLO-1.jpg\" class=\"attachment-large size-large wp-image-3240\" alt=\"\" srcset=\"https:\/\/preprod.osteopathie-auvergne.fr\/wp-content\/uploads\/2026\/08\/Nicolas-VITELLO-1.jpg 400w, https:\/\/preprod.osteopathie-auvergne.fr\/wp-content\/uploads\/2026\/08\/Nicolas-VITELLO-1-300x300.jpg 300w, https:\/\/preprod.osteopathie-auvergne.fr\/wp-content\/uploads\/2026\/08\/Nicolas-VITELLO-1-150x150.jpg 150w\" sizes=\"(max-width: 400px) 100vw, 400px\" \/>\t\t\t\t<\/div><!-- .profile-header END -->\n\t\t\t\t\t\t\t<\/a>\n\t\t\t\n\n\t\t\t\t<div class=\"profile-body\">\n\t\t\t\t\t\n\t\t\t\t\t<h2 class=\"profile-title\">\n\t\t\t\t\t\t\t\t\t\t\t<a aria-label=\"View Nicolas VITELLO profile\" href=\"javascript:void(0)\" data-mfp-src=\"#ekit_team_modal_c7d4e3f_220\" class=\"ekit-team-popup\">\n\t\t\t\t\t\tNicolas VITELLO\t\t\t\t\t\t<\/a>\n\t\t\t\t\t\t\t\t\t\t\t<\/h2>\n\t\t\t\t\t<p class=\"profile-designation\"><\/p>\n\t\t\t\t\t\t\t\t\t<\/div><!-- .profile-body END -->\n\n\t\t\t\t\t\t\t\t<\/div>\n\t\t\t\t\t\t\t\n\t\t\t\n\t\t\t\t\t<div class=\"zoom-anim-dialog mfp-hide elementskit-team-popup team-popup-id-c7d4e3f\" id=\"ekit_team_modal_c7d4e3f_220\" tabindex=\"-1\" role=\"dialog\" aria-modal=\"true\">\n\t\t\t\t<div class=\"modal-dialog modal-dialog-centered\" role=\"document\">\n\t\t\t\t\t<div class=\"modal-content\">\n\t\t\t\t\t\t<button type=\"button\" class=\"ekit-team-modal-close\">\n\t\t\t\t\t\t\t<svg aria-hidden=\"true\" class=\"e-font-icon-svg e-fas-times\" viewBox=\"0 0 352 512\" xmlns=\"http:\/\/www.w3.org\/2000\/svg\"><path d=\"M242.72 256l100.07-100.07c12.28-12.28 12.28-32.19 0-44.48l-22.24-22.24c-12.28-12.28-32.19-12.28-44.48 0L176 189.28 75.93 89.21c-12.28-12.28-32.19-12.28-44.48 0L9.21 111.45c-12.28 12.28-12.28 32.19 0 44.48L109.28 256 9.21 356.07c-12.28 12.28-12.28 32.19 0 44.48l22.24 22.24c12.28 12.28 32.2 12.28 44.48 0L176 322.72l100.07 100.07c12.28 12.28 32.2 12.28 44.48 0l22.24-22.24c12.28-12.28 12.28-32.19 0-44.48L242.72 256z\"><\/path><\/svg>\t\t\t\t\t\t<\/button>\n\n\t\t\t\t\t\t<div class=\"modal-body\">\n\t\t\t\t\t\t\t\t\t\t\t\t\t\t\t<div class=\"ekit-team-modal-img\">\n\t\t\t\t\t\t\t\t\t<img loading=\"lazy\" decoding=\"async\" width=\"400\" height=\"400\" src=\"https:\/\/preprod.osteopathie-auvergne.fr\/wp-content\/uploads\/2026\/08\/Nicolas-VITELLO-1.jpg\" class=\"attachment-large size-large wp-image-3240\" alt=\"\" srcset=\"https:\/\/preprod.osteopathie-auvergne.fr\/wp-content\/uploads\/2026\/08\/Nicolas-VITELLO-1.jpg 400w, https:\/\/preprod.osteopathie-auvergne.fr\/wp-content\/uploads\/2026\/08\/Nicolas-VITELLO-1-300x300.jpg 300w, https:\/\/preprod.osteopathie-auvergne.fr\/wp-content\/uploads\/2026\/08\/Nicolas-VITELLO-1-150x150.jpg 150w\" sizes=\"(max-width: 400px) 100vw, 400px\" \/>\t\t\t\t\t\t\t\t<\/div>\n\t\t\t\t\t\t\t\n\t\t\t\t\t\t\t<div class=\"ekit-team-modal-info has-img\">\n\t\t\t\t\t\t\t\t<h2 class=\"ekit-team-modal-title\">Nicolas VITELLO<\/h2>\n\t\t\t\t\t\t\t\t<p class=\"ekit-team-modal-position\"><\/p>\n\n\t\t\t\t\t\t\t\t<div class=\"ekit-team-modal-content\">\n\t\t\t\t\t\t\t\t\tNicolas VITELLO est m\u00e9decin neurologue.\n\nNicolas est \u00e9galement formateur en s\u00e9miologie au sein de l\u2019IFSO Vichy \u2013 Clermont-Ferrand\t\t\t\t\t\t\t\t<\/div>\n\n\t\t\t\t\t\t\t\t\n\t\t\t\t\t\t\t\t\t\t\t\t\t\t\t<\/div>\n\t\t\t\t\t\t<\/div>\n\t\t\t\t\t<\/div>\n\t\t\t\t<\/div>\n\t\t\t<\/div>\n\t\t\t\t<\/div>\t\t\t\t<\/div>\n\t\t\t\t<\/div>\n\t\t\t\t<\/div>\n\t\t\t\t\t<\/div>\n\t\t\t\t<\/div>\n\t\t<div class=\"elementor-element elementor-element-3d107026 e-flex e-con-boxed wpr-particle-no wpr-jarallax-no wpr-parallax-no wpr-sticky-section-no wpr-column-slider-no wpr-equal-height-no e-con e-parent\" data-id=\"3d107026\" data-element_type=\"container\" data-e-type=\"container\" id=\"xs_footer_13\" data-settings=\"{&quot;background_background&quot;:&quot;classic&quot;}\">\n\t\t\t\t\t<div class=\"e-con-inner\">\n\t\t<div class=\"elementor-element elementor-element-1d2d8245 e-con-full e-flex wpr-particle-no wpr-jarallax-no wpr-parallax-no wpr-sticky-section-no wpr-column-slider-no wpr-equal-height-no e-con e-child\" data-id=\"1d2d8245\" data-element_type=\"container\" data-e-type=\"container\">\n\t\t\t\t<div class=\"elementor-element elementor-element-7c069af1 elementor-widget elementor-widget-image\" data-id=\"7c069af1\" data-element_type=\"widget\" data-e-type=\"widget\" data-widget_type=\"image.default\">\n\t\t\t\t\t\t\t\t\t\t\t\t\t\t\t\t<a href=\"https:\/\/wpmet.com\/plugin\/elementskit\/\">\n\t\t\t\t\t\t\t<img loading=\"lazy\" decoding=\"async\" width=\"993\" height=\"331\" src=\"https:\/\/preprod.osteopathie-auvergne.fr\/wp-content\/uploads\/2026\/04\/cropped-LOGO-IFSO-BLANC-PNG-235x78.png\" class=\"attachment-full size-full wp-image-130\" alt=\"Logo de l&apos;\u00e9cole d&apos;ost\u00e9oapthie IFSO Vichy Clermont-Ferrand\" srcset=\"https:\/\/preprod.osteopathie-auvergne.fr\/wp-content\/uploads\/2026\/04\/cropped-LOGO-IFSO-BLANC-PNG.png 993w, https:\/\/preprod.osteopathie-auvergne.fr\/wp-content\/uploads\/2026\/04\/cropped-LOGO-IFSO-BLANC-PNG-300x100.png 300w, https:\/\/preprod.osteopathie-auvergne.fr\/wp-content\/uploads\/2026\/04\/cropped-LOGO-IFSO-BLANC-PNG-768x256.png 768w, https:\/\/preprod.osteopathie-auvergne.fr\/wp-content\/uploads\/2026\/04\/cropped-LOGO-IFSO-BLANC-PNG-235x78.png 235w\" sizes=\"(max-width: 993px) 100vw, 993px\" \/>\t\t\t\t\t\t\t\t<\/a>\n\t\t\t\t\t\t\t\t\t\t\t\t\t\t\t<\/div>\n\t\t\t\t<div class=\"elementor-element elementor-element-1b1373fe elementor-widget elementor-widget-elementskit-social-media\" data-id=\"1b1373fe\" data-element_type=\"widget\" data-e-type=\"widget\" data-widget_type=\"elementskit-social-media.default\">\n\t\t\t\t<div class=\"elementor-widget-container\">\n\t\t\t\t\t<div class=\"ekit-wid-con\" >\t\t\t <ul class=\"ekit_social_media\">\n\t\t\t\t\t\t\t\t\t\t\t\t\t\t<li class=\"elementor-repeater-item-da8f4de\">\n\t\t\t\t\t    <a\n\t\t\t\t\t\thref=\"https:\/\/www.facebook.com\/IFSOVichy\/?locale=fr_FR\" aria-label=\"Facebook\" class=\"facebook\" >\n\t\t\t\t\t\t\t\n\t\t\t\t\t\t\t<i aria-hidden=\"true\" class=\"icon icon-facebook\"><\/i>\n                                                                                                            <\/a>\n                    <\/li>\n                    \t\t\t\t\t\t\t\t\t\t\t\t\t\t<li class=\"elementor-repeater-item-1399011\">\n\t\t\t\t\t    <a\n\t\t\t\t\t\thref=\"https:\/\/www.youtube.com\/@ifsovichyclermontferrand\" aria-label=\"Youtube\" class=\"youtube\" >\n\t\t\t\t\t\t\t\n\t\t\t\t\t\t\t<svg aria-hidden=\"true\" class=\"e-font-icon-svg e-fab-youtube\" viewBox=\"0 0 576 512\" xmlns=\"http:\/\/www.w3.org\/2000\/svg\"><path d=\"M549.655 124.083c-6.281-23.65-24.787-42.276-48.284-48.597C458.781 64 288 64 288 64S117.22 64 74.629 75.486c-23.497 6.322-42.003 24.947-48.284 48.597-11.412 42.867-11.412 132.305-11.412 132.305s0 89.438 11.412 132.305c6.281 23.65 24.787 41.5 48.284 47.821C117.22 448 288 448 288 448s170.78 0 213.371-11.486c23.497-6.321 42.003-24.171 48.284-47.821 11.412-42.867 11.412-132.305 11.412-132.305s0-89.438-11.412-132.305zm-317.51 213.508V175.185l142.739 81.205-142.739 81.201z\"><\/path><\/svg>\n                                                                                                            <\/a>\n                    <\/li>\n                    \t\t\t\t\t\t\t\t\t\t\t\t\t\t<li class=\"elementor-repeater-item-8f886e8\">\n\t\t\t\t\t    <a\n\t\t\t\t\t\thref=\"https:\/\/www.linkedin.com\/in\/ifso-vichy-clermont-ferrand\/\" aria-label=\"LinkedIn\" class=\"linkedin\" >\n\t\t\t\t\t\t\t\n\t\t\t\t\t\t\t<i aria-hidden=\"true\" class=\"icon icon-linkedin\"><\/i>\n                                                                                                            <\/a>\n                    <\/li>\n                    \t\t\t\t\t\t\t\t\t\t\t\t\t\t<li class=\"elementor-repeater-item-048c536\">\n\t\t\t\t\t    <a\n\t\t\t\t\t\thref=\"https:\/\/www.tiktok.com\/@ifso.vichy.clermont.fd\" aria-label=\"Tiktok\" class=\"tiktok\" >\n\t\t\t\t\t\t\t\n\t\t\t\t\t\t\t<svg aria-hidden=\"true\" class=\"e-font-icon-svg e-fab-tiktok\" viewBox=\"0 0 448 512\" xmlns=\"http:\/\/www.w3.org\/2000\/svg\"><path d=\"M448,209.91a210.06,210.06,0,0,1-122.77-39.25V349.38A162.55,162.55,0,1,1,185,188.31V278.2a74.62,74.62,0,1,0,52.23,71.18V0l88,0a121.18,121.18,0,0,0,1.86,22.17h0A122.18,122.18,0,0,0,381,102.39a121.43,121.43,0,0,0,67,20.14Z\"><\/path><\/svg>\n                                                                                                            <\/a>\n                    <\/li>\n                    \t\t\t\t\t\t\t\t\t\t\t\t\t\t<li class=\"elementor-repeater-item-c8596be\">\n\t\t\t\t\t    <a\n\t\t\t\t\t\thref=\"https:\/\/www.instagram.com\/ifsovichyclermontfd\/\" aria-label=\"Instagram\" class=\"1\" >\n\t\t\t\t\t\t\t\n\t\t\t\t\t\t\t<i aria-hidden=\"true\" class=\"icon icon-instagram-1\"><\/i>\n                                                                                                            <\/a>\n                    <\/li>\n                    \t\t\t\t\t\t\t<\/ul>\n\t\t<\/div>\t\t\t\t<\/div>\n\t\t\t\t<\/div>\n\t\t\t\t<\/div>\n\t\t<div class=\"elementor-element elementor-element-1c916e76 e-con-full e-flex wpr-particle-no wpr-jarallax-no wpr-parallax-no wpr-sticky-section-no wpr-column-slider-no wpr-equal-height-no e-con e-child\" data-id=\"1c916e76\" data-element_type=\"container\" data-e-type=\"container\">\n\t\t<div class=\"elementor-element elementor-element-625c31f6 e-con-full e-flex wpr-particle-no wpr-jarallax-no wpr-parallax-no wpr-sticky-section-no wpr-column-slider-no wpr-equal-height-no e-con e-child\" data-id=\"625c31f6\" data-element_type=\"container\" data-e-type=\"container\">\n\t\t\t\t\t<img loading=\"lazy\" decoding=\"async\" class=\"e-image-base \" data-interaction-id=\"731d39a3\" id=\"1134\" src=\"https:\/\/preprod.osteopathie-auvergne.fr\/wp-content\/uploads\/2026\/04\/Design-sans-titre-3.png\" width=\"400\" height=\"100\" srcset=\"https:\/\/preprod.osteopathie-auvergne.fr\/wp-content\/uploads\/2026\/04\/Design-sans-titre-3.png 400w, https:\/\/preprod.osteopathie-auvergne.fr\/wp-content\/uploads\/2026\/04\/Design-sans-titre-3-300x75.png 300w\" alt=\"\"\/>\t\t\t\t<\/div>\n\t\t\t\t<\/div>\n\t\t<div class=\"elementor-element elementor-element-5618aea3 e-con-full e-flex wpr-particle-no wpr-jarallax-no wpr-parallax-no wpr-sticky-section-no wpr-column-slider-no wpr-equal-height-no e-con e-child\" data-id=\"5618aea3\" data-element_type=\"container\" data-e-type=\"container\">\n\t\t\t\t<div class=\"elementor-element elementor-element-e05ce89 elementor-widget elementor-widget-heading\" data-id=\"e05ce89\" data-element_type=\"widget\" data-e-type=\"widget\" data-widget_type=\"heading.default\">\n\t\t\t\t\t<h2 class=\"elementor-heading-title elementor-size-default\">Incrivez-vous \u00e0 notre newsletter<\/h2>\t\t\t\t<\/div>\n\t\t\t\t<div class=\"elementor-element elementor-element-2929ef2a elementor-widget elementor-widget-text-editor\" data-id=\"2929ef2a\" data-element_type=\"widget\" data-e-type=\"widget\" data-widget_type=\"text-editor.default\">\n\t\t\t\t\t\t\t\t\t<p>Ne manquez aucune de nos actualit\u00e9s<\/p>\t\t\t\t\t\t\t\t<\/div>\n\t\t\t\t<div class=\"elementor-element elementor-element-505d8e85 elementor-widget elementor-widget-elementskit-mail-chimp\" data-id=\"505d8e85\" data-element_type=\"widget\" data-e-type=\"widget\" data-widget_type=\"elementskit-mail-chimp.default\">\n\t\t\t\t<div class=\"elementor-widget-container\">\n\t\t\t\t\t<div class=\"ekit-wid-con\" >\t\t<div class=\"ekit-mail-chimp\">\n\t\t<form method=\"post\"\n\t\t\tclass=\"ekit-mailChimpForm\" data-listed=\"\" data-success-message=\"Successfully listed this email\" data-success-opt-in-message=\"\" data-nonce=\"c2ed557a3f\"\t\t>\n\t\t\t<input type=\"hidden\" name=\"double_opt_in\" value=\"no\">\n\n\t\t\t\t<div class=\"elementskit_form_wraper elementskit_inline_form\">\n\t\t\t\t        <div class=\"elementskit_input_wraper elementskit_input_container key-0\">\n            <div class=\"elementskit_form_group\">\n                                    <label class=\"elementskit_input_label\">Email Address <span class=\"ekit_required_mark\">*<\/span><\/label>\n                                <div class=\"elementskit_input_element_container elementskit_input_group\">\n                                            <div class=\"elementskit_input_group_prepend\">\n                            <div class=\"elementskit_input_group_text\">\n                                <i aria-hidden=\"true\" class=\"icon icon-envelope\"><\/i>                            <\/div>\n                        <\/div>\n                    \n                                            <input\n\t\t\t\t\t\t\ttype=\"email\"\n\t\t\t\t\t\t\tclass=\"ekit_form_control \"\n\t\t\t\t\t\t\tname=\"email\"\n\t\t\t\t\t\t\tplaceholder=\"Email Address\"\n\t\t\t\t\t\t\trequired\t\t\t\t\t\t>\n                    \n                                    <\/div>\n            <\/div>\n        <\/div>\n    \t\t\t\t\t<div class=\"ekit_submit_input_holder elementskit_input_wraper\">\n\t\t\t\t\t\t<button type=\"submit\" class=\"ekit-mail-submit\" name=\"ekit_mail_chimp\">\n\t\t\t\t\t\t\t\t<i aria-hidden=\"true\" class=\"icon icon-message-1\"><\/i>\n\t\t\t\t\t\t\t<\/button>\n\t\t\t\t\t<\/div>\n\t\t\t\t<\/div>\n\t\t\t<div class=\"ekit-mail-message\"><\/div>\n\t\t\t<\/form>\n\t\t<\/div>\n\t\t<\/div>\t\t\t\t<\/div>\n\t\t\t\t<\/div>\n\t\t\t\t<\/div>\n\t\t\t\t\t<\/div>\n\t\t\t\t<\/div>\n\t\t<div class=\"elementor-element elementor-element-24feb45d e-flex e-con-boxed wpr-particle-no wpr-jarallax-no wpr-parallax-no wpr-sticky-section-no wpr-column-slider-no wpr-equal-height-no e-con e-parent\" data-id=\"24feb45d\" data-element_type=\"container\" data-e-type=\"container\" data-settings=\"{&quot;background_background&quot;:&quot;classic&quot;}\">\n\t\t\t\t\t<div class=\"e-con-inner\">\n\t\t\t\t<div class=\"elementor-element elementor-element-2f27fec1 elementor-widget elementor-widget-elementskit-heading\" data-id=\"2f27fec1\" data-element_type=\"widget\" data-e-type=\"widget\" data-widget_type=\"elementskit-heading.default\">\n\t\t\t\t\t<div class=\"ekit-wid-con\" ><div class=\"ekit-heading elementskit-section-title-wraper text_left   ekit_heading_tablet-   ekit_heading_mobile-text_center\"><p class=\"ekit-heading--title elementskit-section-title \">2026. IFSO VICHY CLERMONT FERRAND TOUS DROITS RESERVES <\/p><\/div><\/div>\t\t\t\t<\/div>\n\t\t\t\t<div class=\"elementor-element elementor-element-2d600027 elementor-align-right elementor-mobile-align-left elementor-widget elementor-widget-elementskit-page-list\" data-id=\"2d600027\" data-element_type=\"widget\" data-e-type=\"widget\" data-widget_type=\"elementskit-page-list.default\">\n\t\t\t\t<div class=\"elementor-widget-container\">\n\t\t\t\t\t<div class=\"ekit-wid-con\" >\t\t<div class=\"elementor-icon-list-itemsfg  elementor-inline-items\">\n\t\t\t\t\t\t\t<div class=\"elementor-icon-list-item   \">\n\t\t\t\t\t\t<a class=\"elementor-repeater-item-0e60ed8 ekit_badge_left\" >\n\t\t\t\t\t\t\t<div class=\"ekit_page_list_content\">\n\t\t\t\t\t\t\t\t\t\t\t\t\t\t\t\t<span class=\"elementor-icon-list-text\">\n\t\t\t\t\t\t\t\t\t<span class=\"ekit_page_list_title_title\">Mentions l\u00e9gales<\/span>\n\t\t\t\t\t\t\t\t\t\t\t\t\t\t\t\t\t<\/span>\n\t\t\t\t\t\t\t<\/div>\n\t\t\t\t\t\t\t\t\t\t\t\t\t<\/a>\n\t\t\t\t\t<\/div>\n\t\t\t\t\t\t\t\t<div class=\"elementor-icon-list-item   \">\n\t\t\t\t\t\t<a class=\"elementor-repeater-item-9fc5a74 ekit_badge_left\" >\n\t\t\t\t\t\t\t<div class=\"ekit_page_list_content\">\n\t\t\t\t\t\t\t\t\t\t\t\t\t\t\t\t<span class=\"elementor-icon-list-text\">\n\t\t\t\t\t\t\t\t\t<span class=\"ekit_page_list_title_title\">Politique de confidentialit\u00e9<\/span>\n\t\t\t\t\t\t\t\t\t\t\t\t\t\t\t\t\t<\/span>\n\t\t\t\t\t\t\t<\/div>\n\t\t\t\t\t\t\t\t\t\t\t\t\t<\/a>\n\t\t\t\t\t<\/div>\n\t\t\t\t\t\t\t\t<div class=\"elementor-icon-list-item   \">\n\t\t\t\t\t\t<a class=\"elementor-repeater-item-542bc6b ekit_badge_left\" >\n\t\t\t\t\t\t\t<div class=\"ekit_page_list_content\">\n\t\t\t\t\t\t\t\t\t\t\t\t\t\t\t\t<span class=\"elementor-icon-list-text\">\n\t\t\t\t\t\t\t\t\t<span class=\"ekit_page_list_title_title\">Mon compte \u00e9tudiant<\/span>\n\t\t\t\t\t\t\t\t\t\t\t\t\t\t\t\t\t<\/span>\n\t\t\t\t\t\t\t<\/div>\n\t\t\t\t\t\t\t\t\t\t\t\t\t<\/a>\n\t\t\t\t\t<\/div>\n\t\t\t\t\t\t<\/div>\n\t\t<\/div>\t\t\t\t<\/div>\n\t\t\t\t<\/div>\n\t\t\t\t\t<\/div>\n\t\t\t\t<\/div>\n\t\t\t\t<\/div>\n\t\t","protected":false},"excerpt":{"rendered":"<p>Venez \u00e0 la rencontre de L&rsquo;\u00e9quipe de l&rsquo;IFSO Vichy Clermont-Ferrand Une \u00e9quipe d&rsquo;ost\u00e9opathes, m\u00e9decins, professionnels engag\u00e9s pour votre r\u00e9ussite.\u00a0 La pr\u00e9sidence C\u00e9sar ABASCAL Masseur-kin\u00e9sith\u00e9rapeute \u2013 Ost\u00e9opathe D.O. C\u00e9sar ABASCAL Masseur-kin\u00e9sith\u00e9rapeute \u2013 Ost\u00e9opathe D.O. Parcours et responsabilit\u00e9s Kin\u00e9sith\u00e9rapeute de formation, C\u00e9sar ABASCAL est dipl\u00f4m\u00e9 ost\u00e9opathe en 1989. Il est vice-pr\u00e9sident de l\u2019IFSO Vichy \u2013 Clermont-Ferrand. Il suit les enseignements de Franck Gilly, G\u00e9rard Montet, Robert Rousse pour la pratique des techniques fonctionnelles. Il se perfectionne avec A. Abehsera aux techniques de Fred L. Mitchell. Passionn\u00e9 d\u2019ost\u00e9opathie structurelle c\u2019est avec Sanders et G. Vachon (Maidstone) qu\u2019il aborde la recherche de la pr\u00e9cision gestuelle et palpatoire dans les l\u00e9sions \u00ab facettaires \u00bb li\u00e9e \u00e0 la physiopathologie vert\u00e9brale. C\u2019est actuellement au sein de l\u2019IFSO Vichy \u2013 Clermont-Fd qu\u2019il approfondit dans son enseignement les techniques par \u00ab d\u00e9bordement \u00bb d\u2019\u00e9nergie musculaire (MET), les diff\u00e9rentes techniques structurelles du sacrum ainsi que celles du rachis cervical o\u00f9 les l\u00e9sions et les choix des techniques sont analys\u00e9es minutieusement afin d\u2019utiliser des bras de levier minimes pour une lib\u00e9ration facettaire simple et pr\u00e9cise. Il participe \u00e0 l\u2019enseignement clinique ost\u00e9opathique et anime \u00e9galement des formations en post-graduate pour les ost\u00e9opathes dipl\u00f4m\u00e9s. Il est r\u00e9f\u00e9rent mati\u00e8re au sein de l\u2019IFSO Vichy \u2013 Clermont-Fd. Ulrick BRONNER Pr\u00e9sident M\u00e9decin &#8211; Ost\u00e9opathe D.O. Ulrick BRONNER Pr\u00e9sident M\u00e9decin &#8211; Ost\u00e9opathe D.O. Parcours et responsabilit\u00e9s Ulrick Bronner est Docteur en M\u00e9decine, Dipl\u00f4m\u00e9 de la Facult\u00e9 de Clermont-Ferrand depuis 2003. Sp\u00e9cialiste (DES) en M\u00e9decine du Travail et Hygi\u00e8ne Industrielle, il exerce pour l\u2019entreprise Constellium d\u2019Issoire o\u00f9 il r\u00e9side et en tant que M\u00e9decin conseil pour l\u2019ensemble des usines de ce groupe et assure la pr\u00e9sidence de l\u2019IFSO Vichy \u2013 Clermont-Ferrand. Il est \u00e9galement titulaire d\u2019une Ma\u00eetrise de Science Biologique et M\u00e9dicale (MSBM G\u00e9n\u00e9tique). Son exp\u00e9rience en tant qu\u2019\u00e9lu suppl\u00e9ant au Conseil de l\u2019Ordre des M\u00e9decins (63) et ancien-expert pr\u00e8s la Cour d\u2019Appel de RIOM sur la r\u00e9paration des dommages professionnels, lui donne des comp\u00e9tences suppl\u00e9mentaires notamment en ce qui concerne les questions \u00e9thiques et m\u00e9dicol\u00e9gales entourant la pratique de l\u2019ost\u00e9opathie. Enfin, nouvellement Ost\u00e9opathe DO (2018), le Dr Bronner assure l\u2019enseignement d\u2019une partie de la s\u00e9miologie m\u00e9dicale et des liens indispensables \u00e0 connaitre avec l\u2019ost\u00e9opathie dans le cadre de l\u2019anamn\u00e8se et du diagnostic d\u2019opportunit\u00e9 qui s\u2019impose \u00e0 tout praticien face \u00e0 son patient. La direction Rapha\u00ebl Aubin Directeur de l\u2019IFSO Vichy \u2013 Clermont-Ferrand Rapha\u00ebl Aubin Directeur de l\u2019IFSO Vichy \u2013 Clermont-Ferrand Parcours et responsabilit\u00e9s Raphael AUBIN est Masseur-Kin\u00e9sith\u00e9rapeute Ost\u00e9opathe et titulaire d\u2019un Master 2 Management des Organisations M\u00e9dico-Sanitaires et de Sant\u00e9. Form\u00e9 \u00e0 l\u2019ost\u00e9opathie au Coll\u00e8ge Ost\u00e9opathique Sutherland \u00e0 Paris en 2005, il a exerc\u00e9 \u00e0 temps plein pendant 27 ann\u00e9es dans des clubs de rugby professionnel : C.A.Brive Corr\u00e8ze de 1997 \u00e0 2005 et de 2007 \u00e0 2011, Castres Olympique de 2005 \u00e0 2007, ASM Clermont Auvergne de 2011 \u00e0 2022, Stade Fran\u00e7ais Paris 2022-2025. Arriv\u00e9 en juillet 2025 \u00e0 l\u2019IFSO Vichy \u2013 Clermont-Ferrand comme coordinateur p\u00e9dagogique, il a pris la direction de l\u2019Institut en mars 2026. Son exp\u00e9rience dans le sport de haut niveau et le management de staff m\u00e9dicaux lui permet de transmettre aux \u00e9l\u00e8ves son approche ost\u00e9opathique dans la prise en charge des athl\u00e8tes de haut niveau et la pr\u00e9vention des blessures chez les sportifs. L&rsquo;administration Am\u00e9lie FROBERT-BOUGEROL Directrice administrative Am\u00e9lie FROBERT-BOUGEROL Directrice administrative Directrice administrative de l\u2019IFSO Vichy \u2013 Clermont-Ferrand, est en charge de l\u2019organisation administrative. Elle est dipl\u00f4m\u00e9e d\u2019un BTS Assistant Direction. Elle r\u00e9pondra \u00e0 toutes vos questions concernant la formation. Phone:06.42.22.53.50 Email:contact@ifso-vichy.com St\u00e9phanie PARANT Assistante de scolarit\u00e9 formation professionnelle St\u00e9phanie PARANT Assistante de scolarit\u00e9 formation professionnelle St\u00e9phanie PARANT est Assistante de scolarit\u00e9 au sein de l\u2019IFSO Vichy \u2013 Clermont-Ferrand, elle est dipl\u00f4m\u00e9e d\u2019un BTS Assistant Manager. St\u00e9phanie vous accompagnera dans vos d\u00e9marches administratives. C\u00e9cile RARD Assistante de scolarit\u00e9 formation initiale et continue C\u00e9cile RARD Assistante de scolarit\u00e9 formation initiale et continue C\u00e9cile RARD est Assistante de scolarit\u00e9 au sein de l\u2019IFSO Vichy \u2013 Clermont-Ferrand, elle est dipl\u00f4m\u00e9e d\u2019un Bachelor responsable du Marketing et d\u00e9veloppement commercial et d\u2019un Master en manager de la communication et strat\u00e9gie digitale. C\u00e9cile vous accompagnera dans vos d\u00e9marches administratives. Les coordinateurs p\u00e9dagogiques Caroline ANDREU Ost\u00e9opathe D.O. Caroline ANDREU Ost\u00e9opathe D.O. Dipl\u00f4m\u00e9e en ost\u00e9opathie du CIDO (St-Etienne) en 2015, Caroline ANDREU exerce au sein d\u2019un cabinet pluridisciplinaire en p\u00e9riph\u00e9rie clermontoise. Form\u00e9e en p\u00e9rinatalit\u00e9 depuis le d\u00e9but de son parcours, puis en ost\u00e9opathie aquatique par S\u00e9gol\u00e8ne Vilpert derni\u00e8rement. Caroline a int\u00e9gr\u00e9 l\u2019\u00e9quipe de l\u2019IFSO Vichy \u2013 Clermont-Ferrand en tant que formatrice et maintenant occupe \u00e9galement la fonction de coordinatrice p\u00e9dagogique. S\u00e9bastien BARROSO Coordinateur et responsable p\u00e9dagogique \u2013 MKDE \u2013 Ost\u00e9opathe D.O. S\u00e9bastien BARROSO Coordinateur et responsable p\u00e9dagogique \u2013 MKDE \u2013 Ost\u00e9opathe D.O. S\u00e9bastien Barroso est Ost\u00e9opathe Kin\u00e9sith\u00e9rapeute et est coordinateur \u2013 responsable p\u00e9dagogique. Il est investi dans l\u2019enseignement depuis 2010. Il int\u00e8gre l\u2019\u00e9quipe p\u00e9dagogique en tant que formateur de l\u2019IFSO Vichy \u2013 Clermont-Ferrand en 2016 et en tant que coordinateur p\u00e9dagogique en 2018. Form\u00e9 \u00e0 l\u2019ost\u00e9opathie p\u00e9diatrique par Robert Nicault et Sylvie Lessard, il est \u00e9galement form\u00e9 \u00e0 la m\u00e9thode Busquet. Il transmet son savoir-faire en assurant l\u2019enseignement de techniques structurelles, d\u2019accompagnement clinique et d\u00e9veloppe les techniques d\u2019ost\u00e9opathie en eaux thermales au sein de l\u2019IFSO Vichy \u2013 Clermont-Fd. Il est dipl\u00f4m\u00e9 d\u2019un D.U en recherche clinique d\u00e9livr\u00e9 par l\u2019universit\u00e9 de Montpellier. Il a obtenu un Master en sciences de l\u2019\u00e9ducation parcours responsable d\u2019ing\u00e9nierie des syst\u00e8mes d\u2019organisation (RISO). Laureline DUMOULIN Ost\u00e9opathe D.O. Laureline DUMOULIN Ost\u00e9opathe D.O. Dipl\u00f4m\u00e9e de l\u2019\u00c9cole sup\u00e9rieure d\u2019Ost\u00e9opathie depuis 2009, Laureline DUMOULIN exerce en lib\u00e9ral \u00e0 Orcines et au sein d\u2019une maison m\u00e9dicale \u00e0 Bromont-Lamothe (63). Titulaire d\u2019un certificat d\u2019\u00e9tude sp\u00e9cialis\u00e9e en p\u00e9diatrie et form\u00e9e \u00e0 la m\u00e9thode des chaines physiologiques Busquet, elle s\u2019attache \u00e0 prendre en charge la plus grande diversit\u00e9 de patient au sein de ses cabinets. Elle intervient \u00e0 l\u2019IFSO Vichy \u2013 Clermont-Ferrand en tant que formatrice et coordinatrice p\u00e9dagogique. Jean-Guy GABET Ost\u00e9opathe D.O. Jean-Guy GABET Ost\u00e9opathe D.O. Dipl\u00f4m\u00e9 du Coll\u00e8ge Ost\u00e9opathique Europ\u00e9en (HOLISTEA \u2013 95) en 2008. Jean-Guy GABET est install\u00e9 \u00e0 Vichy depuis 2009 et \u00e0 Lapalisse depuis 2014 (cabinet pluridisciplinaire avec sage-femme et psychologue). Il enseigne \u00e0 l\u2019ISRP depuis 2018,<\/p>\n","protected":false},"author":1,"featured_media":0,"parent":0,"menu_order":0,"comment_status":"closed","ping_status":"closed","template":"","meta":{"site-sidebar-layout":"default","site-content-layout":"","ast-site-content-layout":"default","site-content-style":"default","site-sidebar-style":"default","ast-global-header-display":"","ast-banner-title-visibility":"","ast-main-header-display":"","ast-hfb-above-header-display":"","ast-hfb-below-header-display":"","ast-hfb-mobile-header-display":"","site-post-title":"","ast-breadcrumbs-content":"","ast-featured-img":"","footer-sml-layout":"","ast-disable-related-posts":"","theme-transparent-header-meta":"","adv-header-id-meta":"","stick-header-meta":"","header-above-stick-meta":"","header-main-stick-meta":"","header-below-stick-meta":"","astra-migrate-meta-layouts":"default","ast-page-background-enabled":"default","ast-page-background-meta":{"desktop":{"background-color":"var(--ast-global-color-5)","background-image":"","background-repeat":"repeat","background-position":"center center","background-size":"auto","background-attachment":"scroll","background-type":"","background-media":"","overlay-type":"","overlay-color":"","overlay-opacity":"","overlay-gradient":""},"tablet":{"background-color":"","background-image":"","background-repeat":"repeat","background-position":"center center","background-size":"auto","background-attachment":"scroll","background-type":"","background-media":"","overlay-type":"","overlay-color":"","overlay-opacity":"","overlay-gradient":""},"mobile":{"background-color":"","background-image":"","background-repeat":"repeat","background-position":"center center","background-size":"auto","background-attachment":"scroll","background-type":"","background-media":"","overlay-type":"","overlay-color":"","overlay-opacity":"","overlay-gradient":""}},"ast-content-background-meta":{"desktop":{"background-color":"var(--ast-global-color-4)","background-image":"","background-repeat":"repeat","background-position":"center center","background-size":"auto","background-attachment":"scroll","background-type":"","background-media":"","overlay-type":"","overlay-color":"","overlay-opacity":"","overlay-gradient":""},"tablet":{"background-color":"var(--ast-global-color-4)","background-image":"","background-repeat":"repeat","background-position":"center center","background-size":"auto","background-attachment":"scroll","background-type":"","background-media":"","overlay-type":"","overlay-color":"","overlay-opacity":"","overlay-gradient":""},"mobile":{"background-color":"var(--ast-global-color-4)","background-image":"","background-repeat":"repeat","background-position":"center center","background-size":"auto","background-attachment":"scroll","background-type":"","background-media":"","overlay-type":"","overlay-color":"","overlay-opacity":"","overlay-gradient":""}},"footnotes":""},"class_list":["post-220","page","type-page","status-publish","hentry"],"yoast_head":"<!-- This site is optimized with the Yoast SEO plugin v28.3 - https:\/\/yoast.com\/product\/yoast-seo-wordpress\/ -->\n<title>L&#039;\u00e9quipe -<\/title>\n<meta name=\"robots\" content=\"index, follow, max-snippet:-1, max-image-preview:large, max-video-preview:-1\" \/>\n<link rel=\"canonical\" href=\"https:\/\/preprod.osteopathie-auvergne.fr\/index.php\/lequipe\/\" \/>\n<meta property=\"og:locale\" content=\"fr_FR\" \/>\n<meta property=\"og:type\" content=\"article\" \/>\n<meta property=\"og:title\" content=\"L&#039;\u00e9quipe -\" \/>\n<meta property=\"og:description\" content=\"Venez \u00e0 la rencontre de L&rsquo;\u00e9quipe de l&rsquo;IFSO Vichy Clermont-Ferrand Une \u00e9quipe d&rsquo;ost\u00e9opathes, m\u00e9decins, professionnels engag\u00e9s pour votre r\u00e9ussite.\u00a0 La pr\u00e9sidence C\u00e9sar ABASCAL Masseur-kin\u00e9sith\u00e9rapeute \u2013 Ost\u00e9opathe D.O. C\u00e9sar ABASCAL Masseur-kin\u00e9sith\u00e9rapeute \u2013 Ost\u00e9opathe D.O. Parcours et responsabilit\u00e9s Kin\u00e9sith\u00e9rapeute de formation, C\u00e9sar ABASCAL est dipl\u00f4m\u00e9 ost\u00e9opathe en 1989. Il est vice-pr\u00e9sident de l\u2019IFSO Vichy \u2013 Clermont-Ferrand. Il suit les enseignements de Franck Gilly, G\u00e9rard Montet, Robert Rousse pour la pratique des techniques fonctionnelles. Il se perfectionne avec A. Abehsera aux techniques de Fred L. Mitchell. Passionn\u00e9 d\u2019ost\u00e9opathie structurelle c\u2019est avec Sanders et G. Vachon (Maidstone) qu\u2019il aborde la recherche de la pr\u00e9cision gestuelle et palpatoire dans les l\u00e9sions \u00ab facettaires \u00bb li\u00e9e \u00e0 la physiopathologie vert\u00e9brale. C\u2019est actuellement au sein de l\u2019IFSO Vichy \u2013 Clermont-Fd qu\u2019il approfondit dans son enseignement les techniques par \u00ab d\u00e9bordement \u00bb d\u2019\u00e9nergie musculaire (MET), les diff\u00e9rentes techniques structurelles du sacrum ainsi que celles du rachis cervical o\u00f9 les l\u00e9sions et les choix des techniques sont analys\u00e9es minutieusement afin d\u2019utiliser des bras de levier minimes pour une lib\u00e9ration facettaire simple et pr\u00e9cise. Il participe \u00e0 l\u2019enseignement clinique ost\u00e9opathique et anime \u00e9galement des formations en post-graduate pour les ost\u00e9opathes dipl\u00f4m\u00e9s. Il est r\u00e9f\u00e9rent mati\u00e8re au sein de l\u2019IFSO Vichy \u2013 Clermont-Fd. Ulrick BRONNER Pr\u00e9sident M\u00e9decin &#8211; Ost\u00e9opathe D.O. Ulrick BRONNER Pr\u00e9sident M\u00e9decin &#8211; Ost\u00e9opathe D.O. Parcours et responsabilit\u00e9s Ulrick Bronner est Docteur en M\u00e9decine, Dipl\u00f4m\u00e9 de la Facult\u00e9 de Clermont-Ferrand depuis 2003. Sp\u00e9cialiste (DES) en M\u00e9decine du Travail et Hygi\u00e8ne Industrielle, il exerce pour l\u2019entreprise Constellium d\u2019Issoire o\u00f9 il r\u00e9side et en tant que M\u00e9decin conseil pour l\u2019ensemble des usines de ce groupe et assure la pr\u00e9sidence de l\u2019IFSO Vichy \u2013 Clermont-Ferrand. Il est \u00e9galement titulaire d\u2019une Ma\u00eetrise de Science Biologique et M\u00e9dicale (MSBM G\u00e9n\u00e9tique). Son exp\u00e9rience en tant qu\u2019\u00e9lu suppl\u00e9ant au Conseil de l\u2019Ordre des M\u00e9decins (63) et ancien-expert pr\u00e8s la Cour d\u2019Appel de RIOM sur la r\u00e9paration des dommages professionnels, lui donne des comp\u00e9tences suppl\u00e9mentaires notamment en ce qui concerne les questions \u00e9thiques et m\u00e9dicol\u00e9gales entourant la pratique de l\u2019ost\u00e9opathie. Enfin, nouvellement Ost\u00e9opathe DO (2018), le Dr Bronner assure l\u2019enseignement d\u2019une partie de la s\u00e9miologie m\u00e9dicale et des liens indispensables \u00e0 connaitre avec l\u2019ost\u00e9opathie dans le cadre de l\u2019anamn\u00e8se et du diagnostic d\u2019opportunit\u00e9 qui s\u2019impose \u00e0 tout praticien face \u00e0 son patient. La direction Rapha\u00ebl Aubin Directeur de l\u2019IFSO Vichy \u2013 Clermont-Ferrand Rapha\u00ebl Aubin Directeur de l\u2019IFSO Vichy \u2013 Clermont-Ferrand Parcours et responsabilit\u00e9s Raphael AUBIN est Masseur-Kin\u00e9sith\u00e9rapeute Ost\u00e9opathe et titulaire d\u2019un Master 2 Management des Organisations M\u00e9dico-Sanitaires et de Sant\u00e9. Form\u00e9 \u00e0 l\u2019ost\u00e9opathie au Coll\u00e8ge Ost\u00e9opathique Sutherland \u00e0 Paris en 2005, il a exerc\u00e9 \u00e0 temps plein pendant 27 ann\u00e9es dans des clubs de rugby professionnel : C.A.Brive Corr\u00e8ze de 1997 \u00e0 2005 et de 2007 \u00e0 2011, Castres Olympique de 2005 \u00e0 2007, ASM Clermont Auvergne de 2011 \u00e0 2022, Stade Fran\u00e7ais Paris 2022-2025. Arriv\u00e9 en juillet 2025 \u00e0 l\u2019IFSO Vichy \u2013 Clermont-Ferrand comme coordinateur p\u00e9dagogique, il a pris la direction de l\u2019Institut en mars 2026. Son exp\u00e9rience dans le sport de haut niveau et le management de staff m\u00e9dicaux lui permet de transmettre aux \u00e9l\u00e8ves son approche ost\u00e9opathique dans la prise en charge des athl\u00e8tes de haut niveau et la pr\u00e9vention des blessures chez les sportifs. L&rsquo;administration Am\u00e9lie FROBERT-BOUGEROL Directrice administrative Am\u00e9lie FROBERT-BOUGEROL Directrice administrative Directrice administrative de l\u2019IFSO Vichy \u2013 Clermont-Ferrand, est en charge de l\u2019organisation administrative. Elle est dipl\u00f4m\u00e9e d\u2019un BTS Assistant Direction. Elle r\u00e9pondra \u00e0 toutes vos questions concernant la formation. Phone:06.42.22.53.50 Email:contact@ifso-vichy.com St\u00e9phanie PARANT Assistante de scolarit\u00e9 formation professionnelle St\u00e9phanie PARANT Assistante de scolarit\u00e9 formation professionnelle St\u00e9phanie PARANT est Assistante de scolarit\u00e9 au sein de l\u2019IFSO Vichy \u2013 Clermont-Ferrand, elle est dipl\u00f4m\u00e9e d\u2019un BTS Assistant Manager. St\u00e9phanie vous accompagnera dans vos d\u00e9marches administratives. C\u00e9cile RARD Assistante de scolarit\u00e9 formation initiale et continue C\u00e9cile RARD Assistante de scolarit\u00e9 formation initiale et continue C\u00e9cile RARD est Assistante de scolarit\u00e9 au sein de l\u2019IFSO Vichy \u2013 Clermont-Ferrand, elle est dipl\u00f4m\u00e9e d\u2019un Bachelor responsable du Marketing et d\u00e9veloppement commercial et d\u2019un Master en manager de la communication et strat\u00e9gie digitale. C\u00e9cile vous accompagnera dans vos d\u00e9marches administratives. Les coordinateurs p\u00e9dagogiques Caroline ANDREU Ost\u00e9opathe D.O. Caroline ANDREU Ost\u00e9opathe D.O. Dipl\u00f4m\u00e9e en ost\u00e9opathie du CIDO (St-Etienne) en 2015, Caroline ANDREU exerce au sein d\u2019un cabinet pluridisciplinaire en p\u00e9riph\u00e9rie clermontoise. Form\u00e9e en p\u00e9rinatalit\u00e9 depuis le d\u00e9but de son parcours, puis en ost\u00e9opathie aquatique par S\u00e9gol\u00e8ne Vilpert derni\u00e8rement. Caroline a int\u00e9gr\u00e9 l\u2019\u00e9quipe de l\u2019IFSO Vichy \u2013 Clermont-Ferrand en tant que formatrice et maintenant occupe \u00e9galement la fonction de coordinatrice p\u00e9dagogique. S\u00e9bastien BARROSO Coordinateur et responsable p\u00e9dagogique \u2013 MKDE \u2013 Ost\u00e9opathe D.O. S\u00e9bastien BARROSO Coordinateur et responsable p\u00e9dagogique \u2013 MKDE \u2013 Ost\u00e9opathe D.O. S\u00e9bastien Barroso est Ost\u00e9opathe Kin\u00e9sith\u00e9rapeute et est coordinateur \u2013 responsable p\u00e9dagogique. Il est investi dans l\u2019enseignement depuis 2010. Il int\u00e8gre l\u2019\u00e9quipe p\u00e9dagogique en tant que formateur de l\u2019IFSO Vichy \u2013 Clermont-Ferrand en 2016 et en tant que coordinateur p\u00e9dagogique en 2018. Form\u00e9 \u00e0 l\u2019ost\u00e9opathie p\u00e9diatrique par Robert Nicault et Sylvie Lessard, il est \u00e9galement form\u00e9 \u00e0 la m\u00e9thode Busquet. Il transmet son savoir-faire en assurant l\u2019enseignement de techniques structurelles, d\u2019accompagnement clinique et d\u00e9veloppe les techniques d\u2019ost\u00e9opathie en eaux thermales au sein de l\u2019IFSO Vichy \u2013 Clermont-Fd. Il est dipl\u00f4m\u00e9 d\u2019un D.U en recherche clinique d\u00e9livr\u00e9 par l\u2019universit\u00e9 de Montpellier. Il a obtenu un Master en sciences de l\u2019\u00e9ducation parcours responsable d\u2019ing\u00e9nierie des syst\u00e8mes d\u2019organisation (RISO). Laureline DUMOULIN Ost\u00e9opathe D.O. Laureline DUMOULIN Ost\u00e9opathe D.O. Dipl\u00f4m\u00e9e de l\u2019\u00c9cole sup\u00e9rieure d\u2019Ost\u00e9opathie depuis 2009, Laureline DUMOULIN exerce en lib\u00e9ral \u00e0 Orcines et au sein d\u2019une maison m\u00e9dicale \u00e0 Bromont-Lamothe (63). Titulaire d\u2019un certificat d\u2019\u00e9tude sp\u00e9cialis\u00e9e en p\u00e9diatrie et form\u00e9e \u00e0 la m\u00e9thode des chaines physiologiques Busquet, elle s\u2019attache \u00e0 prendre en charge la plus grande diversit\u00e9 de patient au sein de ses cabinets. Elle intervient \u00e0 l\u2019IFSO Vichy \u2013 Clermont-Ferrand en tant que formatrice et coordinatrice p\u00e9dagogique. Jean-Guy GABET Ost\u00e9opathe D.O. Jean-Guy GABET Ost\u00e9opathe D.O. Dipl\u00f4m\u00e9 du Coll\u00e8ge Ost\u00e9opathique Europ\u00e9en (HOLISTEA \u2013 95) en 2008. Jean-Guy GABET est install\u00e9 \u00e0 Vichy depuis 2009 et \u00e0 Lapalisse depuis 2014 (cabinet pluridisciplinaire avec sage-femme et psychologue). Il enseigne \u00e0 l\u2019ISRP depuis 2018,\" \/>\n<meta property=\"og:url\" content=\"https:\/\/preprod.osteopathie-auvergne.fr\/index.php\/lequipe\/\" \/>\n<meta property=\"article:modified_time\" content=\"2026-08-25T12:46:08+00:00\" \/>\n<meta property=\"og:image\" content=\"http:\/\/preprod.osteopathie-auvergne.fr\/wp-content\/uploads\/2026\/06\/Equipes-site-web-1.jpg\" \/>\n<meta name=\"twitter:card\" content=\"summary_large_image\" \/>\n<meta name=\"twitter:label1\" content=\"Dur\u00e9e de lecture estim\u00e9e\" \/>\n\t<meta name=\"twitter:data1\" content=\"51 minutes\" \/>\n<script type=\"application\/ld+json\" class=\"yoast-schema-graph\">{\"@context\":\"https:\\\/\\\/schema.org\",\"@graph\":[{\"@type\":\"WebPage\",\"@id\":\"https:\\\/\\\/preprod.osteopathie-auvergne.fr\\\/index.php\\\/lequipe\\\/\",\"url\":\"https:\\\/\\\/preprod.osteopathie-auvergne.fr\\\/index.php\\\/lequipe\\\/\",\"name\":\"L'\u00e9quipe -\",\"isPartOf\":{\"@id\":\"https:\\\/\\\/preprod.osteopathie-auvergne.fr\\\/#website\"},\"primaryImageOfPage\":{\"@id\":\"https:\\\/\\\/preprod.osteopathie-auvergne.fr\\\/index.php\\\/lequipe\\\/#primaryimage\"},\"image\":{\"@id\":\"https:\\\/\\\/preprod.osteopathie-auvergne.fr\\\/index.php\\\/lequipe\\\/#primaryimage\"},\"thumbnailUrl\":\"http:\\\/\\\/preprod.osteopathie-auvergne.fr\\\/wp-content\\\/uploads\\\/2026\\\/06\\\/Equipes-site-web-1.jpg\",\"datePublished\":\"2026-04-13T07:33:11+00:00\",\"dateModified\":\"2026-08-25T12:46:08+00:00\",\"breadcrumb\":{\"@id\":\"https:\\\/\\\/preprod.osteopathie-auvergne.fr\\\/index.php\\\/lequipe\\\/#breadcrumb\"},\"inLanguage\":\"fr-FR\",\"potentialAction\":[{\"@type\":\"ReadAction\",\"target\":[\"https:\\\/\\\/preprod.osteopathie-auvergne.fr\\\/index.php\\\/lequipe\\\/\"]}]},{\"@type\":\"ImageObject\",\"inLanguage\":\"fr-FR\",\"@id\":\"https:\\\/\\\/preprod.osteopathie-auvergne.fr\\\/index.php\\\/lequipe\\\/#primaryimage\",\"url\":\"https:\\\/\\\/preprod.osteopathie-auvergne.fr\\\/wp-content\\\/uploads\\\/2026\\\/06\\\/Equipes-site-web-1.jpg\",\"contentUrl\":\"https:\\\/\\\/preprod.osteopathie-auvergne.fr\\\/wp-content\\\/uploads\\\/2026\\\/06\\\/Equipes-site-web-1.jpg\",\"width\":400,\"height\":400,\"caption\":\"C\u00e9sar Abascal, vice-pr\u00e9sident de l'IFSO Vichy Clermont-Ferrand\"},{\"@type\":\"BreadcrumbList\",\"@id\":\"https:\\\/\\\/preprod.osteopathie-auvergne.fr\\\/index.php\\\/lequipe\\\/#breadcrumb\",\"itemListElement\":[{\"@type\":\"ListItem\",\"position\":1,\"name\":\"Home\",\"item\":\"https:\\\/\\\/preprod.osteopathie-auvergne.fr\\\/\"},{\"@type\":\"ListItem\",\"position\":2,\"name\":\"L&rsquo;\u00e9quipe\"}]},{\"@type\":\"WebSite\",\"@id\":\"https:\\\/\\\/preprod.osteopathie-auvergne.fr\\\/#website\",\"url\":\"https:\\\/\\\/preprod.osteopathie-auvergne.fr\\\/\",\"name\":\"\",\"description\":\"\",\"potentialAction\":[{\"@type\":\"SearchAction\",\"target\":{\"@type\":\"EntryPoint\",\"urlTemplate\":\"https:\\\/\\\/preprod.osteopathie-auvergne.fr\\\/?s={search_term_string}\"},\"query-input\":{\"@type\":\"PropertyValueSpecification\",\"valueRequired\":true,\"valueName\":\"search_term_string\"}}],\"inLanguage\":\"fr-FR\"}]}<\/script>\n<!-- \/ Yoast SEO plugin. -->","yoast_head_json":{"title":"L'\u00e9quipe -","robots":{"index":"index","follow":"follow","max-snippet":"max-snippet:-1","max-image-preview":"max-image-preview:large","max-video-preview":"max-video-preview:-1"},"canonical":"https:\/\/preprod.osteopathie-auvergne.fr\/index.php\/lequipe\/","og_locale":"fr_FR","og_type":"article","og_title":"L'\u00e9quipe -","og_description":"Venez \u00e0 la rencontre de L&rsquo;\u00e9quipe de l&rsquo;IFSO Vichy Clermont-Ferrand Une \u00e9quipe d&rsquo;ost\u00e9opathes, m\u00e9decins, professionnels engag\u00e9s pour votre r\u00e9ussite.\u00a0 La pr\u00e9sidence C\u00e9sar ABASCAL Masseur-kin\u00e9sith\u00e9rapeute \u2013 Ost\u00e9opathe D.O. C\u00e9sar ABASCAL Masseur-kin\u00e9sith\u00e9rapeute \u2013 Ost\u00e9opathe D.O. Parcours et responsabilit\u00e9s Kin\u00e9sith\u00e9rapeute de formation, C\u00e9sar ABASCAL est dipl\u00f4m\u00e9 ost\u00e9opathe en 1989. Il est vice-pr\u00e9sident de l\u2019IFSO Vichy \u2013 Clermont-Ferrand. Il suit les enseignements de Franck Gilly, G\u00e9rard Montet, Robert Rousse pour la pratique des techniques fonctionnelles. Il se perfectionne avec A. Abehsera aux techniques de Fred L. Mitchell. Passionn\u00e9 d\u2019ost\u00e9opathie structurelle c\u2019est avec Sanders et G. Vachon (Maidstone) qu\u2019il aborde la recherche de la pr\u00e9cision gestuelle et palpatoire dans les l\u00e9sions \u00ab facettaires \u00bb li\u00e9e \u00e0 la physiopathologie vert\u00e9brale. C\u2019est actuellement au sein de l\u2019IFSO Vichy \u2013 Clermont-Fd qu\u2019il approfondit dans son enseignement les techniques par \u00ab d\u00e9bordement \u00bb d\u2019\u00e9nergie musculaire (MET), les diff\u00e9rentes techniques structurelles du sacrum ainsi que celles du rachis cervical o\u00f9 les l\u00e9sions et les choix des techniques sont analys\u00e9es minutieusement afin d\u2019utiliser des bras de levier minimes pour une lib\u00e9ration facettaire simple et pr\u00e9cise. Il participe \u00e0 l\u2019enseignement clinique ost\u00e9opathique et anime \u00e9galement des formations en post-graduate pour les ost\u00e9opathes dipl\u00f4m\u00e9s. Il est r\u00e9f\u00e9rent mati\u00e8re au sein de l\u2019IFSO Vichy \u2013 Clermont-Fd. Ulrick BRONNER Pr\u00e9sident M\u00e9decin &#8211; Ost\u00e9opathe D.O. Ulrick BRONNER Pr\u00e9sident M\u00e9decin &#8211; Ost\u00e9opathe D.O. Parcours et responsabilit\u00e9s Ulrick Bronner est Docteur en M\u00e9decine, Dipl\u00f4m\u00e9 de la Facult\u00e9 de Clermont-Ferrand depuis 2003. Sp\u00e9cialiste (DES) en M\u00e9decine du Travail et Hygi\u00e8ne Industrielle, il exerce pour l\u2019entreprise Constellium d\u2019Issoire o\u00f9 il r\u00e9side et en tant que M\u00e9decin conseil pour l\u2019ensemble des usines de ce groupe et assure la pr\u00e9sidence de l\u2019IFSO Vichy \u2013 Clermont-Ferrand. Il est \u00e9galement titulaire d\u2019une Ma\u00eetrise de Science Biologique et M\u00e9dicale (MSBM G\u00e9n\u00e9tique). Son exp\u00e9rience en tant qu\u2019\u00e9lu suppl\u00e9ant au Conseil de l\u2019Ordre des M\u00e9decins (63) et ancien-expert pr\u00e8s la Cour d\u2019Appel de RIOM sur la r\u00e9paration des dommages professionnels, lui donne des comp\u00e9tences suppl\u00e9mentaires notamment en ce qui concerne les questions \u00e9thiques et m\u00e9dicol\u00e9gales entourant la pratique de l\u2019ost\u00e9opathie. Enfin, nouvellement Ost\u00e9opathe DO (2018), le Dr Bronner assure l\u2019enseignement d\u2019une partie de la s\u00e9miologie m\u00e9dicale et des liens indispensables \u00e0 connaitre avec l\u2019ost\u00e9opathie dans le cadre de l\u2019anamn\u00e8se et du diagnostic d\u2019opportunit\u00e9 qui s\u2019impose \u00e0 tout praticien face \u00e0 son patient. La direction Rapha\u00ebl Aubin Directeur de l\u2019IFSO Vichy \u2013 Clermont-Ferrand Rapha\u00ebl Aubin Directeur de l\u2019IFSO Vichy \u2013 Clermont-Ferrand Parcours et responsabilit\u00e9s Raphael AUBIN est Masseur-Kin\u00e9sith\u00e9rapeute Ost\u00e9opathe et titulaire d\u2019un Master 2 Management des Organisations M\u00e9dico-Sanitaires et de Sant\u00e9. Form\u00e9 \u00e0 l\u2019ost\u00e9opathie au Coll\u00e8ge Ost\u00e9opathique Sutherland \u00e0 Paris en 2005, il a exerc\u00e9 \u00e0 temps plein pendant 27 ann\u00e9es dans des clubs de rugby professionnel : C.A.Brive Corr\u00e8ze de 1997 \u00e0 2005 et de 2007 \u00e0 2011, Castres Olympique de 2005 \u00e0 2007, ASM Clermont Auvergne de 2011 \u00e0 2022, Stade Fran\u00e7ais Paris 2022-2025. Arriv\u00e9 en juillet 2025 \u00e0 l\u2019IFSO Vichy \u2013 Clermont-Ferrand comme coordinateur p\u00e9dagogique, il a pris la direction de l\u2019Institut en mars 2026. Son exp\u00e9rience dans le sport de haut niveau et le management de staff m\u00e9dicaux lui permet de transmettre aux \u00e9l\u00e8ves son approche ost\u00e9opathique dans la prise en charge des athl\u00e8tes de haut niveau et la pr\u00e9vention des blessures chez les sportifs. L&rsquo;administration Am\u00e9lie FROBERT-BOUGEROL Directrice administrative Am\u00e9lie FROBERT-BOUGEROL Directrice administrative Directrice administrative de l\u2019IFSO Vichy \u2013 Clermont-Ferrand, est en charge de l\u2019organisation administrative. Elle est dipl\u00f4m\u00e9e d\u2019un BTS Assistant Direction. Elle r\u00e9pondra \u00e0 toutes vos questions concernant la formation. Phone:06.42.22.53.50 Email:contact@ifso-vichy.com St\u00e9phanie PARANT Assistante de scolarit\u00e9 formation professionnelle St\u00e9phanie PARANT Assistante de scolarit\u00e9 formation professionnelle St\u00e9phanie PARANT est Assistante de scolarit\u00e9 au sein de l\u2019IFSO Vichy \u2013 Clermont-Ferrand, elle est dipl\u00f4m\u00e9e d\u2019un BTS Assistant Manager. St\u00e9phanie vous accompagnera dans vos d\u00e9marches administratives. C\u00e9cile RARD Assistante de scolarit\u00e9 formation initiale et continue C\u00e9cile RARD Assistante de scolarit\u00e9 formation initiale et continue C\u00e9cile RARD est Assistante de scolarit\u00e9 au sein de l\u2019IFSO Vichy \u2013 Clermont-Ferrand, elle est dipl\u00f4m\u00e9e d\u2019un Bachelor responsable du Marketing et d\u00e9veloppement commercial et d\u2019un Master en manager de la communication et strat\u00e9gie digitale. C\u00e9cile vous accompagnera dans vos d\u00e9marches administratives. Les coordinateurs p\u00e9dagogiques Caroline ANDREU Ost\u00e9opathe D.O. Caroline ANDREU Ost\u00e9opathe D.O. Dipl\u00f4m\u00e9e en ost\u00e9opathie du CIDO (St-Etienne) en 2015, Caroline ANDREU exerce au sein d\u2019un cabinet pluridisciplinaire en p\u00e9riph\u00e9rie clermontoise. Form\u00e9e en p\u00e9rinatalit\u00e9 depuis le d\u00e9but de son parcours, puis en ost\u00e9opathie aquatique par S\u00e9gol\u00e8ne Vilpert derni\u00e8rement. Caroline a int\u00e9gr\u00e9 l\u2019\u00e9quipe de l\u2019IFSO Vichy \u2013 Clermont-Ferrand en tant que formatrice et maintenant occupe \u00e9galement la fonction de coordinatrice p\u00e9dagogique. S\u00e9bastien BARROSO Coordinateur et responsable p\u00e9dagogique \u2013 MKDE \u2013 Ost\u00e9opathe D.O. S\u00e9bastien BARROSO Coordinateur et responsable p\u00e9dagogique \u2013 MKDE \u2013 Ost\u00e9opathe D.O. S\u00e9bastien Barroso est Ost\u00e9opathe Kin\u00e9sith\u00e9rapeute et est coordinateur \u2013 responsable p\u00e9dagogique. Il est investi dans l\u2019enseignement depuis 2010. Il int\u00e8gre l\u2019\u00e9quipe p\u00e9dagogique en tant que formateur de l\u2019IFSO Vichy \u2013 Clermont-Ferrand en 2016 et en tant que coordinateur p\u00e9dagogique en 2018. Form\u00e9 \u00e0 l\u2019ost\u00e9opathie p\u00e9diatrique par Robert Nicault et Sylvie Lessard, il est \u00e9galement form\u00e9 \u00e0 la m\u00e9thode Busquet. Il transmet son savoir-faire en assurant l\u2019enseignement de techniques structurelles, d\u2019accompagnement clinique et d\u00e9veloppe les techniques d\u2019ost\u00e9opathie en eaux thermales au sein de l\u2019IFSO Vichy \u2013 Clermont-Fd. Il est dipl\u00f4m\u00e9 d\u2019un D.U en recherche clinique d\u00e9livr\u00e9 par l\u2019universit\u00e9 de Montpellier. Il a obtenu un Master en sciences de l\u2019\u00e9ducation parcours responsable d\u2019ing\u00e9nierie des syst\u00e8mes d\u2019organisation (RISO). Laureline DUMOULIN Ost\u00e9opathe D.O. Laureline DUMOULIN Ost\u00e9opathe D.O. Dipl\u00f4m\u00e9e de l\u2019\u00c9cole sup\u00e9rieure d\u2019Ost\u00e9opathie depuis 2009, Laureline DUMOULIN exerce en lib\u00e9ral \u00e0 Orcines et au sein d\u2019une maison m\u00e9dicale \u00e0 Bromont-Lamothe (63). Titulaire d\u2019un certificat d\u2019\u00e9tude sp\u00e9cialis\u00e9e en p\u00e9diatrie et form\u00e9e \u00e0 la m\u00e9thode des chaines physiologiques Busquet, elle s\u2019attache \u00e0 prendre en charge la plus grande diversit\u00e9 de patient au sein de ses cabinets. Elle intervient \u00e0 l\u2019IFSO Vichy \u2013 Clermont-Ferrand en tant que formatrice et coordinatrice p\u00e9dagogique. Jean-Guy GABET Ost\u00e9opathe D.O. Jean-Guy GABET Ost\u00e9opathe D.O. Dipl\u00f4m\u00e9 du Coll\u00e8ge Ost\u00e9opathique Europ\u00e9en (HOLISTEA \u2013 95) en 2008. Jean-Guy GABET est install\u00e9 \u00e0 Vichy depuis 2009 et \u00e0 Lapalisse depuis 2014 (cabinet pluridisciplinaire avec sage-femme et psychologue). Il enseigne \u00e0 l\u2019ISRP depuis 2018,","og_url":"https:\/\/preprod.osteopathie-auvergne.fr\/index.php\/lequipe\/","article_modified_time":"2026-08-25T12:46:08+00:00","og_image":[{"url":"http:\/\/preprod.osteopathie-auvergne.fr\/wp-content\/uploads\/2026\/06\/Equipes-site-web-1.jpg","type":"","width":"","height":""}],"twitter_card":"summary_large_image","twitter_misc":{"Dur\u00e9e de lecture estim\u00e9e":"51 minutes"},"schema":{"@context":"https:\/\/schema.org","@graph":[{"@type":"WebPage","@id":"https:\/\/preprod.osteopathie-auvergne.fr\/index.php\/lequipe\/","url":"https:\/\/preprod.osteopathie-auvergne.fr\/index.php\/lequipe\/","name":"L'\u00e9quipe -","isPartOf":{"@id":"https:\/\/preprod.osteopathie-auvergne.fr\/#website"},"primaryImageOfPage":{"@id":"https:\/\/preprod.osteopathie-auvergne.fr\/index.php\/lequipe\/#primaryimage"},"image":{"@id":"https:\/\/preprod.osteopathie-auvergne.fr\/index.php\/lequipe\/#primaryimage"},"thumbnailUrl":"http:\/\/preprod.osteopathie-auvergne.fr\/wp-content\/uploads\/2026\/06\/Equipes-site-web-1.jpg","datePublished":"2026-04-13T07:33:11+00:00","dateModified":"2026-08-25T12:46:08+00:00","breadcrumb":{"@id":"https:\/\/preprod.osteopathie-auvergne.fr\/index.php\/lequipe\/#breadcrumb"},"inLanguage":"fr-FR","potentialAction":[{"@type":"ReadAction","target":["https:\/\/preprod.osteopathie-auvergne.fr\/index.php\/lequipe\/"]}]},{"@type":"ImageObject","inLanguage":"fr-FR","@id":"https:\/\/preprod.osteopathie-auvergne.fr\/index.php\/lequipe\/#primaryimage","url":"https:\/\/preprod.osteopathie-auvergne.fr\/wp-content\/uploads\/2026\/06\/Equipes-site-web-1.jpg","contentUrl":"https:\/\/preprod.osteopathie-auvergne.fr\/wp-content\/uploads\/2026\/06\/Equipes-site-web-1.jpg","width":400,"height":400,"caption":"C\u00e9sar Abascal, vice-pr\u00e9sident de l'IFSO Vichy Clermont-Ferrand"},{"@type":"BreadcrumbList","@id":"https:\/\/preprod.osteopathie-auvergne.fr\/index.php\/lequipe\/#breadcrumb","itemListElement":[{"@type":"ListItem","position":1,"name":"Home","item":"https:\/\/preprod.osteopathie-auvergne.fr\/"},{"@type":"ListItem","position":2,"name":"L&rsquo;\u00e9quipe"}]},{"@type":"WebSite","@id":"https:\/\/preprod.osteopathie-auvergne.fr\/#website","url":"https:\/\/preprod.osteopathie-auvergne.fr\/","name":"","description":"","potentialAction":[{"@type":"SearchAction","target":{"@type":"EntryPoint","urlTemplate":"https:\/\/preprod.osteopathie-auvergne.fr\/?s={search_term_string}"},"query-input":{"@type":"PropertyValueSpecification","valueRequired":true,"valueName":"search_term_string"}}],"inLanguage":"fr-FR"}]}},"_links":{"self":[{"href":"https:\/\/preprod.osteopathie-auvergne.fr\/index.php\/wp-json\/wp\/v2\/pages\/220","targetHints":{"allow":["GET"]}}],"collection":[{"href":"https:\/\/preprod.osteopathie-auvergne.fr\/index.php\/wp-json\/wp\/v2\/pages"}],"about":[{"href":"https:\/\/preprod.osteopathie-auvergne.fr\/index.php\/wp-json\/wp\/v2\/types\/page"}],"author":[{"embeddable":true,"href":"https:\/\/preprod.osteopathie-auvergne.fr\/index.php\/wp-json\/wp\/v2\/users\/1"}],"replies":[{"embeddable":true,"href":"https:\/\/preprod.osteopathie-auvergne.fr\/index.php\/wp-json\/wp\/v2\/comments?post=220"}],"version-history":[{"count":161,"href":"https:\/\/preprod.osteopathie-auvergne.fr\/index.php\/wp-json\/wp\/v2\/pages\/220\/revisions"}],"predecessor-version":[{"id":3407,"href":"https:\/\/preprod.osteopathie-auvergne.fr\/index.php\/wp-json\/wp\/v2\/pages\/220\/revisions\/3407"}],"wp:attachment":[{"href":"https:\/\/preprod.osteopathie-auvergne.fr\/index.php\/wp-json\/wp\/v2\/media?parent=220"}],"curies":[{"name":"wp","href":"https:\/\/api.w.org\/{rel}","templated":true}]}}