{"id":222,"date":"2026-04-13T07:33:43","date_gmt":"2026-04-13T07:33:43","guid":{"rendered":"http:\/\/preprod.osteopathie-auvergne.fr\/?page_id=222"},"modified":"2026-08-25T11:53:38","modified_gmt":"2026-08-25T11:53:38","slug":"rejoignez-lequipe-pedagogique","status":"publish","type":"page","link":"https:\/\/preprod.osteopathie-auvergne.fr\/index.php\/rejoignez-lequipe-pedagogique\/","title":{"rendered":"Rejoignez l&rsquo;\u00e9quipe p\u00e9dagogique"},"content":{"rendered":"\t\t<div data-elementor-type=\"wp-page\" data-elementor-id=\"222\" class=\"elementor elementor-222\">\n\t\t\t\t<div class=\"elementor-element elementor-element-678d36b8 e-flex e-con-boxed wpr-particle-no wpr-jarallax-no wpr-parallax-no wpr-sticky-section-no wpr-column-slider-no wpr-equal-height-no e-con e-parent\" data-id=\"678d36b8\" data-element_type=\"container\" data-e-type=\"container\" data-settings=\"{&quot;background_background&quot;:&quot;classic&quot;}\">\n\t\t\t\t\t<div class=\"e-con-inner\">\n\t\t\t\t<div class=\"elementor-element elementor-element-3c703600 elementor-widget__width-initial elementor-widget elementor-widget-elementskit-heading\" data-id=\"3c703600\" data-element_type=\"widget\" data-e-type=\"widget\" data-widget_type=\"elementskit-heading.default\">\n\t\t\t\t\t<div class=\"ekit-wid-con\" ><div class=\"ekit-heading elementskit-section-title-wraper text_center   ekit_heading_tablet-   ekit_heading_mobile-\"><h3 class=\"elementskit-section-subtitle  \">\n\t\t\t\t\t\tVous souhaitez donner un nouveau sens \u00e0 votre carri\u00e8re ? \n\t\t\t\t\t<\/h3><h1 class=\"ekit-heading--title elementskit-section-title \">Rejoignez notre \u00e9quipe<\/h1>\t\t\t\t<div class='ekit-heading__description'>\n\t\t\t\t\t<p>D\u00e9couvrez ci-dessous les offres d'emploi disponibles au sein de l'IFSO Vichy Clermont-Ferrand<\/p>\n\t\t\t\t<\/div>\n\t\t\t<\/div><\/div>\t\t\t\t<\/div>\n\t\t\t\t\t<\/div>\n\t\t\t\t<\/div>\n\t\t<div class=\"elementor-element elementor-element-ee4f784 e-flex e-con-boxed wpr-particle-no wpr-jarallax-no wpr-parallax-no wpr-sticky-section-no wpr-column-slider-no wpr-equal-height-no e-con e-parent\" data-id=\"ee4f784\" data-element_type=\"container\" data-e-type=\"container\">\n\t\t\t\t\t<div class=\"e-con-inner\">\n\t\t<div class=\"elementor-element elementor-element-175c7725 e-con-full e-flex wpr-particle-no wpr-jarallax-no wpr-parallax-no wpr-sticky-section-no wpr-column-slider-no wpr-equal-height-no elementor-invisible e-con e-child\" data-id=\"175c7725\" data-element_type=\"container\" data-e-type=\"container\" data-settings=\"{&quot;animation&quot;:&quot;fadeInLeft&quot;}\">\n\t\t\t\t\t<h2 data-interaction-id=\"4f7e00f3\" class=\"e-4f7e00f3-4b363d3 e-heading-base\"><strong>Rejoignez l'aventure ! <\/strong><\/h2>\n\t\t\t\t\t<h2 data-interaction-id=\"66a93d8f\" class=\"e-66a93d8f-e90614f e-heading-base\"><strong>Et donnez un sens compl\u00e9mentaire \u00e0 votre carri\u00e8re<\/strong><\/h2>\n\t\t\t\t\t<p class=\"e-paragraph-base\" data-interaction-id=\"1835a494\">Aucun poste n'est ouvert actuellement au sein de l'IFSO Vichy \u2014 Clermont-Ferrand.<br>Nos besoins \u00e9voluent cependant au fil des promotions et des projets de l'\u00e9cole, et nous \u00e9tudions avec attention chaque candidature qui nous parvient, m\u00eame en dehors de toute offre publi\u00e9e. Nous sommes particuli\u00e8rement attentifs aux profils suivants :<br><strong id=\"e-mt1js3b2-1oze9j2\">Formateurs et formatrices<\/strong> \u2014 ost\u00e9opathes en exercice souhaitant transmettre leur pratique clinique aux futures g\u00e9n\u00e9rations (r\u00e9serv\u00e9 DO +5 uniquement) <br><br><strong id=\"e-mt1js3b2-ezcdzt1\">Coordinateurs et coordinatrices p\u00e9dagogiques<\/strong> \u2014 pour accompagner la structuration et le suivi des parcours de formation<br><br><strong id=\"e-mt1js3b2-zvbwzsu\">Stagiaires et alternants<\/strong> en commerce, marketing ou communication \u2014 pour contribuer au rayonnement de l'\u00e9cole aupr\u00e8s des futurs \u00e9tudiants et de nos partenaires<br><br>Rejoindre l'IFSO, c'est int\u00e9grer une \u00e9cole ancr\u00e9e dans la tradition ost\u00e9opathique tout en portant une p\u00e9dagogie exigeante, au contact direct de deux cliniques universitaires et d'un r\u00e9seau de partenaires solidement implant\u00e9 en Auvergne. Vous vous reconnaissez dans l'une de ces missions ? Envoyez-nous votre candidature spontan\u00e9e : nous prenons le temps de la lire.<em id=\"e-mt1js3b2-gpvo42m\">&nbsp;CV + lettre de motivation \u00e0 <\/em><a target=\"_blank\" href=\"mailto:contact@osteopathie-auvergne.fr\" id=\"e-mt1js3b2-fwlegmg\"><em id=\"e-mt1js3b2-l27c6gg\">contact@ifso-vichy.com<\/em><\/a><\/p>\n\t\t\t\t<\/div>\n\t\t<div class=\"elementor-element elementor-element-24e4e358 e-con-full e-flex wpr-particle-no wpr-jarallax-no wpr-parallax-no wpr-sticky-section-no wpr-column-slider-no wpr-equal-height-no e-con e-child\" data-id=\"24e4e358\" data-element_type=\"container\" data-e-type=\"container\">\n\t\t\t\t<div class=\"elementor-element elementor-element-83f9c16 elementor-widget elementor-widget-video\" data-id=\"83f9c16\" data-element_type=\"widget\" data-e-type=\"widget\" data-settings=\"{&quot;video_type&quot;:&quot;hosted&quot;,&quot;controls&quot;:&quot;yes&quot;}\" data-widget_type=\"video.default\">\n\t\t\t\t\t\t\t<div class=\"e-hosted-video elementor-wrapper elementor-open-inline\">\n\t\t\t\t\t<video class=\"elementor-video\" src=\"http:\/\/preprod.osteopathie-auvergne.fr\/wp-content\/uploads\/2026\/08\/20-06-Amauryvillebasse.mp4\" controls=\"\" preload=\"metadata\" controlsList=\"nodownload\"><\/video>\n\t\t\t\t<\/div>\n\t\t\t\t\t\t<\/div>\n\t\t\t\t<\/div>\n\t\t\t\t\t<\/div>\n\t\t\t\t<\/div>\n\t\t<div class=\"elementor-element elementor-element-13bbcf5d e-flex e-con-boxed wpr-particle-no wpr-jarallax-no wpr-parallax-no wpr-sticky-section-no wpr-column-slider-no wpr-equal-height-no e-con e-parent\" data-id=\"13bbcf5d\" data-element_type=\"container\" data-e-type=\"container\" id=\"xs_footer_13\" data-settings=\"{&quot;background_background&quot;:&quot;classic&quot;}\">\n\t\t\t\t\t<div class=\"e-con-inner\">\n\t\t<div class=\"elementor-element elementor-element-69a6510c e-con-full e-flex wpr-particle-no wpr-jarallax-no wpr-parallax-no wpr-sticky-section-no wpr-column-slider-no wpr-equal-height-no e-con e-child\" data-id=\"69a6510c\" data-element_type=\"container\" data-e-type=\"container\">\n\t\t\t\t<div class=\"elementor-element elementor-element-4b8cb187 elementor-widget elementor-widget-image\" data-id=\"4b8cb187\" data-element_type=\"widget\" data-e-type=\"widget\" data-widget_type=\"image.default\">\n\t\t\t\t\t\t\t\t\t\t\t\t\t\t\t\t<a href=\"https:\/\/wpmet.com\/plugin\/elementskit\/\">\n\t\t\t\t\t\t\t<img fetchpriority=\"high\" decoding=\"async\" width=\"993\" height=\"331\" src=\"https:\/\/preprod.osteopathie-auvergne.fr\/wp-content\/uploads\/2026\/04\/cropped-LOGO-IFSO-BLANC-PNG-235x78.png\" class=\"attachment-full size-full wp-image-130\" alt=\"Logo de l&apos;\u00e9cole d&apos;ost\u00e9oapthie IFSO Vichy Clermont-Ferrand\" srcset=\"https:\/\/preprod.osteopathie-auvergne.fr\/wp-content\/uploads\/2026\/04\/cropped-LOGO-IFSO-BLANC-PNG.png 993w, https:\/\/preprod.osteopathie-auvergne.fr\/wp-content\/uploads\/2026\/04\/cropped-LOGO-IFSO-BLANC-PNG-300x100.png 300w, https:\/\/preprod.osteopathie-auvergne.fr\/wp-content\/uploads\/2026\/04\/cropped-LOGO-IFSO-BLANC-PNG-768x256.png 768w, https:\/\/preprod.osteopathie-auvergne.fr\/wp-content\/uploads\/2026\/04\/cropped-LOGO-IFSO-BLANC-PNG-235x78.png 235w\" sizes=\"(max-width: 993px) 100vw, 993px\" \/>\t\t\t\t\t\t\t\t<\/a>\n\t\t\t\t\t\t\t\t\t\t\t\t\t\t\t<\/div>\n\t\t\t\t<\/div>\n\t\t<div class=\"elementor-element elementor-element-1a2cc5b9 e-con-full e-flex wpr-particle-no wpr-jarallax-no wpr-parallax-no wpr-sticky-section-no wpr-column-slider-no wpr-equal-height-no e-con e-child\" data-id=\"1a2cc5b9\" data-element_type=\"container\" data-e-type=\"container\">\n\t\t<div class=\"elementor-element elementor-element-3e397d54 e-con-full e-flex wpr-particle-no wpr-jarallax-no wpr-parallax-no wpr-sticky-section-no wpr-column-slider-no wpr-equal-height-no e-con e-child\" data-id=\"3e397d54\" data-element_type=\"container\" data-e-type=\"container\">\n\t\t\t\t\t<img decoding=\"async\" class=\"e-image-base \" data-interaction-id=\"46b16d2e\" id=\"3285\" src=\"https:\/\/preprod.osteopathie-auvergne.fr\/wp-content\/uploads\/2026\/08\/Design-sans-titre-10.png\" width=\"400\" height=\"100\" srcset=\"https:\/\/preprod.osteopathie-auvergne.fr\/wp-content\/uploads\/2026\/08\/Design-sans-titre-10.png 400w, https:\/\/preprod.osteopathie-auvergne.fr\/wp-content\/uploads\/2026\/08\/Design-sans-titre-10-300x75.png 300w\" alt=\"\"\/>\t\t\t\t<\/div>\n\t\t\t\t<\/div>\n\t\t<div class=\"elementor-element elementor-element-13a79b76 e-con-full e-flex wpr-particle-no wpr-jarallax-no wpr-parallax-no wpr-sticky-section-no wpr-column-slider-no wpr-equal-height-no e-con e-child\" data-id=\"13a79b76\" data-element_type=\"container\" data-e-type=\"container\">\n\t\t\t\t<div class=\"elementor-element elementor-element-4ee0e5a8 elementor-widget elementor-widget-heading\" data-id=\"4ee0e5a8\" data-element_type=\"widget\" data-e-type=\"widget\" data-widget_type=\"heading.default\">\n\t\t\t\t\t<h2 class=\"elementor-heading-title elementor-size-default\">Incrivez-vous \u00e0 notre newsletter<\/h2>\t\t\t\t<\/div>\n\t\t\t\t<div class=\"elementor-element elementor-element-49030562 elementor-widget elementor-widget-text-editor\" data-id=\"49030562\" data-element_type=\"widget\" data-e-type=\"widget\" data-widget_type=\"text-editor.default\">\n\t\t\t\t\t\t\t\t\t<p>Ne manquez aucune de nos actualit\u00e9s<\/p>\t\t\t\t\t\t\t\t<\/div>\n\t\t\t\t<\/div>\n\t\t\t\t\t<\/div>\n\t\t\t\t<\/div>\n\t\t<div class=\"elementor-element elementor-element-53e1df9e e-flex e-con-boxed wpr-particle-no wpr-jarallax-no wpr-parallax-no wpr-sticky-section-no wpr-column-slider-no wpr-equal-height-no e-con e-parent\" data-id=\"53e1df9e\" data-element_type=\"container\" data-e-type=\"container\" data-settings=\"{&quot;background_background&quot;:&quot;classic&quot;}\">\n\t\t\t\t\t<div class=\"e-con-inner\">\n\t\t\t\t<div class=\"elementor-element elementor-element-7546e53a elementor-widget elementor-widget-elementskit-heading\" data-id=\"7546e53a\" data-element_type=\"widget\" data-e-type=\"widget\" data-widget_type=\"elementskit-heading.default\">\n\t\t\t\t\t<div class=\"ekit-wid-con\" ><div class=\"ekit-heading elementskit-section-title-wraper text_left   ekit_heading_tablet-   ekit_heading_mobile-text_center\"><p class=\"ekit-heading--title elementskit-section-title \">2026. IFSO VICHY CLERMONT FERRAND TOUS DROITS RESERVES <\/p><\/div><\/div>\t\t\t\t<\/div>\n\t\t\t\t<div class=\"elementor-element elementor-element-31bce7e7 elementor-align-right elementor-mobile-align-left elementor-widget elementor-widget-elementskit-page-list\" data-id=\"31bce7e7\" data-element_type=\"widget\" data-e-type=\"widget\" data-widget_type=\"elementskit-page-list.default\">\n\t\t\t\t<div class=\"elementor-widget-container\">\n\t\t\t\t\t<div class=\"ekit-wid-con\" >\t\t<div class=\"elementor-icon-list-itemsfg  elementor-inline-items\">\n\t\t\t\t\t\t\t<div class=\"elementor-icon-list-item   \">\n\t\t\t\t\t\t<a class=\"elementor-repeater-item-0e60ed8 ekit_badge_left\" >\n\t\t\t\t\t\t\t<div class=\"ekit_page_list_content\">\n\t\t\t\t\t\t\t\t\t\t\t\t\t\t\t\t<span class=\"elementor-icon-list-text\">\n\t\t\t\t\t\t\t\t\t<span class=\"ekit_page_list_title_title\">Mentions l\u00e9gales<\/span>\n\t\t\t\t\t\t\t\t\t\t\t\t\t\t\t\t\t<\/span>\n\t\t\t\t\t\t\t<\/div>\n\t\t\t\t\t\t\t\t\t\t\t\t\t<\/a>\n\t\t\t\t\t<\/div>\n\t\t\t\t\t\t\t\t<div class=\"elementor-icon-list-item   \">\n\t\t\t\t\t\t<a class=\"elementor-repeater-item-9fc5a74 ekit_badge_left\" >\n\t\t\t\t\t\t\t<div class=\"ekit_page_list_content\">\n\t\t\t\t\t\t\t\t\t\t\t\t\t\t\t\t<span class=\"elementor-icon-list-text\">\n\t\t\t\t\t\t\t\t\t<span class=\"ekit_page_list_title_title\">Politique de confidentialit\u00e9<\/span>\n\t\t\t\t\t\t\t\t\t\t\t\t\t\t\t\t\t<\/span>\n\t\t\t\t\t\t\t<\/div>\n\t\t\t\t\t\t\t\t\t\t\t\t\t<\/a>\n\t\t\t\t\t<\/div>\n\t\t\t\t\t\t\t\t<div class=\"elementor-icon-list-item   \">\n\t\t\t\t\t\t<a class=\"elementor-repeater-item-542bc6b ekit_badge_left\" >\n\t\t\t\t\t\t\t<div class=\"ekit_page_list_content\">\n\t\t\t\t\t\t\t\t\t\t\t\t\t\t\t\t<span class=\"elementor-icon-list-text\">\n\t\t\t\t\t\t\t\t\t<span class=\"ekit_page_list_title_title\">Mon compte \u00e9tudiant<\/span>\n\t\t\t\t\t\t\t\t\t\t\t\t\t\t\t\t\t<\/span>\n\t\t\t\t\t\t\t<\/div>\n\t\t\t\t\t\t\t\t\t\t\t\t\t<\/a>\n\t\t\t\t\t<\/div>\n\t\t\t\t\t\t<\/div>\n\t\t<\/div>\t\t\t\t<\/div>\n\t\t\t\t<\/div>\n\t\t\t\t\t<\/div>\n\t\t\t\t<\/div>\n\t\t\t\t<\/div>\n\t\t","protected":false},"excerpt":{"rendered":"<p>Vous souhaitez donner un nouveau sens \u00e0 votre carri\u00e8re ? Rejoignez notre \u00e9quipe D\u00e9couvrez ci-dessous les offres d&#8217;emploi disponibles au sein de l&rsquo;IFSO Vichy Clermont-Ferrand Rejoignez l&rsquo;aventure ! Et donnez un sens compl\u00e9mentaire \u00e0 votre carri\u00e8re Aucun poste n&rsquo;est ouvert actuellement au sein de l&rsquo;IFSO Vichy \u2014 Clermont-Ferrand.Nos besoins \u00e9voluent cependant au fil des promotions et des projets de l&rsquo;\u00e9cole, et nous \u00e9tudions avec attention chaque candidature qui nous parvient, m\u00eame en dehors de toute offre publi\u00e9e. Nous sommes particuli\u00e8rement attentifs aux profils suivants :Formateurs et formatrices \u2014 ost\u00e9opathes en exercice souhaitant transmettre leur pratique clinique aux futures g\u00e9n\u00e9rations (r\u00e9serv\u00e9 DO +5 uniquement) Coordinateurs et coordinatrices p\u00e9dagogiques \u2014 pour accompagner la structuration et le suivi des parcours de formation Stagiaires et alternants en commerce, marketing ou communication \u2014 pour contribuer au rayonnement de l&rsquo;\u00e9cole aupr\u00e8s des futurs \u00e9tudiants et de nos partenaires Rejoindre l&rsquo;IFSO, c&rsquo;est int\u00e9grer une \u00e9cole ancr\u00e9e dans la tradition ost\u00e9opathique tout en portant une p\u00e9dagogie exigeante, au contact direct de deux cliniques universitaires et d&rsquo;un r\u00e9seau de partenaires solidement implant\u00e9 en Auvergne. Vous vous reconnaissez dans l&rsquo;une de ces missions ? Envoyez-nous votre candidature spontan\u00e9e : nous prenons le temps de la lire.&nbsp;CV + lettre de motivation \u00e0 contact@ifso-vichy.com http:\/\/preprod.osteopathie-auvergne.fr\/wp-content\/uploads\/2026\/08\/20-06-Amauryvillebasse.mp4 Incrivez-vous \u00e0 notre newsletter Ne manquez aucune de nos actualit\u00e9s 2026. IFSO VICHY CLERMONT FERRAND TOUS DROITS RESERVES Mentions l\u00e9gales Politique de confidentialit\u00e9 Mon compte \u00e9tudiant<\/p>\n","protected":false},"author":1,"featured_media":0,"parent":0,"menu_order":0,"comment_status":"closed","ping_status":"closed","template":"","meta":{"site-sidebar-layout":"default","site-content-layout":"","ast-site-content-layout":"default","site-content-style":"default","site-sidebar-style":"default","ast-global-header-display":"","ast-banner-title-visibility":"","ast-main-header-display":"","ast-hfb-above-header-display":"","ast-hfb-below-header-display":"","ast-hfb-mobile-header-display":"","site-post-title":"","ast-breadcrumbs-content":"","ast-featured-img":"","footer-sml-layout":"","ast-disable-related-posts":"","theme-transparent-header-meta":"","adv-header-id-meta":"","stick-header-meta":"","header-above-stick-meta":"","header-main-stick-meta":"","header-below-stick-meta":"","astra-migrate-meta-layouts":"default","ast-page-background-enabled":"default","ast-page-background-meta":{"desktop":{"background-color":"var(--ast-global-color-5)","background-image":"","background-repeat":"repeat","background-position":"center center","background-size":"auto","background-attachment":"scroll","background-type":"","background-media":"","overlay-type":"","overlay-color":"","overlay-opacity":"","overlay-gradient":""},"tablet":{"background-color":"","background-image":"","background-repeat":"repeat","background-position":"center center","background-size":"auto","background-attachment":"scroll","background-type":"","background-media":"","overlay-type":"","overlay-color":"","overlay-opacity":"","overlay-gradient":""},"mobile":{"background-color":"","background-image":"","background-repeat":"repeat","background-position":"center center","background-size":"auto","background-attachment":"scroll","background-type":"","background-media":"","overlay-type":"","overlay-color":"","overlay-opacity":"","overlay-gradient":""}},"ast-content-background-meta":{"desktop":{"background-color":"var(--ast-global-color-4)","background-image":"","background-repeat":"repeat","background-position":"center center","background-size":"auto","background-attachment":"scroll","background-type":"","background-media":"","overlay-type":"","overlay-color":"","overlay-opacity":"","overlay-gradient":""},"tablet":{"background-color":"var(--ast-global-color-4)","background-image":"","background-repeat":"repeat","background-position":"center center","background-size":"auto","background-attachment":"scroll","background-type":"","background-media":"","overlay-type":"","overlay-color":"","overlay-opacity":"","overlay-gradient":""},"mobile":{"background-color":"var(--ast-global-color-4)","background-image":"","background-repeat":"repeat","background-position":"center center","background-size":"auto","background-attachment":"scroll","background-type":"","background-media":"","overlay-type":"","overlay-color":"","overlay-opacity":"","overlay-gradient":""}},"footnotes":""},"class_list":["post-222","page","type-page","status-publish","hentry"],"yoast_head":"<!-- This site is optimized with the Yoast SEO plugin v28.3 - https:\/\/yoast.com\/product\/yoast-seo-wordpress\/ -->\n<title>Rejoignez l&#039;\u00e9quipe p\u00e9dagogique -<\/title>\n<meta name=\"robots\" content=\"index, follow, max-snippet:-1, max-image-preview:large, max-video-preview:-1\" \/>\n<link rel=\"canonical\" href=\"https:\/\/preprod.osteopathie-auvergne.fr\/index.php\/rejoignez-lequipe-pedagogique\/\" \/>\n<meta property=\"og:locale\" content=\"fr_FR\" \/>\n<meta property=\"og:type\" content=\"article\" \/>\n<meta property=\"og:title\" content=\"Rejoignez l&#039;\u00e9quipe p\u00e9dagogique -\" \/>\n<meta property=\"og:description\" content=\"Vous souhaitez donner un nouveau sens \u00e0 votre carri\u00e8re ? Rejoignez notre \u00e9quipe D\u00e9couvrez ci-dessous les offres d&#8217;emploi disponibles au sein de l&rsquo;IFSO Vichy Clermont-Ferrand Rejoignez l&rsquo;aventure ! Et donnez un sens compl\u00e9mentaire \u00e0 votre carri\u00e8re Aucun poste n&rsquo;est ouvert actuellement au sein de l&rsquo;IFSO Vichy \u2014 Clermont-Ferrand.Nos besoins \u00e9voluent cependant au fil des promotions et des projets de l&rsquo;\u00e9cole, et nous \u00e9tudions avec attention chaque candidature qui nous parvient, m\u00eame en dehors de toute offre publi\u00e9e. Nous sommes particuli\u00e8rement attentifs aux profils suivants :Formateurs et formatrices \u2014 ost\u00e9opathes en exercice souhaitant transmettre leur pratique clinique aux futures g\u00e9n\u00e9rations (r\u00e9serv\u00e9 DO +5 uniquement) Coordinateurs et coordinatrices p\u00e9dagogiques \u2014 pour accompagner la structuration et le suivi des parcours de formation Stagiaires et alternants en commerce, marketing ou communication \u2014 pour contribuer au rayonnement de l&rsquo;\u00e9cole aupr\u00e8s des futurs \u00e9tudiants et de nos partenaires Rejoindre l&rsquo;IFSO, c&rsquo;est int\u00e9grer une \u00e9cole ancr\u00e9e dans la tradition ost\u00e9opathique tout en portant une p\u00e9dagogie exigeante, au contact direct de deux cliniques universitaires et d&rsquo;un r\u00e9seau de partenaires solidement implant\u00e9 en Auvergne. Vous vous reconnaissez dans l&rsquo;une de ces missions ? Envoyez-nous votre candidature spontan\u00e9e : nous prenons le temps de la lire.&nbsp;CV + lettre de motivation \u00e0 contact@ifso-vichy.com http:\/\/preprod.osteopathie-auvergne.fr\/wp-content\/uploads\/2026\/08\/20-06-Amauryvillebasse.mp4 Incrivez-vous \u00e0 notre newsletter Ne manquez aucune de nos actualit\u00e9s 2026. IFSO VICHY CLERMONT FERRAND TOUS DROITS RESERVES Mentions l\u00e9gales Politique de confidentialit\u00e9 Mon compte \u00e9tudiant\" \/>\n<meta property=\"og:url\" content=\"https:\/\/preprod.osteopathie-auvergne.fr\/index.php\/rejoignez-lequipe-pedagogique\/\" \/>\n<meta property=\"article:modified_time\" content=\"2026-08-25T11:53:38+00:00\" \/>\n<meta property=\"og:image\" content=\"https:\/\/preprod.osteopathie-auvergne.fr\/wp-content\/uploads\/2026\/04\/cropped-LOGO-IFSO-BLANC-PNG.png\" \/>\n\t<meta property=\"og:image:width\" content=\"993\" \/>\n\t<meta property=\"og:image:height\" content=\"331\" \/>\n\t<meta property=\"og:image:type\" content=\"image\/png\" \/>\n<meta name=\"twitter:card\" content=\"summary_large_image\" \/>\n<meta name=\"twitter:label1\" content=\"Dur\u00e9e de lecture estim\u00e9e\" \/>\n\t<meta name=\"twitter:data1\" content=\"2 minutes\" \/>\n<script type=\"application\/ld+json\" class=\"yoast-schema-graph\">{\"@context\":\"https:\\\/\\\/schema.org\",\"@graph\":[{\"@type\":\"WebPage\",\"@id\":\"https:\\\/\\\/preprod.osteopathie-auvergne.fr\\\/index.php\\\/rejoignez-lequipe-pedagogique\\\/\",\"url\":\"https:\\\/\\\/preprod.osteopathie-auvergne.fr\\\/index.php\\\/rejoignez-lequipe-pedagogique\\\/\",\"name\":\"Rejoignez l'\u00e9quipe p\u00e9dagogique -\",\"isPartOf\":{\"@id\":\"https:\\\/\\\/preprod.osteopathie-auvergne.fr\\\/#website\"},\"primaryImageOfPage\":{\"@id\":\"https:\\\/\\\/preprod.osteopathie-auvergne.fr\\\/index.php\\\/rejoignez-lequipe-pedagogique\\\/#primaryimage\"},\"image\":{\"@id\":\"https:\\\/\\\/preprod.osteopathie-auvergne.fr\\\/index.php\\\/rejoignez-lequipe-pedagogique\\\/#primaryimage\"},\"thumbnailUrl\":\"http:\\\/\\\/preprod.osteopathie-auvergne.fr\\\/wp-content\\\/uploads\\\/2026\\\/04\\\/cropped-LOGO-IFSO-BLANC-PNG-235x78.png\",\"datePublished\":\"2026-04-13T07:33:43+00:00\",\"dateModified\":\"2026-08-25T11:53:38+00:00\",\"breadcrumb\":{\"@id\":\"https:\\\/\\\/preprod.osteopathie-auvergne.fr\\\/index.php\\\/rejoignez-lequipe-pedagogique\\\/#breadcrumb\"},\"inLanguage\":\"fr-FR\",\"potentialAction\":[{\"@type\":\"ReadAction\",\"target\":[\"https:\\\/\\\/preprod.osteopathie-auvergne.fr\\\/index.php\\\/rejoignez-lequipe-pedagogique\\\/\"]}]},{\"@type\":\"ImageObject\",\"inLanguage\":\"fr-FR\",\"@id\":\"https:\\\/\\\/preprod.osteopathie-auvergne.fr\\\/index.php\\\/rejoignez-lequipe-pedagogique\\\/#primaryimage\",\"url\":\"https:\\\/\\\/preprod.osteopathie-auvergne.fr\\\/wp-content\\\/uploads\\\/2026\\\/04\\\/cropped-LOGO-IFSO-BLANC-PNG.png\",\"contentUrl\":\"https:\\\/\\\/preprod.osteopathie-auvergne.fr\\\/wp-content\\\/uploads\\\/2026\\\/04\\\/cropped-LOGO-IFSO-BLANC-PNG.png\",\"width\":993,\"height\":331,\"caption\":\"Logo de l'\u00e9cole d'ost\u00e9oapthie IFSO Vichy Clermont-Ferrand\"},{\"@type\":\"BreadcrumbList\",\"@id\":\"https:\\\/\\\/preprod.osteopathie-auvergne.fr\\\/index.php\\\/rejoignez-lequipe-pedagogique\\\/#breadcrumb\",\"itemListElement\":[{\"@type\":\"ListItem\",\"position\":1,\"name\":\"Home\",\"item\":\"https:\\\/\\\/preprod.osteopathie-auvergne.fr\\\/\"},{\"@type\":\"ListItem\",\"position\":2,\"name\":\"Rejoignez l&rsquo;\u00e9quipe p\u00e9dagogique\"}]},{\"@type\":\"WebSite\",\"@id\":\"https:\\\/\\\/preprod.osteopathie-auvergne.fr\\\/#website\",\"url\":\"https:\\\/\\\/preprod.osteopathie-auvergne.fr\\\/\",\"name\":\"\",\"description\":\"\",\"potentialAction\":[{\"@type\":\"SearchAction\",\"target\":{\"@type\":\"EntryPoint\",\"urlTemplate\":\"https:\\\/\\\/preprod.osteopathie-auvergne.fr\\\/?s={search_term_string}\"},\"query-input\":{\"@type\":\"PropertyValueSpecification\",\"valueRequired\":true,\"valueName\":\"search_term_string\"}}],\"inLanguage\":\"fr-FR\"}]}<\/script>\n<!-- \/ Yoast SEO plugin. -->","yoast_head_json":{"title":"Rejoignez l'\u00e9quipe p\u00e9dagogique -","robots":{"index":"index","follow":"follow","max-snippet":"max-snippet:-1","max-image-preview":"max-image-preview:large","max-video-preview":"max-video-preview:-1"},"canonical":"https:\/\/preprod.osteopathie-auvergne.fr\/index.php\/rejoignez-lequipe-pedagogique\/","og_locale":"fr_FR","og_type":"article","og_title":"Rejoignez l'\u00e9quipe p\u00e9dagogique -","og_description":"Vous souhaitez donner un nouveau sens \u00e0 votre carri\u00e8re ? Rejoignez notre \u00e9quipe D\u00e9couvrez ci-dessous les offres d&#8217;emploi disponibles au sein de l&rsquo;IFSO Vichy Clermont-Ferrand Rejoignez l&rsquo;aventure ! Et donnez un sens compl\u00e9mentaire \u00e0 votre carri\u00e8re Aucun poste n&rsquo;est ouvert actuellement au sein de l&rsquo;IFSO Vichy \u2014 Clermont-Ferrand.Nos besoins \u00e9voluent cependant au fil des promotions et des projets de l&rsquo;\u00e9cole, et nous \u00e9tudions avec attention chaque candidature qui nous parvient, m\u00eame en dehors de toute offre publi\u00e9e. Nous sommes particuli\u00e8rement attentifs aux profils suivants :Formateurs et formatrices \u2014 ost\u00e9opathes en exercice souhaitant transmettre leur pratique clinique aux futures g\u00e9n\u00e9rations (r\u00e9serv\u00e9 DO +5 uniquement) Coordinateurs et coordinatrices p\u00e9dagogiques \u2014 pour accompagner la structuration et le suivi des parcours de formation Stagiaires et alternants en commerce, marketing ou communication \u2014 pour contribuer au rayonnement de l&rsquo;\u00e9cole aupr\u00e8s des futurs \u00e9tudiants et de nos partenaires Rejoindre l&rsquo;IFSO, c&rsquo;est int\u00e9grer une \u00e9cole ancr\u00e9e dans la tradition ost\u00e9opathique tout en portant une p\u00e9dagogie exigeante, au contact direct de deux cliniques universitaires et d&rsquo;un r\u00e9seau de partenaires solidement implant\u00e9 en Auvergne. Vous vous reconnaissez dans l&rsquo;une de ces missions ? Envoyez-nous votre candidature spontan\u00e9e : nous prenons le temps de la lire.&nbsp;CV + lettre de motivation \u00e0 contact@ifso-vichy.com http:\/\/preprod.osteopathie-auvergne.fr\/wp-content\/uploads\/2026\/08\/20-06-Amauryvillebasse.mp4 Incrivez-vous \u00e0 notre newsletter Ne manquez aucune de nos actualit\u00e9s 2026. IFSO VICHY CLERMONT FERRAND TOUS DROITS RESERVES Mentions l\u00e9gales Politique de confidentialit\u00e9 Mon compte \u00e9tudiant","og_url":"https:\/\/preprod.osteopathie-auvergne.fr\/index.php\/rejoignez-lequipe-pedagogique\/","article_modified_time":"2026-08-25T11:53:38+00:00","og_image":[{"width":993,"height":331,"url":"https:\/\/preprod.osteopathie-auvergne.fr\/wp-content\/uploads\/2026\/04\/cropped-LOGO-IFSO-BLANC-PNG.png","type":"image\/png"}],"twitter_card":"summary_large_image","twitter_misc":{"Dur\u00e9e de lecture estim\u00e9e":"2 minutes"},"schema":{"@context":"https:\/\/schema.org","@graph":[{"@type":"WebPage","@id":"https:\/\/preprod.osteopathie-auvergne.fr\/index.php\/rejoignez-lequipe-pedagogique\/","url":"https:\/\/preprod.osteopathie-auvergne.fr\/index.php\/rejoignez-lequipe-pedagogique\/","name":"Rejoignez l'\u00e9quipe p\u00e9dagogique -","isPartOf":{"@id":"https:\/\/preprod.osteopathie-auvergne.fr\/#website"},"primaryImageOfPage":{"@id":"https:\/\/preprod.osteopathie-auvergne.fr\/index.php\/rejoignez-lequipe-pedagogique\/#primaryimage"},"image":{"@id":"https:\/\/preprod.osteopathie-auvergne.fr\/index.php\/rejoignez-lequipe-pedagogique\/#primaryimage"},"thumbnailUrl":"http:\/\/preprod.osteopathie-auvergne.fr\/wp-content\/uploads\/2026\/04\/cropped-LOGO-IFSO-BLANC-PNG-235x78.png","datePublished":"2026-04-13T07:33:43+00:00","dateModified":"2026-08-25T11:53:38+00:00","breadcrumb":{"@id":"https:\/\/preprod.osteopathie-auvergne.fr\/index.php\/rejoignez-lequipe-pedagogique\/#breadcrumb"},"inLanguage":"fr-FR","potentialAction":[{"@type":"ReadAction","target":["https:\/\/preprod.osteopathie-auvergne.fr\/index.php\/rejoignez-lequipe-pedagogique\/"]}]},{"@type":"ImageObject","inLanguage":"fr-FR","@id":"https:\/\/preprod.osteopathie-auvergne.fr\/index.php\/rejoignez-lequipe-pedagogique\/#primaryimage","url":"https:\/\/preprod.osteopathie-auvergne.fr\/wp-content\/uploads\/2026\/04\/cropped-LOGO-IFSO-BLANC-PNG.png","contentUrl":"https:\/\/preprod.osteopathie-auvergne.fr\/wp-content\/uploads\/2026\/04\/cropped-LOGO-IFSO-BLANC-PNG.png","width":993,"height":331,"caption":"Logo de l'\u00e9cole d'ost\u00e9oapthie IFSO Vichy Clermont-Ferrand"},{"@type":"BreadcrumbList","@id":"https:\/\/preprod.osteopathie-auvergne.fr\/index.php\/rejoignez-lequipe-pedagogique\/#breadcrumb","itemListElement":[{"@type":"ListItem","position":1,"name":"Home","item":"https:\/\/preprod.osteopathie-auvergne.fr\/"},{"@type":"ListItem","position":2,"name":"Rejoignez l&rsquo;\u00e9quipe p\u00e9dagogique"}]},{"@type":"WebSite","@id":"https:\/\/preprod.osteopathie-auvergne.fr\/#website","url":"https:\/\/preprod.osteopathie-auvergne.fr\/","name":"","description":"","potentialAction":[{"@type":"SearchAction","target":{"@type":"EntryPoint","urlTemplate":"https:\/\/preprod.osteopathie-auvergne.fr\/?s={search_term_string}"},"query-input":{"@type":"PropertyValueSpecification","valueRequired":true,"valueName":"search_term_string"}}],"inLanguage":"fr-FR"}]}},"_links":{"self":[{"href":"https:\/\/preprod.osteopathie-auvergne.fr\/index.php\/wp-json\/wp\/v2\/pages\/222","targetHints":{"allow":["GET"]}}],"collection":[{"href":"https:\/\/preprod.osteopathie-auvergne.fr\/index.php\/wp-json\/wp\/v2\/pages"}],"about":[{"href":"https:\/\/preprod.osteopathie-auvergne.fr\/index.php\/wp-json\/wp\/v2\/types\/page"}],"author":[{"embeddable":true,"href":"https:\/\/preprod.osteopathie-auvergne.fr\/index.php\/wp-json\/wp\/v2\/users\/1"}],"replies":[{"embeddable":true,"href":"https:\/\/preprod.osteopathie-auvergne.fr\/index.php\/wp-json\/wp\/v2\/comments?post=222"}],"version-history":[{"count":22,"href":"https:\/\/preprod.osteopathie-auvergne.fr\/index.php\/wp-json\/wp\/v2\/pages\/222\/revisions"}],"predecessor-version":[{"id":3399,"href":"https:\/\/preprod.osteopathie-auvergne.fr\/index.php\/wp-json\/wp\/v2\/pages\/222\/revisions\/3399"}],"wp:attachment":[{"href":"https:\/\/preprod.osteopathie-auvergne.fr\/index.php\/wp-json\/wp\/v2\/media?parent=222"}],"curies":[{"name":"wp","href":"https:\/\/api.w.org\/{rel}","templated":true}]}}