{"id":286,"date":"2026-04-13T07:48:38","date_gmt":"2026-04-13T07:48:38","guid":{"rendered":"http:\/\/preprod.osteopathie-auvergne.fr\/?page_id=286"},"modified":"2026-08-25T13:49:05","modified_gmt":"2026-08-25T13:49:05","slug":"annonces","status":"publish","type":"page","link":"https:\/\/preprod.osteopathie-auvergne.fr\/index.php\/annonces\/","title":{"rendered":"Annonces"},"content":{"rendered":"\t\t<div data-elementor-type=\"wp-page\" data-elementor-id=\"286\" class=\"elementor elementor-286\">\n\t\t\t\t<div class=\"elementor-element elementor-element-21555a90 e-flex e-con-boxed wpr-particle-no wpr-jarallax-no wpr-parallax-no wpr-sticky-section-no wpr-column-slider-no wpr-equal-height-no e-con e-parent\" data-id=\"21555a90\" data-element_type=\"container\" data-e-type=\"container\" data-settings=\"{&quot;background_background&quot;:&quot;classic&quot;}\">\n\t\t\t\t\t<div class=\"e-con-inner\">\n\t\t\t\t<div class=\"elementor-element elementor-element-512b71fa elementor-widget__width-initial elementor-widget elementor-widget-elementskit-heading\" data-id=\"512b71fa\" data-element_type=\"widget\" data-e-type=\"widget\" data-widget_type=\"elementskit-heading.default\">\n\t\t\t\t\t<div class=\"ekit-wid-con\" ><div class=\"ekit-heading elementskit-section-title-wraper text_center   ekit_heading_tablet-   ekit_heading_mobile-\"><h3 class=\"elementskit-section-subtitle  \">\n\t\t\t\t\t\tD\u00e9couvrez les\n\t\t\t\t\t<\/h3><h1 class=\"ekit-heading--title elementskit-section-title \">Annonces ost\u00e9opathie<\/h1>\t\t\t\t<div class='ekit-heading__description'>\n\t\t\t\t\t<p>Quelques annonces de cabinets et mat\u00e9riel professionnel<\/p>\n\t\t\t\t<\/div>\n\t\t\t<\/div><\/div>\t\t\t\t<\/div>\n\t\t\t\t\t<\/div>\n\t\t\t\t<\/div>\n\t\t<div class=\"elementor-element elementor-element-bb2637b e-flex e-con-boxed wpr-particle-no wpr-jarallax-no wpr-parallax-no wpr-sticky-section-no wpr-column-slider-no wpr-equal-height-no e-con e-parent\" data-id=\"bb2637b\" data-element_type=\"container\" data-e-type=\"container\" id=\"xs_team_1\">\n\t\t\t\t\t<div class=\"e-con-inner\">\n\t\t<div class=\"elementor-element elementor-element-350bce49 e-con-full e-grid wpr-particle-no wpr-jarallax-no wpr-parallax-no wpr-sticky-section-no wpr-column-slider-no wpr-equal-height-no e-con e-child\" data-id=\"350bce49\" data-element_type=\"container\" data-e-type=\"container\">\n\t\t\t\t<div class=\"elementor-element elementor-element-6e3f1e97 elementor-widget elementor-widget-elementskit-team\" data-id=\"6e3f1e97\" data-element_type=\"widget\" data-e-type=\"widget\" data-widget_type=\"elementskit-team.default\">\n\t\t\t\t<div class=\"elementor-widget-container\">\n\t\t\t\t\t<div class=\"ekit-wid-con\">\t\t\t\t\t\t\t\t\n\t\t<div class=\"profile-card elementor-animation- text-center ekit-team-style-default\">\n\t\t\t\t\t\t\t<a aria-label=\"View Cabinet pluridisciplinaire recherche ost\u00e9opathes | Paris 6e profile\" href=\"javascript:void(0)\" data-mfp-src=\"#ekit_team_modal_6e3f1e97_286\" class=\"ekit-team-popup\">\n\t\t\t\n\t\t\t\t<div class=\"profile-header ekit-team-img ekit-img-overlay ekit-team-img-block\"  data-toggle=\"modal\" data-target=\"ekit_team_modal_#6e3f1e97_286\" >\n\t\t\t\t\t\t\t\t\t<\/div><!-- .profile-header END -->\n\t\t\t\t\t\t\t<\/a>\n\t\t\t\n\n\t\t\t\t<div class=\"profile-body\">\n\t\t\t\t\t\n\t\t\t\t\t<h2 class=\"profile-title\">\n\t\t\t\t\t\t\t\t\t\t\t<a aria-label=\"View Cabinet pluridisciplinaire recherche ost\u00e9opathes | Paris 6e profile\" href=\"javascript:void(0)\" data-mfp-src=\"#ekit_team_modal_6e3f1e97_286\" class=\"ekit-team-popup\">\n\t\t\t\t\t\tCabinet pluridisciplinaire recherche ost\u00e9opathes | Paris 6e\t\t\t\t\t\t<\/a>\n\t\t\t\t\t\t\t\t\t\t\t<\/h2>\n\t\t\t\t\t<p class=\"profile-designation\">Disponibilit\u00e9s d\u00e8s ao\u00fbt 2026 \u2013 Recherche notamment ost\u00e9opathes \/ kin\u00e9s \/ th\u00e9rapies manuelles<\/p>\n\t\t\t\t\t\t\t\t\t<\/div><!-- .profile-body END -->\n\n\t\t\t\t\t\t\t\t<\/div>\n\t\t\t\t\t\t\t\n\t\t\t\n\t\t\t\t\t<div class=\"zoom-anim-dialog mfp-hide elementskit-team-popup team-popup-id-6e3f1e97\" id=\"ekit_team_modal_6e3f1e97_286\" tabindex=\"-1\" role=\"dialog\" aria-modal=\"true\">\n\t\t\t\t<div class=\"modal-dialog modal-dialog-centered\" role=\"document\">\n\t\t\t\t\t<div class=\"modal-content\">\n\t\t\t\t\t\t<button type=\"button\" class=\"ekit-team-modal-close\">\n\t\t\t\t\t\t\t<svg aria-hidden=\"true\" class=\"e-font-icon-svg e-fas-times\" viewBox=\"0 0 352 512\" xmlns=\"http:\/\/www.w3.org\/2000\/svg\"><path d=\"M242.72 256l100.07-100.07c12.28-12.28 12.28-32.19 0-44.48l-22.24-22.24c-12.28-12.28-32.19-12.28-44.48 0L176 189.28 75.93 89.21c-12.28-12.28-32.19-12.28-44.48 0L9.21 111.45c-12.28 12.28-12.28 32.19 0 44.48L109.28 256 9.21 356.07c-12.28 12.28-12.28 32.19 0 44.48l22.24 22.24c12.28 12.28 32.2 12.28 44.48 0L176 322.72l100.07 100.07c12.28 12.28 32.2 12.28 44.48 0l22.24-22.24c12.28-12.28 12.28-32.19 0-44.48L242.72 256z\"><\/path><\/svg>\t\t\t\t\t\t<\/button>\n\n\t\t\t\t\t\t<div class=\"modal-body\">\n\t\t\t\t\t\t\t\n\t\t\t\t\t\t\t<div class=\"ekit-team-modal-info\">\n\t\t\t\t\t\t\t\t<h2 class=\"ekit-team-modal-title\">Cabinet pluridisciplinaire recherche ost\u00e9opathes | Paris 6e<\/h2>\n\t\t\t\t\t\t\t\t<p class=\"ekit-team-modal-position\">Disponibilit\u00e9s d\u00e8s ao\u00fbt 2026 \u2013 Recherche notamment ost\u00e9opathes \/ kin\u00e9s \/ th\u00e9rapies manuelles<\/p>\n\n\t\t\t\t\t\t\t\t<div class=\"ekit-team-modal-content\">\n\t\t\t\t\t\t\t\t\t\u2600\ufe0f \u00ab Et si, pour une fois, c\u2019\u00e9tait votre lieu de travail qui prenait soin de vous ? \u00bb \u2600\ufe0f\n\nUn cabinet beau et calme, pour vous comme pour les personnes que vous accompagnez ?\n\nEnvie de travailler dans un lieu chaleureux et de rejoindre une \u00e9quipe de praticiennes passionn\u00e9es et tr\u00e8s sympa ? \ud83e\udd17\n\nBienvenue rue de S\u00e8vres, dans une tr\u00e8s belle adresse parisienne : une cour int\u00e9rieure arbor\u00e9e \ud83c\udf33, au calme, comme un petit havre de paix au c\u0153ur du 6e.\n\nDisponibilit\u00e9s d\u00e8s ao\u00fbt 2026, avec diff\u00e9rentes possibilit\u00e9s : 1, 2, 3 jours par semaine ou davantage, ainsi que des contrats courts de d\u00e9pannage ou de transition.\n\n\ud83d\udca1 17 m\u00b2 \u2013 Bureau jaune\/beige, enti\u00e8rement refait \u00e0 neuf, avec point d\u2019eau : disponible les lundis, mardis, jeudis et samedis.\n\n\ud83d\udc99 14 m\u00b2 \u2013 Bureau bleu : complet.\n\n\u2665\ufe0f14 m\u00b2 \u2013 Bureau bordeaux, d\u00e9di\u00e9 aux th\u00e9rapies manuelles (ost\u00e9opathie, kin\u00e9sith\u00e9rapie, fascia\u2026) : disponible d\u00e8s le 1er ao\u00fbt les lundis, mardis et samedis.\n\n\ud83c\udf33 20 m\u00b2 \u2013 Grand bureau, enti\u00e8rement refait \u00e0 neuf, avec tapisserie arbor\u00e9e : temps plein ou temps partiel possible d\u00e8s ao\u00fbt 2026.\n\nPlus qu\u2019un simple cabinet, c\u2019est un projet. \u2764\ufe0f\n\nNotre \u00e9quipe r\u00e9unit actuellement Anna, Sarah et St\u00e9phanie (psychologues), Carole (hypnoth\u00e9rapeute), Sandrine (praticienne en MTC) et Audrey (psychopraticienne et hypnoth\u00e9rapeute).\n\nL\u2019id\u00e9e est de cr\u00e9er un lieu de partage, de compl\u00e9mentarit\u00e9 et de connexion entre praticiens, avec \u00e9galement la possibilit\u00e9, pour celles et ceux qui le souhaitent, d\u2019imaginer et de co-animer des groupes ou ateliers.\n\n\ud83d\udccd Paris 6e \u2013 Rue de S\u00e8vres\nM\u00e9tros : Vaneau, Duroc, Saint-Fran\u00e7ois-Xavier\n\u00c0 proximit\u00e9 de Montparnasse, de l\u2019H\u00f4pital Necker et du Bon March\u00e9.\n\nTarifs :\n\nTemps plein : \u00e0 partir de 1 250 \u20ac\/mois, selon la superficie.\nTemps partiel : plusieurs formules possibles.\n\u00c0 partir de 270 \u20ac\/mois pour certains jours.\nBesoin ponctuel \/ d\u00e9pannage : 150 \u20ac la journ\u00e9e.\nPour d\u00e9couvrir le lieu et \u00e9changer sur le projet : MP \ud83e\udd8b\n\nInstagram : https:\/\/www.instagram.com\/reel\/DRmhXs4DJrC\/?igsh=MWVwdHJmNW0ydDVoNQ==\n\nAudrey Ahovey\n\nCabinet En th\u00e9rapie Paris\nPsychopraticienne \u2014 Hypnose &amp; EMDR\nCoach certifi\u00e9e\nTel : 0781234163\n\nDiffus\u00e9e le 24\/08\/2026\t\t\t\t\t\t\t\t<\/div>\n\n\t\t\t\t\t\t\t\t\t\t\t\t\t\t\t\t\t<ul class=\"ekit-team-modal-list\">\n\t\t\t\t\t\t\t\t\t\t\t\t\t\t\t\t\t\t\t\t\t<li><strong>Phone:<\/strong><a href=\"tel:0781234163\">0781234163<\/a><\/li>\n\t\t\t\t\t\t\t\t\t\t\n\t\t\t\t\t\t\t\t\t\t\t\t\t\t\t\t\t\t\t\t\t<li><strong>Email:<\/strong><a href=\"mailto:https:\/\/www.instagram.com\/reel\/DRmhXs4DJrC\/?igsh=MWVwdHJmNW0ydDVoNQ==\">https:\/\/www.instagram.com\/reel\/DRmhXs4DJrC\/?igsh=MWVwdHJmNW0ydDVoNQ==<\/a><\/li>\n\t\t\t\t\t\t\t\t\t\t\t\t\t\t\t\t\t\t\t<\/ul>\n\t\t\t\t\t\t\t\t\n\t\t\t\t\t\t\t\t\t\t\t\t\t\t\t<\/div>\n\t\t\t\t\t\t<\/div>\n\t\t\t\t\t<\/div>\n\t\t\t\t<\/div>\n\t\t\t<\/div>\n\t\t\t\t<\/div>\t\t\t\t<\/div>\n\t\t\t\t<\/div>\n\t\t\t\t<div class=\"elementor-element elementor-element-77fc04c3 elementor-widget elementor-widget-elementskit-team\" data-id=\"77fc04c3\" data-element_type=\"widget\" data-e-type=\"widget\" data-widget_type=\"elementskit-team.default\">\n\t\t\t\t<div class=\"elementor-widget-container\">\n\t\t\t\t\t<div class=\"ekit-wid-con\">\t\t\t\t\t\t\t\t\n\t\t<div class=\"profile-card elementor-animation- text-center ekit-team-style-default\">\n\t\t\t\t\t\t\t<a aria-label=\"View C\u00e8de cabinet avec patient\u00e8le \u00e0 Aubagne (13400) profile\" href=\"javascript:void(0)\" data-mfp-src=\"#ekit_team_modal_77fc04c3_286\" class=\"ekit-team-popup\">\n\t\t\t\n\t\t\t\t<div class=\"profile-header ekit-team-img ekit-img-overlay ekit-team-img-block\"  data-toggle=\"modal\" data-target=\"ekit_team_modal_#77fc04c3_286\" >\n\t\t\t\t\t\t\t\t\t<\/div><!-- .profile-header END -->\n\t\t\t\t\t\t\t<\/a>\n\t\t\t\n\n\t\t\t\t<div class=\"profile-body\">\n\t\t\t\t\t\n\t\t\t\t\t<h2 class=\"profile-title\">\n\t\t\t\t\t\t\t\t\t\t\t<a aria-label=\"View C\u00e8de cabinet avec patient\u00e8le \u00e0 Aubagne (13400) profile\" href=\"javascript:void(0)\" data-mfp-src=\"#ekit_team_modal_77fc04c3_286\" class=\"ekit-team-popup\">\n\t\t\t\t\t\tC\u00e8de cabinet avec patient\u00e8le \u00e0 Aubagne (13400)\t\t\t\t\t\t<\/a>\n\t\t\t\t\t\t\t\t\t\t\t<\/h2>\n\t\t\t\t\t<p class=\"profile-designation\">Installation cl\u00e9 en main dans un bassin de patient\u00e8le en plein d\u00e9veloppement<\/p>\n\t\t\t\t\t\t\t\t\t<\/div><!-- .profile-body END -->\n\n\t\t\t\t\t\t\t\t<\/div>\n\t\t\t\t\t\t\t\n\t\t\t\n\t\t\t\t\t<div class=\"zoom-anim-dialog mfp-hide elementskit-team-popup team-popup-id-77fc04c3\" id=\"ekit_team_modal_77fc04c3_286\" tabindex=\"-1\" role=\"dialog\" aria-modal=\"true\">\n\t\t\t\t<div class=\"modal-dialog modal-dialog-centered\" role=\"document\">\n\t\t\t\t\t<div class=\"modal-content\">\n\t\t\t\t\t\t<button type=\"button\" class=\"ekit-team-modal-close\">\n\t\t\t\t\t\t\t<svg aria-hidden=\"true\" class=\"e-font-icon-svg e-fas-times\" viewBox=\"0 0 352 512\" xmlns=\"http:\/\/www.w3.org\/2000\/svg\"><path d=\"M242.72 256l100.07-100.07c12.28-12.28 12.28-32.19 0-44.48l-22.24-22.24c-12.28-12.28-32.19-12.28-44.48 0L176 189.28 75.93 89.21c-12.28-12.28-32.19-12.28-44.48 0L9.21 111.45c-12.28 12.28-12.28 32.19 0 44.48L109.28 256 9.21 356.07c-12.28 12.28-12.28 32.19 0 44.48l22.24 22.24c12.28 12.28 32.2 12.28 44.48 0L176 322.72l100.07 100.07c12.28 12.28 32.2 12.28 44.48 0l22.24-22.24c12.28-12.28 12.28-32.19 0-44.48L242.72 256z\"><\/path><\/svg>\t\t\t\t\t\t<\/button>\n\n\t\t\t\t\t\t<div class=\"modal-body\">\n\t\t\t\t\t\t\t\n\t\t\t\t\t\t\t<div class=\"ekit-team-modal-info\">\n\t\t\t\t\t\t\t\t<h2 class=\"ekit-team-modal-title\">C\u00e8de cabinet avec patient\u00e8le \u00e0 Aubagne (13400)<\/h2>\n\t\t\t\t\t\t\t\t<p class=\"ekit-team-modal-position\">Installation cl\u00e9 en main dans un bassin de patient\u00e8le en plein d\u00e9veloppement<\/p>\n\n\t\t\t\t\t\t\t\t<div class=\"ekit-team-modal-content\">\n\t\t\t\t\t\t\t\t\tVous cherchez une installation o\u00f9 tout est d\u00e9j\u00e0 en place.\n\nPermettez-moi de me pr\u00e9senter : je suis Damien TITONE, Ost\u00e9opathe D.O. (en exercice depuis 17 ans) et mon cabinet est situ\u00e9 \u00e0 Aubagne (13400). Je c\u00e8de mon cabinet dans le cadre d\u2019un projet \u00e0 l\u2019\u00e9tranger.\n\nVous souhaitez vous installer en r\u00e9gion PACA une opportunit\u00e9 cl\u00e9 en main dans un bassin de patient\u00e8le en plein d\u00e9veloppement.\n\nCe que propose cette reprise :\n\nUne patient\u00e8le constitu\u00e9e sur 17 ans, en augmentation constante\nUn cabinet enti\u00e8rement \u00e9quip\u00e9, op\u00e9rationnel d\u00e8s le premier jour\nUn emplacement premium : arr\u00eat tramway devant l\u2019entr\u00e9e, transports 100 % gratuits, parking devant le cabinet\nUn loyer tr\u00e8s comp\u00e9titif, charges comprises\nUne offre avec accompagnement sur 4 mois \u2014 id\u00e9ale pour s\u00e9curiser une premi\u00e8re installation\nLes chiffres d\u00e9taill\u00e9s (offres de vente, CA, inventaire, conditions) sont communiqu\u00e9s sur demande, sous accord de confidentialit\u00e9.\n\nContact : Damien TITONE : 04 42 82 03 49\n\nDiffus\u00e9e le 11\/08\/2026\t\t\t\t\t\t\t\t<\/div>\n\n\t\t\t\t\t\t\t\t\t\t\t\t\t\t\t\t\t<ul class=\"ekit-team-modal-list\">\n\t\t\t\t\t\t\t\t\t\t\t\t\t\t\t\t\t\t\t\t\t<li><strong>Phone:<\/strong><a href=\"tel:04 42 82 03 49\">04 42 82 03 49<\/a><\/li>\n\t\t\t\t\t\t\t\t\t\t\n\t\t\t\t\t\t\t\t\t\t\t\t\t\t\t\t\t\t\t<\/ul>\n\t\t\t\t\t\t\t\t\n\t\t\t\t\t\t\t\t\t\t\t\t\t\t\t<\/div>\n\t\t\t\t\t\t<\/div>\n\t\t\t\t\t<\/div>\n\t\t\t\t<\/div>\n\t\t\t<\/div>\n\t\t\t\t<\/div>\t\t\t\t<\/div>\n\t\t\t\t<\/div>\n\t\t\t\t<div class=\"elementor-element elementor-element-55be36c3 elementor-widget elementor-widget-elementskit-team\" data-id=\"55be36c3\" data-element_type=\"widget\" data-e-type=\"widget\" data-widget_type=\"elementskit-team.default\">\n\t\t\t\t<div class=\"elementor-widget-container\">\n\t\t\t\t\t<div class=\"ekit-wid-con\">\t\t\t\t\t\t\t\t\n\t\t<div class=\"profile-card elementor-animation- text-center ekit-team-style-default\">\n\t\t\t\t\t\t\t<a aria-label=\"View Cession d\u2019activit\u00e9 \u2013 Cabinet pour professionnel de sant\u00e9 \/ Ost\u00e9opathe (double activit\u00e9) profile\" href=\"javascript:void(0)\" data-mfp-src=\"#ekit_team_modal_55be36c3_286\" class=\"ekit-team-popup\">\n\t\t\t\n\t\t\t\t<div class=\"profile-header ekit-team-img ekit-img-overlay ekit-team-img-block\"  data-toggle=\"modal\" data-target=\"ekit_team_modal_#55be36c3_286\" >\n\t\t\t\t\t\t\t\t\t<\/div><!-- .profile-header END -->\n\t\t\t\t\t\t\t<\/a>\n\t\t\t\n\n\t\t\t\t<div class=\"profile-body\">\n\t\t\t\t\t\n\t\t\t\t\t<h2 class=\"profile-title\">\n\t\t\t\t\t\t\t\t\t\t\t<a aria-label=\"View Cession d\u2019activit\u00e9 \u2013 Cabinet pour professionnel de sant\u00e9 \/ Ost\u00e9opathe (double activit\u00e9) profile\" href=\"javascript:void(0)\" data-mfp-src=\"#ekit_team_modal_55be36c3_286\" class=\"ekit-team-popup\">\n\t\t\t\t\t\tCession d\u2019activit\u00e9 \u2013 Cabinet pour professionnel de sant\u00e9 \/ Ost\u00e9opathe (double activit\u00e9)\t\t\t\t\t\t<\/a>\n\t\t\t\t\t\t\t\t\t\t\t<\/h2>\n\t\t\t\t\t<p class=\"profile-designation\">Blois |`Profil ost\u00e9opathe ayant une double comp\u00e9tence (ergoth\u00e9rapeute, kin\u00e9sith\u00e9rapeute, infirmier, podologue, etc.).<\/p>\n\t\t\t\t\t\t\t\t\t<\/div><!-- .profile-body END -->\n\n\t\t\t\t\t\t\t\t<\/div>\n\t\t\t\t\t\t\t\n\t\t\t\n\t\t\t\t\t<div class=\"zoom-anim-dialog mfp-hide elementskit-team-popup team-popup-id-55be36c3\" id=\"ekit_team_modal_55be36c3_286\" tabindex=\"-1\" role=\"dialog\" aria-modal=\"true\">\n\t\t\t\t<div class=\"modal-dialog modal-dialog-centered\" role=\"document\">\n\t\t\t\t\t<div class=\"modal-content\">\n\t\t\t\t\t\t<button type=\"button\" class=\"ekit-team-modal-close\">\n\t\t\t\t\t\t\t<svg aria-hidden=\"true\" class=\"e-font-icon-svg e-fas-times\" viewBox=\"0 0 352 512\" xmlns=\"http:\/\/www.w3.org\/2000\/svg\"><path d=\"M242.72 256l100.07-100.07c12.28-12.28 12.28-32.19 0-44.48l-22.24-22.24c-12.28-12.28-32.19-12.28-44.48 0L176 189.28 75.93 89.21c-12.28-12.28-32.19-12.28-44.48 0L9.21 111.45c-12.28 12.28-12.28 32.19 0 44.48L109.28 256 9.21 356.07c-12.28 12.28-12.28 32.19 0 44.48l22.24 22.24c12.28 12.28 32.2 12.28 44.48 0L176 322.72l100.07 100.07c12.28 12.28 32.2 12.28 44.48 0l22.24-22.24c12.28-12.28 12.28-32.19 0-44.48L242.72 256z\"><\/path><\/svg>\t\t\t\t\t\t<\/button>\n\n\t\t\t\t\t\t<div class=\"modal-body\">\n\t\t\t\t\t\t\t\n\t\t\t\t\t\t\t<div class=\"ekit-team-modal-info\">\n\t\t\t\t\t\t\t\t<h2 class=\"ekit-team-modal-title\">Cession d\u2019activit\u00e9 \u2013 Cabinet pour professionnel de sant\u00e9 \/ Ost\u00e9opathe (double activit\u00e9)<\/h2>\n\t\t\t\t\t\t\t\t<p class=\"ekit-team-modal-position\">Blois |`Profil ost\u00e9opathe ayant une double comp\u00e9tence (ergoth\u00e9rapeute, kin\u00e9sith\u00e9rapeute, infirmier, podologue, etc.).<\/p>\n\n\t\t\t\t\t\t\t\t<div class=\"ekit-team-modal-content\">\n\t\t\t\t\t\t\t\t\tEmplacement : Blois (face au Ch\u00e2teau, moins de 5 min \u00e0 pied de la gare)\n\nPrise de poste : Septembre 2026 (\u00e0 discuter)\n\nCession d\u2019activit\u00e9 gratuite\n\nSuite \u00e0 une mutation professionnelle de mon compagnon, je dois quitter mon cabinet d\u2019ergoth\u00e9rapie et d\u2019ost\u00e9opathie et je cherche une personne pour reprendre mon activit\u00e9. L\u2019espace convient parfaitement \u00e0 un profil ost\u00e9opathe ayant une double comp\u00e9tence (ergoth\u00e9rapeute, kin\u00e9sith\u00e9rapeute, infirmier, podologue, etc.).\n\nDescription du local :\n\u2022 Surface : 23 m\u00b2, tr\u00e8s lumineux et agr\u00e9able avec baie vitr\u00e9e donnant sur un parc arbor\u00e9.\n\u2022 Accessibilit\u00e9 : Stationnement facile devant le cabinet, zone de passage strat\u00e9gique.\n\u2022 Environnement : R\u00e9sidence de standing avec gardiens, accueillant d\u2019autres professionnels de sant\u00e9.\n\nActivit\u00e9 &amp; Charges :\n\u2022 Patient\u00e8le : Demande importante dans le secteur et activit\u00e9 d\u00e9j\u00e0 d\u00e9velopp\u00e9e.\n\u2022 Loyer : 700 \u20ac \/ mois charges comprises (\u00e9lectricit\u00e9, chauffage, m\u00e9nage, consommables, acc\u00e8s cuisine et salle de bain). Aucune autre charge \u00e0 pr\u00e9voir.\n\nContact :\n\u2022 T\u00e9l\u00e9phone : 06 64 45 35 91\n\u2022 Email : lola.bolerichard@gmail.com\n\nQue cette belle opportunit\u00e9 trouve son futur acqu\u00e9reur !\n\nDiffus\u00e9e le 11\/08\/2026\t\t\t\t\t\t\t\t<\/div>\n\n\t\t\t\t\t\t\t\t\t\t\t\t\t\t\t\t\t<ul class=\"ekit-team-modal-list\">\n\t\t\t\t\t\t\t\t\t\t\t\t\t\t\t\t\t\t\t\t\t<li><strong>Phone:<\/strong><a href=\"tel:06 64 45 35 91\">06 64 45 35 91<\/a><\/li>\n\t\t\t\t\t\t\t\t\t\t\n\t\t\t\t\t\t\t\t\t\t\t\t\t\t\t\t\t\t\t\t\t<li><strong>Email:<\/strong><a href=\"mailto:lola.bolerichard@gmail.com\">lola.bolerichard@gmail.com<\/a><\/li>\n\t\t\t\t\t\t\t\t\t\t\t\t\t\t\t\t\t\t\t<\/ul>\n\t\t\t\t\t\t\t\t\n\t\t\t\t\t\t\t\t\t\t\t\t\t\t\t<\/div>\n\t\t\t\t\t\t<\/div>\n\t\t\t\t\t<\/div>\n\t\t\t\t<\/div>\n\t\t\t<\/div>\n\t\t\t\t<\/div>\t\t\t\t<\/div>\n\t\t\t\t<\/div>\n\t\t\t\t<div class=\"elementor-element elementor-element-5a7de3a8 elementor-widget elementor-widget-elementskit-team\" data-id=\"5a7de3a8\" data-element_type=\"widget\" data-e-type=\"widget\" data-widget_type=\"elementskit-team.default\">\n\t\t\t\t<div class=\"elementor-widget-container\">\n\t\t\t\t\t<div class=\"ekit-wid-con\">\t\t\t\t\t\t\t\t\n\t\t<div class=\"profile-card elementor-animation- text-center ekit-team-style-default\">\n\t\t\t\t\t\t\t<a aria-label=\"View Recherche d&#039;un(e) assistant(e) collaborateur(trice) en ost\u00e9opathie profile\" href=\"javascript:void(0)\" data-mfp-src=\"#ekit_team_modal_5a7de3a8_286\" class=\"ekit-team-popup\">\n\t\t\t\n\t\t\t\t<div class=\"profile-header ekit-team-img ekit-img-overlay ekit-team-img-block\"  data-toggle=\"modal\" data-target=\"ekit_team_modal_#5a7de3a8_286\" >\n\t\t\t\t\t\t\t\t\t<\/div><!-- .profile-header END -->\n\t\t\t\t\t\t\t<\/a>\n\t\t\t\n\n\t\t\t\t<div class=\"profile-body\">\n\t\t\t\t\t\n\t\t\t\t\t<h2 class=\"profile-title\">\n\t\t\t\t\t\t\t\t\t\t\t<a aria-label=\"View Recherche d&#039;un(e) assistant(e) collaborateur(trice) en ost\u00e9opathie profile\" href=\"javascript:void(0)\" data-mfp-src=\"#ekit_team_modal_5a7de3a8_286\" class=\"ekit-team-popup\">\n\t\t\t\t\t\tRecherche d&#039;un(e) assistant(e) collaborateur(trice) en ost\u00e9opathie\t\t\t\t\t\t<\/a>\n\t\t\t\t\t\t\t\t\t\t\t<\/h2>\n\t\t\t\t\t<p class=\"profile-designation\">Je recherche un(e) ost\u00e9opathe motiv\u00e9(e) pour int\u00e9grer mon cabinet situ\u00e9 \u00e0 Objat (Corr\u00e8ze).<\/p>\n\t\t\t\t\t\t\t\t\t<\/div><!-- .profile-body END -->\n\n\t\t\t\t\t\t\t\t<\/div>\n\t\t\t\t\t\t\t\n\t\t\t\n\t\t\t\t\t<div class=\"zoom-anim-dialog mfp-hide elementskit-team-popup team-popup-id-5a7de3a8\" id=\"ekit_team_modal_5a7de3a8_286\" tabindex=\"-1\" role=\"dialog\" aria-modal=\"true\">\n\t\t\t\t<div class=\"modal-dialog modal-dialog-centered\" role=\"document\">\n\t\t\t\t\t<div class=\"modal-content\">\n\t\t\t\t\t\t<button type=\"button\" class=\"ekit-team-modal-close\">\n\t\t\t\t\t\t\t<svg aria-hidden=\"true\" class=\"e-font-icon-svg e-fas-times\" viewBox=\"0 0 352 512\" xmlns=\"http:\/\/www.w3.org\/2000\/svg\"><path d=\"M242.72 256l100.07-100.07c12.28-12.28 12.28-32.19 0-44.48l-22.24-22.24c-12.28-12.28-32.19-12.28-44.48 0L176 189.28 75.93 89.21c-12.28-12.28-32.19-12.28-44.48 0L9.21 111.45c-12.28 12.28-12.28 32.19 0 44.48L109.28 256 9.21 356.07c-12.28 12.28-12.28 32.19 0 44.48l22.24 22.24c12.28 12.28 32.2 12.28 44.48 0L176 322.72l100.07 100.07c12.28 12.28 32.2 12.28 44.48 0l22.24-22.24c12.28-12.28 12.28-32.19 0-44.48L242.72 256z\"><\/path><\/svg>\t\t\t\t\t\t<\/button>\n\n\t\t\t\t\t\t<div class=\"modal-body\">\n\t\t\t\t\t\t\t\n\t\t\t\t\t\t\t<div class=\"ekit-team-modal-info\">\n\t\t\t\t\t\t\t\t<h2 class=\"ekit-team-modal-title\">Recherche d&#039;un(e) assistant(e) collaborateur(trice) en ost\u00e9opathie<\/h2>\n\t\t\t\t\t\t\t\t<p class=\"ekit-team-modal-position\">Je recherche un(e) ost\u00e9opathe motiv\u00e9(e) pour int\u00e9grer mon cabinet situ\u00e9 \u00e0 Objat (Corr\u00e8ze).<\/p>\n\n\t\t\t\t\t\t\t\t<div class=\"ekit-team-modal-content\">\n\t\t\t\t\t\t\t\t\t\ud83d\udccd Lieu : Objat (19)\n\ud83d\udcc5 D\u00e9but de la collaboration : \u00e0 partir du 7 ao\u00fbt 2026\n\u23f3 Dur\u00e9e : collaboration \u00e0 dur\u00e9e ind\u00e9termin\u00e9e\n\nLe cabinet b\u00e9n\u00e9ficie d\u2019une patient\u00e8le d\u00e9j\u00e0 install\u00e9e. Cette collaboration serait a mi temps pour partager ma patient\u00e8le.\n\nJe recherche une personne s\u00e9rieuse, motiv\u00e9e, ayant un bon relationnel avec les patients.\n\nSi vous souhaitez rejoindre mon cabinet, je serai ravi d\u2019\u00e9changer avec vous.\n\nPour toute information compl\u00e9mentaire ou pour adresser votre candidature, vous pouvez me contacter :\n\nEmmanuel Reillier\nOst\u00e9opathe D.O.\n\ud83d\udcde 0681977571\nMail: reillierosteo@gmail.com\n\nDiffus\u00e9e le 27\/07\/2026\t\t\t\t\t\t\t\t<\/div>\n\n\t\t\t\t\t\t\t\t\t\t\t\t\t\t\t\t\t<ul class=\"ekit-team-modal-list\">\n\t\t\t\t\t\t\t\t\t\t\t\t\t\t\t\t\t\t\t\t\t<li><strong>Phone:<\/strong><a href=\"tel:0681977571\">0681977571<\/a><\/li>\n\t\t\t\t\t\t\t\t\t\t\n\t\t\t\t\t\t\t\t\t\t\t\t\t\t\t\t\t\t\t\t\t<li><strong>Email:<\/strong><a href=\"mailto:reillierosteo@gmail.com\">reillierosteo@gmail.com<\/a><\/li>\n\t\t\t\t\t\t\t\t\t\t\t\t\t\t\t\t\t\t\t<\/ul>\n\t\t\t\t\t\t\t\t\n\t\t\t\t\t\t\t\t\t\t\t\t\t\t\t<\/div>\n\t\t\t\t\t\t<\/div>\n\t\t\t\t\t<\/div>\n\t\t\t\t<\/div>\n\t\t\t<\/div>\n\t\t\t\t<\/div>\t\t\t\t<\/div>\n\t\t\t\t<\/div>\n\t\t\t\t<\/div>\n\t\t\t\t\t<\/div>\n\t\t\t\t<\/div>\n\t\t<div class=\"elementor-element elementor-element-3d75247 e-flex e-con-boxed wpr-particle-no wpr-jarallax-no wpr-parallax-no wpr-sticky-section-no wpr-column-slider-no wpr-equal-height-no e-con e-parent\" data-id=\"3d75247\" data-element_type=\"container\" data-e-type=\"container\">\n\t\t\t\t\t<div class=\"e-con-inner\">\n\t\t<div class=\"elementor-element elementor-element-1cf975c e-con-full e-grid wpr-particle-no wpr-jarallax-no wpr-parallax-no wpr-sticky-section-no wpr-column-slider-no wpr-equal-height-no e-con e-child\" data-id=\"1cf975c\" data-element_type=\"container\" data-e-type=\"container\">\n\t\t\t\t<div class=\"elementor-element elementor-element-d8e633b elementor-widget elementor-widget-elementskit-team\" data-id=\"d8e633b\" data-element_type=\"widget\" data-e-type=\"widget\" data-widget_type=\"elementskit-team.default\">\n\t\t\t\t<div class=\"elementor-widget-container\">\n\t\t\t\t\t<div class=\"ekit-wid-con\">\t\t\t\t\t\t\t\t\n\t\t<div class=\"profile-card elementor-animation- text-center ekit-team-style-default\">\n\t\t\t\t\t\t\t<a aria-label=\"View A Vendre table d&#039;examen hydraulique profile\" href=\"javascript:void(0)\" data-mfp-src=\"#ekit_team_modal_d8e633b_286\" class=\"ekit-team-popup\">\n\t\t\t\n\t\t\t\t<div class=\"profile-header ekit-team-img ekit-img-overlay ekit-team-img-block\"  data-toggle=\"modal\" data-target=\"ekit_team_modal_#d8e633b_286\" >\n\t\t\t\t\t\t\t\t\t<\/div><!-- .profile-header END -->\n\t\t\t\t\t\t\t<\/a>\n\t\t\t\n\n\t\t\t\t<div class=\"profile-body\">\n\t\t\t\t\t\n\t\t\t\t\t<h2 class=\"profile-title\">\n\t\t\t\t\t\t\t\t\t\t\t<a aria-label=\"View A Vendre table d&#039;examen hydraulique profile\" href=\"javascript:void(0)\" data-mfp-src=\"#ekit_team_modal_d8e633b_286\" class=\"ekit-team-popup\">\n\t\t\t\t\t\tA Vendre table d&#039;examen hydraulique\t\t\t\t\t\t<\/a>\n\t\t\t\t\t\t\t\t\t\t\t<\/h2>\n\t\t\t\t\t<p class=\"profile-designation\">A r\u00e9cup\u00e9rer sur Lapalisse, Allier (03)<\/p>\n\t\t\t\t\t\t\t\t\t<\/div><!-- .profile-body END -->\n\n\t\t\t\t\t\t\t\t<\/div>\n\t\t\t\t\t\t\t\n\t\t\t\n\t\t\t\t\t<div class=\"zoom-anim-dialog mfp-hide elementskit-team-popup team-popup-id-d8e633b\" id=\"ekit_team_modal_d8e633b_286\" tabindex=\"-1\" role=\"dialog\" aria-modal=\"true\">\n\t\t\t\t<div class=\"modal-dialog modal-dialog-centered\" role=\"document\">\n\t\t\t\t\t<div class=\"modal-content\">\n\t\t\t\t\t\t<button type=\"button\" class=\"ekit-team-modal-close\">\n\t\t\t\t\t\t\t<svg aria-hidden=\"true\" class=\"e-font-icon-svg e-fas-times\" viewBox=\"0 0 352 512\" xmlns=\"http:\/\/www.w3.org\/2000\/svg\"><path d=\"M242.72 256l100.07-100.07c12.28-12.28 12.28-32.19 0-44.48l-22.24-22.24c-12.28-12.28-32.19-12.28-44.48 0L176 189.28 75.93 89.21c-12.28-12.28-32.19-12.28-44.48 0L9.21 111.45c-12.28 12.28-12.28 32.19 0 44.48L109.28 256 9.21 356.07c-12.28 12.28-12.28 32.19 0 44.48l22.24 22.24c12.28 12.28 32.2 12.28 44.48 0L176 322.72l100.07 100.07c12.28 12.28 32.2 12.28 44.48 0l22.24-22.24c12.28-12.28 12.28-32.19 0-44.48L242.72 256z\"><\/path><\/svg>\t\t\t\t\t\t<\/button>\n\n\t\t\t\t\t\t<div class=\"modal-body\">\n\t\t\t\t\t\t\t\n\t\t\t\t\t\t\t<div class=\"ekit-team-modal-info\">\n\t\t\t\t\t\t\t\t<h2 class=\"ekit-team-modal-title\">A Vendre table d&#039;examen hydraulique<\/h2>\n\t\t\t\t\t\t\t\t<p class=\"ekit-team-modal-position\">A r\u00e9cup\u00e9rer sur Lapalisse, Allier (03)<\/p>\n\n\t\t\t\t\t\t\t\t<div class=\"ekit-team-modal-content\">\n\t\t\t\t\t\t\t\t\tLongueur : 2.90 m\nHauteur : 60 \u00e0 120 cm\nSyst\u00e8me hydraulique robuste et fiable\nConfort et stabilit\u00e9 optimale\nMarque helytis medical\n\nA r\u00e9cup\u00e9rer sur Lapalisse, Allier (03)\n\nPour toute question contactez le : 06 87 55 10 39\n\nDiffus\u00e9e le 03\/07\/2026\t\t\t\t\t\t\t\t<\/div>\n\n\t\t\t\t\t\t\t\t\t\t\t\t\t\t\t\t\t<ul class=\"ekit-team-modal-list\">\n\t\t\t\t\t\t\t\t\t\t\t\t\t\t\t\t\t\t\t\t\t<li><strong>Phone:<\/strong><a href=\"tel:06 87 55 10 39\">06 87 55 10 39<\/a><\/li>\n\t\t\t\t\t\t\t\t\t\t\n\t\t\t\t\t\t\t\t\t\t\t\t\t\t\t\t\t\t\t<\/ul>\n\t\t\t\t\t\t\t\t\n\t\t\t\t\t\t\t\t\t\t\t\t\t\t\t<\/div>\n\t\t\t\t\t\t<\/div>\n\t\t\t\t\t<\/div>\n\t\t\t\t<\/div>\n\t\t\t<\/div>\n\t\t\t\t<\/div>\t\t\t\t<\/div>\n\t\t\t\t<\/div>\n\t\t\t\t<div class=\"elementor-element elementor-element-5d4cd1f elementor-widget elementor-widget-elementskit-team\" data-id=\"5d4cd1f\" data-element_type=\"widget\" data-e-type=\"widget\" data-widget_type=\"elementskit-team.default\">\n\t\t\t\t<div class=\"elementor-widget-container\">\n\t\t\t\t\t<div class=\"ekit-wid-con\">\t\t\t\t\t\t\t\t\n\t\t<div class=\"profile-card elementor-animation- text-center ekit-team-style-default\">\n\t\t\t\t\t\t\t<a aria-label=\"View Vente cabinet : local + patient\u00e8le profile\" href=\"javascript:void(0)\" data-mfp-src=\"#ekit_team_modal_5d4cd1f_286\" class=\"ekit-team-popup\">\n\t\t\t\n\t\t\t\t<div class=\"profile-header ekit-team-img ekit-img-overlay ekit-team-img-block\"  data-toggle=\"modal\" data-target=\"ekit_team_modal_#5d4cd1f_286\" >\n\t\t\t\t\t\t\t\t\t<\/div><!-- .profile-header END -->\n\t\t\t\t\t\t\t<\/a>\n\t\t\t\n\n\t\t\t\t<div class=\"profile-body\">\n\t\t\t\t\t\n\t\t\t\t\t<h2 class=\"profile-title\">\n\t\t\t\t\t\t\t\t\t\t\t<a aria-label=\"View Vente cabinet : local + patient\u00e8le profile\" href=\"javascript:void(0)\" data-mfp-src=\"#ekit_team_modal_5d4cd1f_286\" class=\"ekit-team-popup\">\n\t\t\t\t\t\tVente cabinet : local + patient\u00e8le\t\t\t\t\t\t<\/a>\n\t\t\t\t\t\t\t\t\t\t\t<\/h2>\n\t\t\t\t\t<p class=\"profile-designation\">Appartement mixte local professionnel \u00e0 vendre \u00e0 Paris La D\u00e9fense, m\u00e9tro Esplanade de La D\u00e9fense.<\/p>\n\t\t\t\t\t\t\t\t\t<\/div><!-- .profile-body END -->\n\n\t\t\t\t\t\t\t\t<\/div>\n\t\t\t\t\t\t\t\n\t\t\t\n\t\t\t\t\t<div class=\"zoom-anim-dialog mfp-hide elementskit-team-popup team-popup-id-5d4cd1f\" id=\"ekit_team_modal_5d4cd1f_286\" tabindex=\"-1\" role=\"dialog\" aria-modal=\"true\">\n\t\t\t\t<div class=\"modal-dialog modal-dialog-centered\" role=\"document\">\n\t\t\t\t\t<div class=\"modal-content\">\n\t\t\t\t\t\t<button type=\"button\" class=\"ekit-team-modal-close\">\n\t\t\t\t\t\t\t<svg aria-hidden=\"true\" class=\"e-font-icon-svg e-fas-times\" viewBox=\"0 0 352 512\" xmlns=\"http:\/\/www.w3.org\/2000\/svg\"><path d=\"M242.72 256l100.07-100.07c12.28-12.28 12.28-32.19 0-44.48l-22.24-22.24c-12.28-12.28-32.19-12.28-44.48 0L176 189.28 75.93 89.21c-12.28-12.28-32.19-12.28-44.48 0L9.21 111.45c-12.28 12.28-12.28 32.19 0 44.48L109.28 256 9.21 356.07c-12.28 12.28-12.28 32.19 0 44.48l22.24 22.24c12.28 12.28 32.2 12.28 44.48 0L176 322.72l100.07 100.07c12.28 12.28 32.2 12.28 44.48 0l22.24-22.24c12.28-12.28 12.28-32.19 0-44.48L242.72 256z\"><\/path><\/svg>\t\t\t\t\t\t<\/button>\n\n\t\t\t\t\t\t<div class=\"modal-body\">\n\t\t\t\t\t\t\t\n\t\t\t\t\t\t\t<div class=\"ekit-team-modal-info\">\n\t\t\t\t\t\t\t\t<h2 class=\"ekit-team-modal-title\">Vente cabinet : local + patient\u00e8le<\/h2>\n\t\t\t\t\t\t\t\t<p class=\"ekit-team-modal-position\">Appartement mixte local professionnel \u00e0 vendre \u00e0 Paris La D\u00e9fense, m\u00e9tro Esplanade de La D\u00e9fense.<\/p>\n\n\t\t\t\t\t\t\t\t<div class=\"ekit-team-modal-content\">\n\t\t\t\t\t\t\t\t\tAppartement mixte local professionnel \u00e0 vendre \u00e0 Paris La D\u00e9fense, m\u00e9tro Esplanade de La D\u00e9fense.\n\nJ\u2019y traite actuellement une patient\u00e8le de minimum 100 000 euros de chiffre d\u2019affaire par an.\n\nCet appartement est compos\u00e9 de 5 pi\u00e8ces : 4 chambres et un s\u00e9jour. J\u2019utilise deux des chambres comme salles de soin pour ma patient\u00e8le.\n\nL\u2019appartement de 140 m2 est traversant, tr\u00e8s agr\u00e9able, tr\u00e8s ensoleill\u00e9, expos\u00e9 sud-est et sud-ouest.\n\nNous avons vue sur la Tour Eiffel et le Bois de Boulogne. En face de l\u2019appartement se situe l\u2019Ile de Puteaux avec son parc, ses aires de sport, son stade et surtout sa piscine qui est la plus belle de la r\u00e9gion : avec son bassin de 50 m chauff\u00e9 \u00e9t\u00e9 comme hiver et plusieurs autres bassins int\u00e9rieurs et ext\u00e9rieurs, ainsi un grand solarium en ext\u00e9rieur.\nSa situation exceptionnelle est tr\u00e8s accessible pour l\u2019ensemble de ma patient\u00e8le qui vient de tout Paris et de la banlieue.\n\nPour toute questions contacter moi au 06 09 90 73 59 ou par mail mrlaurentbaladi@gmail.com\n\nLaurent Baladi\n\nDiffus\u00e9e le 23\/06\/2026\t\t\t\t\t\t\t\t<\/div>\n\n\t\t\t\t\t\t\t\t\t\t\t\t\t\t\t\t\t<ul class=\"ekit-team-modal-list\">\n\t\t\t\t\t\t\t\t\t\t\t\t\t\t\t\t\t\t\t\t\t<li><strong>Phone:<\/strong><a href=\"tel:06 09 90 73 59\">06 09 90 73 59<\/a><\/li>\n\t\t\t\t\t\t\t\t\t\t\n\t\t\t\t\t\t\t\t\t\t\t\t\t\t\t\t\t\t\t\t\t<li><strong>Email:<\/strong><a href=\"mailto:mrlaurentbaladi@gmail.com\">mrlaurentbaladi@gmail.com<\/a><\/li>\n\t\t\t\t\t\t\t\t\t\t\t\t\t\t\t\t\t\t\t<\/ul>\n\t\t\t\t\t\t\t\t\n\t\t\t\t\t\t\t\t\t\t\t\t\t\t\t<\/div>\n\t\t\t\t\t\t<\/div>\n\t\t\t\t\t<\/div>\n\t\t\t\t<\/div>\n\t\t\t<\/div>\n\t\t\t\t<\/div>\t\t\t\t<\/div>\n\t\t\t\t<\/div>\n\t\t\t\t<div class=\"elementor-element elementor-element-ebcde01 elementor-widget elementor-widget-elementskit-team\" data-id=\"ebcde01\" data-element_type=\"widget\" data-e-type=\"widget\" data-widget_type=\"elementskit-team.default\">\n\t\t\t\t<div class=\"elementor-widget-container\">\n\t\t\t\t\t<div class=\"ekit-wid-con\">\t\t\t\t\t\t\t\t\n\t\t<div class=\"profile-card elementor-animation- text-center ekit-team-style-default\">\n\t\t\t\t\t\t\t<a aria-label=\"View Recherche ost\u00e9opathe \u2013 Installation lib\u00e9rale C\u00e9bazat (63) profile\" href=\"javascript:void(0)\" data-mfp-src=\"#ekit_team_modal_ebcde01_286\" class=\"ekit-team-popup\">\n\t\t\t\n\t\t\t\t<div class=\"profile-header ekit-team-img ekit-img-overlay ekit-team-img-block\"  data-toggle=\"modal\" data-target=\"ekit_team_modal_#ebcde01_286\" >\n\t\t\t\t\t\t\t\t\t<\/div><!-- .profile-header END -->\n\t\t\t\t\t\t\t<\/a>\n\t\t\t\n\n\t\t\t\t<div class=\"profile-body\">\n\t\t\t\t\t\n\t\t\t\t\t<h2 class=\"profile-title\">\n\t\t\t\t\t\t\t\t\t\t\t<a aria-label=\"View Recherche ost\u00e9opathe \u2013 Installation lib\u00e9rale C\u00e9bazat (63) profile\" href=\"javascript:void(0)\" data-mfp-src=\"#ekit_team_modal_ebcde01_286\" class=\"ekit-team-popup\">\n\t\t\t\t\t\tRecherche ost\u00e9opathe \u2013 Installation lib\u00e9rale C\u00e9bazat (63)\t\t\t\t\t\t<\/a>\n\t\t\t\t\t\t\t\t\t\t\t<\/h2>\n\t\t\t\t\t<p class=\"profile-designation\">Dans le cadre du d\u00e9ploiement d\u2019une Maison de la Nutrition, nous constituons une \u00e9quipe pluridisciplinaire d\u00e9di\u00e9e \u00e0 l\u2019accompagnement des personnes souffrant d\u2019ob\u00e9sit\u00e9, de TCA et d\u2019anorexie.<\/p>\n\t\t\t\t\t\t\t\t\t<\/div><!-- .profile-body END -->\n\n\t\t\t\t\t\t\t\t<\/div>\n\t\t\t\t\t\t\t\n\t\t\t\n\t\t\t\t\t<div class=\"zoom-anim-dialog mfp-hide elementskit-team-popup team-popup-id-ebcde01\" id=\"ekit_team_modal_ebcde01_286\" tabindex=\"-1\" role=\"dialog\" aria-modal=\"true\">\n\t\t\t\t<div class=\"modal-dialog modal-dialog-centered\" role=\"document\">\n\t\t\t\t\t<div class=\"modal-content\">\n\t\t\t\t\t\t<button type=\"button\" class=\"ekit-team-modal-close\">\n\t\t\t\t\t\t\t<svg aria-hidden=\"true\" class=\"e-font-icon-svg e-fas-times\" viewBox=\"0 0 352 512\" xmlns=\"http:\/\/www.w3.org\/2000\/svg\"><path d=\"M242.72 256l100.07-100.07c12.28-12.28 12.28-32.19 0-44.48l-22.24-22.24c-12.28-12.28-32.19-12.28-44.48 0L176 189.28 75.93 89.21c-12.28-12.28-32.19-12.28-44.48 0L9.21 111.45c-12.28 12.28-12.28 32.19 0 44.48L109.28 256 9.21 356.07c-12.28 12.28-12.28 32.19 0 44.48l22.24 22.24c12.28 12.28 32.2 12.28 44.48 0L176 322.72l100.07 100.07c12.28 12.28 32.2 12.28 44.48 0l22.24-22.24c12.28-12.28 12.28-32.19 0-44.48L242.72 256z\"><\/path><\/svg>\t\t\t\t\t\t<\/button>\n\n\t\t\t\t\t\t<div class=\"modal-body\">\n\t\t\t\t\t\t\t\n\t\t\t\t\t\t\t<div class=\"ekit-team-modal-info\">\n\t\t\t\t\t\t\t\t<h2 class=\"ekit-team-modal-title\">Recherche ost\u00e9opathe \u2013 Installation lib\u00e9rale C\u00e9bazat (63)<\/h2>\n\t\t\t\t\t\t\t\t<p class=\"ekit-team-modal-position\">Dans le cadre du d\u00e9ploiement d\u2019une Maison de la Nutrition, nous constituons une \u00e9quipe pluridisciplinaire d\u00e9di\u00e9e \u00e0 l\u2019accompagnement des personnes souffrant d\u2019ob\u00e9sit\u00e9, de TCA et d\u2019anorexie.<\/p>\n\n\t\t\t\t\t\t\t\t<div class=\"ekit-team-modal-content\">\n\t\t\t\t\t\t\t\t\tDans le cadre du d\u00e9ploiement d\u2019une Maison de la Nutrition, nous constituons une \u00e9quipe pluridisciplinaire d\u00e9di\u00e9e \u00e0 l\u2019accompagnement des personnes souffrant d\u2019ob\u00e9sit\u00e9, de TCA et d\u2019anorexie.\n\nNous recherchons un(e) ost\u00e9opathe souhaitant s\u2019installer en lib\u00e9ral, sensible aux probl\u00e9matiques corporelles associ\u00e9es aux troubles du comportement alimentaire, aux douleurs chroniques, aux tensions somatiques et \u00e0 la reconnexion au corps. Travail en collaboration au sein d\u2019un parcours de soins global et coordonn\u00e9.\n\nProjet humain, structur\u00e9 et porteur de sens\nTravail en r\u00e9seau avec des professionnels engag\u00e9s\nPlace de l\u2019ost\u00e9opathie dans une approche globale du corps et du mieux-\u00eatre\n\nInt\u00e9ress\u00e9(e) ou envie d\u2019en savoir plus ? Contactez-nous pour \u00e9changer autour du projet aupr\u00e8s de Sarah B\u00c9RAUD, psychologue et coordinatrice au 06 85 67 55 93\n\nDiffus\u00e9e le 17\/03\/2026\t\t\t\t\t\t\t\t<\/div>\n\n\t\t\t\t\t\t\t\t\t\t\t\t\t\t\t\t\t<ul class=\"ekit-team-modal-list\">\n\t\t\t\t\t\t\t\t\t\t\t\t\t\t\t\t\t\t\t\t\t<li><strong>Phone:<\/strong><a href=\"tel:06 85 67 55 93\">06 85 67 55 93<\/a><\/li>\n\t\t\t\t\t\t\t\t\t\t\n\t\t\t\t\t\t\t\t\t\t\t\t\t\t\t\t\t\t\t<\/ul>\n\t\t\t\t\t\t\t\t\n\t\t\t\t\t\t\t\t\t\t\t\t\t\t\t<\/div>\n\t\t\t\t\t\t<\/div>\n\t\t\t\t\t<\/div>\n\t\t\t\t<\/div>\n\t\t\t<\/div>\n\t\t\t\t<\/div>\t\t\t\t<\/div>\n\t\t\t\t<\/div>\n\t\t\t\t<div class=\"elementor-element elementor-element-8a6eb52 elementor-widget elementor-widget-elementskit-team\" data-id=\"8a6eb52\" data-element_type=\"widget\" data-e-type=\"widget\" data-widget_type=\"elementskit-team.default\">\n\t\t\t\t<div class=\"elementor-widget-container\">\n\t\t\t\t\t<div class=\"ekit-wid-con\">\t\t\t\t\t\t\t\t\n\t\t<div class=\"profile-card elementor-animation- text-center ekit-team-style-default\">\n\t\t\t\t\t\t\t<a aria-label=\"View Local professionnel \u00e0 louer - Cabinet param\u00e9dical \u00e0 Saint-Chamond centre-ville profile\" href=\"javascript:void(0)\" data-mfp-src=\"#ekit_team_modal_8a6eb52_286\" class=\"ekit-team-popup\">\n\t\t\t\n\t\t\t\t<div class=\"profile-header ekit-team-img ekit-img-overlay ekit-team-img-block\"  data-toggle=\"modal\" data-target=\"ekit_team_modal_#8a6eb52_286\" >\n\t\t\t\t\t\t\t\t\t<\/div><!-- .profile-header END -->\n\t\t\t\t\t\t\t<\/a>\n\t\t\t\n\n\t\t\t\t<div class=\"profile-body\">\n\t\t\t\t\t\n\t\t\t\t\t<h2 class=\"profile-title\">\n\t\t\t\t\t\t\t\t\t\t\t<a aria-label=\"View Local professionnel \u00e0 louer - Cabinet param\u00e9dical \u00e0 Saint-Chamond centre-ville profile\" href=\"javascript:void(0)\" data-mfp-src=\"#ekit_team_modal_8a6eb52_286\" class=\"ekit-team-popup\">\n\t\t\t\t\t\tLocal professionnel \u00e0 louer - Cabinet param\u00e9dical \u00e0 Saint-Chamond centre-ville\t\t\t\t\t\t<\/a>\n\t\t\t\t\t\t\t\t\t\t\t<\/h2>\n\t\t\t\t\t<p class=\"profile-designation\">Local professionnel de 17,3 m\u00b2 au sein d\u2019un cabinet param\u00e9dical r\u00e9nov\u00e9 compos\u00e9 de trois cabinets, accueillant une psychomotricienne et un cabinet infirmier.<\/p>\n\t\t\t\t\t\t\t\t\t<\/div><!-- .profile-body END -->\n\n\t\t\t\t\t\t\t\t<\/div>\n\t\t\t\t\t\t\t\n\t\t\t\n\t\t\t\t\t<div class=\"zoom-anim-dialog mfp-hide elementskit-team-popup team-popup-id-8a6eb52\" id=\"ekit_team_modal_8a6eb52_286\" tabindex=\"-1\" role=\"dialog\" aria-modal=\"true\">\n\t\t\t\t<div class=\"modal-dialog modal-dialog-centered\" role=\"document\">\n\t\t\t\t\t<div class=\"modal-content\">\n\t\t\t\t\t\t<button type=\"button\" class=\"ekit-team-modal-close\">\n\t\t\t\t\t\t\t<svg aria-hidden=\"true\" class=\"e-font-icon-svg e-fas-times\" viewBox=\"0 0 352 512\" xmlns=\"http:\/\/www.w3.org\/2000\/svg\"><path d=\"M242.72 256l100.07-100.07c12.28-12.28 12.28-32.19 0-44.48l-22.24-22.24c-12.28-12.28-32.19-12.28-44.48 0L176 189.28 75.93 89.21c-12.28-12.28-32.19-12.28-44.48 0L9.21 111.45c-12.28 12.28-12.28 32.19 0 44.48L109.28 256 9.21 356.07c-12.28 12.28-12.28 32.19 0 44.48l22.24 22.24c12.28 12.28 32.2 12.28 44.48 0L176 322.72l100.07 100.07c12.28 12.28 32.2 12.28 44.48 0l22.24-22.24c12.28-12.28 12.28-32.19 0-44.48L242.72 256z\"><\/path><\/svg>\t\t\t\t\t\t<\/button>\n\n\t\t\t\t\t\t<div class=\"modal-body\">\n\t\t\t\t\t\t\t\n\t\t\t\t\t\t\t<div class=\"ekit-team-modal-info\">\n\t\t\t\t\t\t\t\t<h2 class=\"ekit-team-modal-title\">Local professionnel \u00e0 louer - Cabinet param\u00e9dical \u00e0 Saint-Chamond centre-ville<\/h2>\n\t\t\t\t\t\t\t\t<p class=\"ekit-team-modal-position\">Local professionnel de 17,3 m\u00b2 au sein d\u2019un cabinet param\u00e9dical r\u00e9nov\u00e9 compos\u00e9 de trois cabinets, accueillant une psychomotricienne et un cabinet infirmier.<\/p>\n\n\t\t\t\t\t\t\t\t<div class=\"ekit-team-modal-content\">\n\t\t\t\t\t\t\t\t\tLocal professionnel de 17,3 m\u00b2 au sein d\u2019un cabinet param\u00e9dical r\u00e9nov\u00e9 compos\u00e9 de trois cabinets, accueillant une psychomotricienne et un cabinet infirmier.\n\nProfils recherch\u00e9s : Ergoth\u00e9rapeute, Orthophoniste, Orthoptiste, Neuropsychologue, Neurop\u00e9diatre, P\u00e9dopsychiatre, Ost\u00e9opathe.\n\nEnvironnement : emplacement central (Place de la Libert\u00e9), accessibilit\u00e9 PMR, parkings \u00e0 proximit\u00e9, salle d\u2019attente, salle de repos et sanitaires communs.\n\nLoyer : 428 \u20ac \/ mois (399 \u20ac + 29 \u20ac de charges) \u2013 accompagnement \u00e0 l\u2019installation possible (loyers offerts au d\u00e9marrage).\n\nDisponibilit\u00e9 : imm\u00e9diate.\n\nContact :\nT\u00e9l. : 06 38 78 88 63\nEmail : pchampanay@gmail.com\n\nDiffus\u00e9e le 04\/02\/2026\t\t\t\t\t\t\t\t<\/div>\n\n\t\t\t\t\t\t\t\t\t\t\t\t\t\t\t\t\t<ul class=\"ekit-team-modal-list\">\n\t\t\t\t\t\t\t\t\t\t\t\t\t\t\t\t\t\t\t\t\t<li><strong>Phone:<\/strong><a href=\"tel:06 38 78 88 63\">06 38 78 88 63<\/a><\/li>\n\t\t\t\t\t\t\t\t\t\t\n\t\t\t\t\t\t\t\t\t\t\t\t\t\t\t\t\t\t\t\t\t<li><strong>Email:<\/strong><a href=\"mailto:pchampanay@gmail.com\">pchampanay@gmail.com<\/a><\/li>\n\t\t\t\t\t\t\t\t\t\t\t\t\t\t\t\t\t\t\t<\/ul>\n\t\t\t\t\t\t\t\t\n\t\t\t\t\t\t\t\t\t\t\t\t\t\t\t<\/div>\n\t\t\t\t\t\t<\/div>\n\t\t\t\t\t<\/div>\n\t\t\t\t<\/div>\n\t\t\t<\/div>\n\t\t\t\t<\/div>\t\t\t\t<\/div>\n\t\t\t\t<\/div>\n\t\t\t\t<\/div>\n\t\t\t\t\t<\/div>\n\t\t\t\t<\/div>\n\t\t<div class=\"elementor-element elementor-element-79e71c52 e-flex e-con-boxed wpr-particle-no wpr-jarallax-no wpr-parallax-no wpr-sticky-section-no wpr-column-slider-no wpr-equal-height-no e-con e-parent\" data-id=\"79e71c52\" data-element_type=\"container\" data-e-type=\"container\" id=\"xs_footer_13\" data-settings=\"{&quot;background_background&quot;:&quot;classic&quot;}\">\n\t\t\t\t\t<div class=\"e-con-inner\">\n\t\t<div class=\"elementor-element elementor-element-30c03d4d e-con-full e-flex wpr-particle-no wpr-jarallax-no wpr-parallax-no wpr-sticky-section-no wpr-column-slider-no wpr-equal-height-no e-con e-child\" data-id=\"30c03d4d\" data-element_type=\"container\" data-e-type=\"container\">\n\t\t\t\t<div class=\"elementor-element elementor-element-1ce2778c elementor-widget elementor-widget-image\" data-id=\"1ce2778c\" data-element_type=\"widget\" data-e-type=\"widget\" data-widget_type=\"image.default\">\n\t\t\t\t\t\t\t\t\t\t\t\t\t\t\t\t<a href=\"https:\/\/wpmet.com\/plugin\/elementskit\/\">\n\t\t\t\t\t\t\t<img fetchpriority=\"high\" decoding=\"async\" width=\"993\" height=\"331\" src=\"https:\/\/preprod.osteopathie-auvergne.fr\/wp-content\/uploads\/2026\/04\/cropped-LOGO-IFSO-BLANC-PNG-235x78.png\" class=\"attachment-full size-full wp-image-130\" alt=\"Logo de l&apos;\u00e9cole d&apos;ost\u00e9oapthie IFSO Vichy Clermont-Ferrand\" srcset=\"https:\/\/preprod.osteopathie-auvergne.fr\/wp-content\/uploads\/2026\/04\/cropped-LOGO-IFSO-BLANC-PNG.png 993w, https:\/\/preprod.osteopathie-auvergne.fr\/wp-content\/uploads\/2026\/04\/cropped-LOGO-IFSO-BLANC-PNG-300x100.png 300w, https:\/\/preprod.osteopathie-auvergne.fr\/wp-content\/uploads\/2026\/04\/cropped-LOGO-IFSO-BLANC-PNG-768x256.png 768w, https:\/\/preprod.osteopathie-auvergne.fr\/wp-content\/uploads\/2026\/04\/cropped-LOGO-IFSO-BLANC-PNG-235x78.png 235w\" sizes=\"(max-width: 993px) 100vw, 993px\" \/>\t\t\t\t\t\t\t\t<\/a>\n\t\t\t\t\t\t\t\t\t\t\t\t\t\t\t<\/div>\n\t\t\t\t<div class=\"elementor-element elementor-element-3107342e elementor-widget elementor-widget-elementskit-social-media\" data-id=\"3107342e\" data-element_type=\"widget\" data-e-type=\"widget\" data-widget_type=\"elementskit-social-media.default\">\n\t\t\t\t<div class=\"elementor-widget-container\">\n\t\t\t\t\t<div class=\"ekit-wid-con\" >\t\t\t <ul class=\"ekit_social_media\">\n\t\t\t\t\t\t\t\t\t\t\t\t\t\t<li class=\"elementor-repeater-item-da8f4de\">\n\t\t\t\t\t    <a\n\t\t\t\t\t\thref=\"https:\/\/www.facebook.com\/IFSOVichy\/?locale=fr_FR\" aria-label=\"Facebook\" class=\"facebook\" >\n\t\t\t\t\t\t\t\n\t\t\t\t\t\t\t<i aria-hidden=\"true\" class=\"icon icon-facebook\"><\/i>\n                                                                                                            <\/a>\n                    <\/li>\n                    \t\t\t\t\t\t\t\t\t\t\t\t\t\t<li class=\"elementor-repeater-item-1399011\">\n\t\t\t\t\t    <a\n\t\t\t\t\t\thref=\"https:\/\/www.youtube.com\/@ifsovichyclermontferrand\" aria-label=\"Youtube\" class=\"youtube\" >\n\t\t\t\t\t\t\t\n\t\t\t\t\t\t\t<svg aria-hidden=\"true\" class=\"e-font-icon-svg e-fab-youtube\" viewBox=\"0 0 576 512\" xmlns=\"http:\/\/www.w3.org\/2000\/svg\"><path d=\"M549.655 124.083c-6.281-23.65-24.787-42.276-48.284-48.597C458.781 64 288 64 288 64S117.22 64 74.629 75.486c-23.497 6.322-42.003 24.947-48.284 48.597-11.412 42.867-11.412 132.305-11.412 132.305s0 89.438 11.412 132.305c6.281 23.65 24.787 41.5 48.284 47.821C117.22 448 288 448 288 448s170.78 0 213.371-11.486c23.497-6.321 42.003-24.171 48.284-47.821 11.412-42.867 11.412-132.305 11.412-132.305s0-89.438-11.412-132.305zm-317.51 213.508V175.185l142.739 81.205-142.739 81.201z\"><\/path><\/svg>\n                                                                                                            <\/a>\n                    <\/li>\n                    \t\t\t\t\t\t\t\t\t\t\t\t\t\t<li class=\"elementor-repeater-item-8f886e8\">\n\t\t\t\t\t    <a\n\t\t\t\t\t\thref=\"https:\/\/www.linkedin.com\/in\/ifso-vichy-clermont-ferrand\/\" aria-label=\"LinkedIn\" class=\"linkedin\" >\n\t\t\t\t\t\t\t\n\t\t\t\t\t\t\t<i aria-hidden=\"true\" class=\"icon icon-linkedin\"><\/i>\n                                                                                                            <\/a>\n                    <\/li>\n                    \t\t\t\t\t\t\t\t\t\t\t\t\t\t<li class=\"elementor-repeater-item-048c536\">\n\t\t\t\t\t    <a\n\t\t\t\t\t\thref=\"https:\/\/www.tiktok.com\/@ifso.vichy.clermont.fd\" aria-label=\"Tiktok\" class=\"tiktok\" >\n\t\t\t\t\t\t\t\n\t\t\t\t\t\t\t<svg aria-hidden=\"true\" class=\"e-font-icon-svg e-fab-tiktok\" viewBox=\"0 0 448 512\" xmlns=\"http:\/\/www.w3.org\/2000\/svg\"><path d=\"M448,209.91a210.06,210.06,0,0,1-122.77-39.25V349.38A162.55,162.55,0,1,1,185,188.31V278.2a74.62,74.62,0,1,0,52.23,71.18V0l88,0a121.18,121.18,0,0,0,1.86,22.17h0A122.18,122.18,0,0,0,381,102.39a121.43,121.43,0,0,0,67,20.14Z\"><\/path><\/svg>\n                                                                                                            <\/a>\n                    <\/li>\n                    \t\t\t\t\t\t\t\t\t\t\t\t\t\t<li class=\"elementor-repeater-item-c8596be\">\n\t\t\t\t\t    <a\n\t\t\t\t\t\thref=\"https:\/\/www.instagram.com\/ifsovichyclermontfd\/\" aria-label=\"Instagram\" class=\"1\" >\n\t\t\t\t\t\t\t\n\t\t\t\t\t\t\t<i aria-hidden=\"true\" class=\"icon icon-instagram-1\"><\/i>\n                                                                                                            <\/a>\n                    <\/li>\n                    \t\t\t\t\t\t\t<\/ul>\n\t\t<\/div>\t\t\t\t<\/div>\n\t\t\t\t<\/div>\n\t\t\t\t<\/div>\n\t\t<div class=\"elementor-element elementor-element-105043e5 e-con-full e-flex wpr-particle-no wpr-jarallax-no wpr-parallax-no wpr-sticky-section-no wpr-column-slider-no wpr-equal-height-no e-con e-child\" data-id=\"105043e5\" data-element_type=\"container\" data-e-type=\"container\">\n\t\t<div class=\"elementor-element elementor-element-60153a8b e-con-full e-flex wpr-particle-no wpr-jarallax-no wpr-parallax-no wpr-sticky-section-no wpr-column-slider-no wpr-equal-height-no e-con e-child\" data-id=\"60153a8b\" data-element_type=\"container\" data-e-type=\"container\">\n\t\t\t\t\t<img decoding=\"async\" class=\"e-image-base \" data-interaction-id=\"70819b60\" id=\"3285\" src=\"https:\/\/preprod.osteopathie-auvergne.fr\/wp-content\/uploads\/2026\/08\/Design-sans-titre-10.png\" width=\"400\" height=\"100\" srcset=\"https:\/\/preprod.osteopathie-auvergne.fr\/wp-content\/uploads\/2026\/08\/Design-sans-titre-10.png 400w, https:\/\/preprod.osteopathie-auvergne.fr\/wp-content\/uploads\/2026\/08\/Design-sans-titre-10-300x75.png 300w\" alt=\"\"\/>\t\t\t\t<\/div>\n\t\t\t\t<\/div>\n\t\t<div class=\"elementor-element elementor-element-1ec9a290 e-con-full e-flex wpr-particle-no wpr-jarallax-no wpr-parallax-no wpr-sticky-section-no wpr-column-slider-no wpr-equal-height-no e-con e-child\" data-id=\"1ec9a290\" data-element_type=\"container\" data-e-type=\"container\">\n\t\t\t\t<div class=\"elementor-element elementor-element-88d0185 elementor-widget elementor-widget-heading\" data-id=\"88d0185\" data-element_type=\"widget\" data-e-type=\"widget\" data-widget_type=\"heading.default\">\n\t\t\t\t\t<h2 class=\"elementor-heading-title elementor-size-default\">Incrivez-vous \u00e0 notre newsletter<\/h2>\t\t\t\t<\/div>\n\t\t\t\t<div class=\"elementor-element elementor-element-5b846b86 elementor-widget elementor-widget-text-editor\" data-id=\"5b846b86\" data-element_type=\"widget\" data-e-type=\"widget\" data-widget_type=\"text-editor.default\">\n\t\t\t\t\t\t\t\t\t<p>Ne manquez aucune de nos actualit\u00e9s<\/p>\t\t\t\t\t\t\t\t<\/div>\n\t\t\t\t<div class=\"elementor-element elementor-element-62c3d981 elementor-widget elementor-widget-elementskit-mail-chimp\" data-id=\"62c3d981\" data-element_type=\"widget\" data-e-type=\"widget\" data-widget_type=\"elementskit-mail-chimp.default\">\n\t\t\t\t<div class=\"elementor-widget-container\">\n\t\t\t\t\t<div class=\"ekit-wid-con\" >\t\t<div class=\"ekit-mail-chimp\">\n\t\t<form method=\"post\"\n\t\t\tclass=\"ekit-mailChimpForm\" data-listed=\"\" data-success-message=\"Successfully listed this email\" data-success-opt-in-message=\"\" data-nonce=\"4f1ef6c9dc\"\t\t>\n\t\t\t<input type=\"hidden\" name=\"double_opt_in\" value=\"no\">\n\n\t\t\t\t<div class=\"elementskit_form_wraper elementskit_inline_form\">\n\t\t\t\t        <div class=\"elementskit_input_wraper elementskit_input_container key-0\">\n            <div class=\"elementskit_form_group\">\n                                <div class=\"elementskit_input_element_container \">\n                    \n                                            <input\n\t\t\t\t\t\t\ttype=\"email\"\n\t\t\t\t\t\t\tclass=\"ekit_form_control \"\n\t\t\t\t\t\t\tname=\"email\"\n\t\t\t\t\t\t\tplaceholder=\"Votre adresse mail ici\"\n\t\t\t\t\t\t\trequired\t\t\t\t\t\t>\n                    \n                                    <\/div>\n            <\/div>\n        <\/div>\n    \t\t\t\t\t<div class=\"ekit_submit_input_holder elementskit_input_wraper\">\n\t\t\t\t\t\t<button type=\"submit\" class=\"ekit-mail-submit\" name=\"ekit_mail_chimp\">\n\t\t\t\t\t\t\t\t<i aria-hidden=\"true\" class=\"icon icon-message-1\"><\/i>\n\t\t\t\t\t\t\t<\/button>\n\t\t\t\t\t<\/div>\n\t\t\t\t<\/div>\n\t\t\t<div class=\"ekit-mail-message\"><\/div>\n\t\t\t<\/form>\n\t\t<\/div>\n\t\t<\/div>\t\t\t\t<\/div>\n\t\t\t\t<\/div>\n\t\t\t\t<\/div>\n\t\t\t\t\t<\/div>\n\t\t\t\t<\/div>\n\t\t<div class=\"elementor-element elementor-element-26331b27 e-flex e-con-boxed wpr-particle-no wpr-jarallax-no wpr-parallax-no wpr-sticky-section-no wpr-column-slider-no wpr-equal-height-no e-con e-parent\" data-id=\"26331b27\" data-element_type=\"container\" data-e-type=\"container\" data-settings=\"{&quot;background_background&quot;:&quot;classic&quot;}\">\n\t\t\t\t\t<div class=\"e-con-inner\">\n\t\t\t\t<div class=\"elementor-element elementor-element-67dc42ac elementor-widget elementor-widget-elementskit-heading\" data-id=\"67dc42ac\" data-element_type=\"widget\" data-e-type=\"widget\" data-widget_type=\"elementskit-heading.default\">\n\t\t\t\t\t<div class=\"ekit-wid-con\" ><div class=\"ekit-heading elementskit-section-title-wraper text_left   ekit_heading_tablet-   ekit_heading_mobile-text_center\"><p class=\"ekit-heading--title elementskit-section-title \">2026. IFSO VICHY CLERMONT FERRAND TOUS DROITS RESERVES <\/p><\/div><\/div>\t\t\t\t<\/div>\n\t\t\t\t<div class=\"elementor-element elementor-element-7298bfb6 elementor-align-right elementor-mobile-align-left elementor-widget elementor-widget-elementskit-page-list\" data-id=\"7298bfb6\" data-element_type=\"widget\" data-e-type=\"widget\" data-widget_type=\"elementskit-page-list.default\">\n\t\t\t\t<div class=\"elementor-widget-container\">\n\t\t\t\t\t<div class=\"ekit-wid-con\" >\t\t<div class=\"elementor-icon-list-itemsfg  elementor-inline-items\">\n\t\t\t\t\t\t\t<div class=\"elementor-icon-list-item   \">\n\t\t\t\t\t\t<a class=\"elementor-repeater-item-0e60ed8 ekit_badge_left\" >\n\t\t\t\t\t\t\t<div class=\"ekit_page_list_content\">\n\t\t\t\t\t\t\t\t\t\t\t\t\t\t\t\t<span class=\"elementor-icon-list-text\">\n\t\t\t\t\t\t\t\t\t<span class=\"ekit_page_list_title_title\">Mentions l\u00e9gales<\/span>\n\t\t\t\t\t\t\t\t\t\t\t\t\t\t\t\t\t<\/span>\n\t\t\t\t\t\t\t<\/div>\n\t\t\t\t\t\t\t\t\t\t\t\t\t<\/a>\n\t\t\t\t\t<\/div>\n\t\t\t\t\t\t\t\t<div class=\"elementor-icon-list-item   \">\n\t\t\t\t\t\t<a class=\"elementor-repeater-item-9fc5a74 ekit_badge_left\" >\n\t\t\t\t\t\t\t<div class=\"ekit_page_list_content\">\n\t\t\t\t\t\t\t\t\t\t\t\t\t\t\t\t<span class=\"elementor-icon-list-text\">\n\t\t\t\t\t\t\t\t\t<span class=\"ekit_page_list_title_title\">Politique de confidentialit\u00e9<\/span>\n\t\t\t\t\t\t\t\t\t\t\t\t\t\t\t\t\t<\/span>\n\t\t\t\t\t\t\t<\/div>\n\t\t\t\t\t\t\t\t\t\t\t\t\t<\/a>\n\t\t\t\t\t<\/div>\n\t\t\t\t\t\t\t\t<div class=\"elementor-icon-list-item   \">\n\t\t\t\t\t\t<a class=\"elementor-repeater-item-542bc6b ekit_badge_left\" >\n\t\t\t\t\t\t\t<div class=\"ekit_page_list_content\">\n\t\t\t\t\t\t\t\t\t\t\t\t\t\t\t\t<span class=\"elementor-icon-list-text\">\n\t\t\t\t\t\t\t\t\t<span class=\"ekit_page_list_title_title\">Mon compte \u00e9tudiant<\/span>\n\t\t\t\t\t\t\t\t\t\t\t\t\t\t\t\t\t<\/span>\n\t\t\t\t\t\t\t<\/div>\n\t\t\t\t\t\t\t\t\t\t\t\t\t<\/a>\n\t\t\t\t\t<\/div>\n\t\t\t\t\t\t<\/div>\n\t\t<\/div>\t\t\t\t<\/div>\n\t\t\t\t<\/div>\n\t\t\t\t\t<\/div>\n\t\t\t\t<\/div>\n\t\t\t\t<\/div>\n\t\t","protected":false},"excerpt":{"rendered":"<p>D\u00e9couvrez les Annonces ost\u00e9opathie Quelques annonces de cabinets et mat\u00e9riel professionnel Cabinet pluridisciplinaire recherche ost\u00e9opathes | Paris 6e Disponibilit\u00e9s d\u00e8s ao\u00fbt 2026 \u2013 Recherche notamment ost\u00e9opathes \/ kin\u00e9s \/ th\u00e9rapies manuelles Cabinet pluridisciplinaire recherche ost\u00e9opathes | Paris 6e Disponibilit\u00e9s d\u00e8s ao\u00fbt 2026 \u2013 Recherche notamment ost\u00e9opathes \/ kin\u00e9s \/ th\u00e9rapies manuelles \u2600\ufe0f \u00ab Et si, pour une fois, c\u2019\u00e9tait votre lieu de travail qui prenait soin de vous ? \u00bb \u2600\ufe0f Un cabinet beau et calme, pour vous comme pour les personnes que vous accompagnez ? Envie de travailler dans un lieu chaleureux et de rejoindre une \u00e9quipe de praticiennes passionn\u00e9es et tr\u00e8s sympa ? \ud83e\udd17 Bienvenue rue de S\u00e8vres, dans une tr\u00e8s belle adresse parisienne : une cour int\u00e9rieure arbor\u00e9e \ud83c\udf33, au calme, comme un petit havre de paix au c\u0153ur du 6e. Disponibilit\u00e9s d\u00e8s ao\u00fbt 2026, avec diff\u00e9rentes possibilit\u00e9s : 1, 2, 3 jours par semaine ou davantage, ainsi que des contrats courts de d\u00e9pannage ou de transition. \ud83d\udca1 17 m\u00b2 \u2013 Bureau jaune\/beige, enti\u00e8rement refait \u00e0 neuf, avec point d\u2019eau : disponible les lundis, mardis, jeudis et samedis. \ud83d\udc99 14 m\u00b2 \u2013 Bureau bleu : complet. \u2665\ufe0f14 m\u00b2 \u2013 Bureau bordeaux, d\u00e9di\u00e9 aux th\u00e9rapies manuelles (ost\u00e9opathie, kin\u00e9sith\u00e9rapie, fascia\u2026) : disponible d\u00e8s le 1er ao\u00fbt les lundis, mardis et samedis. \ud83c\udf33 20 m\u00b2 \u2013 Grand bureau, enti\u00e8rement refait \u00e0 neuf, avec tapisserie arbor\u00e9e : temps plein ou temps partiel possible d\u00e8s ao\u00fbt 2026. Plus qu\u2019un simple cabinet, c\u2019est un projet. \u2764\ufe0f Notre \u00e9quipe r\u00e9unit actuellement Anna, Sarah et St\u00e9phanie (psychologues), Carole (hypnoth\u00e9rapeute), Sandrine (praticienne en MTC) et Audrey (psychopraticienne et hypnoth\u00e9rapeute). L\u2019id\u00e9e est de cr\u00e9er un lieu de partage, de compl\u00e9mentarit\u00e9 et de connexion entre praticiens, avec \u00e9galement la possibilit\u00e9, pour celles et ceux qui le souhaitent, d\u2019imaginer et de co-animer des groupes ou ateliers. \ud83d\udccd Paris 6e \u2013 Rue de S\u00e8vres M\u00e9tros : Vaneau, Duroc, Saint-Fran\u00e7ois-Xavier \u00c0 proximit\u00e9 de Montparnasse, de l\u2019H\u00f4pital Necker et du Bon March\u00e9. Tarifs : Temps plein : \u00e0 partir de 1 250 \u20ac\/mois, selon la superficie. Temps partiel : plusieurs formules possibles. \u00c0 partir de 270 \u20ac\/mois pour certains jours. Besoin ponctuel \/ d\u00e9pannage : 150 \u20ac la journ\u00e9e. Pour d\u00e9couvrir le lieu et \u00e9changer sur le projet : MP \ud83e\udd8b Instagram : https:\/\/www.instagram.com\/reel\/DRmhXs4DJrC\/?igsh=MWVwdHJmNW0ydDVoNQ== Audrey Ahovey Cabinet En th\u00e9rapie Paris Psychopraticienne \u2014 Hypnose &amp; EMDR Coach certifi\u00e9e Tel : 0781234163 Diffus\u00e9e le 24\/08\/2026 Phone:0781234163 Email:https:\/\/www.instagram.com\/reel\/DRmhXs4DJrC\/?igsh=MWVwdHJmNW0ydDVoNQ== C\u00e8de cabinet avec patient\u00e8le \u00e0 Aubagne (13400) Installation cl\u00e9 en main dans un bassin de patient\u00e8le en plein d\u00e9veloppement C\u00e8de cabinet avec patient\u00e8le \u00e0 Aubagne (13400) Installation cl\u00e9 en main dans un bassin de patient\u00e8le en plein d\u00e9veloppement Vous cherchez une installation o\u00f9 tout est d\u00e9j\u00e0 en place. Permettez-moi de me pr\u00e9senter : je suis Damien TITONE, Ost\u00e9opathe D.O. (en exercice depuis 17 ans) et mon cabinet est situ\u00e9 \u00e0 Aubagne (13400). Je c\u00e8de mon cabinet dans le cadre d\u2019un projet \u00e0 l\u2019\u00e9tranger. Vous souhaitez vous installer en r\u00e9gion PACA une opportunit\u00e9 cl\u00e9 en main dans un bassin de patient\u00e8le en plein d\u00e9veloppement. Ce que propose cette reprise : Une patient\u00e8le constitu\u00e9e sur 17 ans, en augmentation constante Un cabinet enti\u00e8rement \u00e9quip\u00e9, op\u00e9rationnel d\u00e8s le premier jour Un emplacement premium : arr\u00eat tramway devant l\u2019entr\u00e9e, transports 100 % gratuits, parking devant le cabinet Un loyer tr\u00e8s comp\u00e9titif, charges comprises Une offre avec accompagnement sur 4 mois \u2014 id\u00e9ale pour s\u00e9curiser une premi\u00e8re installation Les chiffres d\u00e9taill\u00e9s (offres de vente, CA, inventaire, conditions) sont communiqu\u00e9s sur demande, sous accord de confidentialit\u00e9. Contact : Damien TITONE : 04 42 82 03 49 Diffus\u00e9e le 11\/08\/2026 Phone:04 42 82 03 49 Cession d\u2019activit\u00e9 \u2013 Cabinet pour professionnel de sant\u00e9 \/ Ost\u00e9opathe (double activit\u00e9) Blois |`Profil ost\u00e9opathe ayant une double comp\u00e9tence (ergoth\u00e9rapeute, kin\u00e9sith\u00e9rapeute, infirmier, podologue, etc.). Cession d\u2019activit\u00e9 \u2013 Cabinet pour professionnel de sant\u00e9 \/ Ost\u00e9opathe (double activit\u00e9) Blois |`Profil ost\u00e9opathe ayant une double comp\u00e9tence (ergoth\u00e9rapeute, kin\u00e9sith\u00e9rapeute, infirmier, podologue, etc.). Emplacement : Blois (face au Ch\u00e2teau, moins de 5 min \u00e0 pied de la gare) Prise de poste : Septembre 2026 (\u00e0 discuter) Cession d\u2019activit\u00e9 gratuite Suite \u00e0 une mutation professionnelle de mon compagnon, je dois quitter mon cabinet d\u2019ergoth\u00e9rapie et d\u2019ost\u00e9opathie et je cherche une personne pour reprendre mon activit\u00e9. L\u2019espace convient parfaitement \u00e0 un profil ost\u00e9opathe ayant une double comp\u00e9tence (ergoth\u00e9rapeute, kin\u00e9sith\u00e9rapeute, infirmier, podologue, etc.). Description du local : \u2022 Surface : 23 m\u00b2, tr\u00e8s lumineux et agr\u00e9able avec baie vitr\u00e9e donnant sur un parc arbor\u00e9. \u2022 Accessibilit\u00e9 : Stationnement facile devant le cabinet, zone de passage strat\u00e9gique. \u2022 Environnement : R\u00e9sidence de standing avec gardiens, accueillant d\u2019autres professionnels de sant\u00e9. Activit\u00e9 &amp; Charges : \u2022 Patient\u00e8le : Demande importante dans le secteur et activit\u00e9 d\u00e9j\u00e0 d\u00e9velopp\u00e9e. \u2022 Loyer : 700 \u20ac \/ mois charges comprises (\u00e9lectricit\u00e9, chauffage, m\u00e9nage, consommables, acc\u00e8s cuisine et salle de bain). Aucune autre charge \u00e0 pr\u00e9voir. Contact : \u2022 T\u00e9l\u00e9phone : 06 64 45 35 91 \u2022 Email : lola.bolerichard@gmail.com Que cette belle opportunit\u00e9 trouve son futur acqu\u00e9reur ! Diffus\u00e9e le 11\/08\/2026 Phone:06 64 45 35 91 Email:lola.bolerichard@gmail.com Recherche d&#039;un(e) assistant(e) collaborateur(trice) en ost\u00e9opathie Je recherche un(e) ost\u00e9opathe motiv\u00e9(e) pour int\u00e9grer mon cabinet situ\u00e9 \u00e0 Objat (Corr\u00e8ze). Recherche d&#039;un(e) assistant(e) collaborateur(trice) en ost\u00e9opathie Je recherche un(e) ost\u00e9opathe motiv\u00e9(e) pour int\u00e9grer mon cabinet situ\u00e9 \u00e0 Objat (Corr\u00e8ze). \ud83d\udccd Lieu : Objat (19) \ud83d\udcc5 D\u00e9but de la collaboration : \u00e0 partir du 7 ao\u00fbt 2026 \u23f3 Dur\u00e9e : collaboration \u00e0 dur\u00e9e ind\u00e9termin\u00e9e Le cabinet b\u00e9n\u00e9ficie d\u2019une patient\u00e8le d\u00e9j\u00e0 install\u00e9e. Cette collaboration serait a mi temps pour partager ma patient\u00e8le. Je recherche une personne s\u00e9rieuse, motiv\u00e9e, ayant un bon relationnel avec les patients. Si vous souhaitez rejoindre mon cabinet, je serai ravi d\u2019\u00e9changer avec vous. Pour toute information compl\u00e9mentaire ou pour adresser votre candidature, vous pouvez me contacter : Emmanuel Reillier Ost\u00e9opathe D.O. \ud83d\udcde 0681977571 Mail: reillierosteo@gmail.com Diffus\u00e9e le 27\/07\/2026 Phone:0681977571 Email:reillierosteo@gmail.com A Vendre table d&#039;examen hydraulique A r\u00e9cup\u00e9rer sur Lapalisse, Allier (03) A Vendre table d&#039;examen hydraulique A r\u00e9cup\u00e9rer sur Lapalisse, Allier (03) Longueur : 2.90 m Hauteur : 60 \u00e0 120 cm Syst\u00e8me hydraulique robuste et fiable Confort et stabilit\u00e9 optimale Marque helytis medical<\/p>\n","protected":false},"author":1,"featured_media":0,"parent":0,"menu_order":0,"comment_status":"closed","ping_status":"closed","template":"","meta":{"site-sidebar-layout":"no-sidebar","site-content-layout":"","ast-site-content-layout":"full-width-container","site-content-style":"default","site-sidebar-style":"default","ast-global-header-display":"","ast-banner-title-visibility":"","ast-main-header-display":"","ast-hfb-above-header-display":"","ast-hfb-below-header-display":"","ast-hfb-mobile-header-display":"","site-post-title":"","ast-breadcrumbs-content":"","ast-featured-img":"disabled","footer-sml-layout":"","ast-disable-related-posts":"","theme-transparent-header-meta":"","adv-header-id-meta":"","stick-header-meta":"","header-above-stick-meta":"","header-main-stick-meta":"","header-below-stick-meta":"","astra-migrate-meta-layouts":"default","ast-page-background-enabled":"default","ast-page-background-meta":{"desktop":{"background-color":"var(--ast-global-color-5)","background-image":"","background-repeat":"repeat","background-position":"center center","background-size":"auto","background-attachment":"scroll","background-type":"","background-media":"","overlay-type":"","overlay-color":"","overlay-opacity":"","overlay-gradient":""},"tablet":{"background-color":"","background-image":"","background-repeat":"repeat","background-position":"center center","background-size":"auto","background-attachment":"scroll","background-type":"","background-media":"","overlay-type":"","overlay-color":"","overlay-opacity":"","overlay-gradient":""},"mobile":{"background-color":"","background-image":"","background-repeat":"repeat","background-position":"center center","background-size":"auto","background-attachment":"scroll","background-type":"","background-media":"","overlay-type":"","overlay-color":"","overlay-opacity":"","overlay-gradient":""}},"ast-content-background-meta":{"desktop":{"background-color":"var(--ast-global-color-4)","background-image":"","background-repeat":"repeat","background-position":"center center","background-size":"auto","background-attachment":"scroll","background-type":"","background-media":"","overlay-type":"","overlay-color":"","overlay-opacity":"","overlay-gradient":""},"tablet":{"background-color":"var(--ast-global-color-4)","background-image":"","background-repeat":"repeat","background-position":"center center","background-size":"auto","background-attachment":"scroll","background-type":"","background-media":"","overlay-type":"","overlay-color":"","overlay-opacity":"","overlay-gradient":""},"mobile":{"background-color":"var(--ast-global-color-4)","background-image":"","background-repeat":"repeat","background-position":"center center","background-size":"auto","background-attachment":"scroll","background-type":"","background-media":"","overlay-type":"","overlay-color":"","overlay-opacity":"","overlay-gradient":""}},"footnotes":""},"class_list":["post-286","page","type-page","status-publish","hentry"],"yoast_head":"<!-- This site is optimized with the Yoast SEO plugin v28.3 - https:\/\/yoast.com\/product\/yoast-seo-wordpress\/ -->\n<title>Annonces -<\/title>\n<meta name=\"robots\" content=\"index, follow, max-snippet:-1, max-image-preview:large, max-video-preview:-1\" \/>\n<link rel=\"canonical\" href=\"https:\/\/preprod.osteopathie-auvergne.fr\/index.php\/annonces\/\" \/>\n<meta property=\"og:locale\" content=\"fr_FR\" \/>\n<meta property=\"og:type\" content=\"article\" \/>\n<meta property=\"og:title\" content=\"Annonces -\" \/>\n<meta property=\"og:description\" content=\"D\u00e9couvrez les Annonces ost\u00e9opathie Quelques annonces de cabinets et mat\u00e9riel professionnel Cabinet pluridisciplinaire recherche ost\u00e9opathes | Paris 6e Disponibilit\u00e9s d\u00e8s ao\u00fbt 2026 \u2013 Recherche notamment ost\u00e9opathes \/ kin\u00e9s \/ th\u00e9rapies manuelles Cabinet pluridisciplinaire recherche ost\u00e9opathes | Paris 6e Disponibilit\u00e9s d\u00e8s ao\u00fbt 2026 \u2013 Recherche notamment ost\u00e9opathes \/ kin\u00e9s \/ th\u00e9rapies manuelles \u2600\ufe0f \u00ab Et si, pour une fois, c\u2019\u00e9tait votre lieu de travail qui prenait soin de vous ? \u00bb \u2600\ufe0f Un cabinet beau et calme, pour vous comme pour les personnes que vous accompagnez ? Envie de travailler dans un lieu chaleureux et de rejoindre une \u00e9quipe de praticiennes passionn\u00e9es et tr\u00e8s sympa ? \ud83e\udd17 Bienvenue rue de S\u00e8vres, dans une tr\u00e8s belle adresse parisienne : une cour int\u00e9rieure arbor\u00e9e \ud83c\udf33, au calme, comme un petit havre de paix au c\u0153ur du 6e. Disponibilit\u00e9s d\u00e8s ao\u00fbt 2026, avec diff\u00e9rentes possibilit\u00e9s : 1, 2, 3 jours par semaine ou davantage, ainsi que des contrats courts de d\u00e9pannage ou de transition. \ud83d\udca1 17 m\u00b2 \u2013 Bureau jaune\/beige, enti\u00e8rement refait \u00e0 neuf, avec point d\u2019eau : disponible les lundis, mardis, jeudis et samedis. \ud83d\udc99 14 m\u00b2 \u2013 Bureau bleu : complet. \u2665\ufe0f14 m\u00b2 \u2013 Bureau bordeaux, d\u00e9di\u00e9 aux th\u00e9rapies manuelles (ost\u00e9opathie, kin\u00e9sith\u00e9rapie, fascia\u2026) : disponible d\u00e8s le 1er ao\u00fbt les lundis, mardis et samedis. \ud83c\udf33 20 m\u00b2 \u2013 Grand bureau, enti\u00e8rement refait \u00e0 neuf, avec tapisserie arbor\u00e9e : temps plein ou temps partiel possible d\u00e8s ao\u00fbt 2026. Plus qu\u2019un simple cabinet, c\u2019est un projet. \u2764\ufe0f Notre \u00e9quipe r\u00e9unit actuellement Anna, Sarah et St\u00e9phanie (psychologues), Carole (hypnoth\u00e9rapeute), Sandrine (praticienne en MTC) et Audrey (psychopraticienne et hypnoth\u00e9rapeute). L\u2019id\u00e9e est de cr\u00e9er un lieu de partage, de compl\u00e9mentarit\u00e9 et de connexion entre praticiens, avec \u00e9galement la possibilit\u00e9, pour celles et ceux qui le souhaitent, d\u2019imaginer et de co-animer des groupes ou ateliers. \ud83d\udccd Paris 6e \u2013 Rue de S\u00e8vres M\u00e9tros : Vaneau, Duroc, Saint-Fran\u00e7ois-Xavier \u00c0 proximit\u00e9 de Montparnasse, de l\u2019H\u00f4pital Necker et du Bon March\u00e9. Tarifs : Temps plein : \u00e0 partir de 1 250 \u20ac\/mois, selon la superficie. Temps partiel : plusieurs formules possibles. \u00c0 partir de 270 \u20ac\/mois pour certains jours. Besoin ponctuel \/ d\u00e9pannage : 150 \u20ac la journ\u00e9e. Pour d\u00e9couvrir le lieu et \u00e9changer sur le projet : MP \ud83e\udd8b Instagram : https:\/\/www.instagram.com\/reel\/DRmhXs4DJrC\/?igsh=MWVwdHJmNW0ydDVoNQ== Audrey Ahovey Cabinet En th\u00e9rapie Paris Psychopraticienne \u2014 Hypnose &amp; EMDR Coach certifi\u00e9e Tel : 0781234163 Diffus\u00e9e le 24\/08\/2026 Phone:0781234163 Email:https:\/\/www.instagram.com\/reel\/DRmhXs4DJrC\/?igsh=MWVwdHJmNW0ydDVoNQ== C\u00e8de cabinet avec patient\u00e8le \u00e0 Aubagne (13400) Installation cl\u00e9 en main dans un bassin de patient\u00e8le en plein d\u00e9veloppement C\u00e8de cabinet avec patient\u00e8le \u00e0 Aubagne (13400) Installation cl\u00e9 en main dans un bassin de patient\u00e8le en plein d\u00e9veloppement Vous cherchez une installation o\u00f9 tout est d\u00e9j\u00e0 en place. Permettez-moi de me pr\u00e9senter : je suis Damien TITONE, Ost\u00e9opathe D.O. (en exercice depuis 17 ans) et mon cabinet est situ\u00e9 \u00e0 Aubagne (13400). Je c\u00e8de mon cabinet dans le cadre d\u2019un projet \u00e0 l\u2019\u00e9tranger. Vous souhaitez vous installer en r\u00e9gion PACA une opportunit\u00e9 cl\u00e9 en main dans un bassin de patient\u00e8le en plein d\u00e9veloppement. Ce que propose cette reprise : Une patient\u00e8le constitu\u00e9e sur 17 ans, en augmentation constante Un cabinet enti\u00e8rement \u00e9quip\u00e9, op\u00e9rationnel d\u00e8s le premier jour Un emplacement premium : arr\u00eat tramway devant l\u2019entr\u00e9e, transports 100 % gratuits, parking devant le cabinet Un loyer tr\u00e8s comp\u00e9titif, charges comprises Une offre avec accompagnement sur 4 mois \u2014 id\u00e9ale pour s\u00e9curiser une premi\u00e8re installation Les chiffres d\u00e9taill\u00e9s (offres de vente, CA, inventaire, conditions) sont communiqu\u00e9s sur demande, sous accord de confidentialit\u00e9. Contact : Damien TITONE : 04 42 82 03 49 Diffus\u00e9e le 11\/08\/2026 Phone:04 42 82 03 49 Cession d\u2019activit\u00e9 \u2013 Cabinet pour professionnel de sant\u00e9 \/ Ost\u00e9opathe (double activit\u00e9) Blois |`Profil ost\u00e9opathe ayant une double comp\u00e9tence (ergoth\u00e9rapeute, kin\u00e9sith\u00e9rapeute, infirmier, podologue, etc.). Cession d\u2019activit\u00e9 \u2013 Cabinet pour professionnel de sant\u00e9 \/ Ost\u00e9opathe (double activit\u00e9) Blois |`Profil ost\u00e9opathe ayant une double comp\u00e9tence (ergoth\u00e9rapeute, kin\u00e9sith\u00e9rapeute, infirmier, podologue, etc.). Emplacement : Blois (face au Ch\u00e2teau, moins de 5 min \u00e0 pied de la gare) Prise de poste : Septembre 2026 (\u00e0 discuter) Cession d\u2019activit\u00e9 gratuite Suite \u00e0 une mutation professionnelle de mon compagnon, je dois quitter mon cabinet d\u2019ergoth\u00e9rapie et d\u2019ost\u00e9opathie et je cherche une personne pour reprendre mon activit\u00e9. L\u2019espace convient parfaitement \u00e0 un profil ost\u00e9opathe ayant une double comp\u00e9tence (ergoth\u00e9rapeute, kin\u00e9sith\u00e9rapeute, infirmier, podologue, etc.). Description du local : \u2022 Surface : 23 m\u00b2, tr\u00e8s lumineux et agr\u00e9able avec baie vitr\u00e9e donnant sur un parc arbor\u00e9. \u2022 Accessibilit\u00e9 : Stationnement facile devant le cabinet, zone de passage strat\u00e9gique. \u2022 Environnement : R\u00e9sidence de standing avec gardiens, accueillant d\u2019autres professionnels de sant\u00e9. Activit\u00e9 &amp; Charges : \u2022 Patient\u00e8le : Demande importante dans le secteur et activit\u00e9 d\u00e9j\u00e0 d\u00e9velopp\u00e9e. \u2022 Loyer : 700 \u20ac \/ mois charges comprises (\u00e9lectricit\u00e9, chauffage, m\u00e9nage, consommables, acc\u00e8s cuisine et salle de bain). Aucune autre charge \u00e0 pr\u00e9voir. Contact : \u2022 T\u00e9l\u00e9phone : 06 64 45 35 91 \u2022 Email : lola.bolerichard@gmail.com Que cette belle opportunit\u00e9 trouve son futur acqu\u00e9reur ! Diffus\u00e9e le 11\/08\/2026 Phone:06 64 45 35 91 Email:lola.bolerichard@gmail.com Recherche d&#039;un(e) assistant(e) collaborateur(trice) en ost\u00e9opathie Je recherche un(e) ost\u00e9opathe motiv\u00e9(e) pour int\u00e9grer mon cabinet situ\u00e9 \u00e0 Objat (Corr\u00e8ze). Recherche d&#039;un(e) assistant(e) collaborateur(trice) en ost\u00e9opathie Je recherche un(e) ost\u00e9opathe motiv\u00e9(e) pour int\u00e9grer mon cabinet situ\u00e9 \u00e0 Objat (Corr\u00e8ze). \ud83d\udccd Lieu : Objat (19) \ud83d\udcc5 D\u00e9but de la collaboration : \u00e0 partir du 7 ao\u00fbt 2026 \u23f3 Dur\u00e9e : collaboration \u00e0 dur\u00e9e ind\u00e9termin\u00e9e Le cabinet b\u00e9n\u00e9ficie d\u2019une patient\u00e8le d\u00e9j\u00e0 install\u00e9e. Cette collaboration serait a mi temps pour partager ma patient\u00e8le. Je recherche une personne s\u00e9rieuse, motiv\u00e9e, ayant un bon relationnel avec les patients. Si vous souhaitez rejoindre mon cabinet, je serai ravi d\u2019\u00e9changer avec vous. Pour toute information compl\u00e9mentaire ou pour adresser votre candidature, vous pouvez me contacter : Emmanuel Reillier Ost\u00e9opathe D.O. \ud83d\udcde 0681977571 Mail: reillierosteo@gmail.com Diffus\u00e9e le 27\/07\/2026 Phone:0681977571 Email:reillierosteo@gmail.com A Vendre table d&#039;examen hydraulique A r\u00e9cup\u00e9rer sur Lapalisse, Allier (03) A Vendre table d&#039;examen hydraulique A r\u00e9cup\u00e9rer sur Lapalisse, Allier (03) Longueur : 2.90 m Hauteur : 60 \u00e0 120 cm Syst\u00e8me hydraulique robuste et fiable Confort et stabilit\u00e9 optimale Marque helytis medical\" \/>\n<meta property=\"og:url\" content=\"https:\/\/preprod.osteopathie-auvergne.fr\/index.php\/annonces\/\" \/>\n<meta property=\"article:modified_time\" content=\"2026-08-25T13:49:05+00:00\" \/>\n<meta property=\"og:image\" content=\"http:\/\/preprod.osteopathie-auvergne.fr\/wp-content\/uploads\/2026\/04\/cropped-LOGO-IFSO-BLANC-PNG-235x78.png\" \/>\n<meta name=\"twitter:card\" content=\"summary_large_image\" \/>\n<meta name=\"twitter:label1\" content=\"Dur\u00e9e de lecture estim\u00e9e\" \/>\n\t<meta name=\"twitter:data1\" content=\"11 minutes\" \/>\n<script type=\"application\/ld+json\" class=\"yoast-schema-graph\">{\"@context\":\"https:\\\/\\\/schema.org\",\"@graph\":[{\"@type\":\"WebPage\",\"@id\":\"https:\\\/\\\/preprod.osteopathie-auvergne.fr\\\/index.php\\\/annonces\\\/\",\"url\":\"https:\\\/\\\/preprod.osteopathie-auvergne.fr\\\/index.php\\\/annonces\\\/\",\"name\":\"Annonces -\",\"isPartOf\":{\"@id\":\"https:\\\/\\\/preprod.osteopathie-auvergne.fr\\\/#website\"},\"primaryImageOfPage\":{\"@id\":\"https:\\\/\\\/preprod.osteopathie-auvergne.fr\\\/index.php\\\/annonces\\\/#primaryimage\"},\"image\":{\"@id\":\"https:\\\/\\\/preprod.osteopathie-auvergne.fr\\\/index.php\\\/annonces\\\/#primaryimage\"},\"thumbnailUrl\":\"http:\\\/\\\/preprod.osteopathie-auvergne.fr\\\/wp-content\\\/uploads\\\/2026\\\/04\\\/cropped-LOGO-IFSO-BLANC-PNG-235x78.png\",\"datePublished\":\"2026-04-13T07:48:38+00:00\",\"dateModified\":\"2026-08-25T13:49:05+00:00\",\"breadcrumb\":{\"@id\":\"https:\\\/\\\/preprod.osteopathie-auvergne.fr\\\/index.php\\\/annonces\\\/#breadcrumb\"},\"inLanguage\":\"fr-FR\",\"potentialAction\":[{\"@type\":\"ReadAction\",\"target\":[\"https:\\\/\\\/preprod.osteopathie-auvergne.fr\\\/index.php\\\/annonces\\\/\"]}]},{\"@type\":\"ImageObject\",\"inLanguage\":\"fr-FR\",\"@id\":\"https:\\\/\\\/preprod.osteopathie-auvergne.fr\\\/index.php\\\/annonces\\\/#primaryimage\",\"url\":\"https:\\\/\\\/preprod.osteopathie-auvergne.fr\\\/wp-content\\\/uploads\\\/2026\\\/04\\\/cropped-LOGO-IFSO-BLANC-PNG.png\",\"contentUrl\":\"https:\\\/\\\/preprod.osteopathie-auvergne.fr\\\/wp-content\\\/uploads\\\/2026\\\/04\\\/cropped-LOGO-IFSO-BLANC-PNG.png\",\"width\":993,\"height\":331,\"caption\":\"Logo de l'\u00e9cole d'ost\u00e9oapthie IFSO Vichy Clermont-Ferrand\"},{\"@type\":\"BreadcrumbList\",\"@id\":\"https:\\\/\\\/preprod.osteopathie-auvergne.fr\\\/index.php\\\/annonces\\\/#breadcrumb\",\"itemListElement\":[{\"@type\":\"ListItem\",\"position\":1,\"name\":\"Home\",\"item\":\"https:\\\/\\\/preprod.osteopathie-auvergne.fr\\\/\"},{\"@type\":\"ListItem\",\"position\":2,\"name\":\"Annonces\"}]},{\"@type\":\"WebSite\",\"@id\":\"https:\\\/\\\/preprod.osteopathie-auvergne.fr\\\/#website\",\"url\":\"https:\\\/\\\/preprod.osteopathie-auvergne.fr\\\/\",\"name\":\"\",\"description\":\"\",\"potentialAction\":[{\"@type\":\"SearchAction\",\"target\":{\"@type\":\"EntryPoint\",\"urlTemplate\":\"https:\\\/\\\/preprod.osteopathie-auvergne.fr\\\/?s={search_term_string}\"},\"query-input\":{\"@type\":\"PropertyValueSpecification\",\"valueRequired\":true,\"valueName\":\"search_term_string\"}}],\"inLanguage\":\"fr-FR\"}]}<\/script>\n<!-- \/ Yoast SEO plugin. -->","yoast_head_json":{"title":"Annonces -","robots":{"index":"index","follow":"follow","max-snippet":"max-snippet:-1","max-image-preview":"max-image-preview:large","max-video-preview":"max-video-preview:-1"},"canonical":"https:\/\/preprod.osteopathie-auvergne.fr\/index.php\/annonces\/","og_locale":"fr_FR","og_type":"article","og_title":"Annonces -","og_description":"D\u00e9couvrez les Annonces ost\u00e9opathie Quelques annonces de cabinets et mat\u00e9riel professionnel Cabinet pluridisciplinaire recherche ost\u00e9opathes | Paris 6e Disponibilit\u00e9s d\u00e8s ao\u00fbt 2026 \u2013 Recherche notamment ost\u00e9opathes \/ kin\u00e9s \/ th\u00e9rapies manuelles Cabinet pluridisciplinaire recherche ost\u00e9opathes | Paris 6e Disponibilit\u00e9s d\u00e8s ao\u00fbt 2026 \u2013 Recherche notamment ost\u00e9opathes \/ kin\u00e9s \/ th\u00e9rapies manuelles \u2600\ufe0f \u00ab Et si, pour une fois, c\u2019\u00e9tait votre lieu de travail qui prenait soin de vous ? \u00bb \u2600\ufe0f Un cabinet beau et calme, pour vous comme pour les personnes que vous accompagnez ? Envie de travailler dans un lieu chaleureux et de rejoindre une \u00e9quipe de praticiennes passionn\u00e9es et tr\u00e8s sympa ? \ud83e\udd17 Bienvenue rue de S\u00e8vres, dans une tr\u00e8s belle adresse parisienne : une cour int\u00e9rieure arbor\u00e9e \ud83c\udf33, au calme, comme un petit havre de paix au c\u0153ur du 6e. Disponibilit\u00e9s d\u00e8s ao\u00fbt 2026, avec diff\u00e9rentes possibilit\u00e9s : 1, 2, 3 jours par semaine ou davantage, ainsi que des contrats courts de d\u00e9pannage ou de transition. \ud83d\udca1 17 m\u00b2 \u2013 Bureau jaune\/beige, enti\u00e8rement refait \u00e0 neuf, avec point d\u2019eau : disponible les lundis, mardis, jeudis et samedis. \ud83d\udc99 14 m\u00b2 \u2013 Bureau bleu : complet. \u2665\ufe0f14 m\u00b2 \u2013 Bureau bordeaux, d\u00e9di\u00e9 aux th\u00e9rapies manuelles (ost\u00e9opathie, kin\u00e9sith\u00e9rapie, fascia\u2026) : disponible d\u00e8s le 1er ao\u00fbt les lundis, mardis et samedis. \ud83c\udf33 20 m\u00b2 \u2013 Grand bureau, enti\u00e8rement refait \u00e0 neuf, avec tapisserie arbor\u00e9e : temps plein ou temps partiel possible d\u00e8s ao\u00fbt 2026. Plus qu\u2019un simple cabinet, c\u2019est un projet. \u2764\ufe0f Notre \u00e9quipe r\u00e9unit actuellement Anna, Sarah et St\u00e9phanie (psychologues), Carole (hypnoth\u00e9rapeute), Sandrine (praticienne en MTC) et Audrey (psychopraticienne et hypnoth\u00e9rapeute). L\u2019id\u00e9e est de cr\u00e9er un lieu de partage, de compl\u00e9mentarit\u00e9 et de connexion entre praticiens, avec \u00e9galement la possibilit\u00e9, pour celles et ceux qui le souhaitent, d\u2019imaginer et de co-animer des groupes ou ateliers. \ud83d\udccd Paris 6e \u2013 Rue de S\u00e8vres M\u00e9tros : Vaneau, Duroc, Saint-Fran\u00e7ois-Xavier \u00c0 proximit\u00e9 de Montparnasse, de l\u2019H\u00f4pital Necker et du Bon March\u00e9. Tarifs : Temps plein : \u00e0 partir de 1 250 \u20ac\/mois, selon la superficie. Temps partiel : plusieurs formules possibles. \u00c0 partir de 270 \u20ac\/mois pour certains jours. Besoin ponctuel \/ d\u00e9pannage : 150 \u20ac la journ\u00e9e. Pour d\u00e9couvrir le lieu et \u00e9changer sur le projet : MP \ud83e\udd8b Instagram : https:\/\/www.instagram.com\/reel\/DRmhXs4DJrC\/?igsh=MWVwdHJmNW0ydDVoNQ== Audrey Ahovey Cabinet En th\u00e9rapie Paris Psychopraticienne \u2014 Hypnose &amp; EMDR Coach certifi\u00e9e Tel : 0781234163 Diffus\u00e9e le 24\/08\/2026 Phone:0781234163 Email:https:\/\/www.instagram.com\/reel\/DRmhXs4DJrC\/?igsh=MWVwdHJmNW0ydDVoNQ== C\u00e8de cabinet avec patient\u00e8le \u00e0 Aubagne (13400) Installation cl\u00e9 en main dans un bassin de patient\u00e8le en plein d\u00e9veloppement C\u00e8de cabinet avec patient\u00e8le \u00e0 Aubagne (13400) Installation cl\u00e9 en main dans un bassin de patient\u00e8le en plein d\u00e9veloppement Vous cherchez une installation o\u00f9 tout est d\u00e9j\u00e0 en place. Permettez-moi de me pr\u00e9senter : je suis Damien TITONE, Ost\u00e9opathe D.O. (en exercice depuis 17 ans) et mon cabinet est situ\u00e9 \u00e0 Aubagne (13400). Je c\u00e8de mon cabinet dans le cadre d\u2019un projet \u00e0 l\u2019\u00e9tranger. Vous souhaitez vous installer en r\u00e9gion PACA une opportunit\u00e9 cl\u00e9 en main dans un bassin de patient\u00e8le en plein d\u00e9veloppement. Ce que propose cette reprise : Une patient\u00e8le constitu\u00e9e sur 17 ans, en augmentation constante Un cabinet enti\u00e8rement \u00e9quip\u00e9, op\u00e9rationnel d\u00e8s le premier jour Un emplacement premium : arr\u00eat tramway devant l\u2019entr\u00e9e, transports 100 % gratuits, parking devant le cabinet Un loyer tr\u00e8s comp\u00e9titif, charges comprises Une offre avec accompagnement sur 4 mois \u2014 id\u00e9ale pour s\u00e9curiser une premi\u00e8re installation Les chiffres d\u00e9taill\u00e9s (offres de vente, CA, inventaire, conditions) sont communiqu\u00e9s sur demande, sous accord de confidentialit\u00e9. Contact : Damien TITONE : 04 42 82 03 49 Diffus\u00e9e le 11\/08\/2026 Phone:04 42 82 03 49 Cession d\u2019activit\u00e9 \u2013 Cabinet pour professionnel de sant\u00e9 \/ Ost\u00e9opathe (double activit\u00e9) Blois |`Profil ost\u00e9opathe ayant une double comp\u00e9tence (ergoth\u00e9rapeute, kin\u00e9sith\u00e9rapeute, infirmier, podologue, etc.). Cession d\u2019activit\u00e9 \u2013 Cabinet pour professionnel de sant\u00e9 \/ Ost\u00e9opathe (double activit\u00e9) Blois |`Profil ost\u00e9opathe ayant une double comp\u00e9tence (ergoth\u00e9rapeute, kin\u00e9sith\u00e9rapeute, infirmier, podologue, etc.). Emplacement : Blois (face au Ch\u00e2teau, moins de 5 min \u00e0 pied de la gare) Prise de poste : Septembre 2026 (\u00e0 discuter) Cession d\u2019activit\u00e9 gratuite Suite \u00e0 une mutation professionnelle de mon compagnon, je dois quitter mon cabinet d\u2019ergoth\u00e9rapie et d\u2019ost\u00e9opathie et je cherche une personne pour reprendre mon activit\u00e9. L\u2019espace convient parfaitement \u00e0 un profil ost\u00e9opathe ayant une double comp\u00e9tence (ergoth\u00e9rapeute, kin\u00e9sith\u00e9rapeute, infirmier, podologue, etc.). Description du local : \u2022 Surface : 23 m\u00b2, tr\u00e8s lumineux et agr\u00e9able avec baie vitr\u00e9e donnant sur un parc arbor\u00e9. \u2022 Accessibilit\u00e9 : Stationnement facile devant le cabinet, zone de passage strat\u00e9gique. \u2022 Environnement : R\u00e9sidence de standing avec gardiens, accueillant d\u2019autres professionnels de sant\u00e9. Activit\u00e9 &amp; Charges : \u2022 Patient\u00e8le : Demande importante dans le secteur et activit\u00e9 d\u00e9j\u00e0 d\u00e9velopp\u00e9e. \u2022 Loyer : 700 \u20ac \/ mois charges comprises (\u00e9lectricit\u00e9, chauffage, m\u00e9nage, consommables, acc\u00e8s cuisine et salle de bain). Aucune autre charge \u00e0 pr\u00e9voir. Contact : \u2022 T\u00e9l\u00e9phone : 06 64 45 35 91 \u2022 Email : lola.bolerichard@gmail.com Que cette belle opportunit\u00e9 trouve son futur acqu\u00e9reur ! Diffus\u00e9e le 11\/08\/2026 Phone:06 64 45 35 91 Email:lola.bolerichard@gmail.com Recherche d&#039;un(e) assistant(e) collaborateur(trice) en ost\u00e9opathie Je recherche un(e) ost\u00e9opathe motiv\u00e9(e) pour int\u00e9grer mon cabinet situ\u00e9 \u00e0 Objat (Corr\u00e8ze). Recherche d&#039;un(e) assistant(e) collaborateur(trice) en ost\u00e9opathie Je recherche un(e) ost\u00e9opathe motiv\u00e9(e) pour int\u00e9grer mon cabinet situ\u00e9 \u00e0 Objat (Corr\u00e8ze). \ud83d\udccd Lieu : Objat (19) \ud83d\udcc5 D\u00e9but de la collaboration : \u00e0 partir du 7 ao\u00fbt 2026 \u23f3 Dur\u00e9e : collaboration \u00e0 dur\u00e9e ind\u00e9termin\u00e9e Le cabinet b\u00e9n\u00e9ficie d\u2019une patient\u00e8le d\u00e9j\u00e0 install\u00e9e. Cette collaboration serait a mi temps pour partager ma patient\u00e8le. Je recherche une personne s\u00e9rieuse, motiv\u00e9e, ayant un bon relationnel avec les patients. Si vous souhaitez rejoindre mon cabinet, je serai ravi d\u2019\u00e9changer avec vous. Pour toute information compl\u00e9mentaire ou pour adresser votre candidature, vous pouvez me contacter : Emmanuel Reillier Ost\u00e9opathe D.O. \ud83d\udcde 0681977571 Mail: reillierosteo@gmail.com Diffus\u00e9e le 27\/07\/2026 Phone:0681977571 Email:reillierosteo@gmail.com A Vendre table d&#039;examen hydraulique A r\u00e9cup\u00e9rer sur Lapalisse, Allier (03) A Vendre table d&#039;examen hydraulique A r\u00e9cup\u00e9rer sur Lapalisse, Allier (03) Longueur : 2.90 m Hauteur : 60 \u00e0 120 cm Syst\u00e8me hydraulique robuste et fiable Confort et stabilit\u00e9 optimale Marque helytis medical","og_url":"https:\/\/preprod.osteopathie-auvergne.fr\/index.php\/annonces\/","article_modified_time":"2026-08-25T13:49:05+00:00","og_image":[{"url":"http:\/\/preprod.osteopathie-auvergne.fr\/wp-content\/uploads\/2026\/04\/cropped-LOGO-IFSO-BLANC-PNG-235x78.png","type":"","width":"","height":""}],"twitter_card":"summary_large_image","twitter_misc":{"Dur\u00e9e de lecture estim\u00e9e":"11 minutes"},"schema":{"@context":"https:\/\/schema.org","@graph":[{"@type":"WebPage","@id":"https:\/\/preprod.osteopathie-auvergne.fr\/index.php\/annonces\/","url":"https:\/\/preprod.osteopathie-auvergne.fr\/index.php\/annonces\/","name":"Annonces -","isPartOf":{"@id":"https:\/\/preprod.osteopathie-auvergne.fr\/#website"},"primaryImageOfPage":{"@id":"https:\/\/preprod.osteopathie-auvergne.fr\/index.php\/annonces\/#primaryimage"},"image":{"@id":"https:\/\/preprod.osteopathie-auvergne.fr\/index.php\/annonces\/#primaryimage"},"thumbnailUrl":"http:\/\/preprod.osteopathie-auvergne.fr\/wp-content\/uploads\/2026\/04\/cropped-LOGO-IFSO-BLANC-PNG-235x78.png","datePublished":"2026-04-13T07:48:38+00:00","dateModified":"2026-08-25T13:49:05+00:00","breadcrumb":{"@id":"https:\/\/preprod.osteopathie-auvergne.fr\/index.php\/annonces\/#breadcrumb"},"inLanguage":"fr-FR","potentialAction":[{"@type":"ReadAction","target":["https:\/\/preprod.osteopathie-auvergne.fr\/index.php\/annonces\/"]}]},{"@type":"ImageObject","inLanguage":"fr-FR","@id":"https:\/\/preprod.osteopathie-auvergne.fr\/index.php\/annonces\/#primaryimage","url":"https:\/\/preprod.osteopathie-auvergne.fr\/wp-content\/uploads\/2026\/04\/cropped-LOGO-IFSO-BLANC-PNG.png","contentUrl":"https:\/\/preprod.osteopathie-auvergne.fr\/wp-content\/uploads\/2026\/04\/cropped-LOGO-IFSO-BLANC-PNG.png","width":993,"height":331,"caption":"Logo de l'\u00e9cole d'ost\u00e9oapthie IFSO Vichy Clermont-Ferrand"},{"@type":"BreadcrumbList","@id":"https:\/\/preprod.osteopathie-auvergne.fr\/index.php\/annonces\/#breadcrumb","itemListElement":[{"@type":"ListItem","position":1,"name":"Home","item":"https:\/\/preprod.osteopathie-auvergne.fr\/"},{"@type":"ListItem","position":2,"name":"Annonces"}]},{"@type":"WebSite","@id":"https:\/\/preprod.osteopathie-auvergne.fr\/#website","url":"https:\/\/preprod.osteopathie-auvergne.fr\/","name":"","description":"","potentialAction":[{"@type":"SearchAction","target":{"@type":"EntryPoint","urlTemplate":"https:\/\/preprod.osteopathie-auvergne.fr\/?s={search_term_string}"},"query-input":{"@type":"PropertyValueSpecification","valueRequired":true,"valueName":"search_term_string"}}],"inLanguage":"fr-FR"}]}},"_links":{"self":[{"href":"https:\/\/preprod.osteopathie-auvergne.fr\/index.php\/wp-json\/wp\/v2\/pages\/286","targetHints":{"allow":["GET"]}}],"collection":[{"href":"https:\/\/preprod.osteopathie-auvergne.fr\/index.php\/wp-json\/wp\/v2\/pages"}],"about":[{"href":"https:\/\/preprod.osteopathie-auvergne.fr\/index.php\/wp-json\/wp\/v2\/types\/page"}],"author":[{"embeddable":true,"href":"https:\/\/preprod.osteopathie-auvergne.fr\/index.php\/wp-json\/wp\/v2\/users\/1"}],"replies":[{"embeddable":true,"href":"https:\/\/preprod.osteopathie-auvergne.fr\/index.php\/wp-json\/wp\/v2\/comments?post=286"}],"version-history":[{"count":7,"href":"https:\/\/preprod.osteopathie-auvergne.fr\/index.php\/wp-json\/wp\/v2\/pages\/286\/revisions"}],"predecessor-version":[{"id":3438,"href":"https:\/\/preprod.osteopathie-auvergne.fr\/index.php\/wp-json\/wp\/v2\/pages\/286\/revisions\/3438"}],"wp:attachment":[{"href":"https:\/\/preprod.osteopathie-auvergne.fr\/index.php\/wp-json\/wp\/v2\/media?parent=286"}],"curies":[{"name":"wp","href":"https:\/\/api.w.org\/{rel}","templated":true}]}}